{"id":399439,"date":"2026-02-11T18:49:44","date_gmt":"2026-02-11T17:49:44","guid":{"rendered":"https:\/\/www.etxalar.eus\/cultura\/"},"modified":"2026-04-08T18:52:07","modified_gmt":"2026-04-08T16:52:07","slug":"cultura","status":"publish","type":"page","link":"https:\/\/www.etxalar.eus\/es\/cultura\/","title":{"rendered":"Cultura"},"content":{"rendered":"<p>[et_pb_section fb_built=\u00bb1&#8243; next_background_color=\u00bbgcid-aa8ab6bb-6aae-4545-8323-e9f7c570e8d7&#8243; admin_label=\u00bbAzken berriak\u00bb _builder_version=\u00bb4.27.4&#8243; _module_preset=\u00bbdefault\u00bb background_color=\u00bbgcid-secondary-color\u00bb bottom_divider_style=\u00bbtriangle\u00bb bottom_divider_height=\u00bb38px\u00bb bottom_divider_flip=\u00bbvertical\u00bb border_color_bottom=\u00bbgcid-heading-color\u00bb locked=\u00bboff\u00bb global_colors_info=\u00bb{%22gcid-heading-color%22:%91%22border_color_bottom%22%93,%22gcid-secondary-color%22:%91%22background_color%22,%22background_color%22%93}\u00bb][et_pb_row _builder_version=\u00bb4.27.4&#8243; _module_preset=\u00bbdefault\u00bb global_colors_info=\u00bb{}\u00bb][et_pb_column type=\u00bb4_4&#8243; _builder_version=\u00bb4.27.4&#8243; _module_preset=\u00bbdefault\u00bb global_colors_info=\u00bb{}\u00bb][et_pb_text _builder_version=\u00bb4.27.4&#8243; _module_preset=\u00bbdefault\u00bb header_text_color=\u00bb#FFFFFF\u00bb global_colors_info=\u00bb{}\u00bb]<\/p>\n<h1>Cultura<\/h1>\n<p>[\/et_pb_text][\/et_pb_column][\/et_pb_row][\/et_pb_section][et_pb_section fb_built=\u00bb1&#8243; next_background_color=\u00bb#ffffff\u00bb admin_label=\u00bbEtxalar ezagutu blokeak\u00bb _builder_version=\u00bb4.27.4&#8243; _module_preset=\u00bbdefault\u00bb background_color=\u00bbgcid-aa8ab6bb-6aae-4545-8323-e9f7c570e8d7&#8243; custom_margin=\u00bb0px||0px||false|false\u00bb custom_padding=\u00bb0px||50px||false|false\u00bb bottom_divider_style=\u00bbtriangle\u00bb bottom_divider_height=\u00bb50px\u00bb bottom_divider_flip=\u00bbvertical\u00bb locked=\u00bboff\u00bb global_colors_info=\u00bb{%22gcid-aa8ab6bb-6aae-4545-8323-e9f7c570e8d7%22:%91%22background_color%22%93}\u00bb][et_pb_row column_structure=\u00bb1_4,1_4,1_4,1_4&#8243; use_custom_gutter=\u00bbon\u00bb gutter_width=\u00bb1&#8243; _builder_version=\u00bb4.27.4&#8243; _module_preset=\u00bbdefault\u00bb width=\u00bb55%\u00bb width_tablet=\u00bb100%\u00bb width_phone=\u00bb100%\u00bb width_last_edited=\u00bbon|phone\u00bb max_width=\u00bb100%\u00bb custom_margin=\u00bb0px||0px||false|false\u00bb custom_padding=\u00bb20px||20px||false|false\u00bb border_width_bottom=\u00bb0px\u00bb border_radii_tablet=\u00bb\u00bb border_radii_phone=\u00bb\u00bb border_radii_last_edited=\u00bbon|tablet\u00bb global_colors_info=\u00bb{}\u00bb][et_pb_column type=\u00bb1_4&#8243; _builder_version=\u00bb4.27.4&#8243; _module_preset=\u00bbdefault\u00bb positioning=\u00bbnone\u00bb z_index=\u00bb5&#8243; custom_padding=\u00bb0px||0px||false|false\u00bb global_colors_info=\u00bb{}\u00bb][\/et_pb_column][et_pb_column type=\u00bb1_4&#8243; _builder_version=\u00bb4.27.4&#8243; _module_preset=\u00bbdefault\u00bb positioning=\u00bbnone\u00bb z_index=\u00bb10&#8243; custom_padding=\u00bb0px||0px||false|false\u00bb global_colors_info=\u00bb{}\u00bb][et_pb_blurb title=\u00bbCELEBRACIONES\u00bb url=\u00bb#ospakizunak\u00bb use_icon=\u00bbon\u00bb font_icon=\u00bb&#xe08e;||divi||400&#8243; icon_color=\u00bb#FFFFFF\u00bb image_icon_width=\u00bb300%\u00bb _builder_version=\u00bb4.27.4&#8243; _module_preset=\u00bbdefault\u00bb header_font=\u00bb|700|||||||\u00bb header_text_color=\u00bb#FFFFFF\u00bb background_color=\u00bbgcid-primary-color\u00bb z_index=\u00bb0&#8243; text_orientation=\u00bbcenter\u00bb width=\u00bb100%\u00bb custom_margin=\u00bb||||false|false\u00bb custom_padding=\u00bb30px||30px||false|false\u00bb link_option_url=\u00bb#ospakizunak\u00bb border_width_right=\u00bb1px\u00bb border_color_right=\u00bbgcid-aa8ab6bb-6aae-4545-8323-e9f7c570e8d7&#8243; border_color_bottom=\u00bb#FFFFFF\u00bb border_width_left=\u00bb1px\u00bb border_color_left=\u00bbgcid-aa8ab6bb-6aae-4545-8323-e9f7c570e8d7&#8243; border_width_right_tablet=\u00bb1px\u00bb border_width_right_phone=\u00bb0px\u00bb border_width_right_last_edited=\u00bbon|phone\u00bb border_width_bottom_tablet=\u00bb1px\u00bb border_width_bottom_phone=\u00bb1px\u00bb border_width_bottom_last_edited=\u00bbon|desktop\u00bb border_width_left_tablet=\u00bb1px\u00bb border_width_left_phone=\u00bb0px\u00bb border_width_left_last_edited=\u00bbon|phone\u00bb global_colors_info=\u00bb{%22gcid-primary-color%22:%91%22background_color%22%93,%22gcid-63ace26e-ec1a-49a4-96c1-d62eb83c71e6%22:%91%22background_color__hover%22%93,%22gcid-aa8ab6bb-6aae-4545-8323-e9f7c570e8d7%22:%91%22border_color_right%22,%22border_color_left%22%93}\u00bb transform_styles__hover_enabled=\u00bbon|hover\u00bb background_color__hover=\u00bb#bdc9bf\u00bb background_enable_color__hover=\u00bbon\u00bb z_index__hover=\u00bb15&#8243; z_index__hover_enabled=\u00bbon|hover\u00bb background__hover_enabled=\u00bbon|hover\u00bb transform_scale__hover=\u00bb115%|115%\u00bb transform_scale__hover_enabled=\u00bbon|hover\u00bb transform_translate__hover_enabled=\u00bbon|desktop\u00bb transform_rotate__hover_enabled=\u00bbon|desktop\u00bb transform_skew__hover_enabled=\u00bbon|desktop\u00bb transform_origin__hover_enabled=\u00bbon|desktop\u00bb border_width_right__hover_enabled=\u00bbon|hover\u00bb border_width_right__hover=\u00bb0px\u00bb border_width_left__hover_enabled=\u00bbon|desktop\u00bb border_width_left__hover=\u00bb0px\u00bb][\/et_pb_blurb][\/et_pb_column][et_pb_column type=\u00bb1_4&#8243; _builder_version=\u00bb4.27.4&#8243; _module_preset=\u00bbdefault\u00bb positioning=\u00bbnone\u00bb z_index=\u00bb10&#8243; custom_padding=\u00bb0px||0px||false|false\u00bb global_colors_info=\u00bb{}\u00bb][et_pb_blurb title=\u00bbASOCIACIONES\u00bb url=\u00bb#elkarteak\u00bb use_icon=\u00bbon\u00bb font_icon=\u00bb&#xe068;||fa||900&#8243; icon_color=\u00bb#FFFFFF\u00bb image_icon_width=\u00bb300%\u00bb _builder_version=\u00bb4.27.4&#8243; _module_preset=\u00bbdefault\u00bb header_font=\u00bb|700|||||||\u00bb header_text_color=\u00bb#FFFFFF\u00bb background_color=\u00bbgcid-primary-color\u00bb z_index=\u00bb0&#8243; text_orientation=\u00bbcenter\u00bb width=\u00bb100%\u00bb custom_margin=\u00bb||||false|false\u00bb custom_padding=\u00bb30px||30px||false|false\u00bb link_option_url=\u00bb#elkarteak\u00bb border_width_right=\u00bb1px\u00bb border_color_right=\u00bbgcid-aa8ab6bb-6aae-4545-8323-e9f7c570e8d7&#8243; border_color_bottom=\u00bb#FFFFFF\u00bb border_color_left=\u00bbgcid-heading-color\u00bb border_width_bottom_tablet=\u00bb1px\u00bb border_width_bottom_phone=\u00bb1px\u00bb border_width_bottom_last_edited=\u00bbon|desktop\u00bb global_colors_info=\u00bb{%22gcid-heading-color%22:%91%22border_color_left%22%93,%22gcid-primary-color%22:%91%22background_color%22%93,%22gcid-63ace26e-ec1a-49a4-96c1-d62eb83c71e6%22:%91%22background_color__hover%22%93,%22gcid-aa8ab6bb-6aae-4545-8323-e9f7c570e8d7%22:%91%22border_color_right%22%93}\u00bb transform_styles__hover_enabled=\u00bbon|hover\u00bb background_color__hover=\u00bb#bdc9bf\u00bb background_enable_color__hover=\u00bbon\u00bb z_index__hover_enabled=\u00bbon|hover\u00bb z_index__hover=\u00bb15&#8243; width__hover_enabled=\u00bbon\u00bb width__hover=\u00bb100%\u00bb border_width_right__hover=\u00bb0px\u00bb border_width_right__hover_enabled=\u00bbon|hover\u00bb border_width_left__hover=\u00bb0px\u00bb border_width_left__hover_enabled=\u00bbon|hover\u00bb background__hover_enabled=\u00bbon|hover\u00bb transform_scale__hover=\u00bb115%|115%\u00bb transform_scale__hover_enabled=\u00bbon|hover\u00bb transform_translate__hover_enabled=\u00bbon|desktop\u00bb transform_rotate__hover_enabled=\u00bbon|desktop\u00bb transform_skew__hover_enabled=\u00bbon|desktop\u00bb transform_origin__hover_enabled=\u00bbon|desktop\u00bb][\/et_pb_blurb][\/et_pb_column][et_pb_column type=\u00bb1_4&#8243; _builder_version=\u00bb4.27.4&#8243; _module_preset=\u00bbdefault\u00bb positioning=\u00bbnone\u00bb z_index=\u00bb10&#8243; custom_padding=\u00bb0px||0px||false|false\u00bb global_colors_info=\u00bb{}\u00bb][\/et_pb_column][\/et_pb_row][\/et_pb_section][et_pb_section fb_built=\u00bb1&#8243; _builder_version=\u00bb4.27.4&#8243; _module_preset=\u00bbdefault\u00bb global_colors_info=\u00bb{}\u00bb][et_pb_row module_id=\u00bbospakizunak\u00bb _builder_version=\u00bb4.27.4&#8243; background_size=\u00bbinitial\u00bb background_position=\u00bbtop_left\u00bb background_repeat=\u00bbrepeat\u00bb locked=\u00bboff\u00bb global_colors_info=\u00bb{}\u00bb][et_pb_column type=\u00bb4_4&#8243; _builder_version=\u00bb4.16&#8243; custom_padding=\u00bb|||\u00bb global_colors_info=\u00bb{}\u00bb custom_padding__hover=\u00bb|||\u00bb][et_pb_text _builder_version=\u00bb4.27.4&#8243; _module_preset=\u00bbdefault\u00bb header_font=\u00bb&#8211;et_global_heading_font||||||||\u00bb header_text_color=\u00bb#B44C37&#8243; global_colors_info=\u00bb{}\u00bb]<\/p>\n<h1>Fiestas locales &#8211; Virgen de la Asunci\u00f3n<\/h1>\n<p>[\/et_pb_text][et_pb_text _builder_version=\u00bb4.27.4&#8243; _module_preset=\u00bbdefault\u00bb global_colors_info=\u00bb{}\u00bb]<\/p>\n<p><strong>Las fiestas patronales de Etxalar se celebran del 14 al 18 de agosto.<\/strong> En estos d\u00edas, muy agradables para ciudadanos y visitantes, se suceden diferentes actividades a lo largo de los cinco d\u00edas. <\/p>\n<ul>\n<li>14 de agosto &#8211; V\u00edspera de las fiestas.<\/li>\n<li>15 de agosto &#8211; D\u00eda de la Virgen<\/li>\n<li>16 de agosto &#8211; D\u00eda de l@s ni\u00f1@s y los j\u00f3venes<\/li>\n<li>17 de agosto<\/li>\n<li>18 de agosto &#8211; Asau y d\u00eda de los jubilados<\/li>\n<\/ul>\n<p>Los actos m\u00e1s destacados de las fiestas, organizados en los \u00faltimos a\u00f1os, y que se han convertido en tradici\u00f3n, son: la cena popular de la v\u00edspera, la actuaci\u00f3n de los dantzaris locales, las sesiones de deporte rural, los juegos infantiles, el campeonato de mus, los partidos de pelota, las verbenas diarias, la comida de jubilados y el asau en la ermita.<\/p>\n<p>[\/et_pb_text][\/et_pb_column][\/et_pb_row][et_pb_row column_structure=\u00bb1_3,1_3,1_3&#8243; _builder_version=\u00bb4.27.4&#8243; _module_preset=\u00bbdefault\u00bb global_colors_info=\u00bb{}\u00bb][et_pb_column type=\u00bb1_3&#8243; _builder_version=\u00bb4.27.4&#8243; _module_preset=\u00bbdefault\u00bb global_colors_info=\u00bb{}\u00bb][et_pb_image src=\u00bbhttps:\/\/www.etxalar.eus\/wp-content\/uploads\/2025\/02\/Herriko-Bestak2.jpg\u00bb title_text=\u00bbHerriko-Bestak2&#8243; _builder_version=\u00bb4.27.4&#8243; _module_preset=\u00bbdefault\u00bb global_colors_info=\u00bb{}\u00bb][\/et_pb_image][\/et_pb_column][et_pb_column type=\u00bb1_3&#8243; _builder_version=\u00bb4.27.4&#8243; _module_preset=\u00bbdefault\u00bb global_colors_info=\u00bb{}\u00bb][et_pb_image src=\u00bbhttps:\/\/www.etxalar.eus\/wp-content\/uploads\/2025\/02\/Herriko-Bestak3.jpg\u00bb title_text=\u00bbHerriko-Bestak3&#8243; _builder_version=\u00bb4.27.4&#8243; _module_preset=\u00bbdefault\u00bb global_colors_info=\u00bb{}\u00bb][\/et_pb_image][\/et_pb_column][et_pb_column type=\u00bb1_3&#8243; _builder_version=\u00bb4.27.4&#8243; _module_preset=\u00bbdefault\u00bb global_colors_info=\u00bb{}\u00bb][et_pb_image src=\u00bbhttps:\/\/www.etxalar.eus\/wp-content\/uploads\/2025\/02\/Herriko-Bestak1.jpg\u00bb title_text=\u00bbHerriko-Bestak1&#8243; _builder_version=\u00bb4.27.4&#8243; _module_preset=\u00bbdefault\u00bb global_colors_info=\u00bb{}\u00bb][\/et_pb_image][\/et_pb_column][\/et_pb_row][\/et_pb_section][et_pb_section fb_built=\u00bb1&#8243; _builder_version=\u00bb4.27.4&#8243; _module_preset=\u00bbdefault\u00bb background_color=\u00bbgcid-aa8ab6bb-6aae-4545-8323-e9f7c570e8d7&#8243; global_colors_info=\u00bb{%22gcid-aa8ab6bb-6aae-4545-8323-e9f7c570e8d7%22:%91%22background_color%22%93}\u00bb][et_pb_row _builder_version=\u00bb4.16&#8243; background_size=\u00bbinitial\u00bb background_position=\u00bbtop_left\u00bb background_repeat=\u00bbrepeat\u00bb locked=\u00bboff\u00bb global_colors_info=\u00bb{}\u00bb][et_pb_column type=\u00bb4_4&#8243; _builder_version=\u00bb4.16&#8243; custom_padding=\u00bb|||\u00bb global_colors_info=\u00bb{}\u00bb custom_padding__hover=\u00bb|||\u00bb][et_pb_text _builder_version=\u00bb4.27.4&#8243; _module_preset=\u00bbdefault\u00bb header_font=\u00bb&#8211;et_global_heading_font||||||||\u00bb header_text_color=\u00bb#B44C37&#8243; global_colors_info=\u00bb{}\u00bb]<\/p>\n<h4>Fiestas de anta\u00f1o<\/h4>\n<p>[\/et_pb_text][et_pb_text _builder_version=\u00bb4.27.4&#8243; _module_preset=\u00bbdefault\u00bb global_colors_info=\u00bb{}\u00bb]<\/p>\n<p>Otros a\u00f1os, se celebraban eventos que en la actualidad no se llevan a cabo, como los betizus en la plaza del pueblo, las carreras de ciclistas o las carreras de caballos. Tambi\u00e9n los hay que se siguen practicando en la actualidad; deporte rural, pelota, baile, etc. <\/p>\n<p><strong>Curiosidades sobre las fiestas:<\/strong><\/p>\n<p>Se recogen algunos hechos curiosos ocurridos en las fiestas de Etxalar. Todos son del S. XX.  <\/p>\n<ul>\n<li>La gente bailaba normalmente en la plaza. En cambio, cuando llov\u00eda, lo hac\u00edan en el p\u00f3rtico del cuartel, bajo la actual casa de cultura. <\/li>\n<li>Desaf\u00edo de sokatira: Ciudadanos contra baserritarras.<\/li>\n<li>Bando del alcalde para fiestas. Esperaba un buen comportamiento por la gente, que no fueran d\u00edas de castigo, de conductas contrarias a la moralidad y a las buenas costumbres. <\/li>\n<li>1947-1948. En las fiestas del pueblo, desde la 1 hasta las 7 de la ma\u00f1ana, se emiti\u00f3 un bando en el que se anunciaba que no se admitir\u00eda ning\u00fan sonido.<\/li>\n<li>Las fiestas del pueblo se prolongaron durante los cinco d\u00edas y se recaud\u00f3 dinero para los gastos. Aportaron los alojamientos, los \u00abamerikanos\u00bb del pueblo y otros vecinos. <\/li>\n<li>Se prepararon grupos de dantzaris para las fiestas patronales bajo la direcci\u00f3n de Juan Antonio Arburua<\/li>\n<li>La preparaci\u00f3n de las fiestas corri\u00f3 a cargo de la comisi\u00f3n juvenil, con donaci\u00f3n de dinero por parte de la Corporaci\u00f3n.<\/li>\n<\/ul>\n<p>[\/et_pb_text][et_pb_image src=\u00bbhttps:\/\/www.etxalar.eus\/wp-content\/uploads\/2018\/03\/Herriko-Bestak-bitxikeriak.jpg\u00bb title_text=\u00bbHerriko-Bestak-bitxikeriak\u00bb _builder_version=\u00bb4.27.4&#8243; _module_preset=\u00bbdefault\u00bb global_colors_info=\u00bb{}\u00bb][\/et_pb_image][\/et_pb_column][\/et_pb_row][\/et_pb_section][et_pb_section fb_built=\u00bb1&#8243; _builder_version=\u00bb4.27.4&#8243; _module_preset=\u00bbdefault\u00bb global_colors_info=\u00bb{}\u00bb][et_pb_row _builder_version=\u00bb4.16&#8243; background_size=\u00bbinitial\u00bb background_position=\u00bbtop_left\u00bb background_repeat=\u00bbrepeat\u00bb locked=\u00bboff\u00bb global_colors_info=\u00bb{}\u00bb][et_pb_column type=\u00bb4_4&#8243; _builder_version=\u00bb4.16&#8243; custom_padding=\u00bb|||\u00bb global_colors_info=\u00bb{}\u00bb custom_padding__hover=\u00bb|||\u00bb][et_pb_text _builder_version=\u00bb4.27.4&#8243; _module_preset=\u00bbdefault\u00bb header_font=\u00bb&#8211;et_global_heading_font||||||||\u00bb header_text_color=\u00bb#B44C37&#8243; global_colors_info=\u00bb{}\u00bb]<\/p>\n<h1>Fiestas de los barrios<\/h1>\n<p>[\/et_pb_text][et_pb_text _builder_version=\u00bb4.27.4&#8243; _module_preset=\u00bbdefault\u00bb global_colors_info=\u00bb{}\u00bb]<\/p>\n<p>Fuera del pueblo, en algunos barrios de Etxalar celebran su fiesta. Si antes se organizaba en m\u00e1s barrios, hoy solo unos pocos siguen. Barrios que lo celebran a continuaci\u00f3n:  <\/p>\n<p>[\/et_pb_text][\/et_pb_column][\/et_pb_row][et_pb_row column_structure=\u00bb1_2,1_2&#8243; _builder_version=\u00bb4.27.4&#8243; _module_preset=\u00bbdefault\u00bb global_colors_info=\u00bb{}\u00bb][et_pb_column type=\u00bb1_2&#8243; _builder_version=\u00bb4.27.4&#8243; _module_preset=\u00bbdefault\u00bb global_colors_info=\u00bb{}\u00bb][et_pb_text _builder_version=\u00bb4.27.4&#8243; _module_preset=\u00bbdefault\u00bb global_colors_info=\u00bb{}\u00bb]<\/p>\n<h4><strong>URRITZOKIETA:<\/strong><\/h4>\n<p><strong>D\u00eda: D<\/strong>\u00eda de Santa Cruz, el 14 de abril, el fin de semana anterior o el siguiente.<\/p>\n<p>La fiesta se celebra con una misa en la ermita de Santa Cruz. A continuaci\u00f3n, la comida se celebra junto al puente de Saindun. Por la tarde hay partidas de mus y m\u00fasica.  <\/p>\n<p>[\/et_pb_text][et_pb_image src=\u00bbhttps:\/\/www.etxalar.eus\/wp-content\/uploads\/2023\/09\/Urritzokieta-bestak.jpg\u00bb title_text=\u00bbFiestas de Urritzokieta\u00bb _builder_version=\u00bb4.27.4&#8243; _module_preset=\u00bbdefault\u00bb global_colors_info=\u00bb{}\u00bb][\/et_pb_image][\/et_pb_column][et_pb_column type=\u00bb1_2&#8243; _builder_version=\u00bb4.27.4&#8243; _module_preset=\u00bbdefault\u00bb global_colors_info=\u00bb{}\u00bb][et_pb_text _builder_version=\u00bb4.27.4&#8243; _module_preset=\u00bbdefault\u00bb global_colors_info=\u00bb{}\u00bb]<\/p>\n<h4><strong>LURRIZTIEDERRA:<\/strong><\/h4>\n<p><strong>D\u00eda: <\/strong>Primer domingo de mayo.<\/p>\n<p>Hubo un tiempo en el que las mujeres no participaban en la celebraci\u00f3n. Antes esta celebraci\u00f3n se celebraba en la borda de Goienetxegarai, hoy de nuevo se celebra en la borda de Agerbera. En este barrio, la fiesta se basa en una comida entre la gente del barrio y su sobremesa.  <\/p>\n<p>[\/et_pb_text][et_pb_image src=\u00bbhttps:\/\/www.etxalar.eus\/wp-content\/uploads\/2025\/02\/Auzo_bes_lur.jpg\u00bb title_text=\u00bbFiestas del barrio Lurrizti eder\u00bb _builder_version=\u00bb4.27.4&#8243; _module_preset=\u00bbdefault\u00bb global_colors_info=\u00bb{}\u00bb][\/et_pb_image][\/et_pb_column][\/et_pb_row][et_pb_row _builder_version=\u00bb4.16&#8243; background_size=\u00bbinitial\u00bb background_position=\u00bbtop_left\u00bb background_repeat=\u00bbrepeat\u00bb locked=\u00bboff\u00bb global_colors_info=\u00bb{}\u00bb][et_pb_column type=\u00bb4_4&#8243; _builder_version=\u00bb4.16&#8243; custom_padding=\u00bb|||\u00bb global_colors_info=\u00bb{}\u00bb custom_padding__hover=\u00bb|||\u00bb][et_pb_text _builder_version=\u00bb4.27.4&#8243; _module_preset=\u00bbdefault\u00bb header_font=\u00bb&#8211;et_global_heading_font||||||||\u00bb header_text_color=\u00bb#B44C37&#8243; global_colors_info=\u00bb{}\u00bb]<\/p>\n<h1>Carnavales<\/h1>\n<p>[\/et_pb_text][\/et_pb_column][\/et_pb_row][et_pb_row column_structure=\u00bb1_2,1_2&#8243; _builder_version=\u00bb4.27.4&#8243; _module_preset=\u00bbdefault\u00bb global_colors_info=\u00bb{}\u00bb][et_pb_column type=\u00bb1_2&#8243; _builder_version=\u00bb4.27.4&#8243; _module_preset=\u00bbdefault\u00bb global_colors_info=\u00bb{}\u00bb][et_pb_text _builder_version=\u00bb4.27.4&#8243; _module_preset=\u00bbdefault\u00bb global_colors_info=\u00bb{}\u00bb]<\/p>\n<h4><strong>JUEVES GORDO:<\/strong><\/h4>\n<p>Los carnavales de Etxalar se inician el jueves gordo para los ni\u00f1os de la localidad. Durante la ma\u00f1ana de este d\u00eda, los ni\u00f1os van en cuestaci\u00f3n por las casas y caser\u00edos vestidos de baserritarras. En ellas recogen caramelos, frutas, huevos y chuches despu\u00e9s de cantar la canci\u00f3n del jueves gordo.  <\/p>\n<p>Por la tarde, los ni\u00f1os y ni\u00f1as de la escuela Landagain, acompa\u00f1ados por los j\u00f3venes trikitilaris de la localidad, interpretan obras de teatro, dando la vuelta al pueblo para actuar deteni\u00e9ndose en lugares concretos, en la mayor\u00eda de los casos, o cantando o bailando. Estos teatros, para que salgan bien el jueves gordo, tienen unas semanas de trabajo por delante. La costumbre de representar teatros es algo que viene de mucho tiempo atr\u00e1s en Etxalar.  <\/p>\n<p>Despu\u00e9s de los teatros, la plaza de la localidad acoge la animaci\u00f3n infantil.<\/p>\n<p>[\/et_pb_text][et_pb_image src=\u00bbhttps:\/\/www.etxalar.eus\/wp-content\/uploads\/2023\/02\/Inau_berri_2023_1.jpg\u00bb title_text=\u00bbInau_berri_2023_1&#8243; force_fullwidth=\u00bbon\u00bb _builder_version=\u00bb4.27.4&#8243; _module_preset=\u00bbdefault\u00bb global_colors_info=\u00bb{}\u00bb][\/et_pb_image][\/et_pb_column][et_pb_column type=\u00bb1_2&#8243; _builder_version=\u00bb4.27.4&#8243; _module_preset=\u00bbdefault\u00bb global_colors_info=\u00bb{}\u00bb][et_pb_text _builder_version=\u00bb4.27.4&#8243; _module_preset=\u00bbdefault\u00bb global_colors_info=\u00bb{}\u00bb]<\/p>\n<h4>DOMINGO &#8211; FIESTA DE QUINTOS:<\/h4>\n<p>De unos a\u00f1os a esta parte, esta celebraci\u00f3n se ha visto reforzada. Hace unos a\u00f1os, algunos quintos celebraban este d\u00eda en Etxalar. <\/p>\n<p>En la actualidad, las diferentes generaciones del pueblo celebran este d\u00eda con sus quintos (nacidos en el mismo a\u00f1o), una comida y una juerga. \u00abEste es un d\u00eda precioso, ya que los vecinos que viven fuera tienen la oportunidad de reunirse con los que viven all\u00ed. <\/p>\n<p>[\/et_pb_text][et_pb_image src=\u00bbhttps:\/\/www.etxalar.eus\/wp-content\/uploads\/2022\/02\/Inauteriak-2017-desfilea.jpg\u00bb title_text=\u00bbInauteriak 2017 desfilea\u00bb _builder_version=\u00bb4.27.4&#8243; _module_preset=\u00bbdefault\u00bb global_colors_info=\u00bb{}\u00bb][\/et_pb_image][et_pb_image src=\u00bbhttps:\/\/www.etxalar.eus\/wp-content\/uploads\/2018\/03\/Inauteriak_asteartea3.jpg\u00bb title_text=\u00bbInauteriak_asteartea3&#8243; _builder_version=\u00bb4.27.4&#8243; _module_preset=\u00bbdefault\u00bb global_colors_info=\u00bb{}\u00bb][\/et_pb_image][\/et_pb_column][\/et_pb_row][et_pb_row column_structure=\u00bb1_2,1_2&#8243; _builder_version=\u00bb4.27.4&#8243; _module_preset=\u00bbdefault\u00bb global_colors_info=\u00bb{}\u00bb][et_pb_column type=\u00bb1_2&#8243; _builder_version=\u00bb4.27.4&#8243; _module_preset=\u00bbdefault\u00bb global_colors_info=\u00bb{}\u00bb][et_pb_text _builder_version=\u00bb4.27.4&#8243; _module_preset=\u00bbdefault\u00bb global_colors_info=\u00bb{}\u00bb]<\/p>\n<h4>L\u00daNES DE CARNAVAL:<\/h4>\n<p>El lunes de carnaval, los j\u00f3venes de la localidad vestidos de baserritarras, recorren los caser\u00edos acompa\u00f1ados de trikitixa. Estos, al igual que el jueves gordo, cantan para recoger dinero y huevos. <\/p>\n<p>A lo largo del d\u00eda se realizan tres comidas: por la ma\u00f1ana se re\u00fanen todos para desayunar, a la hora de comer los de un grupo comen en el caser\u00edo Armitx y los del otro grupo en la caba\u00f1a de los Usazaleak. <\/p>\n<p>Luego, por la noche, se re\u00fanen para cenar en un restaurante del pueblo, y despu\u00e9s de eso, hay m\u00fasica.<\/p>\n<p>[\/et_pb_text][et_pb_image src=\u00bbhttps:\/\/www.etxalar.eus\/wp-content\/uploads\/2023\/02\/Inau_berri_2023_3.jpg\u00bb title_text=\u00bbInau_berri_2023_3&#8243; _builder_version=\u00bb4.27.4&#8243; _module_preset=\u00bbdefault\u00bb global_colors_info=\u00bb{}\u00bb][\/et_pb_image][\/et_pb_column][et_pb_column type=\u00bb1_2&#8243; _builder_version=\u00bb4.27.4&#8243; _module_preset=\u00bbdefault\u00bb global_colors_info=\u00bb{}\u00bb][et_pb_text _builder_version=\u00bb4.27.4&#8243; _module_preset=\u00bbdefault\u00bb global_colors_info=\u00bb{}\u00bb]<\/p>\n<h4>MARTES DE CARNAVAL:<\/h4>\n<p>El martes de carnaval es el d\u00eda de los disfraces. Por la ma\u00f1ana se realiza una exhibici\u00f3n de disfraces y carrozas dando la vuelta al pueblo, animando el ambiente la trikitixa y los acordeones. Hay a\u00f1os en los que se representan algunas parodias en lugares concretos.  <\/p>\n<p>A mediod\u00eda hay comidas, entre ellas una comida popular en un restaurante de la localidad. Tras esto se organiza m\u00fasica, animaci\u00f3n o alg\u00fan evento hasta el final del d\u00eda. <\/p>\n<p>[\/et_pb_text][et_pb_image src=\u00bbhttps:\/\/www.etxalar.eus\/wp-content\/uploads\/2020\/02\/Inauteriak2020.jpg\u00bb title_text=\u00bbInauteriak2020&#8243; _builder_version=\u00bb4.27.4&#8243; _module_preset=\u00bbdefault\u00bb global_colors_info=\u00bb{}\u00bb][\/et_pb_image][\/et_pb_column][\/et_pb_row][et_pb_row _builder_version=\u00bb4.16&#8243; background_size=\u00bbinitial\u00bb background_position=\u00bbtop_left\u00bb background_repeat=\u00bbrepeat\u00bb locked=\u00bboff\u00bb global_colors_info=\u00bb{}\u00bb][et_pb_column type=\u00bb4_4&#8243; _builder_version=\u00bb4.16&#8243; custom_padding=\u00bb|||\u00bb global_colors_info=\u00bb{}\u00bb custom_padding__hover=\u00bb|||\u00bb][et_pb_text _builder_version=\u00bb4.27.4&#8243; _module_preset=\u00bbdefault\u00bb header_font=\u00bb&#8211;et_global_heading_font||||||||\u00bb header_text_color=\u00bb#B44C37&#8243; global_colors_info=\u00bb{}\u00bb]<\/p>\n<h1>Otras celebraciones<\/h1>\n<p>[\/et_pb_text][\/et_pb_column][\/et_pb_row][et_pb_row column_structure=\u00bb1_2,1_2&#8243; _builder_version=\u00bb4.27.4&#8243; _module_preset=\u00bbdefault\u00bb global_colors_info=\u00bb{}\u00bb][et_pb_column type=\u00bb1_2&#8243; _builder_version=\u00bb4.27.4&#8243; _module_preset=\u00bbdefault\u00bb global_colors_info=\u00bb{}\u00bb][et_pb_text _builder_version=\u00bb4.27.4&#8243; _module_preset=\u00bbdefault\u00bb global_colors_info=\u00bb{}\u00bb]<\/p>\n<h4><strong>FERIA DEL QUESO Y DE LA ARTESAN\u00cdA:<\/strong><\/h4>\n<p>Esta celebraci\u00f3n ha ido ganando fuerza a\u00f1o tras a\u00f1o hasta convertirse en una celebraci\u00f3n popular tradicional. Este d\u00eda se celebra el primer domingo de junio; por la ma\u00f1ana, en el front\u00f3n de la localidad, se celebra el concurso de quesos y la exposici\u00f3n de artesan\u00eda. Al mismo tiempo se organizan diferentes actividades de animaci\u00f3n; exposiciones, conciertos&#8230; Este d\u00eda las asociaciones y particulares de la localidad organizan tambi\u00e9n sus propias exposiciones, principalmente de manualidades y menaje de caser\u00edo.  <\/p>\n<p>Una vez conocidos los ganadores del concurso de quesos, se celebra una multitudinaria comida popular amenizada con m\u00fasica en el mismo lugar.<\/p>\n<p>Por la tarde se organizan diferentes actos culturales con este d\u00eda, cambiando de a\u00f1o en a\u00f1o.<\/p>\n<p>[\/et_pb_text][et_pb_image src=\u00bbhttps:\/\/www.etxalar.eus\/wp-content\/uploads\/2022\/05\/Gasna-feria-2022-web.jpg\u00bb title_text=\u00bbGasna-feria-2022-web\u00bb force_fullwidth=\u00bbon\u00bb _builder_version=\u00bb4.27.4&#8243; _module_preset=\u00bbdefault\u00bb global_colors_info=\u00bb{}\u00bb][\/et_pb_image][\/et_pb_column][et_pb_column type=\u00bb1_2&#8243; _builder_version=\u00bb4.27.4&#8243; _module_preset=\u00bbdefault\u00bb global_colors_info=\u00bb{}\u00bb][et_pb_text _builder_version=\u00bb4.27.4&#8243; _module_preset=\u00bbdefault\u00bb global_colors_info=\u00bb{}\u00bb]<\/p>\n<h4><strong>D\u00cdA DE L@S NI\u00d1@S:<\/strong><\/h4>\n<p>En un principio esta celebraci\u00f3n s\u00f3lo se celebraba <strong>el domingo siguiente a la finalizaci\u00f3n del curso escolar<\/strong>. Hoy en d\u00eda las celebraciones comienzan desde el viernes. <\/p>\n<p>El viernes hay una exposici\u00f3n de los trabajos realizados por los ni\u00f1os de la escuela Landagain a lo largo del curso escolar.<\/p>\n<p>El domingo, el programa es m\u00e1s amplio. La APYMA organiza actividades infantiles durante todo el d\u00edas y a continuaci\u00f3n la comida de todos los ni\u00f1os.  <\/p>\n<p>Despu\u00e9s de la comida los ni\u00f1os tienen diferentes actividades de animaci\u00f3n.<\/p>\n<p>[\/et_pb_text][et_pb_image src=\u00bbhttps:\/\/www.etxalar.eus\/wp-content\/uploads\/2018\/03\/ospa_Haurraren_eguna.jpg\u00bb title_text=\u00bbospa_Haurraren_eguna\u00bb _builder_version=\u00bb4.27.4&#8243; _module_preset=\u00bbdefault\u00bb global_colors_info=\u00bb{}\u00bb][\/et_pb_image][\/et_pb_column][\/et_pb_row][et_pb_row column_structure=\u00bb1_2,1_2&#8243; _builder_version=\u00bb4.27.4&#8243; _module_preset=\u00bbdefault\u00bb global_colors_info=\u00bb{}\u00bb][et_pb_column type=\u00bb1_2&#8243; _builder_version=\u00bb4.27.4&#8243; _module_preset=\u00bbdefault\u00bb global_colors_info=\u00bb{}\u00bb][et_pb_text _builder_version=\u00bb4.27.4&#8243; _module_preset=\u00bbdefault\u00bb global_colors_info=\u00bb{}\u00bb]<\/p>\n<h4><strong>HOGUERAS DE SAN JUAN:<\/strong><\/h4>\n<p>23 de junio, por la noche. Antiguamente el fuego se encend\u00eda en las afueras del pueblo, cuyas dimensiones eran considerables. Durante las semanas anteriores los ni\u00f1os recogen papeles y cartones para la hoguera.  <\/p>\n<p>Hoy en d\u00eda, la celebraci\u00f3n se realiza en la plaza del pueblo y est\u00e1 cambiada con respecto a la de anta\u00f1o. La fiesta comienza con una cena de verbena en el front\u00f3n (a la que cada uno lleva lo que quiere) y tras ella, como es costumbre desde hace a\u00f1os, se realiza un pasacalles por el pueblo agitando joares o similares. Una vez finalizada la vuelta se encienden las hogueras en la plaza del pueblo para que ni\u00f1os, j\u00f3venes y adultos hagan saltos por encima de ellas. El encendido se realiza con los txistularis de la localidad.   <\/p>\n<p>[\/et_pb_text][et_pb_image src=\u00bbhttps:\/\/www.etxalar.eus\/wp-content\/uploads\/2022\/06\/San-Juan-Sua-web.jpg\u00bb title_text=\u00bbSan-Juan-Sua-web\u00bb force_fullwidth=\u00bbon\u00bb _builder_version=\u00bb4.27.4&#8243; _module_preset=\u00bbdefault\u00bb global_colors_info=\u00bb{}\u00bb][\/et_pb_image][\/et_pb_column][et_pb_column type=\u00bb1_2&#8243; _builder_version=\u00bb4.27.4&#8243; _module_preset=\u00bbdefault\u00bb global_colors_info=\u00bb{}\u00bb][et_pb_text _builder_version=\u00bb4.27.4&#8243; _module_preset=\u00bbdefault\u00bb global_colors_info=\u00bb{}\u00bb]<\/p>\n<h4><strong>DOMINGO DE PALOMERAS:<\/strong><\/h4>\n<p>Esta celebraci\u00f3n es una de las m\u00e1s antiguas que se celebran en la localidad y <strong>se celebra el tercer domingo de octubre<\/strong>. Durante algunos a\u00f1os, en v\u00edsperas de este d\u00eda, se han organizado otras actividades, conciertos, festivales&#8230; Hoy en d\u00eda se organiza algo pero m\u00e1s sencillo.<\/p>\n<p>Durante la ma\u00f1ana de este d\u00eda la gente sube a las Palomeras para ver el antiguo sistema de caza tradicional y si las condiciones meteorol\u00f3gicas acompa\u00f1an, tambi\u00e9n para ver a las palomas capturadas con red.<\/p>\n<p>Por la tarde la fiesta contin\u00faa en la localidad. Suele haber una verbena hasta la tarde y un puesto para comer talos y beber algo. <a href=\"http:\/\/www.etxalar.eus\/ospakizunak\/?lang=eu\"><\/a><\/p>\n<p>[\/et_pb_text][et_pb_image src=\u00bbhttps:\/\/www.etxalar.eus\/wp-content\/uploads\/2021\/01\/Usategietako-igandea.jpg\u00bb title_text=\u00bbDomingo de Palomeras\u00bb _builder_version=\u00bb4.27.4&#8243; _module_preset=\u00bbdefault\u00bb global_colors_info=\u00bb{}\u00bb][\/et_pb_image][\/et_pb_column][\/et_pb_row][et_pb_row column_structure=\u00bb1_2,1_2&#8243; _builder_version=\u00bb4.27.4&#8243; _module_preset=\u00bbdefault\u00bb global_colors_info=\u00bb{}\u00bb][et_pb_column type=\u00bb1_2&#8243; _builder_version=\u00bb4.27.4&#8243; _module_preset=\u00bbdefault\u00bb global_colors_info=\u00bb{}\u00bb][et_pb_text _builder_version=\u00bb4.27.4&#8243; _module_preset=\u00bbdefault\u00bb global_colors_info=\u00bb{}\u00bb]<\/p>\n<h4><strong>OLENTZERO:<\/strong><\/h4>\n<p>Este d\u00eda, suele ser un d\u00eda especial y bonito, especialmente para los ni\u00f1os, ya que Olentzero viene a las casas a repartir regalos<\/p>\n<p>Esta celebraci\u00f3n comienza junt\u00e1ndose todos en la plaza por la tarde. El <strong>24 de diciembre<\/strong>, como es costumbre, los vecinos de la localidad realizan un pasacalles vestidos de baserritarras con Olentzero por el pueblo, acompa\u00f1ados por txistularis y trikitilaris. Durante el recorrido se realizan varias paradas para cantar el Olentzero.  <\/p>\n<p>A continuaci\u00f3n se lleva el Olentzero a la plaza y se le canta por \u00faltima vez. Para finalizar la celebraci\u00f3n se ofrece un concierto a cargo de m\u00fasicos locales. <\/p>\n<p>[\/et_pb_text][et_pb_image src=\u00bbhttps:\/\/www.etxalar.eus\/wp-content\/uploads\/2023\/12\/Olentzero-eta-maridomingi.jpg\u00bb title_text=\u00bbOlentzero-eta-maridomingi\u00bb force_fullwidth=\u00bbon\u00bb _builder_version=\u00bb4.27.4&#8243; _module_preset=\u00bbdefault\u00bb global_colors_info=\u00bb{}\u00bb][\/et_pb_image][\/et_pb_column][et_pb_column type=\u00bb1_2&#8243; _builder_version=\u00bb4.27.4&#8243; _module_preset=\u00bbdefault\u00bb global_colors_info=\u00bb{}\u00bb][et_pb_text _builder_version=\u00bb4.27.4&#8243; _module_preset=\u00bbdefault\u00bb global_colors_info=\u00bb{}\u00bb]<\/p>\n<h4><strong>ELA-ELA:<\/strong><\/h4>\n<p><strong>El \u00faltimo d\u00eda del a\u00f1o, el d\u00eda del a\u00f1o viejo,<\/strong> desde la ma\u00f1ana, los ni\u00f1os y j\u00f3venes del pueblo van pidiendo casa por casa y caser\u00edo por caser\u00edo cantando la canci\u00f3n Ela-Ela y recoger chucher\u00edas, fruta, dinero&#8230;. Como es costumbre, los ni\u00f1os van en cuestaci\u00f3n solos por la ma\u00f1ana y van vestidos de caseros. Es una antigua tradici\u00f3n en el pueblo y los ni\u00f1os disfrutan mucho de este d\u00eda.  <\/p>\n<p>[\/et_pb_text][et_pb_image src=\u00bbhttps:\/\/www.etxalar.eus\/wp-content\/uploads\/2018\/03\/ospa_Ela_etxekoat.jpg\u00bb title_text=\u00bbospa_Ela_etxekoat\u00bb _builder_version=\u00bb4.27.4&#8243; _module_preset=\u00bbdefault\u00bb global_colors_info=\u00bb{}\u00bb][\/et_pb_image][\/et_pb_column][\/et_pb_row][\/et_pb_section][et_pb_section fb_built=\u00bb1&#8243; next_background_color=\u00bb#ffffff\u00bb admin_label=\u00bbAzken berriak\u00bb module_id=\u00bbasociaciones\u00bb _builder_version=\u00bb4.27.4&#8243; _module_preset=\u00bbdefault\u00bb background_color=\u00bbgcid-secondary-color\u00bb bottom_divider_style=\u00bbtriangle\u00bb bottom_divider_height=\u00bb38px\u00bb bottom_divider_flip=\u00bbvertical\u00bb border_color_bottom=\u00bbgcid-heading-color\u00bb locked=\u00bboff\u00bb global_colors_info=\u00bb{%22gcid-heading-color%22:%91%22border_color_bottom%22%93,%22gcid-secondary-color%22:%91%22background_color%22,%22background_color%22%93}\u00bb][et_pb_row _builder_version=\u00bb4.27.4&#8243; _module_preset=\u00bbdefault\u00bb global_colors_info=\u00bb{}\u00bb][et_pb_column type=\u00bb4_4&#8243; _builder_version=\u00bb4.27.4&#8243; _module_preset=\u00bbdefault\u00bb global_colors_info=\u00bb{}\u00bb][et_pb_text _builder_version=\u00bb4.27.4&#8243; _module_preset=\u00bbdefault\u00bb header_text_color=\u00bb#FFFFFF\u00bb global_colors_info=\u00bb{}\u00bb]<\/p>\n<h1>Asociaciones del pueblo<\/h1>\n<p>[\/et_pb_text][\/et_pb_column][\/et_pb_row][\/et_pb_section][et_pb_section fb_built=\u00bb1&#8243; _builder_version=\u00bb4.27.4&#8243; _module_preset=\u00bbdefault\u00bb locked=\u00bboff\u00bb global_colors_info=\u00bb{}\u00bb][et_pb_row column_structure=\u00bb1_3,1_3,1_3&#8243; _builder_version=\u00bb4.27.4&#8243; _module_preset=\u00bbdefault\u00bb locked=\u00bboff\u00bb global_colors_info=\u00bb{}\u00bb][et_pb_column type=\u00bb1_3&#8243; _builder_version=\u00bb4.27.4&#8243; _module_preset=\u00bbdefault\u00bb box_shadow_style=\u00bbpreset1&#8243; box_shadow_vertical=\u00bb18px\u00bb box_shadow_blur=\u00bb40px\u00bb box_shadow_spread=\u00bb-6px\u00bb box_shadow_color=\u00bbrgba(0,0,0,0.2)\u00bb global_colors_info=\u00bb{}\u00bb][et_pb_image src=\u00bbhttps:\/\/www.etxalar.eus\/wp-content\/uploads\/2022\/05\/Gasna-feria-2022-web.jpg\u00bb alt=\u00bbaltxata\u00bb title_text=\u00bbGasna-feria-2022-web\u00bb admin_label=\u00bbImagen de la comida\u00bb _builder_version=\u00bb4.27.4&#8243; _module_preset=\u00bbdefault\u00bb custom_margin=\u00bb||18px|||\u00bb global_colors_info=\u00bb{}\u00bb filter_brightness__hover_enabled=\u00bbon|desktop\u00bb filter_brightness__hover=\u00bb50%\u00bb][\/et_pb_image][et_pb_text admin_label=\u00bbTexto de oferta\u00bb _builder_version=\u00bb4.27.4&#8243; _module_preset=\u00bbdefault\u00bb text_font=\u00bbMontserrat|700||on|||||\u00bb text_text_color=\u00bb#ffffff\u00bb text_letter_spacing=\u00bb1px\u00bb background_color=\u00bbgcid-primary-color\u00bb positioning=\u00bbabsolute\u00bb text_orientation=\u00bbcenter\u00bb width=\u00bb100%\u00bb custom_padding=\u00bb10px|5px|10px|5px|true|true\u00bb border_radii=\u00bboff||||\u00bb global_colors_info=\u00bb{%22gcid-primary-color%22:%91%22background_color%22%93}\u00bb background__hover_enabled=\u00bbon|hover\u00bb background_color__hover=\u00bb#010103&#8243; background_enable_color__hover=\u00bbon\u00bb]<\/p>\n<p>ALTXATA KIROL-KULTUR ELKartea<\/p>\n<p>[\/et_pb_text][et_pb_image src=\u00bbhttps:\/\/www.etxalar.eus\/wp-content\/uploads\/2024\/03\/Altxata-logoa.gif\u00bb alt=\u00bbaltxata\u00bb title_text=\u00bbAltxata-logoa\u00bb align=\u00bbcenter\u00bb admin_label=\u00bbImagen de la comida\u00bb _builder_version=\u00bb4.27.4&#8243; _module_preset=\u00bbdefault\u00bb width=\u00bb80%\u00bb custom_margin=\u00bb||18px|||\u00bb global_colors_info=\u00bb{}\u00bb filter_brightness__hover_enabled=\u00bbon|desktop\u00bb filter_brightness__hover=\u00bb50%\u00bb][\/et_pb_image][et_pb_text _builder_version=\u00bb4.27.4&#8243; _module_preset=\u00bbdefault\u00bb custom_margin=\u00bb||||false|false\u00bb custom_padding=\u00bb|20px||20px|false|false\u00bb global_colors_info=\u00bb{}\u00bb]<\/p>\n<p>Esta asociaci\u00f3n, que trabaja en el \u00e1mbito cultural y deportivo de Etxalar, organiza a lo largo del a\u00f1o los siguientes eventos: Carnavales, Mendi itzulia, Gasna eta artisau azoka, domingo de Usategieta, actuaciones del grupo de baile local y campeonatos de pelota.<\/p>\n<p>[\/et_pb_text][et_pb_blurb use_icon=\u00bbon\u00bb font_icon=\u00bb&#xf3c5;||fa||900&#8243; icon_placement=\u00bbleft\u00bb image_icon_width=\u00bb25px\u00bb admin_label=\u00bbLista 1&#8243; _builder_version=\u00bb4.27.4&#8243; _module_preset=\u00bbdefault\u00bb body_font=\u00bb&#8211;et_global_body_font||||||||\u00bb body_text_color=\u00bb#000000&#8243; body_line_height=\u00bb2em\u00bb custom_margin=\u00bb||5px||false|false\u00bb custom_padding=\u00bb|20px||20px|false|true\u00bb global_colors_info=\u00bb{}\u00bb]<\/p>\n<p><strong>Escuelas viejas<\/strong><br \/>Andutzeta, 12<br \/>31760 ETXALAR<\/p>\n<p>[\/et_pb_blurb][et_pb_blurb use_icon=\u00bbon\u00bb font_icon=\u00bb&#xf879;||fa||900&#8243; icon_placement=\u00bbleft\u00bb image_icon_width=\u00bb25px\u00bb admin_label=\u00bbLista 2&#8243; _builder_version=\u00bb4.27.4&#8243; _module_preset=\u00bbdefault\u00bb body_font=\u00bb&#8211;et_global_body_font||||||||\u00bb body_text_color=\u00bb#000000&#8243; body_line_height=\u00bb2em\u00bb custom_margin=\u00bb||5px||false|false\u00bb custom_padding=\u00bb|20px||20px|false|true\u00bb global_colors_info=\u00bb{}\u00bb]<a href=\"tel:948635062\">948 635 062<\/a>[\/et_pb_blurb][et_pb_blurb use_icon=\u00bbon\u00bb font_icon=\u00bb&#xf0e0;||fa||900&#8243; icon_placement=\u00bbleft\u00bb image_icon_width=\u00bb25px\u00bb admin_label=\u00bbLista 3&#8243; _builder_version=\u00bb4.27.4&#8243; _module_preset=\u00bbdefault\u00bb body_font=\u00bb&#8211;et_global_body_font||||||||\u00bb body_text_color=\u00bb#000000&#8243; body_line_height=\u00bb2em\u00bb custom_margin=\u00bb||5px||false|false\u00bb custom_padding=\u00bb|20px||20px|false|true\u00bb global_colors_info=\u00bb{}\u00bb]<\/p>\n<p><a href=\"mailto:altxata@gmail.com\">altxata@gmail.com<\/a><\/p>\n<p>[\/et_pb_blurb][et_pb_blurb use_icon=\u00bbon\u00bb font_icon=\u00bb&#xe0e3;||divi||400&#8243; icon_placement=\u00bbleft\u00bb image_icon_width=\u00bb25px\u00bb admin_label=\u00bbLista 3&#8243; _builder_version=\u00bb4.27.4&#8243; _module_preset=\u00bbdefault\u00bb body_font=\u00bb&#8211;et_global_body_font||||||||\u00bb body_text_color=\u00bb#000000&#8243; body_line_height=\u00bb2em\u00bb custom_margin=\u00bb||5px||false|false\u00bb custom_padding=\u00bb|20px||20px|false|true\u00bb global_colors_info=\u00bb{}\u00bb]<\/p>\n<p><a href=\"mailto:altxata@gmail.com\">www.altxata.org<\/a><\/p>\n<p>[\/et_pb_blurb][et_pb_text admin_label=\u00bbBoton de compra\u00bb _builder_version=\u00bb4.27.4&#8243; _module_preset=\u00bbdefault\u00bb text_font=\u00bbMontserrat|700||on|||||\u00bb text_text_color=\u00bb#ffffff\u00bb text_font_size=\u00bb13px\u00bb text_letter_spacing=\u00bb1px\u00bb background_color=\u00bbgcid-secondary-color\u00bb text_orientation=\u00bbcenter\u00bb custom_margin=\u00bb20px||||false|false\u00bb custom_padding=\u00bb8px||8px||true|false\u00bb link_option_url=\u00bb#\u00bb global_colors_info=\u00bb{%22gcid-secondary-color%22:%91%22background_color%22%93}\u00bb background__hover_enabled=\u00bbon|hover\u00bb background_color__hover=\u00bb#010103&#8243; background_enable_color__hover=\u00bbon\u00bb][\/et_pb_text][\/et_pb_column][et_pb_column type=\u00bb1_3&#8243; _builder_version=\u00bb4.27.4&#8243; _module_preset=\u00bbdefault\u00bb box_shadow_style=\u00bbpreset1&#8243; box_shadow_vertical=\u00bb18px\u00bb box_shadow_blur=\u00bb40px\u00bb box_shadow_spread=\u00bb-6px\u00bb box_shadow_color=\u00bbrgba(0,0,0,0.2)\u00bb global_colors_info=\u00bb{}\u00bb][et_pb_image src=\u00bbhttps:\/\/www.etxalar.eus\/wp-content\/uploads\/2025\/02\/Elkarteak_andramari.jpg\u00bb title_text=\u00bbElkarteak_andramari\u00bb force_fullwidth=\u00bbon\u00bb admin_label=\u00bbImagen de la comida\u00bb _builder_version=\u00bb4.27.4&#8243; _module_preset=\u00bbdefault\u00bb height=\u00bb246px\u00bb custom_margin=\u00bb||18px|||\u00bb global_colors_info=\u00bb{}\u00bb filter_brightness__hover_enabled=\u00bbon|desktop\u00bb filter_brightness__hover=\u00bb50%\u00bb][\/et_pb_image][et_pb_text admin_label=\u00bbTexto de oferta\u00bb _builder_version=\u00bb4.27.4&#8243; _module_preset=\u00bbdefault\u00bb text_font=\u00bbMontserrat|700||on|||||\u00bb text_text_color=\u00bb#ffffff\u00bb text_letter_spacing=\u00bb1px\u00bb background_color=\u00bbgcid-primary-color\u00bb positioning=\u00bbabsolute\u00bb text_orientation=\u00bbcenter\u00bb width=\u00bb100%\u00bb custom_padding=\u00bb10px|5px|10px|5px|true|true\u00bb border_radii=\u00bboff||||\u00bb global_colors_info=\u00bb{%22gcid-primary-color%22:%91%22background_color%22,%22background_color%22,%22background_color%22%93}\u00bb background_color__hover=\u00bb#010103&#8243; background_enable_color__hover=\u00bbon\u00bb background__hover_enabled=\u00bbon|hover\u00bb]<\/p>\n<p>ASOCIACI\u00d3N ANDRA MARI<\/p>\n<p>[\/et_pb_text][et_pb_text _builder_version=\u00bb4.27.4&#8243; _module_preset=\u00bbdefault\u00bb custom_margin=\u00bb||||false|false\u00bb custom_padding=\u00bb|20px||20px|false|false\u00bb global_colors_info=\u00bb{}\u00bb]<\/p>\n<p>Fue fundada en 1979 por un grupo de mujeres del pueblo. En un principio comenzaron a ense\u00f1ar danzas vascas a los j\u00f3venes del pueblo. Organizar cursos a lo largo de su trayectoria ha sido una de sus principales tareas. Algunos de los cursos que han organizado han sido: cocina, manualidades, restauraci\u00f3n, poda y fruticultura y gimnasia para adultos y j\u00f3venes. Hoy en d\u00eda su actividad se centra en los cursos de manualidades. Todos los trabajos realizados se presentan el d\u00eda de la feria del queso.     <\/p>\n<p>[\/et_pb_text][et_pb_blurb use_icon=\u00bbon\u00bb font_icon=\u00bb&#xf3c5;||fa||900&#8243; icon_placement=\u00bbleft\u00bb image_icon_width=\u00bb25px\u00bb admin_label=\u00bbLista 1&#8243; _builder_version=\u00bb4.27.4&#8243; _module_preset=\u00bbdefault\u00bb body_font=\u00bb&#8211;et_global_body_font||||||||\u00bb body_text_color=\u00bb#000000&#8243; body_line_height=\u00bb2em\u00bb custom_margin=\u00bb||5px||false|false\u00bb custom_padding=\u00bb|20px||20px|false|true\u00bb global_colors_info=\u00bb{}\u00bb]<\/p>\n<p><strong>Escuelas viejas<\/strong><br \/>Andutzeta, 12<br \/>31760 ETXALAR<\/p>\n<p>[\/et_pb_blurb][et_pb_blurb use_icon=\u00bbon\u00bb font_icon=\u00bb&#xf879;||fa||900&#8243; icon_placement=\u00bbleft\u00bb image_icon_width=\u00bb25px\u00bb admin_label=\u00bbLista 2&#8243; _builder_version=\u00bb4.27.4&#8243; _module_preset=\u00bbdefault\u00bb body_font=\u00bb&#8211;et_global_body_font||||||||\u00bb body_text_color=\u00bb#000000&#8243; body_line_height=\u00bb2em\u00bb custom_margin=\u00bb||5px||false|false\u00bb custom_padding=\u00bb|20px||20px|false|true\u00bb global_colors_info=\u00bb{}\u00bb]<a href=\"tel:948635386\">948 635 386<\/a>[\/et_pb_blurb][et_pb_text admin_label=\u00bbBoton de compra\u00bb _builder_version=\u00bb4.27.4&#8243; _module_preset=\u00bbdefault\u00bb text_font=\u00bbMontserrat|700||on|||||\u00bb text_text_color=\u00bb#ffffff\u00bb text_font_size=\u00bb13px\u00bb text_letter_spacing=\u00bb1px\u00bb background_color=\u00bbgcid-secondary-color\u00bb text_orientation=\u00bbcenter\u00bb custom_margin=\u00bb20px||||false|false\u00bb custom_padding=\u00bb8px||8px||true|false\u00bb link_option_url=\u00bb#\u00bb global_colors_info=\u00bb{%22gcid-secondary-color%22:%91%22background_color%22%93,%22gcid-primary-color%22:%91%22background_color%22%93}\u00bb background_color__hover=\u00bb#010103&#8243; background_enable_color__hover=\u00bbon\u00bb background__hover_enabled=\u00bbon|hover\u00bb][\/et_pb_text][\/et_pb_column][et_pb_column type=\u00bb1_3&#8243; _builder_version=\u00bb4.27.4&#8243; _module_preset=\u00bbdefault\u00bb box_shadow_style=\u00bbpreset1&#8243; box_shadow_vertical=\u00bb18px\u00bb box_shadow_blur=\u00bb40px\u00bb box_shadow_spread=\u00bb-6px\u00bb box_shadow_color=\u00bbrgba(0,0,0,0.2)\u00bb global_colors_info=\u00bb{}\u00bb][et_pb_image src=\u00bbhttps:\/\/www.etxalar.eus\/wp-content\/uploads\/2025\/02\/Elkarteak_trikitilariak.jpg\u00bb title_text=\u00bbElkarteak_trikitilariak\u00bb admin_label=\u00bbImagen de la comida\u00bb _builder_version=\u00bb4.27.4&#8243; _module_preset=\u00bbdefault\u00bb custom_margin=\u00bb||18px|||\u00bb global_colors_info=\u00bb{}\u00bb filter_brightness__hover_enabled=\u00bbon|desktop\u00bb filter_brightness__hover=\u00bb50%\u00bb][\/et_pb_image][et_pb_text _builder_version=\u00bb4.27.4&#8243; _module_preset=\u00bbdefault\u00bb custom_margin=\u00bb||||false|false\u00bb custom_padding=\u00bb|20px||20px|false|false\u00bb global_colors_info=\u00bb{}\u00bb]<\/p>\n<p>Etxalarko Trikitixa Taldea est\u00e1 formado por ni\u00f1os y j\u00f3venes de la localidad. De ella forman parte las hermanas Elizagoyen, Irune e Itsaso, que en varias ocasiones han sido campeonas de Euskal Herria. Este grupo tiene una gran importancia en la vida cultural del pueblo. A lo largo del a\u00f1o, tambi\u00e9n participan en multitud de actividades; pasacalles y Carnaval, feria del queso y artesan\u00eda, pasacalles y actuaciones de fiestas patronales, D\u00eda de l@s j@venes y Olentzero.   <\/p>\n<p>[\/et_pb_text][et_pb_text admin_label=\u00bbTexto de oferta\u00bb _builder_version=\u00bb4.27.4&#8243; _module_preset=\u00bbdefault\u00bb text_font=\u00bbMontserrat|700||on|||||\u00bb text_text_color=\u00bb#ffffff\u00bb text_letter_spacing=\u00bb1px\u00bb background_color=\u00bbgcid-primary-color\u00bb positioning=\u00bbabsolute\u00bb text_orientation=\u00bbcenter\u00bb width=\u00bb100%\u00bb custom_padding=\u00bb10px|5px|10px|5px|true|true\u00bb border_radii=\u00bboff||||\u00bb global_colors_info=\u00bb{%22gcid-primary-color%22:%91%22background_color%22,%22background_color%22,%22background_color%22%93}\u00bb background_color__hover=\u00bb#010103&#8243; background_enable_color__hover=\u00bbon\u00bb background__hover_enabled=\u00bbon|hover\u00bb]<\/p>\n<p>TRIKITILARIS DE ETXALAR<\/p>\n<p>[\/et_pb_text][et_pb_blurb use_icon=\u00bbon\u00bb font_icon=\u00bb&#xf0e0;||fa||900&#8243; icon_placement=\u00bbleft\u00bb image_icon_width=\u00bb25px\u00bb admin_label=\u00bbLista 3&#8243; _builder_version=\u00bb4.27.4&#8243; _module_preset=\u00bbdefault\u00bb body_font=\u00bb&#8211;et_global_body_font||||||||\u00bb body_text_color=\u00bb#000000&#8243; body_line_height=\u00bb2em\u00bb custom_margin=\u00bb||5px||false|false\u00bb custom_padding=\u00bb|20px||20px|false|true\u00bb global_colors_info=\u00bb{}\u00bb]<\/p>\n<p><a href=\"mailto:3neelizagoien@hotmail.es\">3neelizagoien@hotmail.es<\/a><a href=\"mailto:cp.etxalar@educacion.navarra.es\"><\/a><\/p>\n<p>[\/et_pb_blurb][et_pb_blurb use_icon=\u00bbon\u00bb font_icon=\u00bb&#xe0e3;||divi||400&#8243; icon_placement=\u00bbleft\u00bb image_icon_width=\u00bb25px\u00bb admin_label=\u00bbLista 3&#8243; _builder_version=\u00bb4.27.4&#8243; _module_preset=\u00bbdefault\u00bb body_font=\u00bb&#8211;et_global_body_font||||||||\u00bb body_text_color=\u00bb#000000&#8243; body_line_height=\u00bb2em\u00bb custom_margin=\u00bb||5px||false|false\u00bb custom_padding=\u00bb|20px||20px|false|true\u00bb global_colors_info=\u00bb{}\u00bb]<\/p>\n<p><a href=\"http:\/\/etxalarkotrikitilariak.blogspot.com\">etxalarkotrikitilariak.blogspot.com<\/a><a href=\"https:\/\/sites.google.com\/educacion.navarra.es\/landagain-eskola-publikoa\/\"><\/a><\/p>\n<p>[\/et_pb_blurb][et_pb_text admin_label=\u00bbBoton de compra\u00bb _builder_version=\u00bb4.27.4&#8243; _module_preset=\u00bbdefault\u00bb text_font=\u00bbMontserrat|700||on|||||\u00bb text_text_color=\u00bb#ffffff\u00bb text_font_size=\u00bb13px\u00bb text_letter_spacing=\u00bb1px\u00bb background_color=\u00bbgcid-secondary-color\u00bb text_orientation=\u00bbcenter\u00bb custom_margin=\u00bb20px||||false|false\u00bb custom_padding=\u00bb8px||8px||true|false\u00bb link_option_url=\u00bb#\u00bb global_colors_info=\u00bb{%22gcid-secondary-color%22:%91%22background_color%22%93,%22gcid-primary-color%22:%91%22background_color%22%93}\u00bb background_color__hover=\u00bb#010103&#8243; background_enable_color__hover=\u00bbon\u00bb background__hover_enabled=\u00bbon|hover\u00bb][\/et_pb_text][\/et_pb_column][\/et_pb_row][et_pb_row column_structure=\u00bb1_3,1_3,1_3&#8243; _builder_version=\u00bb4.27.4&#8243; _module_preset=\u00bbdefault\u00bb locked=\u00bboff\u00bb global_colors_info=\u00bb{}\u00bb][et_pb_column type=\u00bb1_3&#8243; _builder_version=\u00bb4.27.4&#8243; _module_preset=\u00bbdefault\u00bb box_shadow_style=\u00bbpreset1&#8243; box_shadow_vertical=\u00bb18px\u00bb box_shadow_blur=\u00bb40px\u00bb box_shadow_spread=\u00bb-6px\u00bb box_shadow_color=\u00bbrgba(0,0,0,0.2)\u00bb global_colors_info=\u00bb{}\u00bb][et_pb_image src=\u00bbhttps:\/\/www.etxalar.eus\/wp-content\/uploads\/2025\/02\/Elkarteak_dantzariak.jpg\u00bb alt=\u00bbaltxata\u00bb title_text=\u00bbElkarteak_dantzariak\u00bb admin_label=\u00bbImagen de la comida\u00bb _builder_version=\u00bb4.27.4&#8243; _module_preset=\u00bbdefault\u00bb custom_margin=\u00bb||18px|||\u00bb global_colors_info=\u00bb{}\u00bb filter_brightness__hover_enabled=\u00bbon|desktop\u00bb filter_brightness__hover=\u00bb50%\u00bb][\/et_pb_image][et_pb_text admin_label=\u00bbTexto de oferta\u00bb _builder_version=\u00bb4.27.4&#8243; _module_preset=\u00bbdefault\u00bb text_font=\u00bbMontserrat|700||on|||||\u00bb text_text_color=\u00bb#ffffff\u00bb text_letter_spacing=\u00bb1px\u00bb background_color=\u00bbgcid-primary-color\u00bb positioning=\u00bbabsolute\u00bb text_orientation=\u00bbcenter\u00bb width=\u00bb100%\u00bb custom_padding=\u00bb10px|5px|10px|5px|true|true\u00bb border_radii=\u00bboff||||\u00bb global_colors_info=\u00bb{%22gcid-primary-color%22:%91%22background_color%22%93}\u00bb background__hover_enabled=\u00bbon|hover\u00bb background_color__hover=\u00bb#010103&#8243; background_enable_color__hover=\u00bbon\u00bb]<\/p>\n<p>GRUPO DE BAILE ANDRA MARI<\/p>\n<p>[\/et_pb_text][et_pb_text _builder_version=\u00bb4.27.4&#8243; _module_preset=\u00bbdefault\u00bb custom_margin=\u00bb||||false|false\u00bb custom_padding=\u00bb|20px||20px|false|false\u00bb global_colors_info=\u00bb{}\u00bb]<\/p>\n<p>Etxalarko kultur eta kirol arloan lan egiten duen elkarte honek urtean zehar honako ekitaldi hauek antolatzen ditu: Inauteriak, Mendi itzulia, Gasna eta artisau azoka, Usategietako igandea, herriko dantza taldearen emanaldiak eta pilota txapelketak. <\/p>\n<p>[\/et_pb_text][et_pb_blurb use_icon=\u00bbon\u00bb font_icon=\u00bb&#xf0e0;||fa||900&#8243; icon_placement=\u00bbleft\u00bb image_icon_width=\u00bb25px\u00bb admin_label=\u00bbLista 3&#8243; _builder_version=\u00bb4.27.4&#8243; _module_preset=\u00bbdefault\u00bb body_font=\u00bb&#8211;et_global_body_font||||||||\u00bb body_text_color=\u00bb#000000&#8243; body_line_height=\u00bb2em\u00bb custom_margin=\u00bb||5px||false|false\u00bb custom_padding=\u00bb|20px||20px|false|true\u00bb global_colors_info=\u00bb{}\u00bb]<\/p>\n<p><a href=\"mailto:altxata@gmail.com\">altxata@gmail.com<\/a><a href=\"mailto:altxata@gmail.com\"><\/a><\/p>\n<p>[\/et_pb_blurb][et_pb_blurb use_icon=\u00bbon\u00bb font_icon=\u00bb&#xe0e3;||divi||400&#8243; icon_placement=\u00bbleft\u00bb image_icon_width=\u00bb25px\u00bb admin_label=\u00bbLista 3&#8243; _builder_version=\u00bb4.27.4&#8243; _module_preset=\u00bbdefault\u00bb body_font=\u00bb&#8211;et_global_body_font||||||||\u00bb body_text_color=\u00bb#000000&#8243; body_line_height=\u00bb2em\u00bb custom_margin=\u00bb||5px||false|false\u00bb custom_padding=\u00bb|20px||20px|false|true\u00bb global_colors_info=\u00bb{}\u00bb]<\/p>\n<p><a href=\"http:\/\/etxalarkodantzariak.blogspot.com\/%20\">etxalarkodantzariak.blogspot.com<\/a><\/p>\n<p>[\/et_pb_blurb][et_pb_text admin_label=\u00bbBoton de compra\u00bb _builder_version=\u00bb4.27.4&#8243; _module_preset=\u00bbdefault\u00bb text_font=\u00bbMontserrat|700||on|||||\u00bb text_text_color=\u00bb#ffffff\u00bb text_font_size=\u00bb13px\u00bb text_letter_spacing=\u00bb1px\u00bb background_color=\u00bbgcid-secondary-color\u00bb text_orientation=\u00bbcenter\u00bb custom_margin=\u00bb20px||||false|false\u00bb custom_padding=\u00bb8px||8px||true|false\u00bb link_option_url=\u00bb#\u00bb global_colors_info=\u00bb{%22gcid-secondary-color%22:%91%22background_color%22%93}\u00bb background__hover_enabled=\u00bbon|hover\u00bb background_color__hover=\u00bb#010103&#8243; background_enable_color__hover=\u00bbon\u00bb][\/et_pb_text][\/et_pb_column][et_pb_column type=\u00bb1_3&#8243; _builder_version=\u00bb4.27.4&#8243; _module_preset=\u00bbdefault\u00bb box_shadow_style=\u00bbpreset1&#8243; box_shadow_vertical=\u00bb18px\u00bb box_shadow_blur=\u00bb40px\u00bb box_shadow_spread=\u00bb-6px\u00bb box_shadow_color=\u00bbrgba(0,0,0,0.2)\u00bb global_colors_info=\u00bb{}\u00bb][et_pb_image src=\u00bbhttps:\/\/www.etxalar.eus\/wp-content\/uploads\/2019\/02\/Mus-txapelketa.jpg\u00bb title_text=\u00bbAsociaci\u00f3n Andra Mari\u00bb admin_label=\u00bbImagen de la comida\u00bb _builder_version=\u00bb4.27.4&#8243; _module_preset=\u00bbdefault\u00bb height=\u00bb246px\u00bb custom_margin=\u00bb||18px|||\u00bb global_colors_info=\u00bb{}\u00bb filter_brightness__hover_enabled=\u00bbon|desktop\u00bb filter_brightness__hover=\u00bb50%\u00bb][\/et_pb_image][et_pb_text admin_label=\u00bbTexto de oferta\u00bb _builder_version=\u00bb4.27.4&#8243; _module_preset=\u00bbdefault\u00bb text_font=\u00bbMontserrat|700||on|||||\u00bb text_text_color=\u00bb#ffffff\u00bb text_letter_spacing=\u00bb1px\u00bb background_color=\u00bbgcid-primary-color\u00bb positioning=\u00bbabsolute\u00bb text_orientation=\u00bbcenter\u00bb width=\u00bb100%\u00bb custom_padding=\u00bb10px|5px|10px|5px|true|true\u00bb border_radii=\u00bboff||||\u00bb global_colors_info=\u00bb{%22gcid-primary-color%22:%91%22background_color%22,%22background_color%22,%22background_color%22%93}\u00bb background_color__hover=\u00bb#010103&#8243; background_enable_color__hover=\u00bbon\u00bb background__hover_enabled=\u00bbon|hover\u00bb]<\/p>\n<p>ASOCIACI\u00d3N DE JUBILADOS LARRABURUA<\/p>\n<p>[\/et_pb_text][et_pb_text _builder_version=\u00bb4.27.4&#8243; _module_preset=\u00bbdefault\u00bb custom_margin=\u00bb||||false|false\u00bb custom_padding=\u00bb|20px||20px|false|false\u00bb global_colors_info=\u00bb{}\u00bb]<\/p>\n<p>Esta asociaci\u00f3n realiza diferentes actividades a lo largo del a\u00f1o. Las actividades principales de esta asociaci\u00f3n son: Cursillo de cocina, excursiones, comidas en d\u00edas especiales (carnavales, domingo de palomeras), sesiones de canto, charlas, gimnasia y servicio de pod\u00f3logo. <\/p>\n<p>[\/et_pb_text][et_pb_blurb use_icon=\u00bbon\u00bb font_icon=\u00bb&#xf3c5;||fa||900&#8243; icon_placement=\u00bbleft\u00bb image_icon_width=\u00bb25px\u00bb admin_label=\u00bbLista 1&#8243; _builder_version=\u00bb4.27.4&#8243; _module_preset=\u00bbdefault\u00bb body_font=\u00bb&#8211;et_global_body_font||||||||\u00bb body_text_color=\u00bb#000000&#8243; body_line_height=\u00bb2em\u00bb custom_margin=\u00bb||5px||false|false\u00bb custom_padding=\u00bb|20px||20px|false|true\u00bb global_colors_info=\u00bb{}\u00bb]<\/p>\n<p><strong>Larraburua<\/strong><br \/>Beolaldea, 2<br \/>31760 ETXALAR<\/p>\n<p>[\/et_pb_blurb][et_pb_blurb use_icon=\u00bbon\u00bb font_icon=\u00bb&#xf879;||fa||900&#8243; icon_placement=\u00bbleft\u00bb image_icon_width=\u00bb25px\u00bb admin_label=\u00bbLista 2&#8243; _builder_version=\u00bb4.27.4&#8243; _module_preset=\u00bbdefault\u00bb body_font=\u00bb&#8211;et_global_body_font||||||||\u00bb body_text_color=\u00bb#000000&#8243; body_line_height=\u00bb2em\u00bb custom_margin=\u00bb||5px||false|false\u00bb custom_padding=\u00bb|20px||20px|false|true\u00bb global_colors_info=\u00bb{}\u00bb]<a href=\"tel:948635166%20\">948 635 166<\/a>[\/et_pb_blurb][et_pb_blurb use_icon=\u00bbon\u00bb font_icon=\u00bb&#xf0e0;||fa||900&#8243; icon_placement=\u00bbleft\u00bb image_icon_width=\u00bb25px\u00bb admin_label=\u00bbLista 3&#8243; _builder_version=\u00bb4.27.4&#8243; _module_preset=\u00bbdefault\u00bb body_font=\u00bb&#8211;et_global_body_font||||||||\u00bb body_text_color=\u00bb#000000&#8243; body_line_height=\u00bb2em\u00bb custom_margin=\u00bb||5px||false|false\u00bb custom_padding=\u00bb|20px||20px|false|true\u00bb global_colors_info=\u00bb{}\u00bb]<\/p>\n<p><a href=\"mailto:larraburuaelkartea@gmail.com\">larraburuaelkartea@gmail.com<\/a><a href=\"mailto:kulturetxea@etxalar.eus\"><\/a><\/p>\n<p>[\/et_pb_blurb][et_pb_text admin_label=\u00bbBoton de compra\u00bb _builder_version=\u00bb4.27.4&#8243; _module_preset=\u00bbdefault\u00bb text_font=\u00bbMontserrat|700||on|||||\u00bb text_text_color=\u00bb#ffffff\u00bb text_font_size=\u00bb13px\u00bb text_letter_spacing=\u00bb1px\u00bb background_color=\u00bbgcid-secondary-color\u00bb text_orientation=\u00bbcenter\u00bb custom_margin=\u00bb20px||||false|false\u00bb custom_padding=\u00bb8px||8px||true|false\u00bb link_option_url=\u00bb#\u00bb global_colors_info=\u00bb{%22gcid-secondary-color%22:%91%22background_color%22%93,%22gcid-primary-color%22:%91%22background_color%22%93}\u00bb background_color__hover=\u00bb#010103&#8243; background_enable_color__hover=\u00bbon\u00bb background__hover_enabled=\u00bbon|hover\u00bb][\/et_pb_text][\/et_pb_column][et_pb_column type=\u00bb1_3&#8243; _builder_version=\u00bb4.27.4&#8243; _module_preset=\u00bbdefault\u00bb box_shadow_style=\u00bbpreset1&#8243; box_shadow_vertical=\u00bb18px\u00bb box_shadow_blur=\u00bb40px\u00bb box_shadow_spread=\u00bb-6px\u00bb box_shadow_color=\u00bbrgba(0,0,0,0.2)\u00bb global_colors_info=\u00bb{}\u00bb][et_pb_image src=\u00bbhttps:\/\/www.etxalar.eus\/wp-content\/uploads\/2025\/02\/Elkarteak_txistulariak.jpg\u00bb title_text=\u00bbElkarteak_txistulariak\u00bb admin_label=\u00bbImagen de la comida\u00bb _builder_version=\u00bb4.27.4&#8243; _module_preset=\u00bbdefault\u00bb custom_margin=\u00bb||18px|||\u00bb global_colors_info=\u00bb{}\u00bb filter_brightness__hover_enabled=\u00bbon|desktop\u00bb filter_brightness__hover=\u00bb50%\u00bb][\/et_pb_image][et_pb_text _builder_version=\u00bb4.27.4&#8243; _module_preset=\u00bbdefault\u00bb custom_margin=\u00bb||||false|false\u00bb custom_padding=\u00bb|20px||20px|false|false\u00bb global_colors_info=\u00bb{}\u00bb]<\/p>\n<p>El grupo de txistularis de Etxalar es uno de los grupos m\u00e1s antiguos que hay en la localidad. Pello Apezetxea fue fundado por el sacerdote del pueblo y con su ayuda han aprendido a tocar el txistu y el tambor. En la actualidad participan en los principales actos que se organizan en la localidad a lo largo del a\u00f1o. Entre ellos; en la actuaci\u00f3n de baile de Gasna y feria artesanal, en la sesi\u00f3n de baile Herriko bestetan y en los pasacalles de la ma\u00f1ana, el d\u00eda de San Juan Sua y el d\u00eda de Olentzero entre otros.   <\/p>\n<p>[\/et_pb_text][et_pb_text admin_label=\u00bbTexto de oferta\u00bb _builder_version=\u00bb4.27.4&#8243; _module_preset=\u00bbdefault\u00bb text_font=\u00bbMontserrat|700||on|||||\u00bb text_text_color=\u00bb#ffffff\u00bb text_letter_spacing=\u00bb1px\u00bb background_color=\u00bbgcid-primary-color\u00bb positioning=\u00bbabsolute\u00bb text_orientation=\u00bbcenter\u00bb width=\u00bb100%\u00bb custom_padding=\u00bb10px|5px|10px|5px|true|true\u00bb border_radii=\u00bboff||||\u00bb global_colors_info=\u00bb{%22gcid-primary-color%22:%91%22background_color%22,%22background_color%22,%22background_color%22%93}\u00bb background_color__hover=\u00bb#010103&#8243; background_enable_color__hover=\u00bbon\u00bb background__hover_enabled=\u00bbon|hover\u00bb]<\/p>\n<p>Txistularis de ETXALAR<\/p>\n<p>[\/et_pb_text][et_pb_blurb use_icon=\u00bbon\u00bb font_icon=\u00bb&#xf0e0;||fa||900&#8243; icon_placement=\u00bbleft\u00bb image_icon_width=\u00bb25px\u00bb admin_label=\u00bbLista 3&#8243; _builder_version=\u00bb4.27.4&#8243; _module_preset=\u00bbdefault\u00bb body_font=\u00bb&#8211;et_global_body_font||||||||\u00bb body_text_color=\u00bb#000000&#8243; body_line_height=\u00bb2em\u00bb custom_margin=\u00bb||5px||false|false\u00bb custom_padding=\u00bb|20px||20px|false|true\u00bb global_colors_info=\u00bb{}\u00bb]<\/p>\n<p><a href=\"mailto:etxalarkotxistulariak@hotmail.com\">etxalarkotxistulariak@hotmail.com<\/a><a href=\"mailto:3neelizagoien@hotmail.es\"><\/a><\/p>\n<p>[\/et_pb_blurb][et_pb_blurb use_icon=\u00bbon\u00bb font_icon=\u00bb&#xf0e0;||fa||900&#8243; icon_placement=\u00bbleft\u00bb image_icon_width=\u00bb25px\u00bb admin_label=\u00bbLista 3&#8243; _builder_version=\u00bb4.27.4&#8243; _module_preset=\u00bbdefault\u00bb body_font=\u00bb&#8211;et_global_body_font||||||||\u00bb body_text_color=\u00bb#000000&#8243; body_line_height=\u00bb2em\u00bb custom_margin=\u00bb||5px||false|false\u00bb custom_padding=\u00bb|20px||20px|false|true\u00bb global_colors_info=\u00bb{}\u00bb]<\/p>\n<p><a href=\"mailto:etxarte1971@gmail.com\">etxarte1971@gmail.com<\/a><\/p>\n<p>[\/et_pb_blurb][et_pb_text admin_label=\u00bbBoton de compra\u00bb _builder_version=\u00bb4.27.4&#8243; _module_preset=\u00bbdefault\u00bb text_font=\u00bbMontserrat|700||on|||||\u00bb text_text_color=\u00bb#ffffff\u00bb text_font_size=\u00bb13px\u00bb text_letter_spacing=\u00bb1px\u00bb background_color=\u00bbgcid-secondary-color\u00bb text_orientation=\u00bbcenter\u00bb custom_margin=\u00bb20px||||false|false\u00bb custom_padding=\u00bb8px||8px||true|false\u00bb link_option_url=\u00bb#\u00bb global_colors_info=\u00bb{%22gcid-secondary-color%22:%91%22background_color%22%93,%22gcid-primary-color%22:%91%22background_color%22%93}\u00bb background_color__hover=\u00bb#010103&#8243; background_enable_color__hover=\u00bbon\u00bb background__hover_enabled=\u00bbon|hover\u00bb][\/et_pb_text][\/et_pb_column][\/et_pb_row][et_pb_row column_structure=\u00bb1_3,1_3,1_3&#8243; _builder_version=\u00bb4.27.4&#8243; _module_preset=\u00bbdefault\u00bb locked=\u00bboff\u00bb global_colors_info=\u00bb{}\u00bb][et_pb_column type=\u00bb1_3&#8243; _builder_version=\u00bb4.27.4&#8243; _module_preset=\u00bbdefault\u00bb box_shadow_style=\u00bbpreset1&#8243; box_shadow_vertical=\u00bb18px\u00bb box_shadow_blur=\u00bb40px\u00bb box_shadow_spread=\u00bb-6px\u00bb box_shadow_color=\u00bbrgba(0,0,0,0.2)\u00bb global_colors_info=\u00bb{}\u00bb][et_pb_image src=\u00bbhttps:\/\/www.etxalar.eus\/wp-content\/uploads\/2025\/02\/Elkarteak_gaztik.jpg\u00bb alt=\u00bbaltxata\u00bb title_text=\u00bbElkarteak_gaztik\u00bb admin_label=\u00bbImagen de la comida\u00bb _builder_version=\u00bb4.27.4&#8243; _module_preset=\u00bbdefault\u00bb custom_margin=\u00bb||18px|||\u00bb global_colors_info=\u00bb{}\u00bb filter_brightness__hover_enabled=\u00bbon|desktop\u00bb filter_brightness__hover=\u00bb50%\u00bb][\/et_pb_image][et_pb_text admin_label=\u00bbTexto de oferta\u00bb _builder_version=\u00bb4.27.4&#8243; _module_preset=\u00bbdefault\u00bb text_font=\u00bbMontserrat|700||on|||||\u00bb text_text_color=\u00bb#ffffff\u00bb text_letter_spacing=\u00bb1px\u00bb background_color=\u00bbgcid-primary-color\u00bb positioning=\u00bbabsolute\u00bb text_orientation=\u00bbcenter\u00bb width=\u00bb100%\u00bb custom_padding=\u00bb10px|5px|10px|5px|true|true\u00bb border_radii=\u00bboff||||\u00bb global_colors_info=\u00bb{%22gcid-primary-color%22:%91%22background_color%22%93}\u00bb background__hover_enabled=\u00bbon|hover\u00bb background_color__hover=\u00bb#010103&#8243; background_enable_color__hover=\u00bbon\u00bb]<\/p>\n<p>ETXALARKO GAZTIK<\/p>\n<p>[\/et_pb_text][et_pb_text _builder_version=\u00bb4.27.4&#8243; _module_preset=\u00bbdefault\u00bb custom_margin=\u00bb||||false|false\u00bb custom_padding=\u00bb|20px||20px|false|false\u00bb global_colors_info=\u00bb{}\u00bb]<\/p>\n<p>Este grupo fue creado a finales de 2009. \u00c9ste, adem\u00e1s de organizar su \u00abGazte eguna\u00bb, siempre el s\u00e1bado 2 de octubre, lleva a cabo diferentes actividades y actividades a lo largo del a\u00f1o; Talleres, conferencias, proyecciones&#8230; En las fiestas del pueblo ponen txozna y en navidades tambi\u00e9n ponen puesto.   <\/p>\n<p>[\/et_pb_text][et_pb_blurb use_icon=\u00bbon\u00bb font_icon=\u00bb&#xf0e0;||fa||900&#8243; icon_placement=\u00bbleft\u00bb image_icon_width=\u00bb25px\u00bb admin_label=\u00bbLista 3&#8243; _builder_version=\u00bb4.27.4&#8243; _module_preset=\u00bbdefault\u00bb body_font=\u00bb&#8211;et_global_body_font||||||||\u00bb body_text_color=\u00bb#000000&#8243; body_line_height=\u00bb2em\u00bb custom_margin=\u00bb||5px||false|false\u00bb custom_padding=\u00bb|20px||20px|false|true\u00bb global_colors_info=\u00bb{}\u00bb]<\/p>\n<p><a href=\"mailto:etxalarkogaztik@hotmail.com\">etxalarkogaztik@hotmail.com<\/a><\/p>\n<p>[\/et_pb_blurb][et_pb_text admin_label=\u00bbBoton de compra\u00bb _builder_version=\u00bb4.27.4&#8243; _module_preset=\u00bbdefault\u00bb text_font=\u00bbMontserrat|700||on|||||\u00bb text_text_color=\u00bb#ffffff\u00bb text_font_size=\u00bb13px\u00bb text_letter_spacing=\u00bb1px\u00bb background_color=\u00bbgcid-secondary-color\u00bb text_orientation=\u00bbcenter\u00bb custom_margin=\u00bb20px||||false|false\u00bb custom_padding=\u00bb8px||8px||true|false\u00bb link_option_url=\u00bb#\u00bb global_colors_info=\u00bb{%22gcid-secondary-color%22:%91%22background_color%22%93}\u00bb background__hover_enabled=\u00bbon|hover\u00bb background_color__hover=\u00bb#010103&#8243; background_enable_color__hover=\u00bbon\u00bb][\/et_pb_text][\/et_pb_column][et_pb_column type=\u00bb1_3&#8243; _builder_version=\u00bb4.27.4&#8243; _module_preset=\u00bbdefault\u00bb box_shadow_style=\u00bbpreset1&#8243; box_shadow_vertical=\u00bb18px\u00bb box_shadow_blur=\u00bb40px\u00bb box_shadow_spread=\u00bb-6px\u00bb box_shadow_color=\u00bbrgba(0,0,0,0.2)\u00bb global_colors_info=\u00bb{}\u00bb][et_pb_image src=\u00bbhttps:\/\/www.etxalar.eus\/wp-content\/uploads\/2025\/02\/Elkarteak_zanpingorri.jpg\u00bb title_text=\u00bbElkarteak_zanpingorri\u00bb force_fullwidth=\u00bbon\u00bb admin_label=\u00bbImagen de la comida\u00bb _builder_version=\u00bb4.27.4&#8243; _module_preset=\u00bbdefault\u00bb height=\u00bb246px\u00bb custom_margin=\u00bb||18px|||\u00bb global_colors_info=\u00bb{}\u00bb filter_brightness__hover_enabled=\u00bbon|desktop\u00bb filter_brightness__hover=\u00bb50%\u00bb][\/et_pb_image][et_pb_text admin_label=\u00bbTexto de oferta\u00bb _builder_version=\u00bb4.27.4&#8243; _module_preset=\u00bbdefault\u00bb text_font=\u00bbMontserrat|700||on|||||\u00bb text_text_color=\u00bb#ffffff\u00bb text_letter_spacing=\u00bb1px\u00bb background_color=\u00bbgcid-primary-color\u00bb positioning=\u00bbabsolute\u00bb text_orientation=\u00bbcenter\u00bb width=\u00bb100%\u00bb custom_padding=\u00bb10px|5px|10px|5px|true|true\u00bb border_radii=\u00bboff||||\u00bb global_colors_info=\u00bb{%22gcid-primary-color%22:%91%22background_color%22,%22background_color%22,%22background_color%22%93}\u00bb background_color__hover=\u00bb#010103&#8243; background_enable_color__hover=\u00bbon\u00bb background__hover_enabled=\u00bbon|hover\u00bb]<\/p>\n<p>GRUPO MONTA\u00d1ERO ZANPINGORRI<\/p>\n<p>[\/et_pb_text][et_pb_text _builder_version=\u00bb4.27.4&#8243; _module_preset=\u00bbdefault\u00bb custom_margin=\u00bb||||false|false\u00bb custom_padding=\u00bb|20px||20px|false|false\u00bb global_colors_info=\u00bb{}\u00bb]<\/p>\n<p>Este grupo es uno de los m\u00e1s j\u00f3venes del pueblo. Sin embargo, su actividad no es peque\u00f1a. Este grupo tiene como objetivo las excursiones de monta\u00f1a y realizan una buena cantidad a lo largo del a\u00f1o. Sus salidas son a los montes del pueblo y de la comarca, as\u00ed como a las celebraciones que se realizan en los pueblos de alrededor; los carnavales de Sunbilla, el Herri Urrats, el congreso de los baztandarras&#8230;   <\/p>\n<p>[\/et_pb_text][et_pb_blurb use_icon=\u00bbon\u00bb font_icon=\u00bb&#xf3c5;||fa||900&#8243; icon_placement=\u00bbleft\u00bb image_icon_width=\u00bb25px\u00bb admin_label=\u00bbLista 1&#8243; _builder_version=\u00bb4.27.4&#8243; _module_preset=\u00bbdefault\u00bb body_font=\u00bb&#8211;et_global_body_font||||||||\u00bb body_text_color=\u00bb#000000&#8243; body_line_height=\u00bb2em\u00bb custom_margin=\u00bb||5px||false|false\u00bb custom_padding=\u00bb|20px||20px|false|true\u00bb global_colors_info=\u00bb{}\u00bb]<\/p>\n<p><strong>Escuelas viejas<\/strong><br \/>Andutzeta, 12<br \/>31760 ETXALAR<\/p>\n<p>[\/et_pb_blurb][et_pb_blurb use_icon=\u00bbon\u00bb font_icon=\u00bb&#xf879;||fa||900&#8243; icon_placement=\u00bbleft\u00bb image_icon_width=\u00bb25px\u00bb admin_label=\u00bbLista 2&#8243; _builder_version=\u00bb4.27.4&#8243; _module_preset=\u00bbdefault\u00bb body_font=\u00bb&#8211;et_global_body_font||||||||\u00bb body_text_color=\u00bb#000000&#8243; body_line_height=\u00bb2em\u00bb custom_margin=\u00bb||5px||false|false\u00bb custom_padding=\u00bb|20px||20px|false|true\u00bb global_colors_info=\u00bb{}\u00bb]<a href=\"tel:948635062\">948 635 062<\/a>[\/et_pb_blurb][et_pb_blurb use_icon=\u00bbon\u00bb font_icon=\u00bb&#xf0e0;||fa||900&#8243; icon_placement=\u00bbleft\u00bb image_icon_width=\u00bb25px\u00bb admin_label=\u00bbLista 3&#8243; _builder_version=\u00bb4.27.4&#8243; _module_preset=\u00bbdefault\u00bb body_font=\u00bb&#8211;et_global_body_font||||||||\u00bb body_text_color=\u00bb#000000&#8243; body_line_height=\u00bb2em\u00bb custom_margin=\u00bb||5px||false|false\u00bb custom_padding=\u00bb|20px||20px|false|true\u00bb global_colors_info=\u00bb{}\u00bb]<\/p>\n<p><a href=\"mailto:altxata@gmail.com\">altxata@gmail.com<\/a><a href=\"mailto:larraburuaelkartea@gmail.com\"><\/a><\/p>\n<p>[\/et_pb_blurb][et_pb_text admin_label=\u00bbBoton de compra\u00bb _builder_version=\u00bb4.27.4&#8243; _module_preset=\u00bbdefault\u00bb text_font=\u00bbMontserrat|700||on|||||\u00bb text_text_color=\u00bb#ffffff\u00bb text_font_size=\u00bb13px\u00bb text_letter_spacing=\u00bb1px\u00bb background_color=\u00bbgcid-secondary-color\u00bb text_orientation=\u00bbcenter\u00bb custom_margin=\u00bb20px||||false|false\u00bb custom_padding=\u00bb8px||8px||true|false\u00bb link_option_url=\u00bb#\u00bb global_colors_info=\u00bb{%22gcid-secondary-color%22:%91%22background_color%22%93,%22gcid-primary-color%22:%91%22background_color%22%93}\u00bb background_color__hover=\u00bb#010103&#8243; background_enable_color__hover=\u00bbon\u00bb background__hover_enabled=\u00bbon|hover\u00bb][\/et_pb_text][\/et_pb_column][et_pb_column type=\u00bb1_3&#8243; _builder_version=\u00bb4.27.4&#8243; _module_preset=\u00bbdefault\u00bb box_shadow_style=\u00bbpreset1&#8243; box_shadow_vertical=\u00bb18px\u00bb box_shadow_blur=\u00bb40px\u00bb box_shadow_spread=\u00bb-6px\u00bb box_shadow_color=\u00bbrgba(0,0,0,0.2)\u00bb global_colors_info=\u00bb{}\u00bb][et_pb_image src=\u00bbhttps:\/\/www.etxalar.eus\/wp-content\/uploads\/2025\/02\/Elkarteak_sua.jpg\u00bb title_text=\u00bbElkarteak_sua\u00bb admin_label=\u00bbImagen de la comida\u00bb _builder_version=\u00bb4.27.4&#8243; _module_preset=\u00bbdefault\u00bb custom_margin=\u00bb||18px|||\u00bb global_colors_info=\u00bb{}\u00bb filter_brightness__hover_enabled=\u00bbon|desktop\u00bb filter_brightness__hover=\u00bb50%\u00bb][\/et_pb_image][et_pb_text _builder_version=\u00bb4.27.4&#8243; _module_preset=\u00bbdefault\u00bb custom_margin=\u00bb||||false|false\u00bb custom_padding=\u00bb|20px||20px|false|false\u00bb global_colors_info=\u00bb{}\u00bb]<\/p>\n<p>Es la sociedad m\u00e1s antigua que hay en el pueblo. Como su nombre indica, la asociaci\u00f3n fue creada para ofrecer protecci\u00f3n para cuando se produzcan incendios. Si no hay incendios, celebran su asamblea anual y se realiza una revisi\u00f3n de los extintores.  <\/p>\n<p>[\/et_pb_text][et_pb_text admin_label=\u00bbTexto de oferta\u00bb _builder_version=\u00bb4.27.4&#8243; _module_preset=\u00bbdefault\u00bb text_font=\u00bbMontserrat|700||on|||||\u00bb text_text_color=\u00bb#ffffff\u00bb text_letter_spacing=\u00bb1px\u00bb background_color=\u00bbgcid-primary-color\u00bb positioning=\u00bbabsolute\u00bb text_orientation=\u00bbcenter\u00bb width=\u00bb100%\u00bb custom_padding=\u00bb10px|5px|10px|5px|true|true\u00bb border_radii=\u00bboff||||\u00bb global_colors_info=\u00bb{%22gcid-primary-color%22:%91%22background_color%22,%22background_color%22,%22background_color%22%93}\u00bb background_color__hover=\u00bb#010103&#8243; background_enable_color__hover=\u00bbon\u00bb background__hover_enabled=\u00bbon|hover\u00bb]<\/p>\n<p>ASOCIACI\u00d3N DE INCENDIOS DE ETXALAR<\/p>\n<p>[\/et_pb_text][et_pb_blurb use_icon=\u00bbon\u00bb font_icon=\u00bb&#xf0e0;||fa||900&#8243; icon_placement=\u00bbleft\u00bb image_icon_width=\u00bb25px\u00bb admin_label=\u00bbLista 3&#8243; _builder_version=\u00bb4.27.4&#8243; _module_preset=\u00bbdefault\u00bb body_font=\u00bb&#8211;et_global_body_font||||||||\u00bb body_text_color=\u00bb#000000&#8243; body_line_height=\u00bb2em\u00bb custom_margin=\u00bb||5px||false|false\u00bb custom_padding=\u00bb|20px||20px|false|true\u00bb global_colors_info=\u00bb{}\u00bb]<\/p>\n<p><a href=\"MAILTO:etxalarkosuteelkartea@gmail.com\">etxalarkosuteelkartea@gmail.com<\/a><a href=\"mailto:altxata@gmail.com\"><\/a><\/p>\n<p>[\/et_pb_blurb][et_pb_text admin_label=\u00bbBoton de compra\u00bb _builder_version=\u00bb4.27.4&#8243; _module_preset=\u00bbdefault\u00bb text_font=\u00bbMontserrat|700||on|||||\u00bb text_text_color=\u00bb#ffffff\u00bb text_font_size=\u00bb13px\u00bb text_letter_spacing=\u00bb1px\u00bb background_color=\u00bbgcid-secondary-color\u00bb text_orientation=\u00bbcenter\u00bb custom_margin=\u00bb20px||||false|false\u00bb custom_padding=\u00bb8px||8px||true|false\u00bb link_option_url=\u00bb#\u00bb global_colors_info=\u00bb{%22gcid-secondary-color%22:%91%22background_color%22%93,%22gcid-primary-color%22:%91%22background_color%22%93}\u00bb background_color__hover=\u00bb#010103&#8243; background_enable_color__hover=\u00bbon\u00bb background__hover_enabled=\u00bbon|hover\u00bb][\/et_pb_text][\/et_pb_column][\/et_pb_row][et_pb_row column_structure=\u00bb1_3,1_3,1_3&#8243; _builder_version=\u00bb4.27.4&#8243; _module_preset=\u00bbdefault\u00bb locked=\u00bboff\u00bb global_colors_info=\u00bb{}\u00bb][et_pb_column type=\u00bb1_3&#8243; _builder_version=\u00bb4.27.4&#8243; _module_preset=\u00bbdefault\u00bb box_shadow_style=\u00bbpreset1&#8243; box_shadow_vertical=\u00bb18px\u00bb box_shadow_blur=\u00bb40px\u00bb box_shadow_spread=\u00bb-6px\u00bb box_shadow_color=\u00bbrgba(0,0,0,0.2)\u00bb global_colors_info=\u00bb{}\u00bb][et_pb_image src=\u00bbhttps:\/\/www.etxalar.eus\/wp-content\/uploads\/2025\/02\/Elkarteak_guraso_elk.jpg\u00bb alt=\u00bbaltxata\u00bb title_text=\u00bbElkarteak_guraso_elk\u00bb admin_label=\u00bbImagen de la comida\u00bb _builder_version=\u00bb4.27.4&#8243; _module_preset=\u00bbdefault\u00bb custom_margin=\u00bb||18px|||\u00bb global_colors_info=\u00bb{}\u00bb filter_brightness__hover_enabled=\u00bbon|desktop\u00bb filter_brightness__hover=\u00bb50%\u00bb][\/et_pb_image][et_pb_text admin_label=\u00bbTexto de oferta\u00bb _builder_version=\u00bb4.27.4&#8243; _module_preset=\u00bbdefault\u00bb text_font=\u00bbMontserrat|700||on|||||\u00bb text_text_color=\u00bb#ffffff\u00bb text_letter_spacing=\u00bb1px\u00bb background_color=\u00bbgcid-primary-color\u00bb positioning=\u00bbabsolute\u00bb text_orientation=\u00bbcenter\u00bb width=\u00bb100%\u00bb custom_padding=\u00bb10px|5px|10px|5px|true|true\u00bb border_radii=\u00bboff||||\u00bb global_colors_info=\u00bb{%22gcid-primary-color%22:%91%22background_color%22%93}\u00bb background__hover_enabled=\u00bbon|hover\u00bb background_color__hover=\u00bb#010103&#8243; background_enable_color__hover=\u00bbon\u00bb]<\/p>\n<p>ASOCIACI\u00d3N DE MADRES Y PADRES LANDAGAIN<\/p>\n<p>[\/et_pb_text][et_pb_text _builder_version=\u00bb4.27.4&#8243; _module_preset=\u00bbdefault\u00bb custom_margin=\u00bb||||false|false\u00bb custom_padding=\u00bb|20px||20px|false|false\u00bb global_colors_info=\u00bb{}\u00bb]<\/p>\n<p>Este grupo naci\u00f3 con la creaci\u00f3n de la escuela Landagain. Su principal funci\u00f3n se centra en la escuela Landagain (compra de libros, actividades extraescolares&#8230;), fuera de la cual tambi\u00e9n organiza eventos; Ortzegun gizeneko berdua, Haurren eguna y Asau ttiki herriko bestetan. <\/p>\n<p>[\/et_pb_text][et_pb_blurb use_icon=\u00bbon\u00bb font_icon=\u00bb&#xf0e0;||fa||900&#8243; icon_placement=\u00bbleft\u00bb image_icon_width=\u00bb25px\u00bb admin_label=\u00bbLista 3&#8243; _builder_version=\u00bb4.27.4&#8243; _module_preset=\u00bbdefault\u00bb body_font=\u00bb&#8211;et_global_body_font||||||||\u00bb body_text_color=\u00bb#000000&#8243; body_line_height=\u00bb2em\u00bb custom_margin=\u00bb||5px||false|false\u00bb custom_padding=\u00bb|20px||20px|false|true\u00bb global_colors_info=\u00bb{}\u00bb]<\/p>\n<p><a href=\"mailto:landagain.guraso.elKarte@gmail.com\">landagain.guraso.elKarte@gmail.com<\/a>[\/et_pb_blurb][et_pb_text admin_label=\u00bbBoton de compra\u00bb _builder_version=\u00bb4.27.4&#8243; _module_preset=\u00bbdefault\u00bb text_font=\u00bbMontserrat|700||on|||||\u00bb text_text_color=\u00bb#ffffff\u00bb text_font_size=\u00bb13px\u00bb text_letter_spacing=\u00bb1px\u00bb background_color=\u00bbgcid-secondary-color\u00bb text_orientation=\u00bbcenter\u00bb custom_margin=\u00bb20px||||false|false\u00bb custom_padding=\u00bb8px||8px||true|false\u00bb link_option_url=\u00bb#\u00bb global_colors_info=\u00bb{%22gcid-secondary-color%22:%91%22background_color%22%93}\u00bb background__hover_enabled=\u00bbon|hover\u00bb background_color__hover=\u00bb#010103&#8243; background_enable_color__hover=\u00bbon\u00bb][\/et_pb_text][\/et_pb_column][et_pb_column type=\u00bb1_3&#8243; _builder_version=\u00bb4.27.4&#8243; _module_preset=\u00bbdefault\u00bb box_shadow_style=\u00bbpreset1&#8243; box_shadow_vertical=\u00bb18px\u00bb box_shadow_blur=\u00bb40px\u00bb box_shadow_spread=\u00bb-6px\u00bb box_shadow_color=\u00bbrgba(0,0,0,0.2)\u00bb global_colors_info=\u00bb{}\u00bb][et_pb_image src=\u00bbhttps:\/\/www.etxalar.eus\/wp-content\/uploads\/2023\/01\/usatgeiak.jpg\u00bb title_text=\u00bbpalomeras\u00bb force_fullwidth=\u00bbon\u00bb admin_label=\u00bbImagen de la comida\u00bb _builder_version=\u00bb4.27.4&#8243; _module_preset=\u00bbdefault\u00bb height=\u00bb246px\u00bb custom_margin=\u00bb||18px|||\u00bb global_colors_info=\u00bb{}\u00bb filter_brightness__hover_enabled=\u00bbon|desktop\u00bb filter_brightness__hover=\u00bb50%\u00bb][\/et_pb_image][et_pb_text admin_label=\u00bbTexto de oferta\u00bb _builder_version=\u00bb4.27.4&#8243; _module_preset=\u00bbdefault\u00bb text_font=\u00bbMontserrat|700||on|||||\u00bb text_text_color=\u00bb#ffffff\u00bb text_letter_spacing=\u00bb1px\u00bb background_color=\u00bbgcid-primary-color\u00bb positioning=\u00bbabsolute\u00bb text_orientation=\u00bbcenter\u00bb width=\u00bb100%\u00bb custom_padding=\u00bb10px|5px|10px|5px|true|true\u00bb border_radii=\u00bboff||||\u00bb global_colors_info=\u00bb{%22gcid-primary-color%22:%91%22background_color%22,%22background_color%22,%22background_color%22%93}\u00bb background_color__hover=\u00bb#010103&#8243; background_enable_color__hover=\u00bbon\u00bb background__hover_enabled=\u00bbon|hover\u00bb]<\/p>\n<p>PALOMEROS DE ETXALAR<\/p>\n<p>[\/et_pb_text][et_pb_text _builder_version=\u00bb4.27.4&#8243; _module_preset=\u00bbdefault\u00bb custom_margin=\u00bb||||false|false\u00bb custom_padding=\u00bb|20px||20px|false|false\u00bb global_colors_info=\u00bb{}\u00bb]<\/p>\n<p>Este grupo es el que gestiona el antiguo sistema de caza de palomas en el monte Iarmendi. Su funci\u00f3n principal es la de cazar palomas durante la temporada de caza a trav\u00e9s de redes, mantener y conocer esta tradici\u00f3n. Estos trabajos se realizan principalmente en verano y oto\u00f1o. Lo m\u00e1s destacado de ellos es la organizaci\u00f3n de la fiesta de la tradici\u00f3n de Etxalar que comienza a celebrarse en la \u00faltima d\u00e9cada. Tambi\u00e9n hay que destacar el concurso gastron\u00f3mico y las visitas guiadas para conocer a fondo los palomeros.    <\/p>\n<p>[\/et_pb_text][et_pb_blurb use_icon=\u00bbon\u00bb font_icon=\u00bb&#xf3c5;||fa||900&#8243; icon_placement=\u00bbleft\u00bb image_icon_width=\u00bb25px\u00bb admin_label=\u00bbLista 1&#8243; _builder_version=\u00bb4.27.4&#8243; _module_preset=\u00bbdefault\u00bb body_font=\u00bb&#8211;et_global_body_font||||||||\u00bb body_text_color=\u00bb#000000&#8243; body_line_height=\u00bb2em\u00bb custom_margin=\u00bb||5px||false|false\u00bb custom_padding=\u00bb|20px||20px|false|true\u00bb global_colors_info=\u00bb{}\u00bb]<\/p>\n<p><strong>Chabola de los palomeros<br \/><\/strong><\/p>\n<p>[\/et_pb_blurb][et_pb_blurb use_icon=\u00bbon\u00bb font_icon=\u00bb&#xf879;||fa||900&#8243; icon_placement=\u00bbleft\u00bb image_icon_width=\u00bb25px\u00bb admin_label=\u00bbLista 2&#8243; _builder_version=\u00bb4.27.4&#8243; _module_preset=\u00bbdefault\u00bb body_font=\u00bb&#8211;et_global_body_font||||||||\u00bb body_text_color=\u00bb#000000&#8243; body_line_height=\u00bb2em\u00bb custom_margin=\u00bb||5px||false|false\u00bb custom_padding=\u00bb|20px||20px|false|true\u00bb global_colors_info=\u00bb{}\u00bb]<a href=\"tel:644721722\">690 267 756<\/a>[\/et_pb_blurb][et_pb_blurb use_icon=\u00bbon\u00bb font_icon=\u00bb&#xf0e0;||fa||900&#8243; icon_placement=\u00bbleft\u00bb image_icon_width=\u00bb25px\u00bb admin_label=\u00bbLista 3&#8243; _builder_version=\u00bb4.27.4&#8243; _module_preset=\u00bbdefault\u00bb body_font=\u00bb&#8211;et_global_body_font||||||||\u00bb body_text_color=\u00bb#000000&#8243; body_line_height=\u00bb2em\u00bb custom_margin=\u00bb||5px||false|false\u00bb custom_padding=\u00bb|20px||20px|false|true\u00bb global_colors_info=\u00bb{}\u00bb]<a href=\"mailto:usategiak@etxalar.eus\">etxalarkousategiak@gmail.com<\/a>[\/et_pb_blurb][et_pb_blurb use_icon=\u00bbon\u00bb font_icon=\u00bb&#xf05a;||fa||900&#8243; icon_placement=\u00bbleft\u00bb image_icon_width=\u00bb25px\u00bb admin_label=\u00bbLista 3&#8243; _builder_version=\u00bb4.27.4&#8243; _module_preset=\u00bbdefault\u00bb body_font=\u00bb&#8211;et_global_body_font||||||||\u00bb body_text_color=\u00bb#000000&#8243; body_line_height=\u00bb2em\u00bb custom_margin=\u00bb||5px||false|false\u00bb custom_padding=\u00bb|20px||20px|false|true\u00bb global_colors_info=\u00bb{}\u00bb]<a href=\"https:\/\/www.etxalar.eus\/wp-content\/uploads\/2022\/09\/Etxalarko-Usazaleak-.-elkartea-ESKUORRIA-koloretan.pdf\/%20\">M\u00e1s informaci\u00f3n<\/a>[\/et_pb_blurb][et_pb_text admin_label=\u00bbBoton de compra\u00bb _builder_version=\u00bb4.27.4&#8243; _module_preset=\u00bbdefault\u00bb text_font=\u00bbMontserrat|700||on|||||\u00bb text_text_color=\u00bb#ffffff\u00bb text_font_size=\u00bb13px\u00bb text_letter_spacing=\u00bb1px\u00bb background_color=\u00bbgcid-secondary-color\u00bb text_orientation=\u00bbcenter\u00bb custom_margin=\u00bb20px||||false|false\u00bb custom_padding=\u00bb8px||8px||true|false\u00bb link_option_url=\u00bb#\u00bb global_colors_info=\u00bb{%22gcid-secondary-color%22:%91%22background_color%22%93,%22gcid-primary-color%22:%91%22background_color%22%93}\u00bb background_color__hover=\u00bb#010103&#8243; background_enable_color__hover=\u00bbon\u00bb background__hover_enabled=\u00bbon|hover\u00bb][\/et_pb_text][\/et_pb_column][et_pb_column type=\u00bb1_3&#8243; _builder_version=\u00bb4.27.4&#8243; _module_preset=\u00bbdefault\u00bb box_shadow_style=\u00bbpreset1&#8243; box_shadow_vertical=\u00bb18px\u00bb box_shadow_blur=\u00bb40px\u00bb box_shadow_spread=\u00bb-6px\u00bb box_shadow_color=\u00bbrgba(0,0,0,0.2)\u00bb global_colors_info=\u00bb{}\u00bb][et_pb_image src=\u00bbhttps:\/\/www.etxalar.eus\/wp-content\/uploads\/2021\/10\/Usategiak-Paleta-botatzen.jpg\u00bb title_text=\u00bbUsategiak-Paleta-botatzen\u00bb admin_label=\u00bbImagen de la comida\u00bb _builder_version=\u00bb4.27.4&#8243; _module_preset=\u00bbdefault\u00bb custom_margin=\u00bb||18px|||\u00bb global_colors_info=\u00bb{}\u00bb filter_brightness__hover_enabled=\u00bbon|desktop\u00bb filter_brightness__hover=\u00bb50%\u00bb][\/et_pb_image][et_pb_text _builder_version=\u00bb4.27.4&#8243; _module_preset=\u00bbdefault\u00bb custom_margin=\u00bb||||false|false\u00bb custom_padding=\u00bb|20px||20px|false|false\u00bb global_colors_info=\u00bb{}\u00bb]<\/p>\n<p>Este grupo es antiguo en Etxalar. El cometido de esta asociaci\u00f3n es la gesti\u00f3n de los 3 cotos de caza existentes en la localidad. Hacia la primavera celebran su asamblea anual.  <\/p>\n<p>[\/et_pb_text][et_pb_text admin_label=\u00bbTexto de oferta\u00bb _builder_version=\u00bb4.27.4&#8243; _module_preset=\u00bbdefault\u00bb text_font=\u00bbMontserrat|700||on|||||\u00bb text_text_color=\u00bb#ffffff\u00bb text_letter_spacing=\u00bb1px\u00bb background_color=\u00bbgcid-primary-color\u00bb positioning=\u00bbabsolute\u00bb text_orientation=\u00bbcenter\u00bb width=\u00bb100%\u00bb custom_padding=\u00bb10px|5px|10px|5px|true|true\u00bb border_radii=\u00bboff||||\u00bb global_colors_info=\u00bb{%22gcid-primary-color%22:%91%22background_color%22,%22background_color%22,%22background_color%22%93}\u00bb background_color__hover=\u00bb#010103&#8243; background_enable_color__hover=\u00bbon\u00bb background__hover_enabled=\u00bbon|hover\u00bb]<\/p>\n<p>SOCIEDAD USOA<\/p>\n<p>[\/et_pb_text][et_pb_blurb use_icon=\u00bbon\u00bb font_icon=\u00bb&#xf0e0;||fa||900&#8243; icon_placement=\u00bbleft\u00bb image_icon_width=\u00bb25px\u00bb admin_label=\u00bbLista 3&#8243; _builder_version=\u00bb4.27.4&#8243; _module_preset=\u00bbdefault\u00bb body_font=\u00bb&#8211;et_global_body_font||||||||\u00bb body_text_color=\u00bb#000000&#8243; body_line_height=\u00bb2em\u00bb custom_margin=\u00bb||5px||false|false\u00bb custom_padding=\u00bb|20px||20px|false|true\u00bb global_colors_info=\u00bb{}\u00bb]<\/p>\n<p><a href=\"mailto:usoaelkartea@gmail.com\">usoaelkartea@gmail.com<\/a><a href=\"MAILTO:etxalarkosuteelkartea@gmail.com\"><\/a><\/p>\n<p>[\/et_pb_blurb][et_pb_text admin_label=\u00bbBoton de compra\u00bb _builder_version=\u00bb4.27.4&#8243; _module_preset=\u00bbdefault\u00bb text_font=\u00bbMontserrat|700||on|||||\u00bb text_text_color=\u00bb#ffffff\u00bb text_font_size=\u00bb13px\u00bb text_letter_spacing=\u00bb1px\u00bb background_color=\u00bbgcid-secondary-color\u00bb text_orientation=\u00bbcenter\u00bb custom_margin=\u00bb20px||||false|false\u00bb custom_padding=\u00bb8px||8px||true|false\u00bb link_option_url=\u00bb#\u00bb global_colors_info=\u00bb{%22gcid-secondary-color%22:%91%22background_color%22%93,%22gcid-primary-color%22:%91%22background_color%22%93}\u00bb background_color__hover=\u00bb#010103&#8243; background_enable_color__hover=\u00bbon\u00bb background__hover_enabled=\u00bbon|hover\u00bb][\/et_pb_text][\/et_pb_column][\/et_pb_row][et_pb_row column_structure=\u00bb1_3,1_3,1_3&#8243; _builder_version=\u00bb4.27.4&#8243; _module_preset=\u00bbdefault\u00bb locked=\u00bboff\u00bb global_colors_info=\u00bb{}\u00bb][et_pb_column type=\u00bb1_3&#8243; _builder_version=\u00bb4.27.4&#8243; _module_preset=\u00bbdefault\u00bb box_shadow_style=\u00bbpreset1&#8243; box_shadow_vertical=\u00bb18px\u00bb box_shadow_blur=\u00bb40px\u00bb box_shadow_spread=\u00bb-6px\u00bb box_shadow_color=\u00bbrgba(0,0,0,0.2)\u00bb global_colors_info=\u00bb{}\u00bb][et_pb_image src=\u00bbhttps:\/\/www.etxalar.eus\/wp-content\/uploads\/2025\/04\/Elkarteak_naturzaleak.jpg\u00bb alt=\u00bbaltxata\u00bb title_text=\u00bbElkarteak_naturzaleak\u00bb admin_label=\u00bbImagen de la comida\u00bb _builder_version=\u00bb4.27.4&#8243; _module_preset=\u00bbdefault\u00bb custom_margin=\u00bb||18px|||\u00bb global_colors_info=\u00bb{}\u00bb filter_brightness__hover_enabled=\u00bbon|desktop\u00bb filter_brightness__hover=\u00bb50%\u00bb][\/et_pb_image][et_pb_text admin_label=\u00bbTexto de oferta\u00bb _builder_version=\u00bb4.27.4&#8243; _module_preset=\u00bbdefault\u00bb text_font=\u00bbMontserrat|700||on|||||\u00bb text_text_color=\u00bb#ffffff\u00bb text_letter_spacing=\u00bb1px\u00bb background_color=\u00bbgcid-primary-color\u00bb positioning=\u00bbabsolute\u00bb text_orientation=\u00bbcenter\u00bb width=\u00bb100%\u00bb custom_padding=\u00bb10px|5px|10px|5px|true|true\u00bb border_radii=\u00bboff||||\u00bb global_colors_info=\u00bb{%22gcid-primary-color%22:%91%22background_color%22%93}\u00bb background__hover_enabled=\u00bbon|hover\u00bb background_color__hover=\u00bb#010103&#8243; background_enable_color__hover=\u00bbon\u00bb]<\/p>\n<p>LOS NATURALISTAS DE ETXALAR<\/p>\n<p>[\/et_pb_text][et_pb_text _builder_version=\u00bb4.27.4&#8243; _module_preset=\u00bbdefault\u00bb custom_margin=\u00bb||||false|false\u00bb custom_padding=\u00bb|20px||20px|false|false\u00bb global_colors_info=\u00bb{}\u00bb]<\/p>\n<p>Es el \u00faltimo grupo creado en el pueblo. Su actividad es la relacionada con la naturaleza. Los eventos que realizan son fundamentalmente excursiones pedag\u00f3gicas (p\u00e1jaros, \u00e1rboles&#8230;), charlas y proyecciones.  <\/p>\n<p>[\/et_pb_text][et_pb_blurb use_icon=\u00bbon\u00bb font_icon=\u00bb&#xf0e0;||fa||900&#8243; icon_placement=\u00bbleft\u00bb image_icon_width=\u00bb25px\u00bb admin_label=\u00bbLista 3&#8243; _builder_version=\u00bb4.27.4&#8243; _module_preset=\u00bbdefault\u00bb body_font=\u00bb&#8211;et_global_body_font||||||||\u00bb body_text_color=\u00bb#000000&#8243; body_line_height=\u00bb2em\u00bb custom_margin=\u00bb||5px||false|false\u00bb custom_padding=\u00bb|20px||20px|false|true\u00bb global_colors_info=\u00bb{}\u00bb]<a href=\"mailto:aitorlearre@gmail.com\">aitorlearre@gmail.com<\/a>[\/et_pb_blurb][et_pb_text admin_label=\u00bbBoton de compra\u00bb _builder_version=\u00bb4.27.4&#8243; _module_preset=\u00bbdefault\u00bb text_font=\u00bbMontserrat|700||on|||||\u00bb text_text_color=\u00bb#ffffff\u00bb text_font_size=\u00bb13px\u00bb text_letter_spacing=\u00bb1px\u00bb background_color=\u00bbgcid-secondary-color\u00bb text_orientation=\u00bbcenter\u00bb custom_margin=\u00bb20px||||false|false\u00bb custom_padding=\u00bb8px||8px||true|false\u00bb link_option_url=\u00bb#\u00bb global_colors_info=\u00bb{%22gcid-secondary-color%22:%91%22background_color%22%93}\u00bb background__hover_enabled=\u00bbon|hover\u00bb background_color__hover=\u00bb#010103&#8243; background_enable_color__hover=\u00bbon\u00bb][\/et_pb_text][\/et_pb_column][et_pb_column type=\u00bb1_3&#8243; _builder_version=\u00bb4.27.4&#8243; _module_preset=\u00bbdefault\u00bb box_shadow_style=\u00bbpreset1&#8243; box_shadow_vertical=\u00bb18px\u00bb box_shadow_blur=\u00bb40px\u00bb box_shadow_spread=\u00bb-6px\u00bb box_shadow_color=\u00bbrgba(0,0,0,0.2)\u00bb global_colors_info=\u00bb{}\u00bb][\/et_pb_column][et_pb_column type=\u00bb1_3&#8243; _builder_version=\u00bb4.27.4&#8243; _module_preset=\u00bbdefault\u00bb box_shadow_style=\u00bbpreset1&#8243; box_shadow_vertical=\u00bb18px\u00bb box_shadow_blur=\u00bb40px\u00bb box_shadow_spread=\u00bb-6px\u00bb box_shadow_color=\u00bbrgba(0,0,0,0.2)\u00bb global_colors_info=\u00bb{}\u00bb][\/et_pb_column][\/et_pb_row][\/et_pb_section][et_pb_section fb_built=\u00bb1&#8243; next_background_color=\u00bbgcid-aa8ab6bb-6aae-4545-8323-e9f7c570e8d7&#8243; disabled_on=\u00bboff|off|off\u00bb admin_label=\u00bbAzken berriak\u00bb _builder_version=\u00bb4.27.4&#8243; _module_preset=\u00bbdefault\u00bb background_color=\u00bbgcid-secondary-color\u00bb bottom_divider_style=\u00bbtriangle\u00bb bottom_divider_height=\u00bb38px\u00bb bottom_divider_flip=\u00bbvertical\u00bb border_color_bottom=\u00bbgcid-heading-color\u00bb locked=\u00bboff\u00bb global_colors_info=\u00bb{%22gcid-heading-color%22:%91%22border_color_bottom%22,%22border_color_bottom%22%93,%22gcid-secondary-color%22:%91%22background_color%22%93}\u00bb][et_pb_row module_id=\u00bbagenda\u00bb _builder_version=\u00bb4.27.4&#8243; _module_preset=\u00bbdefault\u00bb global_colors_info=\u00bb{}\u00bb][et_pb_column type=\u00bb4_4&#8243; _builder_version=\u00bb4.27.4&#8243; _module_preset=\u00bbdefault\u00bb global_colors_info=\u00bb{}\u00bb][et_pb_text _builder_version=\u00bb4.27.4&#8243; _module_preset=\u00bbdefault\u00bb header_text_color=\u00bb#FFFFFF\u00bb global_colors_info=\u00bb{}\u00bb]<\/p>\n<h1>Cursos 2024-2025<\/h1>\n<p>[\/et_pb_text][\/et_pb_column][\/et_pb_row][\/et_pb_section][et_pb_section fb_built=\u00bb1&#8243; next_background_color=\u00bbgcid-secondary-color\u00bb disabled_on=\u00bboff|off|off\u00bb admin_label=\u00bbAgenda plugin-a\u00bb _builder_version=\u00bb4.27.4&#8243; _module_preset=\u00bbdefault\u00bb background_color=\u00bbgcid-aa8ab6bb-6aae-4545-8323-e9f7c570e8d7&#8243; top_divider_height=\u00bb39px\u00bb bottom_divider_style=\u00bbtriangle\u00bb bottom_divider_height=\u00bb33px\u00bb bottom_divider_flip=\u00bbvertical\u00bb locked=\u00bboff\u00bb global_colors_info=\u00bb{%22gcid-aa8ab6bb-6aae-4545-8323-e9f7c570e8d7%22:%91%22background_color%22%93}\u00bb][et_pb_row _builder_version=\u00bb4.27.4&#8243; _module_preset=\u00bbdefault\u00bb global_colors_info=\u00bb{}\u00bb][et_pb_column type=\u00bb4_4&#8243; _builder_version=\u00bb4.27.4&#8243; _module_preset=\u00bbdefault\u00bb global_colors_info=\u00bb{}\u00bb][diec_event_carousel show_date=\u00bboff\u00bb show_venue=\u00bboff\u00bb show_name=\u00bboff\u00bb show_price=\u00bboff\u00bb show_weburl=\u00bboff\u00bb show_excerpt=\u00bboff\u00bb event_count=\u00bb15&#8243; included_categories=\u00bb353&#8243; date_format=\u00bbY M j\u00bb excerpt_length=\u00bb0&#8243; columns=\u00bb3&#8243; open_toggle_background_color=\u00bbRGBA(255,255,255,0)\u00bb details_link_color=\u00bb#B44C37&#8243; details_icon_color=\u00bb#B44C37&#8243; details_label_color=\u00bb#B44C37&#8243; view_more_text=\u00bbInformazio gehiago\u00bb thumbnail_margin=\u00bb||20px||false|false\u00bb show_control=\u00bboff\u00bb arrows_custom_color=\u00bb#B44C37&#8243; result_message=\u00bbEz daude ekitaldirik datozen egunetan\u00bb _builder_version=\u00bb4.27.4&#8243; _module_preset=\u00bbdefault\u00bb title_font=\u00bb&#8211;et_global_heading_font||||||||\u00bb title_text_color=\u00bbgcid-secondary-color\u00bb duration_font=\u00bb&#8211;et_global_body_font|700|||||||\u00bb excerpt_text_color=\u00bb#000000&#8243; background_color=\u00bb#FFFFFF\u00bb custom_view_more=\u00bbon\u00bb view_more_text_color=\u00bb#FFFFFF\u00bb view_more_bg_color=\u00bbgcid-primary-color\u00bb view_more_border_width=\u00bb0px\u00bb view_more_border_radius=\u00bb66px\u00bb view_more_on_hover=\u00bboff\u00bb custom_margin=\u00bb||||false|false\u00bb custom_padding=\u00bb20px|20px|20px|20px|false|false\u00bb view_more_text_size_tablet=\u00bb\u00bb view_more_text_size_phone=\u00bb16px\u00bb view_more_text_size_last_edited=\u00bbon|phone\u00bb view_more_text_color_tablet=\u00bb#FFFFFF\u00bb view_more_text_color_phone=\u00bb#FFFFFF\u00bb view_more_text_color_last_edited=\u00bbon|phone\u00bb global_colors_info=\u00bb{%22gcid-secondary-color%22:%91%22title_text_color%22,%22view_more_bg_color__hover%22%93,%22gcid-primary-color%22:%91%22view_more_bg_color%22%93}\u00bb view_more_bg_color__hover_enabled=\u00bbon|desktop\u00bb view_more_bg_color__hover=\u00bb#304759&#8243; view_more_bg_enable_color__hover=\u00bbon\u00bb view_more_text_size__hover_enabled=\u00bbon|hover\u00bb][\/diec_event_carousel][\/et_pb_column][\/et_pb_row][\/et_pb_section][et_pb_section fb_built=\u00bb1&#8243; disabled_on=\u00bboff|off|off\u00bb _builder_version=\u00bb4.27.4&#8243; _module_preset=\u00bbdefault\u00bb background_color=\u00bbgcid-secondary-color\u00bb locked=\u00bboff\u00bb global_colors_info=\u00bb{%22gcid-secondary-color%22:%91%22background_color%22%93}\u00bb][et_pb_row column_structure=\u00bb1_2,1_2&#8243; _builder_version=\u00bb4.27.4&#8243; _module_preset=\u00bbdefault\u00bb custom_margin=\u00bb||||false|false\u00bb custom_padding=\u00bb30px|30px|30px|30px|false|false\u00bb border_width_all=\u00bb1px\u00bb border_color_all=\u00bb#FFFFFF\u00bb global_colors_info=\u00bb{}\u00bb][et_pb_column type=\u00bb1_2&#8243; _builder_version=\u00bb4.27.4&#8243; _module_preset=\u00bbdefault\u00bb custom_padding=\u00bb||||false|false\u00bb border_width_right=\u00bb1px\u00bb border_color_right=\u00bb#FFFFFF\u00bb global_colors_info=\u00bb{}\u00bb][et_pb_blurb title=\u00bb\u00bfQuieres impartir cursos en Etxalar?\u00bb image=\u00bbhttps:\/\/www.etxalar.eus\/wp-content\/uploads\/2025\/02\/Elkarteak_dantzariak.jpg\u00bb image_icon_width=\u00bb113%\u00bb icon_alignment=\u00bbleft\u00bb content_max_width=\u00bb452px\u00bb _builder_version=\u00bb4.27.4&#8243; _module_preset=\u00bbdefault\u00bb header_font=\u00bb|700|||||||\u00bb header_text_color=\u00bb#FFFFFF\u00bb body_text_color=\u00bb#FFFFFF\u00bb global_colors_info=\u00bb{}\u00bb]<\/p>\n<p>Si crees que el curso, taller o cualquier otra cosa que ofreces ser\u00eda \u00fatil para complementar la oferta en el municipio de Etxalar, y te gustar\u00eda organizarlo, contacta con la secretar\u00eda del ayuntamiento de Etxalar y te facilitar\u00e1n toda la informaci\u00f3n que necesites:<\/p>\n<p>[\/et_pb_blurb][et_pb_blurb title=\u00bbEscribe o llama al Ayuntamiento\u00bb use_icon=\u00bbon\u00bb font_icon=\u00bb&#xf2bb;||fa||900&#8243; icon_color=\u00bb#FFFFFF\u00bb icon_placement=\u00bbleft\u00bb _builder_version=\u00bb4.27.4&#8243; _module_preset=\u00bbdefault\u00bb header_font=\u00bb&#8211;et_global_heading_font|600|||||||\u00bb header_text_color=\u00bb#FFFFFF\u00bb body_text_color=\u00bb#FFFFFF\u00bb global_colors_info=\u00bb{}\u00bb]<a href=\"mailto:udala@etxalar.eus\" style=\"color: #ffffff;\">udala@etxalar.eus<\/a><br \/>\n<a style=\"color: #ffffff;\" tel:948635005=\"\">948 635 005<\/a>[\/et_pb_blurb][\/et_pb_column][et_pb_column type=\u00bb1_2&#8243; _builder_version=\u00bb4.27.4&#8243; _module_preset=\u00bbdefault\u00bb global_colors_info=\u00bb{}\u00bb][et_pb_blurb title=\u00bb\u00bfTe gustar\u00eda participar en un curso?\u00bb image=\u00bbhttps:\/\/www.etxalar.eus\/wp-content\/uploads\/2025\/02\/Elkarteak_trikitilariak.jpg\u00bb image_icon_width=\u00bb113%\u00bb icon_alignment=\u00bbleft\u00bb content_max_width=\u00bb452px\u00bb _builder_version=\u00bb4.27.4&#8243; _module_preset=\u00bbdefault\u00bb header_font=\u00bb|700|||||||\u00bb header_text_color=\u00bb#FFFFFF\u00bb body_text_color=\u00bb#FFFFFF\u00bb global_colors_info=\u00bb{}\u00bb]<\/p>\n<p>Si has visto alg\u00fan curso o actividad que te interesa y te gustar\u00eda participar, por favor cont\u00e1ctanos de la siguiente manera:<\/p>\n<p>[\/et_pb_blurb][et_pb_blurb title=\u00bbEscribe o llama a la Casa de cultura\u00bb use_icon=\u00bbon\u00bb font_icon=\u00bb&#xf2bb;||fa||900&#8243; icon_color=\u00bb#FFFFFF\u00bb icon_placement=\u00bbleft\u00bb _builder_version=\u00bb4.27.4&#8243; _module_preset=\u00bbdefault\u00bb header_font=\u00bb&#8211;et_global_heading_font|600|||||||\u00bb header_text_color=\u00bb#FFFFFF\u00bb body_text_color=\u00bb#FFFFFF\u00bb global_colors_info=\u00bb{}\u00bb]<a href=\"mailto:kulturetxea@etxalar.eus\" style=\"color: #ffffff;\">kulturetxea@etxalar.eus<\/a><br \/>\n<a style=\"color: #ffffff;\" tel:948635386=\"\">948 635 386<\/a>[\/et_pb_blurb][et_pb_blurb title=\u00bbLlama a la asociaci\u00f3n Larraburua\u00bb use_icon=\u00bbon\u00bb font_icon=\u00bb&#xf2bb;||fa||900&#8243; icon_color=\u00bb#FFFFFF\u00bb icon_placement=\u00bbleft\u00bb _builder_version=\u00bb4.27.4&#8243; _module_preset=\u00bbdefault\u00bb header_font=\u00bb&#8211;et_global_heading_font|600|||||||\u00bb header_text_color=\u00bb#FFFFFF\u00bb body_text_color=\u00bb#FFFFFF\u00bb global_colors_info=\u00bb{}\u00bb]<\/p>\n<p><a style=\"color: #ffffff;\" tel:948635166=\"\">948 635 166<\/a> | <a style=\"color: #ffffff;\" tel:664387343=\"\">664 387 343<\/a><\/p>\n<p>[\/et_pb_blurb][\/et_pb_column][\/et_pb_row][\/et_pb_section]<\/p>\n","protected":false},"excerpt":{"rendered":"<p>CulturaFiestas locales &#8211; Virgen de la Asunci\u00f3nLas fiestas patronales de Etxalar se celebran del 14 al 18 de agosto. En estos d\u00edas, muy agradables para ciudadanos y visitantes, se suceden [&hellip;]<\/p>\n","protected":false},"author":9,"featured_media":0,"parent":0,"menu_order":0,"comment_status":"closed","ping_status":"closed","template":"","meta":{"_et_pb_use_builder":"on","_et_pb_old_content":"","_et_gb_content_width":"","footnotes":""},"class_list":["post-399439","page","type-page","status-publish","hentry"],"_links":{"self":[{"href":"https:\/\/www.etxalar.eus\/es\/wp-json\/wp\/v2\/pages\/399439","targetHints":{"allow":["GET"]}}],"collection":[{"href":"https:\/\/www.etxalar.eus\/es\/wp-json\/wp\/v2\/pages"}],"about":[{"href":"https:\/\/www.etxalar.eus\/es\/wp-json\/wp\/v2\/types\/page"}],"author":[{"embeddable":true,"href":"https:\/\/www.etxalar.eus\/es\/wp-json\/wp\/v2\/users\/9"}],"replies":[{"embeddable":true,"href":"https:\/\/www.etxalar.eus\/es\/wp-json\/wp\/v2\/comments?post=399439"}],"version-history":[{"count":12,"href":"https:\/\/www.etxalar.eus\/es\/wp-json\/wp\/v2\/pages\/399439\/revisions"}],"predecessor-version":[{"id":399733,"href":"https:\/\/www.etxalar.eus\/es\/wp-json\/wp\/v2\/pages\/399439\/revisions\/399733"}],"wp:attachment":[{"href":"https:\/\/www.etxalar.eus\/es\/wp-json\/wp\/v2\/media?parent=399439"}],"curies":[{"name":"wp","href":"https:\/\/api.w.org\/{rel}","templated":true}]}}