{"id":399417,"date":"2026-02-09T19:11:00","date_gmt":"2026-02-09T18:11:00","guid":{"rendered":"https:\/\/www.etxalar.eus\/que-hacer\/"},"modified":"2026-04-16T11:25:13","modified_gmt":"2026-04-16T09:25:13","slug":"que-hacer","status":"publish","type":"page","link":"https:\/\/www.etxalar.eus\/es\/que-hacer\/","title":{"rendered":"Qu\u00e9 hacer"},"content":{"rendered":"<p>[et_pb_section fb_built=\u00bb1&#8243; next_background_color=\u00bbgcid-aa8ab6bb-6aae-4545-8323-e9f7c570e8d7&#8243; admin_label=\u00bbAzken berriak\u00bb _builder_version=\u00bb4.27.4&#8243; _module_preset=\u00bbdefault\u00bb background_color=\u00bbgcid-secondary-color\u00bb bottom_divider_style=\u00bbtriangle\u00bb bottom_divider_height=\u00bb38px\u00bb bottom_divider_flip=\u00bbvertical\u00bb border_color_bottom=\u00bbgcid-heading-color\u00bb locked=\u00bboff\u00bb global_colors_info=\u00bb{%22gcid-heading-color%22:%91%22border_color_bottom%22%93,%22gcid-secondary-color%22:%91%22background_color%22,%22background_color%22%93}\u00bb][et_pb_row _builder_version=\u00bb4.27.4&#8243; _module_preset=\u00bbdefault\u00bb global_colors_info=\u00bb{}\u00bb][et_pb_column type=\u00bb4_4&#8243; _builder_version=\u00bb4.27.4&#8243; _module_preset=\u00bbdefault\u00bb global_colors_info=\u00bb{}\u00bb][et_pb_text _builder_version=\u00bb4.27.4&#8243; _module_preset=\u00bbdefault\u00bb header_text_color=\u00bb#FFFFFF\u00bb global_colors_info=\u00bb{}\u00bb]<\/p>\n<h1>Qu\u00e9 hacer<\/h1>\n<p>[\/et_pb_text][\/et_pb_column][\/et_pb_row][\/et_pb_section][et_pb_section fb_built=\u00bb1&#8243; next_background_color=\u00bb#ffffff\u00bb admin_label=\u00bbEtxalar ezagutu blokeak\u00bb _builder_version=\u00bb4.27.4&#8243; _module_preset=\u00bbdefault\u00bb background_color=\u00bbgcid-aa8ab6bb-6aae-4545-8323-e9f7c570e8d7&#8243; custom_margin=\u00bb0px||0px||false|false\u00bb custom_padding=\u00bb0px||50px||false|false\u00bb bottom_divider_style=\u00bbtriangle\u00bb bottom_divider_height=\u00bb50px\u00bb bottom_divider_flip=\u00bbvertical\u00bb locked=\u00bboff\u00bb global_colors_info=\u00bb{%22gcid-aa8ab6bb-6aae-4545-8323-e9f7c570e8d7%22:%91%22background_color%22%93}\u00bb][et_pb_row column_structure=\u00bb1_5,1_5,1_5,1_5,1_5&#8243; use_custom_gutter=\u00bbon\u00bb gutter_width=\u00bb1&#8243; _builder_version=\u00bb4.27.4&#8243; _module_preset=\u00bbdefault\u00bb width=\u00bb55%\u00bb width_tablet=\u00bb100%\u00bb width_phone=\u00bb100%\u00bb width_last_edited=\u00bbon|phone\u00bb max_width=\u00bb100%\u00bb custom_margin=\u00bb0px||0px||false|false\u00bb custom_padding=\u00bb20px||20px||false|false\u00bb border_width_bottom=\u00bb0px\u00bb border_radii_tablet=\u00bb\u00bb border_radii_phone=\u00bb\u00bb border_radii_last_edited=\u00bbon|tablet\u00bb global_colors_info=\u00bb{}\u00bb][et_pb_column type=\u00bb1_5&#8243; _builder_version=\u00bb4.27.4&#8243; _module_preset=\u00bbdefault\u00bb positioning=\u00bbnone\u00bb z_index=\u00bb5&#8243; custom_padding=\u00bb0px||0px||false|false\u00bb global_colors_info=\u00bb{}\u00bb][\/et_pb_column][et_pb_column type=\u00bb1_5&#8243; _builder_version=\u00bb4.27.4&#8243; _module_preset=\u00bbdefault\u00bb positioning=\u00bbnone\u00bb z_index=\u00bb10&#8243; custom_padding=\u00bb0px||0px||false|false\u00bb global_colors_info=\u00bb{}\u00bb][et_pb_blurb title=\u00bbRUTAS DE SENDERISMO\u00bb url=\u00bb#oinez\u00bb use_icon=\u00bbon\u00bb font_icon=\u00bb&#xf6ec;||fa||900&#8243; icon_color=\u00bb#FFFFFF\u00bb image_icon_width=\u00bb300%\u00bb _builder_version=\u00bb4.27.4&#8243; _module_preset=\u00bbdefault\u00bb header_font=\u00bb|700|||||||\u00bb header_text_color=\u00bb#FFFFFF\u00bb background_color=\u00bbgcid-primary-color\u00bb z_index=\u00bb0&#8243; text_orientation=\u00bbcenter\u00bb width=\u00bb100%\u00bb min_height=\u00bb150px\u00bb max_height=\u00bb150px\u00bb custom_margin=\u00bb||||false|false\u00bb custom_padding=\u00bb30px||30px||false|false\u00bb link_option_url=\u00bb#oinez\u00bb border_width_right=\u00bb1px\u00bb border_color_right=\u00bbgcid-aa8ab6bb-6aae-4545-8323-e9f7c570e8d7&#8243; border_color_bottom=\u00bb#FFFFFF\u00bb border_width_left=\u00bb1px\u00bb border_color_left=\u00bbgcid-aa8ab6bb-6aae-4545-8323-e9f7c570e8d7&#8243; border_width_right_tablet=\u00bb1px\u00bb border_width_right_phone=\u00bb0px\u00bb border_width_right_last_edited=\u00bbon|phone\u00bb border_width_bottom_tablet=\u00bb1px\u00bb border_width_bottom_phone=\u00bb1px\u00bb border_width_bottom_last_edited=\u00bbon|desktop\u00bb border_width_left_tablet=\u00bb1px\u00bb border_width_left_phone=\u00bb0px\u00bb border_width_left_last_edited=\u00bbon|phone\u00bb global_colors_info=\u00bb{%22gcid-primary-color%22:%91%22background_color%22%93,%22gcid-63ace26e-ec1a-49a4-96c1-d62eb83c71e6%22:%91%22background_color__hover%22%93,%22gcid-aa8ab6bb-6aae-4545-8323-e9f7c570e8d7%22:%91%22border_color_right%22,%22border_color_left%22%93}\u00bb transform_styles__hover_enabled=\u00bbon|hover\u00bb background_color__hover=\u00bb#bdc9bf\u00bb background_enable_color__hover=\u00bbon\u00bb z_index__hover=\u00bb15&#8243; z_index__hover_enabled=\u00bbon|hover\u00bb background__hover_enabled=\u00bbon|hover\u00bb transform_scale__hover=\u00bb115%|115%\u00bb transform_scale__hover_enabled=\u00bbon|hover\u00bb transform_translate__hover_enabled=\u00bbon|desktop\u00bb transform_rotate__hover_enabled=\u00bbon|desktop\u00bb transform_skew__hover_enabled=\u00bbon|desktop\u00bb transform_origin__hover_enabled=\u00bbon|desktop\u00bb border_width_right__hover_enabled=\u00bbon|hover\u00bb border_width_right__hover=\u00bb0px\u00bb border_width_left__hover_enabled=\u00bbon|desktop\u00bb border_width_left__hover=\u00bb0px\u00bb][\/et_pb_blurb][\/et_pb_column][et_pb_column type=\u00bb1_5&#8243; _builder_version=\u00bb4.27.4&#8243; _module_preset=\u00bbdefault\u00bb positioning=\u00bbnone\u00bb z_index=\u00bb10&#8243; custom_padding=\u00bb0px||0px||false|false\u00bb global_colors_info=\u00bb{}\u00bb][et_pb_blurb title=\u00bbRUTAS BTT\u00bb url=\u00bb#btt\u00bb use_icon=\u00bbon\u00bb font_icon=\u00bb&#xf84a;||fa||900&#8243; icon_color=\u00bb#FFFFFF\u00bb image_icon_width=\u00bb300%\u00bb _builder_version=\u00bb4.27.4&#8243; _module_preset=\u00bbdefault\u00bb header_font=\u00bb|700|||||||\u00bb header_text_color=\u00bb#FFFFFF\u00bb background_color=\u00bbgcid-primary-color\u00bb z_index=\u00bb0&#8243; text_orientation=\u00bbcenter\u00bb width=\u00bb100%\u00bb min_height=\u00bb150px\u00bb max_height=\u00bb150px\u00bb custom_margin=\u00bb||||false|false\u00bb custom_padding=\u00bb30px||30px||false|false\u00bb link_option_url=\u00bb#btt\u00bb border_width_right=\u00bb1px\u00bb border_color_right=\u00bbgcid-aa8ab6bb-6aae-4545-8323-e9f7c570e8d7&#8243; border_color_bottom=\u00bb#FFFFFF\u00bb border_color_left=\u00bbgcid-heading-color\u00bb border_width_bottom_tablet=\u00bb1px\u00bb border_width_bottom_phone=\u00bb1px\u00bb border_width_bottom_last_edited=\u00bbon|desktop\u00bb global_colors_info=\u00bb{%22gcid-heading-color%22:%91%22border_color_left%22%93,%22gcid-primary-color%22:%91%22background_color%22%93,%22gcid-63ace26e-ec1a-49a4-96c1-d62eb83c71e6%22:%91%22background_color__hover%22%93,%22gcid-aa8ab6bb-6aae-4545-8323-e9f7c570e8d7%22:%91%22border_color_right%22%93}\u00bb transform_styles__hover_enabled=\u00bbon|hover\u00bb background_color__hover=\u00bb#bdc9bf\u00bb background_enable_color__hover=\u00bbon\u00bb z_index__hover_enabled=\u00bbon|hover\u00bb z_index__hover=\u00bb15&#8243; width__hover_enabled=\u00bbon\u00bb width__hover=\u00bb100%\u00bb border_width_right__hover=\u00bb0px\u00bb border_width_right__hover_enabled=\u00bbon|hover\u00bb border_width_left__hover=\u00bb0px\u00bb border_width_left__hover_enabled=\u00bbon|hover\u00bb background__hover_enabled=\u00bbon|hover\u00bb transform_scale__hover=\u00bb115%|115%\u00bb transform_scale__hover_enabled=\u00bbon|hover\u00bb transform_translate__hover_enabled=\u00bbon|desktop\u00bb transform_rotate__hover_enabled=\u00bbon|desktop\u00bb transform_skew__hover_enabled=\u00bbon|desktop\u00bb transform_origin__hover_enabled=\u00bbon|desktop\u00bb][\/et_pb_blurb][\/et_pb_column][et_pb_column type=\u00bb1_5&#8243; _builder_version=\u00bb4.27.4&#8243; _module_preset=\u00bbdefault\u00bb positioning=\u00bbnone\u00bb z_index=\u00bb10&#8243; custom_padding=\u00bb0px||0px||false|false\u00bb global_colors_info=\u00bb{}\u00bb][et_pb_blurb title=\u00bbSERVICIOS TUR\u00cdSTICOS\u00bb url=\u00bb#zerbitzuturistikoa\u00bb use_icon=\u00bbon\u00bb font_icon=\u00bb&#xf5a0;||fa||900&#8243; icon_color=\u00bb#FFFFFF\u00bb image_icon_width=\u00bb300%\u00bb _builder_version=\u00bb4.27.4&#8243; _module_preset=\u00bbdefault\u00bb header_font=\u00bb|700|||||||\u00bb header_text_color=\u00bb#FFFFFF\u00bb background_color=\u00bbgcid-primary-color\u00bb z_index=\u00bb0&#8243; text_orientation=\u00bbcenter\u00bb width=\u00bb100%\u00bb min_height=\u00bb150px\u00bb max_height=\u00bb150px\u00bb custom_margin=\u00bb||||false|false\u00bb custom_padding=\u00bb30px||30px||false|false\u00bb link_option_url=\u00bb#zerbitzuturistikoa\u00bb border_width_right=\u00bb1px\u00bb border_color_right=\u00bbgcid-aa8ab6bb-6aae-4545-8323-e9f7c570e8d7&#8243; border_color_bottom=\u00bb#FFFFFF\u00bb border_color_left=\u00bbgcid-heading-color\u00bb border_width_bottom_tablet=\u00bb1px\u00bb border_width_bottom_phone=\u00bb1px\u00bb border_width_bottom_last_edited=\u00bbon|desktop\u00bb global_colors_info=\u00bb{%22gcid-heading-color%22:%91%22border_color_left%22%93,%22gcid-primary-color%22:%91%22background_color%22%93,%22gcid-63ace26e-ec1a-49a4-96c1-d62eb83c71e6%22:%91%22background_color__hover%22%93,%22gcid-aa8ab6bb-6aae-4545-8323-e9f7c570e8d7%22:%91%22border_color_right%22%93}\u00bb transform_styles__hover_enabled=\u00bbon|hover\u00bb background_color__hover=\u00bb#bdc9bf\u00bb background_enable_color__hover=\u00bbon\u00bb z_index__hover_enabled=\u00bbon|hover\u00bb z_index__hover=\u00bb15&#8243; width__hover_enabled=\u00bbon\u00bb width__hover=\u00bb100%\u00bb border_width_right__hover=\u00bb0px\u00bb border_width_right__hover_enabled=\u00bbon|hover\u00bb border_width_left__hover=\u00bb0px\u00bb border_width_left__hover_enabled=\u00bbon|hover\u00bb background__hover_enabled=\u00bbon|hover\u00bb transform_scale__hover=\u00bb115%|115%\u00bb transform_scale__hover_enabled=\u00bbon|hover\u00bb transform_translate__hover_enabled=\u00bbon|desktop\u00bb transform_rotate__hover_enabled=\u00bbon|desktop\u00bb transform_skew__hover_enabled=\u00bbon|desktop\u00bb transform_origin__hover_enabled=\u00bbon|desktop\u00bb][\/et_pb_blurb][\/et_pb_column][et_pb_column type=\u00bb1_5&#8243; _builder_version=\u00bb4.27.4&#8243; _module_preset=\u00bbdefault\u00bb positioning=\u00bbnone\u00bb z_index=\u00bb10&#8243; custom_padding=\u00bb0px||0px||false|false\u00bb global_colors_info=\u00bb{}\u00bb][\/et_pb_column][\/et_pb_row][\/et_pb_section][et_pb_section fb_built=\u00bb1&#8243; _builder_version=\u00bb4.27.4&#8243; _module_preset=\u00bbdefault\u00bb locked=\u00bboff\u00bb global_colors_info=\u00bb{}\u00bb][et_pb_row column_structure=\u00bb3_5,2_5&#8243; _builder_version=\u00bb4.27.4&#8243; _module_preset=\u00bbdefault\u00bb border_color_bottom=\u00bbgcid-primary-color\u00bb locked=\u00bboff\u00bb global_colors_info=\u00bb{%22gcid-primary-color%22:%91%22border_color_bottom%22%93}\u00bb][et_pb_column type=\u00bb3_5&#8243; _builder_version=\u00bb4.27.4&#8243; _module_preset=\u00bbdefault\u00bb global_colors_info=\u00bb{}\u00bb][et_pb_text _builder_version=\u00bb4.27.4&#8243; _module_preset=\u00bbdefault\u00bb header_4_text_color=\u00bbgcid-primary-color\u00bb header_5_text_color=\u00bbgcid-primary-color\u00bb header_5_line_height=\u00bb1.8em\u00bb global_colors_info=\u00bb{%22gcid-primary-color%22:%91%22header_4_text_color%22,%22header_5_text_color%22%93}\u00bb]<\/p>\n<h5><strong>Si tu afici\u00f3n es recorrer la naturaleza, los montes de Etxalar son un lugar \u00fanico para ello. A lo largo del territorio del pueblo, hay recorridos balizados con distinto grado de dificultad, bellos todos para disfrutar de la monta\u00f1a y la naturaleza. <\/strong><\/h5>\n<p>La presencia humana se conoce desde la prehistoria y ha transformado constantemente su entorno, especialmente el bosque: al principio, se derrib\u00f3 el bosque para crear pastos de monta\u00f1a; desde la Edad Media fue explotada para abastecer ferrer\u00edas y ampliar helechales para el ganado. Los caser\u00edos, eje de la poblaci\u00f3n, aparecen dispersos por todas partes; sin embargo, la mayor parte del territorio es comunal. A pesar de que en las \u00faltimas d\u00e9cadas se ha multiplicado la repoblaci\u00f3n de con\u00edferas, en los \u00faltimos a\u00f1os ha predominado el arbolado aut\u00f3ctono, especialmente el hayedo y el robledal.  <\/p>\n<p>El monta\u00f1ero encontrar\u00e1 en esta zona una gran variedad de posibilidades: Etxalar se encuentra al final de los Pirineos Atl\u00e1nticos, cerca del Cant\u00e1brico. Monta\u00f1as peque\u00f1as, pero de intenso desnivel. En total son 7 rutas de monta\u00f1a homologadas seg\u00fan la normativa de la Federaci\u00f3n de Monta\u00f1a de Navarra.  <\/p>\n<p>Por otra parte, desde 2013, se celebra la Vuelta a la Monta\u00f1a de Etxalar. Cada a\u00f1o se han organizado dos itinerarios, uno corto y otro largo. <\/p>\n<p>Finalmente, en 2017 se cre\u00f3 la ruta de Carmen de Etxalar. Este paseo a pie hace un recorrido desde el pueblo hasta su supuesta casa natal y por el camino hay paneles informativos de la \u00e9poca en la que viv\u00eda Karmen explicando cu\u00e1l era en la vida de entonces. Ved aqu\u00ed.  <\/p>\n<p>Estas rutas se cruzan y se completan. A partir de ellos, t\u00fa mismo puedes completar tu trayectoria. <\/p>\n<p>&nbsp;<\/p>\n<h5>\u00a1Disfruta!<\/h5>\n<p>[\/et_pb_text][\/et_pb_column][et_pb_column type=\u00bb2_5&#8243; _builder_version=\u00bb4.27.4&#8243; _module_preset=\u00bbdefault\u00bb global_colors_info=\u00bb{}\u00bb][et_pb_image src=\u00bbhttps:\/\/www.etxalar.eus\/wp-content\/uploads\/2025\/01\/Etxalar-Galeria-2.jpg\u00bb title_text=\u00bbEtxalar-Galeria-2&#8243; _builder_version=\u00bb4.27.4&#8243; _module_preset=\u00bbdefault\u00bb global_colors_info=\u00bb{}\u00bb][\/et_pb_image][et_pb_image src=\u00bbhttps:\/\/www.etxalar.eus\/wp-content\/uploads\/2021\/07\/Mendi-aprob-enkatea-handia.jpg\u00bb title_text=\u00bbMendi-aprob-enkatea-handia\u00bb _builder_version=\u00bb4.27.4&#8243; _module_preset=\u00bbdefault\u00bb global_colors_info=\u00bb{}\u00bb][\/et_pb_image][\/et_pb_column][\/et_pb_row][et_pb_row _builder_version=\u00bb4.27.4&#8243; _module_preset=\u00bbdefault\u00bb global_colors_info=\u00bb{}\u00bb][et_pb_column type=\u00bb4_4&#8243; _builder_version=\u00bb4.27.4&#8243; _module_preset=\u00bbdefault\u00bb global_colors_info=\u00bb{}\u00bb][et_pb_divider _builder_version=\u00bb4.27.4&#8243; _module_preset=\u00bbdefault\u00bb global_colors_info=\u00bb{}\u00bb][\/et_pb_divider][\/et_pb_column][\/et_pb_row][et_pb_row module_id=\u00bboinez\u00bb _builder_version=\u00bb4.27.4&#8243; _module_preset=\u00bbdefault\u00bb global_colors_info=\u00bb{}\u00bb][et_pb_column type=\u00bb4_4&#8243; _builder_version=\u00bb4.27.4&#8243; _module_preset=\u00bbdefault\u00bb global_colors_info=\u00bb{}\u00bb][et_pb_text _builder_version=\u00bb4.27.4&#8243; _module_preset=\u00bbdefault\u00bb header_3_text_color=\u00bbgcid-primary-color\u00bb global_colors_info=\u00bb{%22gcid-primary-color%22:%91%22header_3_text_color%22%93}\u00bb]<\/p>\n<h3>Rutas de senderismo<\/h3>\n<p>[\/et_pb_text][\/et_pb_column][\/et_pb_row][et_pb_row _builder_version=\u00bb4.27.4&#8243; _module_preset=\u00bbdefault\u00bb global_colors_info=\u00bb{}\u00bb][et_pb_column type=\u00bb4_4&#8243; _builder_version=\u00bb4.27.4&#8243; _module_preset=\u00bbdefault\u00bb global_colors_info=\u00bb{}\u00bb][et_pb_image src=\u00bbhttps:\/\/www.etxalar.eus\/wp-content\/uploads\/2025\/03\/Etxalar-Mapa-Mendia-zutika.jpg\u00bb title_text=\u00bbMapa Etxalar\u00bb show_in_lightbox=\u00bbon\u00bb _builder_version=\u00bb4.27.4&#8243; _module_preset=\u00bbdefault\u00bb global_colors_info=\u00bb{}\u00bb][\/et_pb_image][\/et_pb_column][\/et_pb_row][et_pb_row column_structure=\u00bb1_2,1_2&#8243; custom_padding_last_edited=\u00bbon|desktop\u00bb _builder_version=\u00bb4.27.4&#8243; _module_preset=\u00bbdefault\u00bb custom_padding=\u00bb|80px||80px|false|false\u00bb custom_padding_tablet=\u00bb|0px||0px|false|false\u00bb custom_padding_phone=\u00bb|0px||0px|false|false\u00bb locked=\u00bboff\u00bb global_colors_info=\u00bb{}\u00bb][et_pb_column type=\u00bb1_2&#8243; _builder_version=\u00bb4.27.4&#8243; _module_preset=\u00bbdefault\u00bb border_width_all=\u00bb1px\u00bb box_shadow_style=\u00bbpreset1&#8243; box_shadow_vertical=\u00bb18px\u00bb box_shadow_blur=\u00bb40px\u00bb box_shadow_spread=\u00bb-6px\u00bb box_shadow_color=\u00bbrgba(0,0,0,0.2)\u00bb global_colors_info=\u00bb{}\u00bb][et_pb_image src=\u00bbhttps:\/\/www.etxalar.eus\/wp-content\/uploads\/2023\/02\/Argarata-Sta-Krutz-ibilbide.jpg\u00bb alt=\u00bbaltxata\u00bb title_text=\u00bbRuta Argarata-Sta-Krutz\u00bb force_fullwidth=\u00bbon\u00bb admin_label=\u00bbImagen de la comida\u00bb _builder_version=\u00bb4.27.4&#8243; _module_preset=\u00bbdefault\u00bb custom_margin=\u00bb||18px|||\u00bb global_colors_info=\u00bb{}\u00bb filter_brightness__hover_enabled=\u00bbon|desktop\u00bb filter_brightness__hover=\u00bb100%\u00bb background__hover_enabled=\u00bbon|hover\u00bb background_color__hover=\u00bb#FFFFFF\u00bb background_enable_color__hover=\u00bbon\u00bb][\/et_pb_image][et_pb_blurb image=\u00bbhttps:\/\/www.etxalar.eus\/wp-content\/uploads\/2025\/03\/SL.jpg\u00bb icon_placement=\u00bbleft\u00bb image_icon_width=\u00bb33px\u00bb admin_label=\u00bbLista 1&#8243; _builder_version=\u00bb4.27.4&#8243; _module_preset=\u00bbdefault\u00bb body_font=\u00bb&#8211;et_global_body_font|700|||||||\u00bb body_text_color=\u00bb#000000&#8243; body_line_height=\u00bb2em\u00bb background_color=\u00bbRGBA(255,255,255,0)\u00bb custom_margin=\u00bb5px|20px|5px|20px|false|false\u00bb custom_padding=\u00bb5px|20px|5px|20px|false|true\u00bb global_colors_info=\u00bb{%22gcid-secondary-color%22:%91%22icon_color%22,%22icon_color%22%93}\u00bb]<\/p>\n<p>SL-NA 5<\/p>\n<p>[\/et_pb_blurb][et_pb_text _builder_version=\u00bb4.27.4&#8243; _module_preset=\u00bbdefault\u00bb custom_margin=\u00bb||||false|false\u00bb custom_padding=\u00bb|20px||20px|false|false\u00bb global_colors_info=\u00bb{}\u00bb]<\/p>\n<p>Recorrido por los alrededores del pueblo de Etxalar. Esto permite conocer algunos lugares que rodean el pueblo, combinando naturaleza y patrimonio. Este recorrido, que parte de la plaza del pueblo, permite conocer el propio pueblo y su patrimonio arquitect\u00f3nico, hist\u00f3rico y natural que lo rodea. Entre ellos se encuentran el molino de arriba, el puente de Argarata, la ermita y puente de Santa Cruz, el molino del medio y el v\u00eda crucis. El recorrido no tiene grandes dificultades y es c\u00f3modo para hacerlo con la familia.    <\/p>\n<p>[\/et_pb_text][et_pb_image src=\u00bbhttps:\/\/www.etxalar.eus\/wp-content\/uploads\/2025\/03\/santa-krutz-2.jpg\u00bb title_text=\u00bbsanta krutz\u00bb _builder_version=\u00bb4.27.4&#8243; _module_preset=\u00bbdefault\u00bb custom_margin=\u00bb|20px||20px|false|false\u00bb global_colors_info=\u00bb{}\u00bb][\/et_pb_image][et_pb_text admin_label=\u00bbTexto de oferta\u00bb _builder_version=\u00bb4.27.4&#8243; _module_preset=\u00bbdefault\u00bb text_font=\u00bbMontserrat|700||on|||||\u00bb text_text_color=\u00bb#ffffff\u00bb text_font_size=\u00bb18px\u00bb text_letter_spacing=\u00bb1px\u00bb background_color=\u00bb#21c4ed\u00bb positioning=\u00bbabsolute\u00bb text_orientation=\u00bbcenter\u00bb width=\u00bb100%\u00bb custom_padding=\u00bb10px|5px|10px|5px|true|true\u00bb border_radii=\u00bboff||||\u00bb global_colors_info=\u00bb{}\u00bb background__hover_enabled=\u00bbon|hover\u00bb background_color__hover=\u00bb#21c4ed\u00bb background_enable_color__hover=\u00bbon\u00bb]<\/p>\n<p><strong>ARGARATA \u2013 ERMITA SANTA KRUTZ<\/strong><\/p>\n<p>[\/et_pb_text][et_pb_blurb use_icon=\u00bbon\u00bb font_icon=\u00bb&#x2c;||divi||400&#8243; icon_color=\u00bbgcid-secondary-color\u00bb icon_placement=\u00bbleft\u00bb image_icon_width=\u00bb25px\u00bb admin_label=\u00bbLista 1&#8243; _builder_version=\u00bb4.27.4&#8243; _module_preset=\u00bbdefault\u00bb body_font=\u00bb&#8211;et_global_body_font||||||||\u00bb body_text_color=\u00bb#000000&#8243; body_line_height=\u00bb2em\u00bb background_color=\u00bbgcid-63ace26e-ec1a-49a4-96c1-d62eb83c71e6&#8243; custom_margin=\u00bb5px|20px|5px|20px|false|false\u00bb custom_padding=\u00bb5px|20px|5px|20px|false|true\u00bb global_colors_info=\u00bb{%22gcid-secondary-color%22:%91%22icon_color%22%93,%22gcid-63ace26e-ec1a-49a4-96c1-d62eb83c71e6%22:%91%22background_color%22%93}\u00bb]<\/p>\n<p>4.350 m<\/p>\n<p>[\/et_pb_blurb][et_pb_blurb use_icon=\u00bbon\u00bb font_icon=\u00bb&#x2e;||divi||400&#8243; icon_color=\u00bbgcid-secondary-color\u00bb icon_placement=\u00bbleft\u00bb image_icon_width=\u00bb25px\u00bb admin_label=\u00bbLista 1&#8243; _builder_version=\u00bb4.27.4&#8243; _module_preset=\u00bbdefault\u00bb body_font=\u00bb&#8211;et_global_body_font||||||||\u00bb body_text_color=\u00bb#000000&#8243; body_line_height=\u00bb2em\u00bb background_color=\u00bbgcid-63ace26e-ec1a-49a4-96c1-d62eb83c71e6&#8243; custom_margin=\u00bb5px|20px|5px|20px|false|false\u00bb custom_padding=\u00bb5px|20px|5px|20px|false|true\u00bb global_colors_info=\u00bb{%22gcid-secondary-color%22:%91%22icon_color%22,%22icon_color%22,%22icon_color%22,%22icon_color%22%93,%22gcid-63ace26e-ec1a-49a4-96c1-d62eb83c71e6%22:%91%22background_color%22,%22background_color%22,%22background_color%22%93}\u00bb]<\/p>\n<p>50 m<\/p>\n<p>[\/et_pb_blurb][et_pb_blurb use_icon=\u00bbon\u00bb font_icon=\u00bb&#x7d;||divi||400&#8243; icon_color=\u00bbgcid-secondary-color\u00bb icon_placement=\u00bbleft\u00bb image_icon_width=\u00bb25px\u00bb admin_label=\u00bbLista 1&#8243; _builder_version=\u00bb4.27.4&#8243; _module_preset=\u00bbdefault\u00bb body_font=\u00bb&#8211;et_global_body_font||||||||\u00bb body_text_color=\u00bb#000000&#8243; body_line_height=\u00bb2em\u00bb background_color=\u00bbgcid-63ace26e-ec1a-49a4-96c1-d62eb83c71e6&#8243; custom_margin=\u00bb5px|20px|5px|20px|false|false\u00bb custom_padding=\u00bb5px|20px|5px|20px|false|true\u00bb global_colors_info=\u00bb{%22gcid-secondary-color%22:%91%22icon_color%22,%22icon_color%22,%22icon_color%22,%22icon_color%22%93,%22gcid-63ace26e-ec1a-49a4-96c1-d62eb83c71e6%22:%91%22background_color%22,%22background_color%22,%22background_color%22%93}\u00bb]<\/p>\n<p>90 min<\/p>\n<p>[\/et_pb_blurb][et_pb_blurb use_icon=\u00bbon\u00bb font_icon=\u00bb&#xf110;||fa||900&#8243; icon_color=\u00bbgcid-secondary-color\u00bb icon_placement=\u00bbleft\u00bb image_icon_width=\u00bb25px\u00bb admin_label=\u00bbLista 1&#8243; _builder_version=\u00bb4.27.4&#8243; _module_preset=\u00bbdefault\u00bb body_font=\u00bb&#8211;et_global_body_font||||||||\u00bb body_text_color=\u00bb#000000&#8243; body_line_height=\u00bb2em\u00bb background_color=\u00bbgcid-63ace26e-ec1a-49a4-96c1-d62eb83c71e6&#8243; custom_margin=\u00bb5px|20px|5px|20px|false|false\u00bb custom_padding=\u00bb5px|20px|5px|20px|false|true\u00bb global_colors_info=\u00bb{%22gcid-secondary-color%22:%91%22icon_color%22,%22icon_color%22,%22icon_color%22,%22icon_color%22%93,%22gcid-63ace26e-ec1a-49a4-96c1-d62eb83c71e6%22:%91%22background_color%22,%22background_color%22,%22background_color%22%93}\u00bb]<\/p>\n<p>Circular<\/p>\n<p>[\/et_pb_blurb][et_pb_blurb use_icon=\u00bbon\u00bb font_icon=\u00bb&#xe01d;||divi||400&#8243; icon_color=\u00bbgcid-secondary-color\u00bb icon_placement=\u00bbleft\u00bb image_icon_width=\u00bb25px\u00bb admin_label=\u00bbLista 1&#8243; _builder_version=\u00bb4.27.4&#8243; _module_preset=\u00bbdefault\u00bb body_font=\u00bb&#8211;et_global_body_font||||||||\u00bb body_text_color=\u00bb#000000&#8243; body_line_height=\u00bb2em\u00bb background_color=\u00bbgcid-63ace26e-ec1a-49a4-96c1-d62eb83c71e6&#8243; custom_margin=\u00bb5px|20px|5px|20px|false|false\u00bb custom_padding=\u00bb5px|20px|5px|20px|false|true\u00bb global_colors_info=\u00bb{%22gcid-secondary-color%22:%91%22icon_color%22,%22icon_color%22,%22icon_color%22,%22icon_color%22%93,%22gcid-63ace26e-ec1a-49a4-96c1-d62eb83c71e6%22:%91%22background_color%22,%22background_color%22,%22background_color%22%93}\u00bb]<\/p>\n<p>Inicio: Parking de la entrada al pueblo<\/p>\n<p>[\/et_pb_blurb][et_pb_blurb url=\u00bbhttps:\/\/es.wikiloc.com\/rutas-a-pie\/argarata-santa-krutz-2384456v\u00bb url_new_window=\u00bbon\u00bb use_icon=\u00bbon\u00bb font_icon=\u00bb&#xf35d;||fa||900&#8243; icon_color=\u00bb#FFFFFF\u00bb icon_placement=\u00bbleft\u00bb image_icon_width=\u00bb25px\u00bb admin_label=\u00bbLista 1&#8243; _builder_version=\u00bb4.27.4&#8243; _module_preset=\u00bbdefault\u00bb header_text_color=\u00bb#FFFFFF\u00bb body_font=\u00bb&#8211;et_global_body_font||||||||\u00bb body_text_color=\u00bb#FFFFFF\u00bb body_line_height=\u00bb2em\u00bb background_color=\u00bbgcid-primary-color\u00bb custom_margin=\u00bb5px|20px|20px|20px|false|false\u00bb custom_padding=\u00bb5px|20px|5px|20px|false|true\u00bb link_option_url=\u00bbhttps:\/\/es.wikiloc.com\/rutas-a-pie\/argarata-santa-krutz-2384456&#8243; link_option_url_new_window=\u00bbon\u00bb border_radii=\u00bbon|20px|20px|20px|20px\u00bb global_colors_info=\u00bb{%22gcid-primary-color%22:%91%22background_color%22%93}\u00bb]<\/p>\n<p>Ver ruta y mapa en wikiloc<\/p>\n<p>[\/et_pb_blurb][et_pb_blurb use_icon=\u00bbon\u00bb font_icon=\u00bb&#xf06a;||fa||900&#8243; icon_color=\u00bbgcid-secondary-color\u00bb icon_placement=\u00bbleft\u00bb image_icon_width=\u00bb25px\u00bb admin_label=\u00bbLista 1&#8243; _builder_version=\u00bb4.27.4&#8243; _module_preset=\u00bbdefault\u00bb body_font=\u00bb&#8211;et_global_body_font||||||||\u00bb body_text_color=\u00bb#000000&#8243; body_line_height=\u00bb2em\u00bb background_color=\u00bbRGBA(255,255,255,0)\u00bb custom_margin=\u00bb|20px|5px|20px|false|false\u00bb custom_padding=\u00bb|20px||20px|false|true\u00bb global_colors_info=\u00bb{%22gcid-secondary-color%22:%91%22icon_color%22,%22icon_color%22%93}\u00bb]<\/p>\n<p><em>No adaptado para silletas o sillas de ruedas<\/em><\/p>\n<p>[\/et_pb_blurb][et_pb_text admin_label=\u00bbBoton de compra\u00bb _builder_version=\u00bb4.27.4&#8243; _module_preset=\u00bbdefault\u00bb text_font=\u00bbMontserrat|700||on|||||\u00bb text_text_color=\u00bb#ffffff\u00bb text_font_size=\u00bb13px\u00bb text_letter_spacing=\u00bb1px\u00bb background_color=\u00bb#21c4ed\u00bb text_orientation=\u00bbcenter\u00bb custom_margin=\u00bb20px||||false|false\u00bb custom_padding=\u00bb8px||8px||true|false\u00bb link_option_url=\u00bb#\u00bb global_colors_info=\u00bb{}\u00bb background__hover_enabled=\u00bbon|hover\u00bb background_color__hover=\u00bb#010103&#8243; background_enable_color__hover=\u00bbon\u00bb][\/et_pb_text][\/et_pb_column][et_pb_column type=\u00bb1_2&#8243; _builder_version=\u00bb4.27.4&#8243; _module_preset=\u00bbdefault\u00bb border_width_all=\u00bb1px\u00bb box_shadow_style=\u00bbpreset1&#8243; box_shadow_vertical=\u00bb18px\u00bb box_shadow_blur=\u00bb40px\u00bb box_shadow_spread=\u00bb-6px\u00bb box_shadow_color=\u00bbrgba(0,0,0,0.2)\u00bb global_colors_info=\u00bb{}\u00bb][et_pb_image src=\u00bbhttps:\/\/www.etxalar.eus\/wp-content\/uploads\/2023\/02\/Usategiak.jpg\u00bb alt=\u00bbaltxata\u00bb title_text=\u00bbPalomeras\u00bb force_fullwidth=\u00bbon\u00bb admin_label=\u00bbImagen de la comida\u00bb _builder_version=\u00bb4.27.4&#8243; _module_preset=\u00bbdefault\u00bb custom_margin=\u00bb||18px|||\u00bb global_colors_info=\u00bb{}\u00bb filter_brightness__hover_enabled=\u00bbon|desktop\u00bb filter_brightness__hover=\u00bb100%\u00bb background_color__hover=\u00bb#FFFFFF\u00bb background__hover_enabled=\u00bbon|hover\u00bb background_enable_color__hover=\u00bbon\u00bb][\/et_pb_image][et_pb_blurb image=\u00bbhttps:\/\/www.etxalar.eus\/wp-content\/uploads\/2025\/03\/SL.jpg\u00bb icon_placement=\u00bbleft\u00bb image_icon_width=\u00bb33px\u00bb admin_label=\u00bbLista 1&#8243; _builder_version=\u00bb4.27.4&#8243; _module_preset=\u00bbdefault\u00bb body_font=\u00bb&#8211;et_global_body_font|700|||||||\u00bb body_text_color=\u00bb#000000&#8243; body_line_height=\u00bb2em\u00bb background_color=\u00bbRGBA(255,255,255,0)\u00bb custom_margin=\u00bb5px|20px|5px|20px|false|false\u00bb custom_padding=\u00bb5px|20px|5px|20px|false|true\u00bb global_colors_info=\u00bb{%22gcid-secondary-color%22:%91%22icon_color%22,%22icon_color%22%93}\u00bb]<\/p>\n<p>SL-NA 2<\/p>\n<p>[\/et_pb_blurb][et_pb_text _builder_version=\u00bb4.27.4&#8243; _module_preset=\u00bbdefault\u00bb custom_margin=\u00bb||||false|false\u00bb custom_padding=\u00bb|20px||20px|false|false\u00bb global_colors_info=\u00bb{}\u00bb]<\/p>\n<p>Ruta circular para conocer la migraci\u00f3n de aves y la tradicional captura de palomas por red en Usategieta, que discurre por los senderos utilizados por los contrabandistas y a ambos lados de la frontera. Hay que partir de Lizaieta y se ven puestos o trepas (Idoikua, Belata&#8230;), rinc\u00f3n de la monta\u00f1a o \u00abcanal\u00bb y hermosas vistas. Adem\u00e1s de la caza, ofrece hermosas vistas de la costa labortana, Etxalar y Baztan.   <\/p>\n<p>[\/et_pb_text][et_pb_image src=\u00bbhttps:\/\/www.etxalar.eus\/wp-content\/uploads\/2025\/03\/usategieta.jpg\u00bb title_text=\u00bbusategieta\u00bb _builder_version=\u00bb4.27.4&#8243; _module_preset=\u00bbdefault\u00bb custom_margin=\u00bb|20px||20px|false|false\u00bb global_colors_info=\u00bb{}\u00bb][\/et_pb_image][et_pb_text admin_label=\u00bbTexto de oferta\u00bb _builder_version=\u00bb4.27.4&#8243; _module_preset=\u00bbdefault\u00bb text_font=\u00bbMontserrat|700||on|||||\u00bb text_text_color=\u00bb#ffffff\u00bb text_font_size=\u00bb18px\u00bb text_letter_spacing=\u00bb1px\u00bb background_color=\u00bb#4f1089&#8243; positioning=\u00bbabsolute\u00bb text_orientation=\u00bbcenter\u00bb width=\u00bb100%\u00bb custom_padding=\u00bb10px|5px|10px|5px|true|true\u00bb border_radii=\u00bboff||||\u00bb global_colors_info=\u00bb{}\u00bb background__hover_enabled=\u00bbon|hover\u00bb background_color__hover=\u00bb#4f1089&#8243; background_enable_color__hover=\u00bbon\u00bb]<\/p>\n<p><strong>usategieta<br \/><\/strong><\/p>\n<p>[\/et_pb_text][et_pb_blurb use_icon=\u00bbon\u00bb font_icon=\u00bb&#x2c;||divi||400&#8243; icon_color=\u00bbgcid-secondary-color\u00bb icon_placement=\u00bbleft\u00bb image_icon_width=\u00bb25px\u00bb admin_label=\u00bbLista 1&#8243; _builder_version=\u00bb4.27.4&#8243; _module_preset=\u00bbdefault\u00bb body_font=\u00bb&#8211;et_global_body_font||||||||\u00bb body_text_color=\u00bb#000000&#8243; body_line_height=\u00bb2em\u00bb background_color=\u00bbgcid-63ace26e-ec1a-49a4-96c1-d62eb83c71e6&#8243; custom_margin=\u00bb5px|20px|5px|20px|false|false\u00bb custom_padding=\u00bb5px|20px|5px|20px|false|true\u00bb global_colors_info=\u00bb{%22gcid-secondary-color%22:%91%22icon_color%22%93,%22gcid-63ace26e-ec1a-49a4-96c1-d62eb83c71e6%22:%91%22background_color%22%93}\u00bb]<\/p>\n<p>5.300 m<\/p>\n<p>[\/et_pb_blurb][et_pb_blurb use_icon=\u00bbon\u00bb font_icon=\u00bb&#x2e;||divi||400&#8243; icon_color=\u00bbgcid-secondary-color\u00bb icon_placement=\u00bbleft\u00bb image_icon_width=\u00bb25px\u00bb admin_label=\u00bbLista 1&#8243; _builder_version=\u00bb4.27.4&#8243; _module_preset=\u00bbdefault\u00bb body_font=\u00bb&#8211;et_global_body_font||||||||\u00bb body_text_color=\u00bb#000000&#8243; body_line_height=\u00bb2em\u00bb background_color=\u00bbgcid-63ace26e-ec1a-49a4-96c1-d62eb83c71e6&#8243; custom_margin=\u00bb5px|20px|5px|20px|false|false\u00bb custom_padding=\u00bb5px|20px|5px|20px|false|true\u00bb global_colors_info=\u00bb{%22gcid-secondary-color%22:%91%22icon_color%22,%22icon_color%22,%22icon_color%22,%22icon_color%22%93,%22gcid-63ace26e-ec1a-49a4-96c1-d62eb83c71e6%22:%91%22background_color%22,%22background_color%22,%22background_color%22%93}\u00bb]<\/p>\n<p>125 m<\/p>\n<p>[\/et_pb_blurb][et_pb_blurb use_icon=\u00bbon\u00bb font_icon=\u00bb&#x7d;||divi||400&#8243; icon_color=\u00bbgcid-secondary-color\u00bb icon_placement=\u00bbleft\u00bb image_icon_width=\u00bb25px\u00bb admin_label=\u00bbLista 1&#8243; _builder_version=\u00bb4.27.4&#8243; _module_preset=\u00bbdefault\u00bb body_font=\u00bb&#8211;et_global_body_font||||||||\u00bb body_text_color=\u00bb#000000&#8243; body_line_height=\u00bb2em\u00bb background_color=\u00bbgcid-63ace26e-ec1a-49a4-96c1-d62eb83c71e6&#8243; custom_margin=\u00bb5px|20px|5px|20px|false|false\u00bb custom_padding=\u00bb5px|20px|5px|20px|false|true\u00bb global_colors_info=\u00bb{%22gcid-secondary-color%22:%91%22icon_color%22,%22icon_color%22,%22icon_color%22,%22icon_color%22%93,%22gcid-63ace26e-ec1a-49a4-96c1-d62eb83c71e6%22:%91%22background_color%22,%22background_color%22,%22background_color%22%93}\u00bb]<\/p>\n<p>120 min<\/p>\n<p>[\/et_pb_blurb][et_pb_blurb use_icon=\u00bbon\u00bb font_icon=\u00bb&#xf110;||fa||900&#8243; icon_color=\u00bbgcid-secondary-color\u00bb icon_placement=\u00bbleft\u00bb image_icon_width=\u00bb25px\u00bb admin_label=\u00bbLista 1&#8243; _builder_version=\u00bb4.27.4&#8243; _module_preset=\u00bbdefault\u00bb body_font=\u00bb&#8211;et_global_body_font||||||||\u00bb body_text_color=\u00bb#000000&#8243; body_line_height=\u00bb2em\u00bb background_color=\u00bbgcid-63ace26e-ec1a-49a4-96c1-d62eb83c71e6&#8243; custom_margin=\u00bb5px|20px|5px|20px|false|false\u00bb custom_padding=\u00bb5px|20px|5px|20px|false|true\u00bb global_colors_info=\u00bb{%22gcid-secondary-color%22:%91%22icon_color%22,%22icon_color%22,%22icon_color%22,%22icon_color%22%93,%22gcid-63ace26e-ec1a-49a4-96c1-d62eb83c71e6%22:%91%22background_color%22,%22background_color%22,%22background_color%22%93}\u00bb]<\/p>\n<p>Circular<\/p>\n<p>[\/et_pb_blurb][et_pb_blurb use_icon=\u00bbon\u00bb font_icon=\u00bb&#xe01d;||divi||400&#8243; icon_color=\u00bbgcid-secondary-color\u00bb icon_placement=\u00bbleft\u00bb image_icon_width=\u00bb25px\u00bb admin_label=\u00bbLista 1&#8243; _builder_version=\u00bb4.27.4&#8243; _module_preset=\u00bbdefault\u00bb body_font=\u00bb&#8211;et_global_body_font||||||||\u00bb body_text_color=\u00bb#000000&#8243; body_line_height=\u00bb2em\u00bb background_color=\u00bbgcid-63ace26e-ec1a-49a4-96c1-d62eb83c71e6&#8243; custom_margin=\u00bb5px|20px|5px|20px|false|false\u00bb custom_padding=\u00bb5px|20px|5px|20px|false|true\u00bb global_colors_info=\u00bb{%22gcid-secondary-color%22:%91%22icon_color%22,%22icon_color%22,%22icon_color%22,%22icon_color%22%93,%22gcid-63ace26e-ec1a-49a4-96c1-d62eb83c71e6%22:%91%22background_color%22,%22background_color%22,%22background_color%22%93}\u00bb]<\/p>\n<p>Inicio: Parking Lizaieta<\/p>\n<p>[\/et_pb_blurb][et_pb_blurb url=\u00bbhttps:\/\/es.wikiloc.com\/rutas-a-pie\/palomeras-de-etxalar-2387170&#8243; url_new_window=\u00bbon\u00bb use_icon=\u00bbon\u00bb font_icon=\u00bb&#xf35d;||fa||900&#8243; icon_color=\u00bb#FFFFFF\u00bb icon_placement=\u00bbleft\u00bb image_icon_width=\u00bb25px\u00bb admin_label=\u00bbLista 1&#8243; _builder_version=\u00bb4.27.4&#8243; _module_preset=\u00bbdefault\u00bb header_text_color=\u00bb#FFFFFF\u00bb body_font=\u00bb&#8211;et_global_body_font||||||||\u00bb body_text_color=\u00bb#FFFFFF\u00bb body_line_height=\u00bb2em\u00bb background_color=\u00bbgcid-primary-color\u00bb custom_margin=\u00bb5px|20px|20px|20px|false|false\u00bb custom_padding=\u00bb5px|20px|5px|20px|false|true\u00bb link_option_url=\u00bbhttps:\/\/es.wikiloc.com\/rutas-a-pie\/palomeras-de-etxalar-2387170&#8243; link_option_url_new_window=\u00bbon\u00bb border_radii=\u00bbon|20px|20px|20px|20px\u00bb global_colors_info=\u00bb{%22gcid-primary-color%22:%91%22background_color%22%93,%22gcid-secondary-color%22:%91%22icon_color%22,%22icon_color%22,%22icon_color%22,%22icon_color%22%93,%22gcid-63ace26e-ec1a-49a4-96c1-d62eb83c71e6%22:%91%22background_color%22,%22background_color%22,%22background_color%22%93}\u00bb]<\/p>\n<p>Ver ruta y mapa en wikiloc<\/p>\n<p>[\/et_pb_blurb][et_pb_blurb use_icon=\u00bbon\u00bb font_icon=\u00bb&#xf06a;||fa||900&#8243; icon_color=\u00bbgcid-secondary-color\u00bb icon_placement=\u00bbleft\u00bb image_icon_width=\u00bb25px\u00bb admin_label=\u00bbLista 1&#8243; _builder_version=\u00bb4.27.4&#8243; _module_preset=\u00bbdefault\u00bb body_font=\u00bb&#8211;et_global_body_font||||||||\u00bb body_text_color=\u00bb#000000&#8243; body_line_height=\u00bb2em\u00bb background_color=\u00bbRGBA(255,255,255,0)\u00bb custom_margin=\u00bb|20px|5px|20px|false|false\u00bb custom_padding=\u00bb|20px||20px|false|true\u00bb global_colors_info=\u00bb{%22gcid-secondary-color%22:%91%22icon_color%22,%22icon_color%22%93}\u00bb]<\/p>\n<p><em>En temporada de caza (Del 1 de octubre al 20 de noviembre) suele estar cerrado al p\u00fablico<br \/><\/em><\/p>\n<p>[\/et_pb_blurb][et_pb_text admin_label=\u00bbBoton de compra\u00bb _builder_version=\u00bb4.27.4&#8243; _module_preset=\u00bbdefault\u00bb text_font=\u00bbMontserrat|700||on|||||\u00bb text_text_color=\u00bb#ffffff\u00bb text_font_size=\u00bb13px\u00bb text_letter_spacing=\u00bb1px\u00bb background_color=\u00bb#4f1089&#8243; text_orientation=\u00bbcenter\u00bb custom_margin=\u00bb20px||||false|false\u00bb custom_padding=\u00bb8px||8px||true|false\u00bb link_option_url=\u00bb#\u00bb global_colors_info=\u00bb{}\u00bb background__hover_enabled=\u00bbon|hover\u00bb background_color__hover=\u00bb#010103&#8243; background_enable_color__hover=\u00bbon\u00bb][\/et_pb_text][\/et_pb_column][\/et_pb_row][et_pb_row column_structure=\u00bb1_2,1_2&#8243; custom_padding_last_edited=\u00bbon|desktop\u00bb _builder_version=\u00bb4.27.4&#8243; _module_preset=\u00bbdefault\u00bb custom_padding=\u00bb|80px||80px|false|false\u00bb custom_padding_tablet=\u00bb|0px||0px|false|false\u00bb custom_padding_phone=\u00bb|0px||0px|false|false\u00bb locked=\u00bboff\u00bb global_colors_info=\u00bb{}\u00bb][et_pb_column type=\u00bb1_2&#8243; _builder_version=\u00bb4.27.4&#8243; _module_preset=\u00bbdefault\u00bb border_width_all=\u00bb1px\u00bb box_shadow_style=\u00bbpreset1&#8243; box_shadow_vertical=\u00bb18px\u00bb box_shadow_blur=\u00bb40px\u00bb box_shadow_spread=\u00bb-6px\u00bb box_shadow_color=\u00bbrgba(0,0,0,0.2)\u00bb global_colors_info=\u00bb{}\u00bb][et_pb_image src=\u00bbhttps:\/\/www.etxalar.eus\/wp-content\/uploads\/2023\/01\/zentinela_zohikaztegia.jpg\u00bb alt=\u00bbaltxata\u00bb title_text=\u00bbturbera zentinela\u00bb force_fullwidth=\u00bbon\u00bb admin_label=\u00bbImagen de la comida\u00bb _builder_version=\u00bb4.27.4&#8243; _module_preset=\u00bbdefault\u00bb custom_margin=\u00bb||18px|||\u00bb global_colors_info=\u00bb{}\u00bb filter_brightness__hover_enabled=\u00bbon|desktop\u00bb filter_brightness__hover=\u00bb100%\u00bb background_color__hover=\u00bb#FFFFFF\u00bb background__hover_enabled=\u00bbon|hover\u00bb background_enable_color__hover=\u00bbon\u00bb][\/et_pb_image][et_pb_text _builder_version=\u00bb4.27.4&#8243; _module_preset=\u00bbdefault\u00bb custom_margin=\u00bb||||false|false\u00bb custom_padding=\u00bb|20px||20px|false|false\u00bb global_colors_info=\u00bb{}\u00bb]<\/p>\n<p>Con este recorrido se pueden ver las construcciones realizadas por pastores prehist\u00f3ricos en el monte Centinela; d\u00f3lmenes, cr\u00f3mlech, menhires y t\u00famulos. Este recorrido, con forma de n\u00famero ocho, tiene su inicio y final en el collado de Elordi.    <\/p>\n<p>[\/et_pb_text][et_pb_image src=\u00bbhttps:\/\/www.etxalar.eus\/wp-content\/uploads\/2025\/03\/zentinela.jpg\u00bb title_text=\u00bbzentinela\u00bb _builder_version=\u00bb4.27.4&#8243; _module_preset=\u00bbdefault\u00bb custom_margin=\u00bb|20px||20px|false|false\u00bb global_colors_info=\u00bb{}\u00bb][\/et_pb_image][et_pb_text admin_label=\u00bbTexto de oferta\u00bb _builder_version=\u00bb4.27.4&#8243; _module_preset=\u00bbdefault\u00bb text_font=\u00bbMontserrat|700||on|||||\u00bb text_text_color=\u00bb#ffffff\u00bb text_font_size=\u00bb18px\u00bb text_letter_spacing=\u00bb1px\u00bb background_color=\u00bb#0090d8&#8243; positioning=\u00bbabsolute\u00bb text_orientation=\u00bbcenter\u00bb width=\u00bb100%\u00bb custom_padding=\u00bb10px|5px|10px|5px|true|true\u00bb border_radii=\u00bboff||||\u00bb global_colors_info=\u00bb{}\u00bb background__hover_enabled=\u00bbon|hover\u00bb background_color__hover=\u00bb#0090d8&#8243; background_enable_color__hover=\u00bbon\u00bb]<\/p>\n<p><strong>Megalitos de Zentinela<br \/><\/strong><\/p>\n<p>[\/et_pb_text][et_pb_blurb use_icon=\u00bbon\u00bb font_icon=\u00bb&#x2c;||divi||400&#8243; icon_color=\u00bbgcid-secondary-color\u00bb icon_placement=\u00bbleft\u00bb image_icon_width=\u00bb25px\u00bb admin_label=\u00bbLista 1&#8243; _builder_version=\u00bb4.27.4&#8243; _module_preset=\u00bbdefault\u00bb body_font=\u00bb&#8211;et_global_body_font||||||||\u00bb body_text_color=\u00bb#000000&#8243; body_line_height=\u00bb2em\u00bb background_color=\u00bbgcid-63ace26e-ec1a-49a4-96c1-d62eb83c71e6&#8243; custom_margin=\u00bb5px|20px|5px|20px|false|false\u00bb custom_padding=\u00bb5px|20px|5px|20px|false|true\u00bb global_colors_info=\u00bb{%22gcid-secondary-color%22:%91%22icon_color%22%93,%22gcid-63ace26e-ec1a-49a4-96c1-d62eb83c71e6%22:%91%22background_color%22%93}\u00bb]<\/p>\n<p>8.100 m<\/p>\n<p>[\/et_pb_blurb][et_pb_blurb use_icon=\u00bbon\u00bb font_icon=\u00bb&#x2e;||divi||400&#8243; icon_color=\u00bbgcid-secondary-color\u00bb icon_placement=\u00bbleft\u00bb image_icon_width=\u00bb25px\u00bb admin_label=\u00bbLista 1&#8243; _builder_version=\u00bb4.27.4&#8243; _module_preset=\u00bbdefault\u00bb body_font=\u00bb&#8211;et_global_body_font||||||||\u00bb body_text_color=\u00bb#000000&#8243; body_line_height=\u00bb2em\u00bb background_color=\u00bbgcid-63ace26e-ec1a-49a4-96c1-d62eb83c71e6&#8243; custom_margin=\u00bb5px|20px|5px|20px|false|false\u00bb custom_padding=\u00bb5px|20px|5px|20px|false|true\u00bb global_colors_info=\u00bb{%22gcid-secondary-color%22:%91%22icon_color%22,%22icon_color%22,%22icon_color%22,%22icon_color%22%93,%22gcid-63ace26e-ec1a-49a4-96c1-d62eb83c71e6%22:%91%22background_color%22,%22background_color%22,%22background_color%22%93}\u00bb]<\/p>\n<p>150 m<\/p>\n<p>[\/et_pb_blurb][et_pb_blurb use_icon=\u00bbon\u00bb font_icon=\u00bb&#x7d;||divi||400&#8243; icon_color=\u00bbgcid-secondary-color\u00bb icon_placement=\u00bbleft\u00bb image_icon_width=\u00bb25px\u00bb admin_label=\u00bbLista 1&#8243; _builder_version=\u00bb4.27.4&#8243; _module_preset=\u00bbdefault\u00bb body_font=\u00bb&#8211;et_global_body_font||||||||\u00bb body_text_color=\u00bb#000000&#8243; body_line_height=\u00bb2em\u00bb background_color=\u00bbgcid-63ace26e-ec1a-49a4-96c1-d62eb83c71e6&#8243; custom_margin=\u00bb5px|20px|5px|20px|false|false\u00bb custom_padding=\u00bb5px|20px|5px|20px|false|true\u00bb global_colors_info=\u00bb{%22gcid-secondary-color%22:%91%22icon_color%22,%22icon_color%22,%22icon_color%22,%22icon_color%22%93,%22gcid-63ace26e-ec1a-49a4-96c1-d62eb83c71e6%22:%91%22background_color%22,%22background_color%22,%22background_color%22%93}\u00bb]<\/p>\n<p>60 min<\/p>\n<p>[\/et_pb_blurb][et_pb_blurb use_icon=\u00bbon\u00bb font_icon=\u00bb&#xf110;||fa||900&#8243; icon_color=\u00bbgcid-secondary-color\u00bb icon_placement=\u00bbleft\u00bb image_icon_width=\u00bb25px\u00bb admin_label=\u00bbLista 1&#8243; _builder_version=\u00bb4.27.4&#8243; _module_preset=\u00bbdefault\u00bb body_font=\u00bb&#8211;et_global_body_font||||||||\u00bb body_text_color=\u00bb#000000&#8243; body_line_height=\u00bb2em\u00bb background_color=\u00bbgcid-63ace26e-ec1a-49a4-96c1-d62eb83c71e6&#8243; custom_margin=\u00bb5px|20px|5px|20px|false|false\u00bb custom_padding=\u00bb5px|20px|5px|20px|false|true\u00bb global_colors_info=\u00bb{%22gcid-secondary-color%22:%91%22icon_color%22,%22icon_color%22,%22icon_color%22,%22icon_color%22%93,%22gcid-63ace26e-ec1a-49a4-96c1-d62eb83c71e6%22:%91%22background_color%22,%22background_color%22,%22background_color%22%93}\u00bb]<\/p>\n<p>Circular<\/p>\n<p>[\/et_pb_blurb][et_pb_blurb use_icon=\u00bbon\u00bb font_icon=\u00bb&#xe01d;||divi||400&#8243; icon_color=\u00bbgcid-secondary-color\u00bb icon_placement=\u00bbleft\u00bb image_icon_width=\u00bb25px\u00bb admin_label=\u00bbLista 1&#8243; _builder_version=\u00bb4.27.4&#8243; _module_preset=\u00bbdefault\u00bb body_font=\u00bb&#8211;et_global_body_font||||||||\u00bb body_text_color=\u00bb#000000&#8243; body_line_height=\u00bb2em\u00bb background_color=\u00bbgcid-63ace26e-ec1a-49a4-96c1-d62eb83c71e6&#8243; custom_margin=\u00bb5px|20px|5px|20px|false|false\u00bb custom_padding=\u00bb5px|20px|5px|20px|false|true\u00bb global_colors_info=\u00bb{%22gcid-secondary-color%22:%91%22icon_color%22,%22icon_color%22,%22icon_color%22,%22icon_color%22%93,%22gcid-63ace26e-ec1a-49a4-96c1-d62eb83c71e6%22:%91%22background_color%22,%22background_color%22,%22background_color%22%93}\u00bb]<\/p>\n<p>Inicio: Parking de Urtsumiatsa<\/p>\n<p>[\/et_pb_blurb][et_pb_blurb url=\u00bbhttps:\/\/es.wikiloc.com\/rutas-senderismo\/megalitos-zentinela-2386937&#8243; url_new_window=\u00bbon\u00bb use_icon=\u00bbon\u00bb font_icon=\u00bb&#xf35d;||fa||900&#8243; icon_color=\u00bb#FFFFFF\u00bb icon_placement=\u00bbleft\u00bb image_icon_width=\u00bb25px\u00bb admin_label=\u00bbLista 1&#8243; _builder_version=\u00bb4.27.4&#8243; _module_preset=\u00bbdefault\u00bb header_text_color=\u00bb#FFFFFF\u00bb body_font=\u00bb&#8211;et_global_body_font||||||||\u00bb body_text_color=\u00bb#FFFFFF\u00bb body_line_height=\u00bb2em\u00bb background_color=\u00bbgcid-primary-color\u00bb custom_margin=\u00bb20px|20px|20px|20px|false|false\u00bb custom_padding=\u00bb5px|20px|5px|20px|false|true\u00bb link_option_url=\u00bbhttps:\/\/es.wikiloc.com\/rutas-senderismo\/megalitos-zentinela-2386937&#8243; link_option_url_new_window=\u00bbon\u00bb border_radii=\u00bbon|20px|20px|20px|20px\u00bb global_colors_info=\u00bb{%22gcid-primary-color%22:%91%22background_color%22%93,%22gcid-secondary-color%22:%91%22icon_color%22,%22icon_color%22,%22icon_color%22,%22icon_color%22%93,%22gcid-63ace26e-ec1a-49a4-96c1-d62eb83c71e6%22:%91%22background_color%22,%22background_color%22,%22background_color%22%93}\u00bb]<\/p>\n<p>Ver ruta y mapa en wikiloc<\/p>\n<p>[\/et_pb_blurb][et_pb_text admin_label=\u00bbBoton de compra\u00bb _builder_version=\u00bb4.27.4&#8243; _module_preset=\u00bbdefault\u00bb text_font=\u00bbMontserrat|700||on|||||\u00bb text_text_color=\u00bb#ffffff\u00bb text_font_size=\u00bb13px\u00bb text_letter_spacing=\u00bb1px\u00bb background_color=\u00bb#0090d8&#8243; text_orientation=\u00bbcenter\u00bb custom_margin=\u00bb20px||||false|false\u00bb custom_padding=\u00bb8px||8px||true|false\u00bb link_option_url=\u00bb#\u00bb global_colors_info=\u00bb{}\u00bb background__hover_enabled=\u00bbon|hover\u00bb background_color__hover=\u00bb#010103&#8243; background_enable_color__hover=\u00bbon\u00bb][\/et_pb_text][\/et_pb_column][et_pb_column type=\u00bb1_2&#8243; _builder_version=\u00bb4.27.4&#8243; _module_preset=\u00bbdefault\u00bb border_width_all=\u00bb1px\u00bb box_shadow_style=\u00bbpreset1&#8243; box_shadow_vertical=\u00bb18px\u00bb box_shadow_blur=\u00bb40px\u00bb box_shadow_spread=\u00bb-6px\u00bb box_shadow_color=\u00bbrgba(0,0,0,0.2)\u00bb global_colors_info=\u00bb{}\u00bb][et_pb_image src=\u00bbhttps:\/\/www.etxalar.eus\/wp-content\/uploads\/2023\/02\/car_erro_infer.jpg\u00bb alt=\u00bbaltxata\u00bb title_text=\u00bbcar_erro_infer\u00bb force_fullwidth=\u00bbon\u00bb admin_label=\u00bbImagen de la comida\u00bb _builder_version=\u00bb4.27.4&#8243; _module_preset=\u00bbdefault\u00bb custom_margin=\u00bb||18px|||\u00bb global_colors_info=\u00bb{}\u00bb filter_brightness__hover_enabled=\u00bbon|desktop\u00bb filter_brightness__hover=\u00bb100%\u00bb background_color__hover=\u00bb#FFFFFF\u00bb background__hover_enabled=\u00bbon|hover\u00bb background_enable_color__hover=\u00bbon\u00bb][\/et_pb_image][et_pb_blurb image=\u00bbhttps:\/\/www.etxalar.eus\/wp-content\/uploads\/2025\/03\/SL.jpg\u00bb icon_placement=\u00bbleft\u00bb image_icon_width=\u00bb33px\u00bb admin_label=\u00bbLista 1&#8243; _builder_version=\u00bb4.27.4&#8243; _module_preset=\u00bbdefault\u00bb body_font=\u00bb&#8211;et_global_body_font|700|||||||\u00bb body_text_color=\u00bb#000000&#8243; body_line_height=\u00bb2em\u00bb background_color=\u00bbRGBA(255,255,255,0)\u00bb custom_margin=\u00bb5px|20px|5px|20px|false|false\u00bb custom_padding=\u00bb5px|20px|5px|20px|false|true\u00bb global_colors_info=\u00bb{%22gcid-secondary-color%22:%91%22icon_color%22,%22icon_color%22%93}\u00bb]<\/p>\n<p>SL-NA 13<\/p>\n<p>[\/et_pb_blurb][et_pb_text _builder_version=\u00bb4.27.4&#8243; _module_preset=\u00bbdefault\u00bb custom_margin=\u00bb||||false|false\u00bb custom_padding=\u00bb|20px||20px|false|false\u00bb global_colors_info=\u00bb{}\u00bb]<\/p>\n<p>Este recorrido lleva a uno de los lugares m\u00e1s singulares de Etxalar. Recorrido de ida y vuelta, con inicio y final en el alto de Orizki, es ideal para realizar en familia o con amigos. El molino del Infierno es un curioso molino situado en los l\u00edmites de Etxalar y Baztan, construido sobre el r\u00edo y lugar de varias leyendas. Durante las guerras carlistas fue un molino de gran importancia por su situaci\u00f3n estrat\u00e9gica y para los caser\u00edos de la zona en otras \u00e9pocas. Hoy en d\u00eda el molino es propiedad del restaurante Etxebertzeko borda, r\u00edo arriba.    <\/p>\n<p>[\/et_pb_text][et_pb_image src=\u00bbhttps:\/\/www.etxalar.eus\/wp-content\/uploads\/2025\/03\/Infernuko.jpg\u00bb title_text=\u00bbInfernuko\u00bb _builder_version=\u00bb4.27.4&#8243; _module_preset=\u00bbdefault\u00bb custom_margin=\u00bb|20px||20px|false|false\u00bb global_colors_info=\u00bb{}\u00bb][\/et_pb_image][et_pb_text admin_label=\u00bbTexto de oferta\u00bb _builder_version=\u00bb4.27.4&#8243; _module_preset=\u00bbdefault\u00bb text_font=\u00bbMontserrat|700||on|||||\u00bb text_text_color=\u00bb#ffffff\u00bb text_font_size=\u00bb18px\u00bb text_letter_spacing=\u00bb1px\u00bb background_color=\u00bb#E02B20&#8243; positioning=\u00bbabsolute\u00bb text_orientation=\u00bbcenter\u00bb width=\u00bb100%\u00bb custom_padding=\u00bb10px|5px|10px|5px|true|true\u00bb border_radii=\u00bboff||||\u00bb global_colors_info=\u00bb{}\u00bb background__hover_enabled=\u00bbon|hover\u00bb background_color__hover=\u00bb#e02b20&#8243; background_enable_color__hover=\u00bbon\u00bb]<\/p>\n<p><strong>Molino del infierno<br \/><\/strong><\/p>\n<p>[\/et_pb_text][et_pb_blurb use_icon=\u00bbon\u00bb font_icon=\u00bb&#x2c;||divi||400&#8243; icon_color=\u00bbgcid-secondary-color\u00bb icon_placement=\u00bbleft\u00bb image_icon_width=\u00bb25px\u00bb admin_label=\u00bbLista 1&#8243; _builder_version=\u00bb4.27.4&#8243; _module_preset=\u00bbdefault\u00bb body_font=\u00bb&#8211;et_global_body_font||||||||\u00bb body_text_color=\u00bb#000000&#8243; body_line_height=\u00bb2em\u00bb background_color=\u00bbgcid-63ace26e-ec1a-49a4-96c1-d62eb83c71e6&#8243; custom_margin=\u00bb5px|20px|5px|20px|false|false\u00bb custom_padding=\u00bb5px|20px|5px|20px|false|true\u00bb global_colors_info=\u00bb{%22gcid-secondary-color%22:%91%22icon_color%22%93,%22gcid-63ace26e-ec1a-49a4-96c1-d62eb83c71e6%22:%91%22background_color%22%93}\u00bb]<\/p>\n<p>10.300 m<\/p>\n<p>[\/et_pb_blurb][et_pb_blurb use_icon=\u00bbon\u00bb font_icon=\u00bb&#x2e;||divi||400&#8243; icon_color=\u00bbgcid-secondary-color\u00bb icon_placement=\u00bbleft\u00bb image_icon_width=\u00bb25px\u00bb admin_label=\u00bbLista 1&#8243; _builder_version=\u00bb4.27.4&#8243; _module_preset=\u00bbdefault\u00bb body_font=\u00bb&#8211;et_global_body_font||||||||\u00bb body_text_color=\u00bb#000000&#8243; body_line_height=\u00bb2em\u00bb background_color=\u00bbgcid-63ace26e-ec1a-49a4-96c1-d62eb83c71e6&#8243; custom_margin=\u00bb5px|20px|5px|20px|false|false\u00bb custom_padding=\u00bb5px|20px|5px|20px|false|true\u00bb global_colors_info=\u00bb{%22gcid-secondary-color%22:%91%22icon_color%22,%22icon_color%22,%22icon_color%22,%22icon_color%22%93,%22gcid-63ace26e-ec1a-49a4-96c1-d62eb83c71e6%22:%91%22background_color%22,%22background_color%22,%22background_color%22%93}\u00bb]<\/p>\n<p>200 m<\/p>\n<p>[\/et_pb_blurb][et_pb_blurb use_icon=\u00bbon\u00bb font_icon=\u00bb&#x7d;||divi||400&#8243; icon_color=\u00bbgcid-secondary-color\u00bb icon_placement=\u00bbleft\u00bb image_icon_width=\u00bb25px\u00bb admin_label=\u00bbLista 1&#8243; _builder_version=\u00bb4.27.4&#8243; _module_preset=\u00bbdefault\u00bb body_font=\u00bb&#8211;et_global_body_font||||||||\u00bb body_text_color=\u00bb#000000&#8243; body_line_height=\u00bb2em\u00bb background_color=\u00bbgcid-63ace26e-ec1a-49a4-96c1-d62eb83c71e6&#8243; custom_margin=\u00bb5px|20px|5px|20px|false|false\u00bb custom_padding=\u00bb5px|20px|5px|20px|false|true\u00bb global_colors_info=\u00bb{%22gcid-secondary-color%22:%91%22icon_color%22,%22icon_color%22,%22icon_color%22,%22icon_color%22%93,%22gcid-63ace26e-ec1a-49a4-96c1-d62eb83c71e6%22:%91%22background_color%22,%22background_color%22,%22background_color%22%93}\u00bb]<\/p>\n<p>180 min<\/p>\n<p>[\/et_pb_blurb][et_pb_blurb url=\u00bbhttps:\/\/es.wikiloc.com\/rutas-senderismo\/sl-na-013-infernuko-errota-1-1385831&#8243; url_new_window=\u00bbon\u00bb use_icon=\u00bbon\u00bb font_icon=\u00bb&#xf35d;||fa||900&#8243; icon_color=\u00bb#FFFFFF\u00bb icon_placement=\u00bbleft\u00bb image_icon_width=\u00bb25px\u00bb admin_label=\u00bbLista 1&#8243; _builder_version=\u00bb4.27.4&#8243; _module_preset=\u00bbdefault\u00bb header_text_color=\u00bb#FFFFFF\u00bb body_font=\u00bb&#8211;et_global_body_font||||||||\u00bb body_text_color=\u00bb#FFFFFF\u00bb body_line_height=\u00bb2em\u00bb background_color=\u00bbgcid-primary-color\u00bb custom_margin=\u00bb20px|20px|20px|20px|false|false\u00bb custom_padding=\u00bb5px|20px|5px|20px|false|true\u00bb link_option_url=\u00bbhttps:\/\/es.wikiloc.com\/rutas-senderismo\/sl-na-013-infernuko-errota-1-1385831&#8243; link_option_url_new_window=\u00bbon\u00bb border_radii=\u00bbon|20px|20px|20px|20px\u00bb global_colors_info=\u00bb{%22gcid-primary-color%22:%91%22background_color%22%93,%22gcid-secondary-color%22:%91%22icon_color%22,%22icon_color%22,%22icon_color%22,%22icon_color%22%93,%22gcid-63ace26e-ec1a-49a4-96c1-d62eb83c71e6%22:%91%22background_color%22,%22background_color%22,%22background_color%22%93}\u00bb]<\/p>\n<p>Ver ruta y mapa en wikiloc<\/p>\n<p>[\/et_pb_blurb][et_pb_blurb use_icon=\u00bbon\u00bb font_icon=\u00bb&#xf06a;||fa||900&#8243; icon_color=\u00bbgcid-secondary-color\u00bb icon_placement=\u00bbleft\u00bb image_icon_width=\u00bb25px\u00bb admin_label=\u00bbLista 1&#8243; _builder_version=\u00bb4.27.4&#8243; _module_preset=\u00bbdefault\u00bb body_font=\u00bb&#8211;et_global_body_font||||||||\u00bb body_text_color=\u00bb#000000&#8243; body_line_height=\u00bb2em\u00bb background_color=\u00bbRGBA(255,255,255,0)\u00bb custom_margin=\u00bb|20px|5px|20px|false|false\u00bb custom_padding=\u00bb|20px||20px|false|true\u00bb global_colors_info=\u00bb{%22gcid-secondary-color%22:%91%22icon_color%22,%22icon_color%22%93}\u00bb]<\/p>\n<p><em>Un tramo cerrado en temporada de palomas (octubre y noviembre)<br \/><\/em><\/p>\n<p>[\/et_pb_blurb][et_pb_text admin_label=\u00bbBoton de compra\u00bb _builder_version=\u00bb4.27.4&#8243; _module_preset=\u00bbdefault\u00bb text_font=\u00bbMontserrat|700||on|||||\u00bb text_text_color=\u00bb#ffffff\u00bb text_font_size=\u00bb13px\u00bb text_letter_spacing=\u00bb1px\u00bb background_color=\u00bb#E02B20&#8243; text_orientation=\u00bbcenter\u00bb custom_margin=\u00bb20px||||false|false\u00bb custom_padding=\u00bb8px||8px||true|false\u00bb link_option_url=\u00bb#\u00bb global_colors_info=\u00bb{}\u00bb background__hover_enabled=\u00bbon|hover\u00bb background_color__hover=\u00bb#010103&#8243; background_enable_color__hover=\u00bbon\u00bb][\/et_pb_text][\/et_pb_column][\/et_pb_row][et_pb_row column_structure=\u00bb1_2,1_2&#8243; custom_padding_last_edited=\u00bbon|desktop\u00bb _builder_version=\u00bb4.27.4&#8243; _module_preset=\u00bbdefault\u00bb custom_padding=\u00bb|80px||80px|false|false\u00bb custom_padding_tablet=\u00bb|0px||0px|false|false\u00bb custom_padding_phone=\u00bb|0px||0px|false|false\u00bb locked=\u00bboff\u00bb global_colors_info=\u00bb{}\u00bb][et_pb_column type=\u00bb1_2&#8243; _builder_version=\u00bb4.27.4&#8243; _module_preset=\u00bbdefault\u00bb border_width_all=\u00bb1px\u00bb box_shadow_style=\u00bbpreset1&#8243; box_shadow_vertical=\u00bb18px\u00bb box_shadow_blur=\u00bb40px\u00bb box_shadow_spread=\u00bb-6px\u00bb box_shadow_color=\u00bbrgba(0,0,0,0.2)\u00bb global_colors_info=\u00bb{}\u00bb][et_pb_image src=\u00bbhttps:\/\/www.etxalar.eus\/wp-content\/uploads\/2023\/02\/azkua.jpg\u00bb alt=\u00bbAzkua\u00bb title_text=\u00bbazkua\u00bb force_fullwidth=\u00bbon\u00bb admin_label=\u00bbImagen de la comida\u00bb _builder_version=\u00bb4.27.4&#8243; _module_preset=\u00bbdefault\u00bb custom_margin=\u00bb||18px|||\u00bb global_colors_info=\u00bb{}\u00bb filter_brightness__hover_enabled=\u00bbon|desktop\u00bb filter_brightness__hover=\u00bb100%\u00bb background_color__hover=\u00bb#FFFFFF\u00bb background__hover_enabled=\u00bbon|hover\u00bb background_enable_color__hover=\u00bbon\u00bb][\/et_pb_image][et_pb_blurb image=\u00bbhttps:\/\/www.etxalar.eus\/wp-content\/uploads\/2025\/03\/PR.jpg\u00bb icon_placement=\u00bbleft\u00bb image_icon_width=\u00bb33px\u00bb admin_label=\u00bbLista 1&#8243; _builder_version=\u00bb4.27.4&#8243; _module_preset=\u00bbdefault\u00bb body_font=\u00bb&#8211;et_global_body_font|700|||||||\u00bb body_text_color=\u00bb#000000&#8243; body_line_height=\u00bb2em\u00bb background_color=\u00bbRGBA(255,255,255,0)\u00bb custom_margin=\u00bb5px|20px|5px|20px|false|false\u00bb custom_padding=\u00bb5px|20px|5px|20px|false|true\u00bb global_colors_info=\u00bb{%22gcid-secondary-color%22:%91%22icon_color%22,%22icon_color%22%93}\u00bb]<\/p>\n<p>PR-NA 12<\/p>\n<p>[\/et_pb_blurb][et_pb_text _builder_version=\u00bb4.27.4&#8243; _module_preset=\u00bbdefault\u00bb custom_margin=\u00bb||||false|false\u00bb custom_padding=\u00bb|20px||20px|false|false\u00bb global_colors_info=\u00bb{}\u00bb]<\/p>\n<p>Recorrido por los alrededores del pueblo de Etxalar. Permite conocer algunos de los lugares que rodean el pueblo, combinando naturaleza y patrimonio. Este recorrido, que parte de la plaza del pueblo, permite conocer el pueblo y el patrimonio arquitect\u00f3nico, hist\u00f3rico y natural de la zona. Entre ellos se encuentran el molino de arriba, el puente de Argarata, la ermita y el puente de Santa Cruz, el molino del centro y el v\u00eda crucis. El recorrido no tiene demasiadas dificultades y es c\u00f3modo para hacerlo con la familia.     <\/p>\n<p>[\/et_pb_text][et_pb_text admin_label=\u00bbTexto de oferta\u00bb _builder_version=\u00bb4.27.4&#8243; _module_preset=\u00bbdefault\u00bb text_font=\u00bbMontserrat|700||on|||||\u00bb text_text_color=\u00bb#FFFFFF\u00bb text_font_size=\u00bb18px\u00bb text_letter_spacing=\u00bb1px\u00bb header_text_color=\u00bb#FFFFFF\u00bb header_2_text_color=\u00bb#000000&#8243; header_3_text_color=\u00bb#000000&#8243; header_4_text_color=\u00bb#000000&#8243; header_5_text_color=\u00bb#000000&#8243; header_6_text_color=\u00bb#000000&#8243; background_color=\u00bb#f27d00&#8243; positioning=\u00bbabsolute\u00bb text_orientation=\u00bbcenter\u00bb width=\u00bb100%\u00bb custom_padding=\u00bb10px|5px|10px|5px|true|true\u00bb border_radii=\u00bboff||||\u00bb global_colors_info=\u00bb{}\u00bb background__hover_enabled=\u00bbon|hover\u00bb background_color__hover=\u00bb#f27d00&#8243; background_enable_color__hover=\u00bbon\u00bb]<\/p>\n<p><strong>azkua<br \/><\/strong><\/p>\n<p>[\/et_pb_text][et_pb_image src=\u00bbhttps:\/\/www.etxalar.eus\/wp-content\/uploads\/2025\/03\/Azkua.jpg\u00bb title_text=\u00bbAzkua\u00bb _builder_version=\u00bb4.27.4&#8243; _module_preset=\u00bbdefault\u00bb custom_margin=\u00bb|20px||20px|false|false\u00bb global_colors_info=\u00bb{}\u00bb][\/et_pb_image][et_pb_blurb use_icon=\u00bbon\u00bb font_icon=\u00bb&#x2c;||divi||400&#8243; icon_color=\u00bbgcid-secondary-color\u00bb icon_placement=\u00bbleft\u00bb image_icon_width=\u00bb25px\u00bb admin_label=\u00bbLista 1&#8243; _builder_version=\u00bb4.27.4&#8243; _module_preset=\u00bbdefault\u00bb body_font=\u00bb&#8211;et_global_body_font||||||||\u00bb body_text_color=\u00bb#000000&#8243; body_line_height=\u00bb2em\u00bb background_color=\u00bbgcid-63ace26e-ec1a-49a4-96c1-d62eb83c71e6&#8243; custom_margin=\u00bb5px|20px|5px|20px|false|false\u00bb custom_padding=\u00bb5px|20px|5px|20px|false|true\u00bb global_colors_info=\u00bb{%22gcid-secondary-color%22:%91%22icon_color%22%93,%22gcid-63ace26e-ec1a-49a4-96c1-d62eb83c71e6%22:%91%22background_color%22%93}\u00bb]<\/p>\n<p>9.150 m<\/p>\n<p>[\/et_pb_blurb][et_pb_blurb use_icon=\u00bbon\u00bb font_icon=\u00bb&#x2e;||divi||400&#8243; icon_color=\u00bbgcid-secondary-color\u00bb icon_placement=\u00bbleft\u00bb image_icon_width=\u00bb25px\u00bb admin_label=\u00bbLista 1&#8243; _builder_version=\u00bb4.27.4&#8243; _module_preset=\u00bbdefault\u00bb body_font=\u00bb&#8211;et_global_body_font||||||||\u00bb body_text_color=\u00bb#000000&#8243; body_line_height=\u00bb2em\u00bb background_color=\u00bbgcid-63ace26e-ec1a-49a4-96c1-d62eb83c71e6&#8243; custom_margin=\u00bb5px|20px|5px|20px|false|false\u00bb custom_padding=\u00bb5px|20px|5px|20px|false|true\u00bb global_colors_info=\u00bb{%22gcid-secondary-color%22:%91%22icon_color%22,%22icon_color%22,%22icon_color%22,%22icon_color%22%93,%22gcid-63ace26e-ec1a-49a4-96c1-d62eb83c71e6%22:%91%22background_color%22,%22background_color%22,%22background_color%22%93}\u00bb]<\/p>\n<p>685 m<\/p>\n<p>[\/et_pb_blurb][et_pb_blurb use_icon=\u00bbon\u00bb font_icon=\u00bb&#x7d;||divi||400&#8243; icon_color=\u00bbgcid-secondary-color\u00bb icon_placement=\u00bbleft\u00bb image_icon_width=\u00bb25px\u00bb admin_label=\u00bbLista 1&#8243; _builder_version=\u00bb4.27.4&#8243; _module_preset=\u00bbdefault\u00bb body_font=\u00bb&#8211;et_global_body_font||||||||\u00bb body_text_color=\u00bb#000000&#8243; body_line_height=\u00bb2em\u00bb background_color=\u00bbgcid-63ace26e-ec1a-49a4-96c1-d62eb83c71e6&#8243; custom_margin=\u00bb5px|20px|5px|20px|false|false\u00bb custom_padding=\u00bb5px|20px|5px|20px|false|true\u00bb global_colors_info=\u00bb{%22gcid-secondary-color%22:%91%22icon_color%22,%22icon_color%22,%22icon_color%22,%22icon_color%22%93,%22gcid-63ace26e-ec1a-49a4-96c1-d62eb83c71e6%22:%91%22background_color%22,%22background_color%22,%22background_color%22%93}\u00bb]<\/p>\n<p>180 min<\/p>\n<p>[\/et_pb_blurb][et_pb_blurb use_icon=\u00bbon\u00bb font_icon=\u00bb&#xf110;||fa||900&#8243; icon_color=\u00bbgcid-secondary-color\u00bb icon_placement=\u00bbleft\u00bb image_icon_width=\u00bb25px\u00bb admin_label=\u00bbLista 1&#8243; _builder_version=\u00bb4.27.4&#8243; _module_preset=\u00bbdefault\u00bb body_font=\u00bb&#8211;et_global_body_font||||||||\u00bb body_text_color=\u00bb#000000&#8243; body_line_height=\u00bb2em\u00bb background_color=\u00bbgcid-63ace26e-ec1a-49a4-96c1-d62eb83c71e6&#8243; custom_margin=\u00bb5px|20px|5px|20px|false|false\u00bb custom_padding=\u00bb5px|20px|5px|20px|false|true\u00bb global_colors_info=\u00bb{%22gcid-secondary-color%22:%91%22icon_color%22,%22icon_color%22,%22icon_color%22,%22icon_color%22%93,%22gcid-63ace26e-ec1a-49a4-96c1-d62eb83c71e6%22:%91%22background_color%22,%22background_color%22,%22background_color%22%93}\u00bb]<\/p>\n<p>Circular<\/p>\n<p>[\/et_pb_blurb][et_pb_blurb use_icon=\u00bbon\u00bb font_icon=\u00bb&#xe01d;||divi||400&#8243; icon_color=\u00bbgcid-secondary-color\u00bb icon_placement=\u00bbleft\u00bb image_icon_width=\u00bb25px\u00bb admin_label=\u00bbLista 1&#8243; _builder_version=\u00bb4.27.4&#8243; _module_preset=\u00bbdefault\u00bb body_font=\u00bb&#8211;et_global_body_font||||||||\u00bb body_text_color=\u00bb#000000&#8243; body_line_height=\u00bb2em\u00bb background_color=\u00bbgcid-63ace26e-ec1a-49a4-96c1-d62eb83c71e6&#8243; custom_margin=\u00bb5px|20px|5px|20px|false|false\u00bb custom_padding=\u00bb5px|20px|5px|20px|false|true\u00bb global_colors_info=\u00bb{%22gcid-secondary-color%22:%91%22icon_color%22,%22icon_color%22,%22icon_color%22,%22icon_color%22%93,%22gcid-63ace26e-ec1a-49a4-96c1-d62eb83c71e6%22:%91%22background_color%22,%22background_color%22,%22background_color%22%93}\u00bb]<\/p>\n<p>Inicio: Cementerio<\/p>\n<p>[\/et_pb_blurb][et_pb_blurb url=\u00bbhttps:\/\/es.wikiloc.com\/rutas-senderismo\/monte-azkua-2384341&#8243; url_new_window=\u00bbon\u00bb use_icon=\u00bbon\u00bb font_icon=\u00bb&#xf35d;||fa||900&#8243; icon_color=\u00bb#FFFFFF\u00bb icon_placement=\u00bbleft\u00bb image_icon_width=\u00bb25px\u00bb admin_label=\u00bbLista 1&#8243; _builder_version=\u00bb4.27.4&#8243; _module_preset=\u00bbdefault\u00bb header_text_color=\u00bb#FFFFFF\u00bb body_font=\u00bb&#8211;et_global_body_font||||||||\u00bb body_text_color=\u00bb#FFFFFF\u00bb body_line_height=\u00bb2em\u00bb background_color=\u00bbgcid-primary-color\u00bb custom_margin=\u00bb20px|20px|20px|20px|false|false\u00bb custom_padding=\u00bb5px|20px|5px|20px|false|true\u00bb link_option_url=\u00bbhttps:\/\/es.wikiloc.com\/rutas-senderismo\/monte-azkua-2384341&#8243; link_option_url_new_window=\u00bbon\u00bb border_radii=\u00bbon|20px|20px|20px|20px\u00bb global_colors_info=\u00bb{%22gcid-primary-color%22:%91%22background_color%22%93,%22gcid-secondary-color%22:%91%22icon_color%22,%22icon_color%22,%22icon_color%22,%22icon_color%22%93,%22gcid-63ace26e-ec1a-49a4-96c1-d62eb83c71e6%22:%91%22background_color%22,%22background_color%22,%22background_color%22%93}\u00bb]<\/p>\n<p>Ver ruta y mapa en wikiloc<\/p>\n<p>[\/et_pb_blurb][et_pb_text admin_label=\u00bbBoton de compra\u00bb _builder_version=\u00bb4.27.4&#8243; _module_preset=\u00bbdefault\u00bb text_font=\u00bbMontserrat|700||on|||||\u00bb text_text_color=\u00bb#ffffff\u00bb text_font_size=\u00bb13px\u00bb text_letter_spacing=\u00bb1px\u00bb background_color=\u00bb#f27d00&#8243; text_orientation=\u00bbcenter\u00bb custom_margin=\u00bb20px||||false|false\u00bb custom_padding=\u00bb8px||8px||true|false\u00bb link_option_url=\u00bb#\u00bb global_colors_info=\u00bb{}\u00bb background__hover_enabled=\u00bbon|hover\u00bb background_color__hover=\u00bb#010103&#8243; background_enable_color__hover=\u00bbon\u00bb][\/et_pb_text][\/et_pb_column][et_pb_column type=\u00bb1_2&#8243; _builder_version=\u00bb4.27.4&#8243; _module_preset=\u00bbdefault\u00bb border_width_all=\u00bb1px\u00bb box_shadow_style=\u00bbpreset1&#8243; box_shadow_vertical=\u00bb18px\u00bb box_shadow_blur=\u00bb40px\u00bb box_shadow_spread=\u00bb-6px\u00bb box_shadow_color=\u00bbrgba(0,0,0,0.2)\u00bb global_colors_info=\u00bb{}\u00bb][et_pb_image src=\u00bbhttps:\/\/www.etxalar.eus\/wp-content\/uploads\/2025\/03\/Aztarnak_atxuri_gain_inv.jpg\u00bb alt=\u00bbaltxata\u00bb title_text=\u00bbAztarnak_atxuri_gain_inv\u00bb force_fullwidth=\u00bbon\u00bb admin_label=\u00bbImagen de la comida\u00bb _builder_version=\u00bb4.27.4&#8243; _module_preset=\u00bbdefault\u00bb custom_margin=\u00bb||18px|||\u00bb global_colors_info=\u00bb{}\u00bb filter_brightness__hover_enabled=\u00bbon|desktop\u00bb filter_brightness__hover=\u00bb100%\u00bb background_color__hover=\u00bb#FFFFFF\u00bb background__hover_enabled=\u00bbon|hover\u00bb background_enable_color__hover=\u00bbon\u00bb][\/et_pb_image][et_pb_blurb image=\u00bbhttps:\/\/www.etxalar.eus\/wp-content\/uploads\/2025\/03\/PR.jpg\u00bb icon_placement=\u00bbleft\u00bb image_icon_width=\u00bb33px\u00bb admin_label=\u00bbLista 1&#8243; _builder_version=\u00bb4.27.4&#8243; _module_preset=\u00bbdefault\u00bb body_font=\u00bb&#8211;et_global_body_font|700|||||||\u00bb body_text_color=\u00bb#000000&#8243; body_line_height=\u00bb2em\u00bb background_color=\u00bbRGBA(255,255,255,0)\u00bb custom_margin=\u00bb5px|20px|5px|20px|false|false\u00bb custom_padding=\u00bb5px|20px|5px|20px|false|true\u00bb global_colors_info=\u00bb{%22gcid-secondary-color%22:%91%22icon_color%22%93}\u00bb]<\/p>\n<p>PR-NA 15<\/p>\n<p>[\/et_pb_blurb][et_pb_text _builder_version=\u00bb4.27.4&#8243; _module_preset=\u00bbdefault\u00bb custom_margin=\u00bb||||false|false\u00bb custom_padding=\u00bb|20px||20px|false|false\u00bb global_colors_info=\u00bb{}\u00bb]<\/p>\n<p>Una de las rutas m\u00e1s bellas para conocer los montes y alrededores de Etxalar. Este recorrido circular que parte de la plaza del pueblo bordea el arroyo Argarata-Basate. Este recorrido permite conocer Usategieta (Nota: Durante la temporada de caza, octubre y noviembre, se cierra un tramo. Ver recorrido \u00abUstategieta\u00bb S.L. NA 2) y subir al monte Atxuria. Este itinerario tambi\u00e9n permite tomar la conexi\u00f3n de la ruta de los Megalitos de la Centinela para observar los restos megal\u00edticos prehist\u00f3ricos.   <\/p>\n<p>[\/et_pb_text][et_pb_image src=\u00bbhttps:\/\/www.etxalar.eus\/wp-content\/uploads\/2025\/03\/Atxuria.jpg\u00bb title_text=\u00bbAtxuria\u00bb _builder_version=\u00bb4.27.4&#8243; _module_preset=\u00bbdefault\u00bb custom_margin=\u00bb|20px||20px|false|false\u00bb global_colors_info=\u00bb{}\u00bb][\/et_pb_image][et_pb_text admin_label=\u00bbTexto de oferta\u00bb _builder_version=\u00bb4.27.4&#8243; _module_preset=\u00bbdefault\u00bb text_font=\u00bbMontserrat|700||on|||||\u00bb text_text_color=\u00bb#000000&#8243; text_font_size=\u00bb18px\u00bb text_letter_spacing=\u00bb1px\u00bb background_color=\u00bb#f4df22&#8243; positioning=\u00bbabsolute\u00bb text_orientation=\u00bbcenter\u00bb width=\u00bb100%\u00bb custom_padding=\u00bb10px|5px|10px|5px|true|true\u00bb border_radii=\u00bboff||||\u00bb global_colors_info=\u00bb{}\u00bb background__hover_enabled=\u00bbon|hover\u00bb background_color__hover=\u00bb#f4df22&#8243; background_enable_color__hover=\u00bbon\u00bb]<\/p>\n<p><strong>orenbenta-atxuria<br \/><\/strong><\/p>\n<p>[\/et_pb_text][et_pb_blurb use_icon=\u00bbon\u00bb font_icon=\u00bb&#x2c;||divi||400&#8243; icon_color=\u00bbgcid-secondary-color\u00bb icon_placement=\u00bbleft\u00bb image_icon_width=\u00bb25px\u00bb admin_label=\u00bbLista 1&#8243; _builder_version=\u00bb4.27.4&#8243; _module_preset=\u00bbdefault\u00bb body_font=\u00bb&#8211;et_global_body_font||||||||\u00bb body_text_color=\u00bb#000000&#8243; body_line_height=\u00bb2em\u00bb background_color=\u00bbgcid-63ace26e-ec1a-49a4-96c1-d62eb83c71e6&#8243; custom_margin=\u00bb5px|20px|5px|20px|false|false\u00bb custom_padding=\u00bb5px|20px|5px|20px|false|true\u00bb global_colors_info=\u00bb{%22gcid-secondary-color%22:%91%22icon_color%22%93,%22gcid-63ace26e-ec1a-49a4-96c1-d62eb83c71e6%22:%91%22background_color%22%93}\u00bb]<\/p>\n<p>10.800 m<\/p>\n<p>[\/et_pb_blurb][et_pb_blurb use_icon=\u00bbon\u00bb font_icon=\u00bb&#x2e;||divi||400&#8243; icon_color=\u00bbgcid-secondary-color\u00bb icon_placement=\u00bbleft\u00bb image_icon_width=\u00bb25px\u00bb admin_label=\u00bbLista 1&#8243; _builder_version=\u00bb4.27.4&#8243; _module_preset=\u00bbdefault\u00bb body_font=\u00bb&#8211;et_global_body_font||||||||\u00bb body_text_color=\u00bb#000000&#8243; body_line_height=\u00bb2em\u00bb background_color=\u00bbgcid-63ace26e-ec1a-49a4-96c1-d62eb83c71e6&#8243; custom_margin=\u00bb5px|20px|5px|20px|false|false\u00bb custom_padding=\u00bb5px|20px|5px|20px|false|true\u00bb global_colors_info=\u00bb{%22gcid-secondary-color%22:%91%22icon_color%22,%22icon_color%22,%22icon_color%22,%22icon_color%22%93,%22gcid-63ace26e-ec1a-49a4-96c1-d62eb83c71e6%22:%91%22background_color%22,%22background_color%22,%22background_color%22%93}\u00bb]<\/p>\n<p>550 m<\/p>\n<p>[\/et_pb_blurb][et_pb_blurb use_icon=\u00bbon\u00bb font_icon=\u00bb&#x7d;||divi||400&#8243; icon_color=\u00bbgcid-secondary-color\u00bb icon_placement=\u00bbleft\u00bb image_icon_width=\u00bb25px\u00bb admin_label=\u00bbLista 1&#8243; _builder_version=\u00bb4.27.4&#8243; _module_preset=\u00bbdefault\u00bb body_font=\u00bb&#8211;et_global_body_font||||||||\u00bb body_text_color=\u00bb#000000&#8243; body_line_height=\u00bb2em\u00bb background_color=\u00bbgcid-63ace26e-ec1a-49a4-96c1-d62eb83c71e6&#8243; custom_margin=\u00bb5px|20px|5px|20px|false|false\u00bb custom_padding=\u00bb5px|20px|5px|20px|false|true\u00bb global_colors_info=\u00bb{%22gcid-secondary-color%22:%91%22icon_color%22,%22icon_color%22,%22icon_color%22,%22icon_color%22%93,%22gcid-63ace26e-ec1a-49a4-96c1-d62eb83c71e6%22:%91%22background_color%22,%22background_color%22,%22background_color%22%93}\u00bb]<\/p>\n<p>180 min<\/p>\n<p>[\/et_pb_blurb][et_pb_blurb use_icon=\u00bbon\u00bb font_icon=\u00bb&#xf110;||fa||900&#8243; icon_color=\u00bbgcid-secondary-color\u00bb icon_placement=\u00bbleft\u00bb image_icon_width=\u00bb25px\u00bb admin_label=\u00bbLista 1&#8243; _builder_version=\u00bb4.27.4&#8243; _module_preset=\u00bbdefault\u00bb body_font=\u00bb&#8211;et_global_body_font||||||||\u00bb body_text_color=\u00bb#000000&#8243; body_line_height=\u00bb2em\u00bb background_color=\u00bbgcid-63ace26e-ec1a-49a4-96c1-d62eb83c71e6&#8243; custom_margin=\u00bb5px|20px|5px|20px|false|false\u00bb custom_padding=\u00bb5px|20px|5px|20px|false|true\u00bb global_colors_info=\u00bb{%22gcid-secondary-color%22:%91%22icon_color%22,%22icon_color%22,%22icon_color%22,%22icon_color%22%93,%22gcid-63ace26e-ec1a-49a4-96c1-d62eb83c71e6%22:%91%22background_color%22,%22background_color%22,%22background_color%22%93}\u00bb]<\/p>\n<p>Circular<\/p>\n<p>[\/et_pb_blurb][et_pb_blurb use_icon=\u00bbon\u00bb font_icon=\u00bb&#xe01d;||divi||400&#8243; icon_color=\u00bbgcid-secondary-color\u00bb icon_placement=\u00bbleft\u00bb image_icon_width=\u00bb25px\u00bb admin_label=\u00bbLista 1&#8243; _builder_version=\u00bb4.27.4&#8243; _module_preset=\u00bbdefault\u00bb body_font=\u00bb&#8211;et_global_body_font||||||||\u00bb body_text_color=\u00bb#000000&#8243; body_line_height=\u00bb2em\u00bb background_color=\u00bbgcid-63ace26e-ec1a-49a4-96c1-d62eb83c71e6&#8243; custom_margin=\u00bb5px|20px|5px|20px|false|false\u00bb custom_padding=\u00bb5px|20px|5px|20px|false|true\u00bb global_colors_info=\u00bb{%22gcid-secondary-color%22:%91%22icon_color%22,%22icon_color%22,%22icon_color%22,%22icon_color%22%93,%22gcid-63ace26e-ec1a-49a4-96c1-d62eb83c71e6%22:%91%22background_color%22,%22background_color%22,%22background_color%22%93}\u00bb]<\/p>\n<p>Inicio: Barrio Antsolokueta<\/p>\n<p>[\/et_pb_blurb][et_pb_blurb url=\u00bbhttps:\/\/es.wikiloc.com\/rutas-senderismo\/monte-atxuria-2384478&#8243; url_new_window=\u00bbon\u00bb use_icon=\u00bbon\u00bb font_icon=\u00bb&#xf35d;||fa||900&#8243; icon_color=\u00bb#FFFFFF\u00bb icon_placement=\u00bbleft\u00bb image_icon_width=\u00bb25px\u00bb admin_label=\u00bbLista 1&#8243; _builder_version=\u00bb4.27.4&#8243; _module_preset=\u00bbdefault\u00bb header_text_color=\u00bb#FFFFFF\u00bb body_font=\u00bb&#8211;et_global_body_font||||||||\u00bb body_text_color=\u00bb#FFFFFF\u00bb body_line_height=\u00bb2em\u00bb background_color=\u00bbgcid-primary-color\u00bb custom_margin=\u00bb20px|20px|20px|20px|false|false\u00bb custom_padding=\u00bb5px|20px|5px|20px|false|true\u00bb link_option_url=\u00bbhttps:\/\/es.wikiloc.com\/rutas-senderismo\/monte-atxuria-2384478&#8243; link_option_url_new_window=\u00bbon\u00bb border_radii=\u00bbon|20px|20px|20px|20px\u00bb global_colors_info=\u00bb{%22gcid-primary-color%22:%91%22background_color%22%93,%22gcid-secondary-color%22:%91%22icon_color%22,%22icon_color%22,%22icon_color%22,%22icon_color%22%93,%22gcid-63ace26e-ec1a-49a4-96c1-d62eb83c71e6%22:%91%22background_color%22,%22background_color%22,%22background_color%22%93}\u00bb]<\/p>\n<p>Ver ruta y mapa en wikiloc<\/p>\n<p>[\/et_pb_blurb][et_pb_blurb use_icon=\u00bbon\u00bb font_icon=\u00bb&#xf06a;||fa||900&#8243; icon_color=\u00bbgcid-secondary-color\u00bb icon_placement=\u00bbleft\u00bb image_icon_width=\u00bb25px\u00bb admin_label=\u00bbLista 1&#8243; _builder_version=\u00bb4.27.4&#8243; _module_preset=\u00bbdefault\u00bb body_font=\u00bb&#8211;et_global_body_font||||||||\u00bb body_text_color=\u00bb#000000&#8243; body_line_height=\u00bb2em\u00bb background_color=\u00bbRGBA(255,255,255,0)\u00bb custom_margin=\u00bb|20px|5px|20px|false|false\u00bb custom_padding=\u00bb|20px||20px|false|true\u00bb global_colors_info=\u00bb{%22gcid-secondary-color%22:%91%22icon_color%22,%22icon_color%22%93}\u00bb]<\/p>\n<p><em>Un tramo cerrado en temporada de palomas (octubre y noviembre)<br \/><\/em><\/p>\n<p>[\/et_pb_blurb][et_pb_text admin_label=\u00bbBoton de compra\u00bb _builder_version=\u00bb4.27.4&#8243; _module_preset=\u00bbdefault\u00bb text_font=\u00bbMontserrat|700||on|||||\u00bb text_text_color=\u00bb#ffffff\u00bb text_font_size=\u00bb13px\u00bb text_letter_spacing=\u00bb1px\u00bb background_color=\u00bb#f4df22&#8243; text_orientation=\u00bbcenter\u00bb custom_margin=\u00bb20px||||false|false\u00bb custom_padding=\u00bb8px||8px||true|false\u00bb link_option_url=\u00bb#\u00bb global_colors_info=\u00bb{}\u00bb background__hover_enabled=\u00bbon|hover\u00bb background_color__hover=\u00bb#010103&#8243; background_enable_color__hover=\u00bbon\u00bb][\/et_pb_text][\/et_pb_column][\/et_pb_row][et_pb_row column_structure=\u00bb1_2,1_2&#8243; custom_padding_last_edited=\u00bbon|desktop\u00bb module_id=\u00bbkarmen\u00bb _builder_version=\u00bb4.27.4&#8243; _module_preset=\u00bbdefault\u00bb custom_padding=\u00bb|80px||80px|false|false\u00bb custom_padding_tablet=\u00bb|0px||0px|false|false\u00bb custom_padding_phone=\u00bb|0px||0px|false|false\u00bb locked=\u00bboff\u00bb global_colors_info=\u00bb{}\u00bb][et_pb_column type=\u00bb1_2&#8243; _builder_version=\u00bb4.27.4&#8243; _module_preset=\u00bbdefault\u00bb border_width_all=\u00bb1px\u00bb box_shadow_style=\u00bbpreset1&#8243; box_shadow_vertical=\u00bb18px\u00bb box_shadow_blur=\u00bb40px\u00bb box_shadow_spread=\u00bb-6px\u00bb box_shadow_color=\u00bbrgba(0,0,0,0.2)\u00bb global_colors_info=\u00bb{}\u00bb][et_pb_image src=\u00bbhttps:\/\/www.etxalar.eus\/wp-content\/uploads\/2025\/03\/Karmen-Etxalarkoa-Ibilbidea.jpg\u00bb alt=\u00bbAzkua\u00bb title_text=\u00bbKarmen Etxalarkoa-Ibilbidea\u00bb force_fullwidth=\u00bbon\u00bb admin_label=\u00bbImagen de la comida\u00bb _builder_version=\u00bb4.27.4&#8243; _module_preset=\u00bbdefault\u00bb custom_margin=\u00bb||18px|||\u00bb global_colors_info=\u00bb{}\u00bb filter_brightness__hover_enabled=\u00bbon|desktop\u00bb filter_brightness__hover=\u00bb100%\u00bb background_color__hover=\u00bb#FFFFFF\u00bb background__hover_enabled=\u00bbon|hover\u00bb background_enable_color__hover=\u00bbon\u00bb][\/et_pb_image][et_pb_text _builder_version=\u00bb4.27.4&#8243; _module_preset=\u00bbdefault\u00bb custom_margin=\u00bb||||false|false\u00bb custom_padding=\u00bb|20px||20px|false|false\u00bb global_colors_info=\u00bb{}\u00bb]<\/p>\n<p>Recorrido por los alrededores del pueblo de Etxalar. Permite conocer algunos de los lugares que rodean el pueblo, combinando naturaleza y patrimonio. Este recorrido, que parte de la plaza del pueblo, permite conocer el pueblo y el patrimonio arquitect\u00f3nico, hist\u00f3rico y natural de la zona. Entre ellos se encuentran el molino de arriba, el puente de Argarata, la ermita y el puente de Santa Cruz, el molino del centro y el v\u00eda crucis. El recorrido no tiene demasiadas dificultades y es c\u00f3modo para hacerlo con la familia.     <\/p>\n<p>[\/et_pb_text][et_pb_image src=\u00bbhttps:\/\/www.etxalar.eus\/wp-content\/uploads\/2025\/03\/karmen-1.jpg\u00bb title_text=\u00bbkarmen\u00bb _builder_version=\u00bb4.27.4&#8243; _module_preset=\u00bbdefault\u00bb custom_margin=\u00bb|20px||20px|false|false\u00bb locked=\u00bboff\u00bb global_colors_info=\u00bb{}\u00bb][\/et_pb_image][et_pb_text admin_label=\u00bbTexto de oferta\u00bb _builder_version=\u00bb4.27.4&#8243; _module_preset=\u00bbdefault\u00bb text_font=\u00bbMontserrat|700||on|||||\u00bb text_text_color=\u00bb#FFFFFF\u00bb text_font_size=\u00bb18px\u00bb text_letter_spacing=\u00bb1px\u00bb header_text_color=\u00bb#FFFFFF\u00bb header_2_text_color=\u00bb#000000&#8243; header_3_text_color=\u00bb#000000&#8243; header_4_text_color=\u00bb#000000&#8243; header_5_text_color=\u00bb#000000&#8243; header_6_text_color=\u00bb#000000&#8243; background_color=\u00bb#af0040&#8243; positioning=\u00bbabsolute\u00bb text_orientation=\u00bbcenter\u00bb width=\u00bb100%\u00bb custom_padding=\u00bb10px|5px|10px|5px|true|true\u00bb border_radii=\u00bboff||||\u00bb global_colors_info=\u00bb{}\u00bb background__hover_enabled=\u00bbon|hover\u00bb background_color__hover=\u00bb#af0040&#8243; background_enable_color__hover=\u00bbon\u00bb]<\/p>\n<p><strong>Karmen Etxalarkoa<br \/><\/strong><\/p>\n<p>[\/et_pb_text][et_pb_blurb use_icon=\u00bbon\u00bb font_icon=\u00bb&#x2c;||divi||400&#8243; icon_color=\u00bbgcid-secondary-color\u00bb icon_placement=\u00bbleft\u00bb image_icon_width=\u00bb25px\u00bb admin_label=\u00bbLista 1&#8243; _builder_version=\u00bb4.27.4&#8243; _module_preset=\u00bbdefault\u00bb body_font=\u00bb&#8211;et_global_body_font||||||||\u00bb body_text_color=\u00bb#000000&#8243; body_line_height=\u00bb2em\u00bb background_color=\u00bbgcid-63ace26e-ec1a-49a4-96c1-d62eb83c71e6&#8243; custom_margin=\u00bb5px|20px|5px|20px|false|false\u00bb custom_padding=\u00bb5px|20px|5px|20px|false|true\u00bb global_colors_info=\u00bb{%22gcid-secondary-color%22:%91%22icon_color%22%93,%22gcid-63ace26e-ec1a-49a4-96c1-d62eb83c71e6%22:%91%22background_color%22%93}\u00bb]<\/p>\n<p>10.200 m<\/p>\n<p>[\/et_pb_blurb][et_pb_blurb use_icon=\u00bbon\u00bb font_icon=\u00bb&#x2e;||divi||400&#8243; icon_color=\u00bbgcid-secondary-color\u00bb icon_placement=\u00bbleft\u00bb image_icon_width=\u00bb25px\u00bb admin_label=\u00bbLista 1&#8243; _builder_version=\u00bb4.27.4&#8243; _module_preset=\u00bbdefault\u00bb body_font=\u00bb&#8211;et_global_body_font||||||||\u00bb body_text_color=\u00bb#000000&#8243; body_line_height=\u00bb2em\u00bb background_color=\u00bbgcid-63ace26e-ec1a-49a4-96c1-d62eb83c71e6&#8243; custom_margin=\u00bb5px|20px|5px|20px|false|false\u00bb custom_padding=\u00bb5px|20px|5px|20px|false|true\u00bb global_colors_info=\u00bb{%22gcid-secondary-color%22:%91%22icon_color%22,%22icon_color%22,%22icon_color%22,%22icon_color%22%93,%22gcid-63ace26e-ec1a-49a4-96c1-d62eb83c71e6%22:%91%22background_color%22,%22background_color%22,%22background_color%22%93}\u00bb]<\/p>\n<p>240 m<\/p>\n<p>[\/et_pb_blurb][et_pb_blurb use_icon=\u00bbon\u00bb font_icon=\u00bb&#x7d;||divi||400&#8243; icon_color=\u00bbgcid-secondary-color\u00bb icon_placement=\u00bbleft\u00bb image_icon_width=\u00bb25px\u00bb admin_label=\u00bbLista 1&#8243; _builder_version=\u00bb4.27.4&#8243; _module_preset=\u00bbdefault\u00bb body_font=\u00bb&#8211;et_global_body_font||||||||\u00bb body_text_color=\u00bb#000000&#8243; body_line_height=\u00bb2em\u00bb background_color=\u00bbgcid-63ace26e-ec1a-49a4-96c1-d62eb83c71e6&#8243; custom_margin=\u00bb5px|20px|5px|20px|false|false\u00bb custom_padding=\u00bb5px|20px|5px|20px|false|true\u00bb global_colors_info=\u00bb{%22gcid-secondary-color%22:%91%22icon_color%22,%22icon_color%22,%22icon_color%22,%22icon_color%22%93,%22gcid-63ace26e-ec1a-49a4-96c1-d62eb83c71e6%22:%91%22background_color%22,%22background_color%22,%22background_color%22%93}\u00bb]<\/p>\n<p>180 min<\/p>\n<p>[\/et_pb_blurb][et_pb_blurb use_icon=\u00bbon\u00bb font_icon=\u00bb&#xf110;||fa||900&#8243; icon_color=\u00bbgcid-secondary-color\u00bb icon_placement=\u00bbleft\u00bb image_icon_width=\u00bb25px\u00bb admin_label=\u00bbLista 1&#8243; _builder_version=\u00bb4.27.4&#8243; _module_preset=\u00bbdefault\u00bb body_font=\u00bb&#8211;et_global_body_font||||||||\u00bb body_text_color=\u00bb#000000&#8243; body_line_height=\u00bb2em\u00bb background_color=\u00bbgcid-63ace26e-ec1a-49a4-96c1-d62eb83c71e6&#8243; custom_margin=\u00bb5px|20px|5px|20px|false|false\u00bb custom_padding=\u00bb5px|20px|5px|20px|false|true\u00bb global_colors_info=\u00bb{%22gcid-secondary-color%22:%91%22icon_color%22,%22icon_color%22,%22icon_color%22,%22icon_color%22%93,%22gcid-63ace26e-ec1a-49a4-96c1-d62eb83c71e6%22:%91%22background_color%22,%22background_color%22,%22background_color%22%93}\u00bb]<\/p>\n<p>Circular<\/p>\n<p>[\/et_pb_blurb][et_pb_blurb use_icon=\u00bbon\u00bb font_icon=\u00bb&#xe01d;||divi||400&#8243; icon_color=\u00bbgcid-secondary-color\u00bb icon_placement=\u00bbleft\u00bb image_icon_width=\u00bb25px\u00bb admin_label=\u00bbLista 1&#8243; _builder_version=\u00bb4.27.4&#8243; _module_preset=\u00bbdefault\u00bb body_font=\u00bb&#8211;et_global_body_font||||||||\u00bb body_text_color=\u00bb#000000&#8243; body_line_height=\u00bb2em\u00bb background_color=\u00bbgcid-63ace26e-ec1a-49a4-96c1-d62eb83c71e6&#8243; custom_margin=\u00bb5px|20px|5px|20px|false|false\u00bb custom_padding=\u00bb5px|20px|5px|20px|false|true\u00bb global_colors_info=\u00bb{%22gcid-secondary-color%22:%91%22icon_color%22,%22icon_color%22,%22icon_color%22,%22icon_color%22%93,%22gcid-63ace26e-ec1a-49a4-96c1-d62eb83c71e6%22:%91%22background_color%22,%22background_color%22,%22background_color%22%93}\u00bb]<\/p>\n<p>Inicio: Casa de Cultura<\/p>\n<p>[\/et_pb_blurb][et_pb_blurb url=\u00bbhttps:\/\/es.wikiloc.com\/rutas-marcha-nordica\/etxalar-karmen-de-etxalar-canal-93229126&#8243; url_new_window=\u00bbon\u00bb use_icon=\u00bbon\u00bb font_icon=\u00bb&#xf35d;||fa||900&#8243; icon_color=\u00bb#FFFFFF\u00bb icon_placement=\u00bbleft\u00bb image_icon_width=\u00bb25px\u00bb admin_label=\u00bbLista 1&#8243; _builder_version=\u00bb4.27.4&#8243; _module_preset=\u00bbdefault\u00bb header_text_color=\u00bb#FFFFFF\u00bb body_font=\u00bb&#8211;et_global_body_font||||||||\u00bb body_text_color=\u00bb#FFFFFF\u00bb body_line_height=\u00bb2em\u00bb background_color=\u00bbgcid-primary-color\u00bb custom_margin=\u00bb20px|20px|20px|20px|false|false\u00bb custom_padding=\u00bb5px|20px|5px|20px|false|true\u00bb link_option_url=\u00bbhttps:\/\/es.wikiloc.com\/rutas-marcha-nordica\/etxalar-karmen-de-etxalar-canal-93229126&#8243; link_option_url_new_window=\u00bbon\u00bb border_radii=\u00bbon|20px|20px|20px|20px\u00bb global_colors_info=\u00bb{%22gcid-primary-color%22:%91%22background_color%22%93,%22gcid-secondary-color%22:%91%22icon_color%22,%22icon_color%22,%22icon_color%22,%22icon_color%22%93,%22gcid-63ace26e-ec1a-49a4-96c1-d62eb83c71e6%22:%91%22background_color%22,%22background_color%22,%22background_color%22%93}\u00bb]<\/p>\n<p>Ver ruta y mapa en wikiloc<\/p>\n<p>[\/et_pb_blurb][et_pb_text admin_label=\u00bbBoton de compra\u00bb _builder_version=\u00bb4.27.4&#8243; _module_preset=\u00bbdefault\u00bb text_font=\u00bbMontserrat|700||on|||||\u00bb text_text_color=\u00bb#ffffff\u00bb text_font_size=\u00bb13px\u00bb text_letter_spacing=\u00bb1px\u00bb background_color=\u00bb#af0040&#8243; text_orientation=\u00bbcenter\u00bb custom_margin=\u00bb20px||||false|false\u00bb custom_padding=\u00bb8px||8px||true|false\u00bb link_option_url=\u00bb#\u00bb global_colors_info=\u00bb{}\u00bb background__hover_enabled=\u00bbon|hover\u00bb background_color__hover=\u00bb#010103&#8243; background_enable_color__hover=\u00bbon\u00bb][\/et_pb_text][\/et_pb_column][et_pb_column type=\u00bb1_2&#8243; _builder_version=\u00bb4.27.4&#8243; _module_preset=\u00bbdefault\u00bb border_width_all=\u00bb1px\u00bb box_shadow_style=\u00bbpreset1&#8243; box_shadow_vertical=\u00bb18px\u00bb box_shadow_blur=\u00bb40px\u00bb box_shadow_spread=\u00bb-6px\u00bb box_shadow_color=\u00bbrgba(0,0,0,0.2)\u00bb global_colors_info=\u00bb{}\u00bb][et_pb_image src=\u00bbhttps:\/\/www.etxalar.eus\/wp-content\/uploads\/2023\/02\/GR11-GR12-lotura.jpg\u00bb alt=\u00bbaltxata\u00bb title_text=\u00bbenlace-GR11-GR12&#8243; force_fullwidth=\u00bbon\u00bb admin_label=\u00bbImagen de la comida\u00bb _builder_version=\u00bb4.27.4&#8243; _module_preset=\u00bbdefault\u00bb custom_margin=\u00bb||18px|||\u00bb global_colors_info=\u00bb{}\u00bb filter_brightness__hover_enabled=\u00bbon|desktop\u00bb filter_brightness__hover=\u00bb100%\u00bb background_color__hover=\u00bb#FFFFFF\u00bb background__hover_enabled=\u00bbon|hover\u00bb background_enable_color__hover=\u00bbon\u00bb][\/et_pb_image][et_pb_blurb image=\u00bbhttps:\/\/www.etxalar.eus\/wp-content\/uploads\/2025\/03\/GR.jpg\u00bb icon_placement=\u00bbleft\u00bb image_icon_width=\u00bb33px\u00bb admin_label=\u00bbLista 1&#8243; _builder_version=\u00bb4.27.4&#8243; _module_preset=\u00bbdefault\u00bb body_font=\u00bb&#8211;et_global_body_font|700|||||||\u00bb body_text_color=\u00bb#000000&#8243; body_line_height=\u00bb2em\u00bb background_color=\u00bbRGBA(255,255,255,0)\u00bb custom_margin=\u00bb5px|20px|5px|20px|false|false\u00bb custom_padding=\u00bb5px|20px|5px|20px|false|true\u00bb global_colors_info=\u00bb{%22gcid-secondary-color%22:%91%22icon_color%22%93}\u00bb]<\/p>\n<p>Rutas GR<\/p>\n<p>[\/et_pb_blurb][et_pb_text _builder_version=\u00bb4.27.4&#8243; _module_preset=\u00bbdefault\u00bb custom_margin=\u00bb||||false|false\u00bb custom_padding=\u00bb|20px||20px|false|false\u00bb global_colors_info=\u00bb{}\u00bb]<\/p>\n<p>Este itinerario enlaza los recorridos GR11 y GR12. Se puede hacer en dos sentidos, bien partiendo del alto de Asketa (GR12) y terminando en el collado de Lakain (GR11), o viceversa partiendo del collado de Lakain, hasta el monte Asketa. El recorrido recorre el pueblo de Etxalar. En direcci\u00f3n a Asketa, la subida al monte Azkua es corta y algo dura. Desde all\u00ed se encuentra una hermosa vista de la comarca del Baztan Bidasoa. La subida al collado de Lakain es de media dificultad. Desde aqu\u00ed las vistas son hacia Etxalar y la costa labortana.      <\/p>\n<p>[\/et_pb_text][et_pb_text admin_label=\u00bbTexto de oferta\u00bb _builder_version=\u00bb4.27.4&#8243; _module_preset=\u00bbdefault\u00bb text_font=\u00bbMontserrat|700||on|||||\u00bb text_text_color=\u00bb#FFFFFF\u00bb text_font_size=\u00bb18px\u00bb text_letter_spacing=\u00bb1px\u00bb background_color=\u00bb#E02B20&#8243; positioning=\u00bbabsolute\u00bb text_orientation=\u00bbcenter\u00bb width=\u00bb100%\u00bb custom_padding=\u00bb10px|5px|10px|5px|true|true\u00bb border_radii=\u00bboff||||\u00bb global_colors_info=\u00bb{}\u00bb background__hover_enabled=\u00bbon|hover\u00bb background_color__hover=\u00bb#e02b20&#8243; background_enable_color__hover=\u00bbon\u00bb]<\/p>\n<p><strong>enlace GR-11 GR-12<br \/><\/strong><\/p>\n<p>[\/et_pb_text][et_pb_blurb use_icon=\u00bbon\u00bb font_icon=\u00bb&#x2c;||divi||400&#8243; icon_color=\u00bbgcid-secondary-color\u00bb icon_placement=\u00bbleft\u00bb image_icon_width=\u00bb25px\u00bb admin_label=\u00bbLista 1&#8243; _builder_version=\u00bb4.27.4&#8243; _module_preset=\u00bbdefault\u00bb body_font=\u00bb&#8211;et_global_body_font||||||||\u00bb body_text_color=\u00bb#000000&#8243; body_line_height=\u00bb2em\u00bb background_color=\u00bbgcid-63ace26e-ec1a-49a4-96c1-d62eb83c71e6&#8243; custom_margin=\u00bb5px|20px|5px|20px|false|false\u00bb custom_padding=\u00bb5px|20px|5px|20px|false|true\u00bb global_colors_info=\u00bb{%22gcid-secondary-color%22:%91%22icon_color%22%93,%22gcid-63ace26e-ec1a-49a4-96c1-d62eb83c71e6%22:%91%22background_color%22%93}\u00bb]<\/p>\n<p>7.500 m<\/p>\n<p>[\/et_pb_blurb][et_pb_blurb use_icon=\u00bbon\u00bb font_icon=\u00bb&#x2e;||divi||400&#8243; icon_color=\u00bbgcid-secondary-color\u00bb icon_placement=\u00bbleft\u00bb image_icon_width=\u00bb25px\u00bb admin_label=\u00bbLista 1&#8243; _builder_version=\u00bb4.27.4&#8243; _module_preset=\u00bbdefault\u00bb body_font=\u00bb&#8211;et_global_body_font||||||||\u00bb body_text_color=\u00bb#000000&#8243; body_line_height=\u00bb2em\u00bb background_color=\u00bbgcid-63ace26e-ec1a-49a4-96c1-d62eb83c71e6&#8243; custom_margin=\u00bb5px|20px|5px|20px|false|false\u00bb custom_padding=\u00bb5px|20px|5px|20px|false|true\u00bb global_colors_info=\u00bb{%22gcid-secondary-color%22:%91%22icon_color%22,%22icon_color%22,%22icon_color%22,%22icon_color%22%93,%22gcid-63ace26e-ec1a-49a4-96c1-d62eb83c71e6%22:%91%22background_color%22,%22background_color%22,%22background_color%22%93}\u00bb]<\/p>\n<p>685 m<\/p>\n<p>[\/et_pb_blurb][et_pb_blurb use_icon=\u00bbon\u00bb font_icon=\u00bb&#x7d;||divi||400&#8243; icon_color=\u00bbgcid-secondary-color\u00bb icon_placement=\u00bbleft\u00bb image_icon_width=\u00bb25px\u00bb admin_label=\u00bbLista 1&#8243; _builder_version=\u00bb4.27.4&#8243; _module_preset=\u00bbdefault\u00bb body_font=\u00bb&#8211;et_global_body_font||||||||\u00bb body_text_color=\u00bb#000000&#8243; body_line_height=\u00bb2em\u00bb background_color=\u00bbgcid-63ace26e-ec1a-49a4-96c1-d62eb83c71e6&#8243; custom_margin=\u00bb5px|20px|5px|20px|false|false\u00bb custom_padding=\u00bb5px|20px|5px|20px|false|true\u00bb global_colors_info=\u00bb{%22gcid-secondary-color%22:%91%22icon_color%22,%22icon_color%22,%22icon_color%22,%22icon_color%22%93,%22gcid-63ace26e-ec1a-49a4-96c1-d62eb83c71e6%22:%91%22background_color%22,%22background_color%22,%22background_color%22%93}\u00bb]<\/p>\n<p>180 min<\/p>\n<p>[\/et_pb_blurb][et_pb_blurb url=\u00bbhttps:\/\/www.wikiloc.com\/hiking-trails\/gr11-etapa-3-bera-elizondo-188068115&#8243; url_new_window=\u00bbon\u00bb use_icon=\u00bbon\u00bb font_icon=\u00bb&#xf35d;||fa||900&#8243; icon_color=\u00bb#FFFFFF\u00bb icon_placement=\u00bbleft\u00bb image_icon_width=\u00bb25px\u00bb admin_label=\u00bbLista 1&#8243; _builder_version=\u00bb4.27.4&#8243; _module_preset=\u00bbdefault\u00bb header_text_color=\u00bb#FFFFFF\u00bb body_font=\u00bb&#8211;et_global_body_font||||||||\u00bb body_text_color=\u00bb#FFFFFF\u00bb body_line_height=\u00bb2em\u00bb background_color=\u00bbgcid-primary-color\u00bb custom_margin=\u00bb20px|20px|20px|20px|false|false\u00bb custom_padding=\u00bb5px|20px|5px|20px|false|true\u00bb link_option_url=\u00bbhttps:\/\/www.wikiloc.com\/hiking-trails\/gr11-etapa-3-bera-elizondo-188068115&#8243; link_option_url_new_window=\u00bbon\u00bb border_radii=\u00bbon|20px|20px|20px|20px\u00bb global_colors_info=\u00bb{%22gcid-primary-color%22:%91%22background_color%22%93,%22gcid-secondary-color%22:%91%22icon_color%22,%22icon_color%22,%22icon_color%22,%22icon_color%22%93,%22gcid-63ace26e-ec1a-49a4-96c1-d62eb83c71e6%22:%91%22background_color%22,%22background_color%22,%22background_color%22%93}\u00bb]<\/p>\n<p>Ver mapa GR-11 en wikiloc<\/p>\n<p>[\/et_pb_blurb][et_pb_text admin_label=\u00bbBoton de compra\u00bb _builder_version=\u00bb4.27.4&#8243; _module_preset=\u00bbdefault\u00bb text_font=\u00bbMontserrat|700||on|||||\u00bb text_text_color=\u00bb#ffffff\u00bb text_font_size=\u00bb13px\u00bb text_letter_spacing=\u00bb1px\u00bb background_color=\u00bb#f4df22&#8243; text_orientation=\u00bbcenter\u00bb custom_margin=\u00bb20px||||false|false\u00bb custom_padding=\u00bb8px||8px||true|false\u00bb link_option_url=\u00bb#\u00bb global_colors_info=\u00bb{}\u00bb background__hover_enabled=\u00bbon|hover\u00bb background_color__hover=\u00bb#010103&#8243; background_enable_color__hover=\u00bbon\u00bb][\/et_pb_text][\/et_pb_column][\/et_pb_row][et_pb_row column_structure=\u00bb1_3,1_3,1_3&#8243; _builder_version=\u00bb4.27.4&#8243; _module_preset=\u00bbdefault\u00bb global_colors_info=\u00bb{}\u00bb][et_pb_column type=\u00bb1_3&#8243; _builder_version=\u00bb4.27.4&#8243; _module_preset=\u00bbdefault\u00bb global_colors_info=\u00bb{}\u00bb][\/et_pb_column][et_pb_column type=\u00bb1_3&#8243; _builder_version=\u00bb4.27.4&#8243; _module_preset=\u00bbdefault\u00bb global_colors_info=\u00bb{}\u00bb][et_pb_blurb title=\u00bbDescargar los senderos del pueblo\u00bb url=\u00bbhttps:\/\/www.etxalar.eus\/wp-content\/uploads\/2025\/03\/Etxalar-Mapa-Mendia-Web.pdf\u00bb url_new_window=\u00bbon\u00bb image=\u00bbhttps:\/\/www.etxalar.eus\/wp-content\/uploads\/2025\/03\/Mendiko-mapa-1.jpg\u00bb _builder_version=\u00bb4.27.4&#8243; _module_preset=\u00bbdefault\u00bb background_color=\u00bbgcid-63ace26e-ec1a-49a4-96c1-d62eb83c71e6&#8243; transform_rotate=\u00bb0deg|0deg|2deg\u00bb custom_padding=\u00bb30px|30px|30px|30px|false|false\u00bb link_option_url=\u00bbhttps:\/\/www.etxalar.eus\/wp-content\/uploads\/2025\/03\/Etxalar-Mapa-Mendia-Web.pdf\u00bb link_option_url_new_window=\u00bbon\u00bb box_shadow_style=\u00bbpreset1&#8243; global_colors_info=\u00bb{%22gcid-63ace26e-ec1a-49a4-96c1-d62eb83c71e6%22:%91%22background_color%22%93}\u00bb][\/et_pb_blurb][\/et_pb_column][et_pb_column type=\u00bb1_3&#8243; _builder_version=\u00bb4.27.4&#8243; _module_preset=\u00bbdefault\u00bb global_colors_info=\u00bb{}\u00bb][\/et_pb_column][\/et_pb_row][et_pb_row _builder_version=\u00bb4.27.4&#8243; _module_preset=\u00bbdefault\u00bb global_colors_info=\u00bb{}\u00bb][et_pb_column type=\u00bb4_4&#8243; _builder_version=\u00bb4.27.4&#8243; _module_preset=\u00bbdefault\u00bb global_colors_info=\u00bb{}\u00bb][et_pb_divider _builder_version=\u00bb4.27.4&#8243; _module_preset=\u00bbdefault\u00bb global_colors_info=\u00bb{}\u00bb][\/et_pb_divider][\/et_pb_column][\/et_pb_row][et_pb_row module_id=\u00bbbtt\u00bb _builder_version=\u00bb4.27.4&#8243; _module_preset=\u00bbdefault\u00bb global_colors_info=\u00bb{}\u00bb][et_pb_column type=\u00bb4_4&#8243; _builder_version=\u00bb4.27.4&#8243; _module_preset=\u00bbdefault\u00bb global_colors_info=\u00bb{}\u00bb][et_pb_text _builder_version=\u00bb4.27.4&#8243; _module_preset=\u00bbdefault\u00bb header_3_text_color=\u00bbgcid-primary-color\u00bb global_colors_info=\u00bb{%22gcid-primary-color%22:%91%22header_3_text_color%22%93}\u00bb]<\/p>\n<h3>Rutas BTT<\/h3>\n<p>[\/et_pb_text][\/et_pb_column][\/et_pb_row][et_pb_row column_structure=\u00bb3_5,2_5&#8243; _builder_version=\u00bb4.27.4&#8243; _module_preset=\u00bbdefault\u00bb border_color_bottom=\u00bbgcid-primary-color\u00bb locked=\u00bboff\u00bb global_colors_info=\u00bb{%22gcid-primary-color%22:%91%22border_color_bottom%22%93}\u00bb][et_pb_column type=\u00bb3_5&#8243; _builder_version=\u00bb4.27.4&#8243; _module_preset=\u00bbdefault\u00bb global_colors_info=\u00bb{}\u00bb][et_pb_text _builder_version=\u00bb4.27.4&#8243; _module_preset=\u00bbdefault\u00bb header_4_text_color=\u00bbgcid-primary-color\u00bb header_5_text_color=\u00bbgcid-primary-color\u00bb header_5_line_height=\u00bb1.8em\u00bb global_colors_info=\u00bb{%22gcid-primary-color%22:%91%22header_4_text_color%22,%22header_5_text_color%22%93}\u00bb]<\/p>\n<h5><\/h5>\n<h5><\/h5>\n<h5>En este apartado se ofrecen algunas rutas BTT para recorrer Etxalar y localidades cercanas.<\/h5>\n<p>En general son itinerarios de media dificultad que requieren un m\u00ednimo nivel f\u00edsico<\/p>\n<p>Estos ofrecen la posibilidad de conocer algunos de los rincones y lugares que se encuentran en el mismo Etxalar y en los pueblos de alrededor.<\/p>\n<p>Al mismo tiempo se han incluido las dos \u00faltimas etapas de la marcha \u00abTranspirenaica\u00bb, con final y salida en Etxalar.<\/p>\n<p>[\/et_pb_text][\/et_pb_column][et_pb_column type=\u00bb2_5&#8243; _builder_version=\u00bb4.27.4&#8243; _module_preset=\u00bbdefault\u00bb global_colors_info=\u00bb{}\u00bb][et_pb_image src=\u00bbhttps:\/\/www.etxalar.eus\/wp-content\/uploads\/2023\/02\/btt_ibil_sar-1.jpg\u00bb title_text=\u00bbbtt_ibil_sar\u00bb _builder_version=\u00bb4.27.4&#8243; _module_preset=\u00bbdefault\u00bb global_colors_info=\u00bb{}\u00bb][\/et_pb_image][\/et_pb_column][\/et_pb_row][et_pb_row column_structure=\u00bb1_2,1_2&#8243; custom_padding_last_edited=\u00bbon|desktop\u00bb _builder_version=\u00bb4.27.4&#8243; _module_preset=\u00bbdefault\u00bb custom_padding=\u00bb|80px||80px|false|false\u00bb custom_padding_tablet=\u00bb|0px||0px|false|false\u00bb custom_padding_phone=\u00bb|0px||0px|false|false\u00bb locked=\u00bboff\u00bb global_colors_info=\u00bb{}\u00bb][et_pb_column type=\u00bb1_2&#8243; _builder_version=\u00bb4.27.4&#8243; _module_preset=\u00bbdefault\u00bb border_width_all=\u00bb1px\u00bb box_shadow_style=\u00bbpreset1&#8243; box_shadow_vertical=\u00bb18px\u00bb box_shadow_blur=\u00bb40px\u00bb box_shadow_spread=\u00bb-6px\u00bb box_shadow_color=\u00bbrgba(0,0,0,0.2)\u00bb global_colors_info=\u00bb{}\u00bb][et_pb_image src=\u00bbhttps:\/\/www.etxalar.eus\/wp-content\/uploads\/2025\/03\/Azkua-mendiko-gaina.jpg\u00bb alt=\u00bbaltxata\u00bb title_text=\u00bbCima monte Azkua\u00bb force_fullwidth=\u00bbon\u00bb admin_label=\u00bbImagen de la comida\u00bb _builder_version=\u00bb4.27.4&#8243; _module_preset=\u00bbdefault\u00bb custom_margin=\u00bb||18px|||\u00bb global_colors_info=\u00bb{}\u00bb filter_brightness__hover_enabled=\u00bbon|desktop\u00bb filter_brightness__hover=\u00bb100%\u00bb background_color__hover=\u00bb#FFFFFF\u00bb background__hover_enabled=\u00bbon|hover\u00bb background_enable_color__hover=\u00bbon\u00bb][\/et_pb_image][et_pb_text _builder_version=\u00bb4.27.4&#8243; _module_preset=\u00bbdefault\u00bb custom_margin=\u00bb||||false|false\u00bb custom_padding=\u00bb|20px||20px|false|false\u00bb global_colors_info=\u00bb{}\u00bb]<\/p>\n<p>Fuerte inicio desde el barrio de Lurrizti-eder (Asfalto-cemento). Preciosa vista desde el monte Mendikarri\/Ibantelli. <\/p>\n<p>[\/et_pb_text][et_pb_text admin_label=\u00bbTexto de oferta\u00bb _builder_version=\u00bb4.27.4&#8243; _module_preset=\u00bbdefault\u00bb text_font=\u00bbMontserrat|700||on|||||\u00bb text_text_color=\u00bb#ffffff\u00bb text_font_size=\u00bb18px\u00bb text_letter_spacing=\u00bb1px\u00bb background_color=\u00bb#7aaf18&#8243; positioning=\u00bbabsolute\u00bb text_orientation=\u00bbcenter\u00bb width=\u00bb100%\u00bb custom_padding=\u00bb10px|5px|10px|5px|true|true\u00bb border_radii=\u00bboff||||\u00bb global_colors_info=\u00bb{}\u00bb background__hover_enabled=\u00bbon|hover\u00bb background_color__hover=\u00bb#7aaf18&#8243; background_enable_color__hover=\u00bbon\u00bb]<\/p>\n<p><strong>Etxalar &#8211; Mendikarri\/Ibantelli &#8211; Perukingo Borda &#8211; Etxalar<\/strong><\/p>\n<p>[\/et_pb_text][et_pb_blurb use_icon=\u00bbon\u00bb font_icon=\u00bb&#x2c;||divi||400&#8243; icon_color=\u00bbgcid-secondary-color\u00bb icon_placement=\u00bbleft\u00bb image_icon_width=\u00bb25px\u00bb admin_label=\u00bbLista 1&#8243; _builder_version=\u00bb4.27.4&#8243; _module_preset=\u00bbdefault\u00bb body_font=\u00bb&#8211;et_global_body_font||||||||\u00bb body_text_color=\u00bb#000000&#8243; body_line_height=\u00bb2em\u00bb background_color=\u00bbgcid-63ace26e-ec1a-49a4-96c1-d62eb83c71e6&#8243; custom_margin=\u00bb5px|20px|5px|20px|false|false\u00bb custom_padding=\u00bb5px|20px|5px|20px|false|true\u00bb global_colors_info=\u00bb{%22gcid-secondary-color%22:%91%22icon_color%22%93,%22gcid-63ace26e-ec1a-49a4-96c1-d62eb83c71e6%22:%91%22background_color%22%93}\u00bb]<\/p>\n<p>25.300 m<\/p>\n<p>[\/et_pb_blurb][et_pb_blurb use_icon=\u00bbon\u00bb font_icon=\u00bb&#x2e;||divi||400&#8243; icon_color=\u00bbgcid-secondary-color\u00bb icon_placement=\u00bbleft\u00bb image_icon_width=\u00bb25px\u00bb admin_label=\u00bbLista 1&#8243; _builder_version=\u00bb4.27.4&#8243; _module_preset=\u00bbdefault\u00bb body_font=\u00bb&#8211;et_global_body_font||||||||\u00bb body_text_color=\u00bb#000000&#8243; body_line_height=\u00bb2em\u00bb background_color=\u00bbgcid-63ace26e-ec1a-49a4-96c1-d62eb83c71e6&#8243; custom_margin=\u00bb5px|20px|5px|20px|false|false\u00bb custom_padding=\u00bb5px|20px|5px|20px|false|true\u00bb global_colors_info=\u00bb{%22gcid-secondary-color%22:%91%22icon_color%22,%22icon_color%22,%22icon_color%22,%22icon_color%22%93,%22gcid-63ace26e-ec1a-49a4-96c1-d62eb83c71e6%22:%91%22background_color%22,%22background_color%22,%22background_color%22%93}\u00bb]<\/p>\n<p>957 m<\/p>\n<p>[\/et_pb_blurb][et_pb_blurb use_icon=\u00bbon\u00bb font_icon=\u00bb&#xf110;||fa||900&#8243; icon_color=\u00bbgcid-secondary-color\u00bb icon_placement=\u00bbleft\u00bb image_icon_width=\u00bb25px\u00bb admin_label=\u00bbLista 1&#8243; _builder_version=\u00bb4.27.4&#8243; _module_preset=\u00bbdefault\u00bb body_font=\u00bb&#8211;et_global_body_font||||||||\u00bb body_text_color=\u00bb#000000&#8243; body_line_height=\u00bb2em\u00bb background_color=\u00bbgcid-63ace26e-ec1a-49a4-96c1-d62eb83c71e6&#8243; custom_margin=\u00bb5px|20px|5px|20px|false|false\u00bb custom_padding=\u00bb5px|20px|5px|20px|false|true\u00bb global_colors_info=\u00bb{%22gcid-secondary-color%22:%91%22icon_color%22,%22icon_color%22,%22icon_color%22,%22icon_color%22%93,%22gcid-63ace26e-ec1a-49a4-96c1-d62eb83c71e6%22:%91%22background_color%22,%22background_color%22,%22background_color%22%93}\u00bb]<\/p>\n<p>Circular<\/p>\n<p>[\/et_pb_blurb][et_pb_blurb use_icon=\u00bbon\u00bb font_icon=\u00bb&#xe005;||fa||900&#8243; icon_color=\u00bbgcid-secondary-color\u00bb icon_placement=\u00bbleft\u00bb image_icon_width=\u00bb25px\u00bb admin_label=\u00bbLista 1&#8243; _builder_version=\u00bb4.27.4&#8243; _module_preset=\u00bbdefault\u00bb body_font=\u00bb&#8211;et_global_body_font||||||||\u00bb body_text_color=\u00bb#000000&#8243; body_line_height=\u00bb2em\u00bb background_color=\u00bbgcid-63ace26e-ec1a-49a4-96c1-d62eb83c71e6&#8243; custom_margin=\u00bb5px|20px|5px|20px|false|false\u00bb custom_padding=\u00bb5px|20px|5px|20px|false|true\u00bb global_colors_info=\u00bb{%22gcid-secondary-color%22:%91%22icon_color%22,%22icon_color%22,%22icon_color%22,%22icon_color%22%93,%22gcid-63ace26e-ec1a-49a4-96c1-d62eb83c71e6%22:%91%22background_color%22,%22background_color%22,%22background_color%22%93}\u00bb]<\/p>\n<p><em>Miakako gaina (2,2km)<\/em><\/p>\n<p>[\/et_pb_blurb][et_pb_blurb use_icon=\u00bbon\u00bb font_icon=\u00bb&#xe01d;||divi||400&#8243; icon_color=\u00bbgcid-secondary-color\u00bb icon_placement=\u00bbleft\u00bb image_icon_width=\u00bb25px\u00bb admin_label=\u00bbLista 1&#8243; _builder_version=\u00bb4.27.4&#8243; _module_preset=\u00bbdefault\u00bb body_font=\u00bb&#8211;et_global_body_font||||||||\u00bb body_text_color=\u00bb#000000&#8243; body_line_height=\u00bb2em\u00bb background_color=\u00bbgcid-63ace26e-ec1a-49a4-96c1-d62eb83c71e6&#8243; custom_margin=\u00bb5px|20px|5px|20px|false|false\u00bb custom_padding=\u00bb5px|20px|5px|20px|false|true\u00bb global_colors_info=\u00bb{%22gcid-secondary-color%22:%91%22icon_color%22,%22icon_color%22,%22icon_color%22,%22icon_color%22%93,%22gcid-63ace26e-ec1a-49a4-96c1-d62eb83c71e6%22:%91%22background_color%22,%22background_color%22,%22background_color%22%93}\u00bb]<\/p>\n<p>Inicio: Parking de la entrada al pueblo<\/p>\n<p>[\/et_pb_blurb][et_pb_blurb url=\u00bbhttps:\/\/es.wikiloc.com\/rutas-a-pie\/argarata-santa-krutz-2384456v\u00bb url_new_window=\u00bbon\u00bb use_icon=\u00bbon\u00bb font_icon=\u00bb&#xf35d;||fa||900&#8243; icon_color=\u00bb#FFFFFF\u00bb icon_placement=\u00bbleft\u00bb image_icon_width=\u00bb25px\u00bb admin_label=\u00bbLista 1&#8243; _builder_version=\u00bb4.27.4&#8243; _module_preset=\u00bbdefault\u00bb header_text_color=\u00bb#FFFFFF\u00bb body_font=\u00bb&#8211;et_global_body_font||||||||\u00bb body_text_color=\u00bb#FFFFFF\u00bb body_line_height=\u00bb2em\u00bb background_color=\u00bb#34a016&#8243; custom_margin=\u00bb20px|20px|20px|20px|false|false\u00bb custom_padding=\u00bb5px|20px|5px|20px|false|true\u00bb link_option_url=\u00bbhttps:\/\/es.wikiloc.com\/rutas-a-pie\/argarata-santa-krutz-2384456&#8243; link_option_url_new_window=\u00bbon\u00bb border_radii=\u00bbon|20px|20px|20px|20px\u00bb global_colors_info=\u00bb{}\u00bb]<\/p>\n<p>Ver ruta y mapa en wikiloc<\/p>\n<p>[\/et_pb_blurb][et_pb_text admin_label=\u00bbBoton de compra\u00bb _builder_version=\u00bb4.27.4&#8243; _module_preset=\u00bbdefault\u00bb text_font=\u00bbMontserrat|700||on|||||\u00bb text_text_color=\u00bb#ffffff\u00bb text_font_size=\u00bb13px\u00bb text_letter_spacing=\u00bb1px\u00bb background_color=\u00bb#1fa515&#8243; text_orientation=\u00bbcenter\u00bb custom_margin=\u00bb20px||||false|false\u00bb custom_padding=\u00bb8px||8px||true|false\u00bb link_option_url=\u00bb#\u00bb global_colors_info=\u00bb{}\u00bb background__hover_enabled=\u00bbon|hover\u00bb background_color__hover=\u00bb#010103&#8243; background_enable_color__hover=\u00bbon\u00bb][\/et_pb_text][\/et_pb_column][et_pb_column type=\u00bb1_2&#8243; _builder_version=\u00bb4.27.4&#8243; _module_preset=\u00bbdefault\u00bb border_width_all=\u00bb1px\u00bb box_shadow_style=\u00bbpreset1&#8243; box_shadow_vertical=\u00bb18px\u00bb box_shadow_blur=\u00bb40px\u00bb box_shadow_spread=\u00bb-6px\u00bb box_shadow_color=\u00bbrgba(0,0,0,0.2)\u00bb global_colors_info=\u00bb{}\u00bb][et_pb_image src=\u00bbhttps:\/\/www.etxalar.eus\/wp-content\/uploads\/2025\/03\/INFERNUKO-BTT.jpg\u00bb alt=\u00bbaltxata\u00bb title_text=\u00bbINFERNUKO BTT\u00bb force_fullwidth=\u00bbon\u00bb admin_label=\u00bbImagen de la comida\u00bb _builder_version=\u00bb4.27.4&#8243; _module_preset=\u00bbdefault\u00bb custom_margin=\u00bb||18px|||\u00bb global_colors_info=\u00bb{}\u00bb filter_brightness__hover_enabled=\u00bbon|desktop\u00bb filter_brightness__hover=\u00bb100%\u00bb background_color__hover=\u00bb#FFFFFF\u00bb background__hover_enabled=\u00bbon|hover\u00bb background_enable_color__hover=\u00bbon\u00bb][\/et_pb_image][et_pb_text _builder_version=\u00bb4.27.4&#8243; _module_preset=\u00bbdefault\u00bb custom_margin=\u00bb||||false|false\u00bb custom_padding=\u00bb|20px||20px|false|false\u00bb global_colors_info=\u00bb{}\u00bb]<\/p>\n<p>Inicio exigente por el barrio Lurrizti-ederra (Asfalto-Cemento). 18. Coincide con la ruta del molino del infierno<\/p>\n<p>[\/et_pb_text][et_pb_text admin_label=\u00bbTexto de oferta\u00bb _builder_version=\u00bb4.27.4&#8243; _module_preset=\u00bbdefault\u00bb text_font=\u00bbMontserrat|700||on|||||\u00bb text_text_color=\u00bb#ffffff\u00bb text_font_size=\u00bb18px\u00bb text_letter_spacing=\u00bb1px\u00bb background_color=\u00bb#7aaf18&#8243; positioning=\u00bbabsolute\u00bb text_orientation=\u00bbcenter\u00bb width=\u00bb100%\u00bb custom_padding=\u00bb10px|5px|10px|5px|true|true\u00bb border_radii=\u00bboff||||\u00bb global_colors_info=\u00bb{}\u00bb background_color__hover=\u00bb#7aaf18&#8243; background_enable_color__hover=\u00bbon\u00bb background__hover_enabled=\u00bbon|hover\u00bb]<\/p>\n<p><strong>Etxalar &#8211; Usategiak &#8211; Irazako &#8211; Utsuamiatsa &#8211; Etxalar<\/strong><\/p>\n<p>[\/et_pb_text][et_pb_blurb use_icon=\u00bbon\u00bb font_icon=\u00bb&#x2c;||divi||400&#8243; icon_color=\u00bbgcid-secondary-color\u00bb icon_placement=\u00bbleft\u00bb image_icon_width=\u00bb25px\u00bb admin_label=\u00bbLista 1&#8243; _builder_version=\u00bb4.27.4&#8243; _module_preset=\u00bbdefault\u00bb body_font=\u00bb&#8211;et_global_body_font||||||||\u00bb body_text_color=\u00bb#000000&#8243; body_line_height=\u00bb2em\u00bb background_color=\u00bbgcid-63ace26e-ec1a-49a4-96c1-d62eb83c71e6&#8243; custom_margin=\u00bb5px|20px|5px|20px|false|false\u00bb custom_padding=\u00bb5px|20px|5px|20px|false|true\u00bb global_colors_info=\u00bb{%22gcid-secondary-color%22:%91%22icon_color%22%93,%22gcid-63ace26e-ec1a-49a4-96c1-d62eb83c71e6%22:%91%22background_color%22%93}\u00bb]<\/p>\n<p>25.900 m<\/p>\n<p>[\/et_pb_blurb][et_pb_blurb use_icon=\u00bbon\u00bb font_icon=\u00bb&#x2e;||divi||400&#8243; icon_color=\u00bbgcid-secondary-color\u00bb icon_placement=\u00bbleft\u00bb image_icon_width=\u00bb25px\u00bb admin_label=\u00bbLista 1&#8243; _builder_version=\u00bb4.27.4&#8243; _module_preset=\u00bbdefault\u00bb body_font=\u00bb&#8211;et_global_body_font||||||||\u00bb body_text_color=\u00bb#000000&#8243; body_line_height=\u00bb2em\u00bb background_color=\u00bbgcid-63ace26e-ec1a-49a4-96c1-d62eb83c71e6&#8243; custom_margin=\u00bb5px|20px|5px|20px|false|false\u00bb custom_padding=\u00bb5px|20px|5px|20px|false|true\u00bb global_colors_info=\u00bb{%22gcid-secondary-color%22:%91%22icon_color%22,%22icon_color%22,%22icon_color%22,%22icon_color%22%93,%22gcid-63ace26e-ec1a-49a4-96c1-d62eb83c71e6%22:%91%22background_color%22,%22background_color%22,%22background_color%22%93}\u00bb]<\/p>\n<p>805 m<\/p>\n<p>[\/et_pb_blurb][et_pb_blurb use_icon=\u00bbon\u00bb font_icon=\u00bb&#xf110;||fa||900&#8243; icon_color=\u00bbgcid-secondary-color\u00bb icon_placement=\u00bbleft\u00bb image_icon_width=\u00bb25px\u00bb admin_label=\u00bbLista 1&#8243; _builder_version=\u00bb4.27.4&#8243; _module_preset=\u00bbdefault\u00bb body_font=\u00bb&#8211;et_global_body_font||||||||\u00bb body_text_color=\u00bb#000000&#8243; body_line_height=\u00bb2em\u00bb background_color=\u00bbgcid-63ace26e-ec1a-49a4-96c1-d62eb83c71e6&#8243; custom_margin=\u00bb5px|20px|5px|20px|false|false\u00bb custom_padding=\u00bb5px|20px|5px|20px|false|true\u00bb global_colors_info=\u00bb{%22gcid-secondary-color%22:%91%22icon_color%22,%22icon_color%22,%22icon_color%22,%22icon_color%22%93,%22gcid-63ace26e-ec1a-49a4-96c1-d62eb83c71e6%22:%91%22background_color%22,%22background_color%22,%22background_color%22%93}\u00bb]<\/p>\n<p>Circular<\/p>\n<p>[\/et_pb_blurb][et_pb_blurb use_icon=\u00bbon\u00bb font_icon=\u00bb&#xe01d;||divi||400&#8243; icon_color=\u00bbgcid-secondary-color\u00bb icon_placement=\u00bbleft\u00bb image_icon_width=\u00bb25px\u00bb admin_label=\u00bbLista 1&#8243; _builder_version=\u00bb4.27.4&#8243; _module_preset=\u00bbdefault\u00bb body_font=\u00bb&#8211;et_global_body_font||||||||\u00bb body_text_color=\u00bb#000000&#8243; body_line_height=\u00bb2em\u00bb background_color=\u00bbgcid-63ace26e-ec1a-49a4-96c1-d62eb83c71e6&#8243; custom_margin=\u00bb5px|20px|5px|20px|false|false\u00bb custom_padding=\u00bb5px|20px|5px|20px|false|true\u00bb global_colors_info=\u00bb{%22gcid-secondary-color%22:%91%22icon_color%22,%22icon_color%22,%22icon_color%22,%22icon_color%22%93,%22gcid-63ace26e-ec1a-49a4-96c1-d62eb83c71e6%22:%91%22background_color%22,%22background_color%22,%22background_color%22%93}\u00bb]<\/p>\n<p>Inicio: Parking de la entrada al pueblo<\/p>\n<p>[\/et_pb_blurb][et_pb_blurb url=\u00bbhttps:\/\/eu.wikiloc.com\/ibilbide-mountain-bike\/etxalar-usategiak-irazako-urtsuamiatsa-orizki-etxalar-10575545&#8243; url_new_window=\u00bbon\u00bb use_icon=\u00bbon\u00bb font_icon=\u00bb&#xf35d;||fa||900&#8243; icon_color=\u00bb#FFFFFF\u00bb icon_placement=\u00bbleft\u00bb image_icon_width=\u00bb25px\u00bb admin_label=\u00bbLista 1&#8243; _builder_version=\u00bb4.27.4&#8243; _module_preset=\u00bbdefault\u00bb header_text_color=\u00bb#FFFFFF\u00bb body_font=\u00bb&#8211;et_global_body_font||||||||\u00bb body_text_color=\u00bb#FFFFFF\u00bb body_line_height=\u00bb2em\u00bb background_color=\u00bb#34a016&#8243; custom_margin=\u00bb20px|20px|20px|20px|false|false\u00bb custom_padding=\u00bb5px|20px|5px|20px|false|true\u00bb link_option_url=\u00bbhttps:\/\/eu.wikiloc.com\/ibilbide-mountain-bike\/etxalar-usategiak-irazako-urtsuamiatsa-orizki-etxalar-10575545&#8243; link_option_url_new_window=\u00bbon\u00bb border_radii=\u00bbon|20px|20px|20px|20px\u00bb global_colors_info=\u00bb{%22gcid-primary-color%22:%91%22background_color%22%93,%22gcid-secondary-color%22:%91%22icon_color%22,%22icon_color%22,%22icon_color%22,%22icon_color%22%93,%22gcid-63ace26e-ec1a-49a4-96c1-d62eb83c71e6%22:%91%22background_color%22,%22background_color%22,%22background_color%22%93}\u00bb]<\/p>\n<p>Ver ruta y mapa en wikiloc<\/p>\n<p>[\/et_pb_blurb][et_pb_blurb use_icon=\u00bbon\u00bb font_icon=\u00bb&#xf06a;||fa||900&#8243; icon_color=\u00bbgcid-secondary-color\u00bb icon_placement=\u00bbleft\u00bb image_icon_width=\u00bb25px\u00bb admin_label=\u00bbLista 1&#8243; _builder_version=\u00bb4.27.4&#8243; _module_preset=\u00bbdefault\u00bb body_font=\u00bb&#8211;et_global_body_font||||||||\u00bb body_text_color=\u00bb#000000&#8243; body_line_height=\u00bb2em\u00bb background_color=\u00bbRGBA(255,255,255,0)\u00bb custom_margin=\u00bb|20px|5px|20px|false|false\u00bb custom_padding=\u00bb|20px||20px|false|true\u00bb global_colors_info=\u00bb{%22gcid-secondary-color%22:%91%22icon_color%22,%22icon_color%22%93}\u00bb]<\/p>\n<p><em>Palomeras; En temporada de caza no se puede pasar. Realizar el tramo Txorilepo-Lakaingaina. Ver itinerario SL NA 2 \u00abUsategieta\u00bb.   <\/em><\/p>\n<p>[\/et_pb_blurb][et_pb_text admin_label=\u00bbBoton de compra\u00bb _builder_version=\u00bb4.27.4&#8243; _module_preset=\u00bbdefault\u00bb text_font=\u00bbMontserrat|700||on|||||\u00bb text_text_color=\u00bb#ffffff\u00bb text_font_size=\u00bb13px\u00bb text_letter_spacing=\u00bb1px\u00bb background_color=\u00bb#1fa515&#8243; text_orientation=\u00bbcenter\u00bb custom_margin=\u00bb20px||||false|false\u00bb custom_padding=\u00bb8px||8px||true|false\u00bb link_option_url=\u00bb#\u00bb global_colors_info=\u00bb{}\u00bb background_color__hover=\u00bb#010103&#8243; background_enable_color__hover=\u00bbon\u00bb background__hover_enabled=\u00bbon|hover\u00bb][\/et_pb_text][\/et_pb_column][\/et_pb_row][et_pb_row column_structure=\u00bb1_2,1_2&#8243; custom_padding_last_edited=\u00bbon|desktop\u00bb _builder_version=\u00bb4.27.4&#8243; _module_preset=\u00bbdefault\u00bb custom_padding=\u00bb|80px||80px|false|false\u00bb custom_padding_tablet=\u00bb|0px||0px|false|false\u00bb custom_padding_phone=\u00bb|0px||0px|false|false\u00bb locked=\u00bboff\u00bb global_colors_info=\u00bb{}\u00bb][et_pb_column type=\u00bb1_2&#8243; _builder_version=\u00bb4.27.4&#8243; _module_preset=\u00bbdefault\u00bb border_width_all=\u00bb1px\u00bb box_shadow_style=\u00bbpreset1&#8243; box_shadow_vertical=\u00bb18px\u00bb box_shadow_blur=\u00bb40px\u00bb box_shadow_spread=\u00bb-6px\u00bb box_shadow_color=\u00bbrgba(0,0,0,0.2)\u00bb global_colors_info=\u00bb{}\u00bb][et_pb_image src=\u00bbhttps:\/\/www.etxalar.eus\/wp-content\/uploads\/2025\/03\/Errandonea-BTT.jpg\u00bb alt=\u00bbaltxata\u00bb title_text=\u00bbErrandonea BTT\u00bb force_fullwidth=\u00bbon\u00bb admin_label=\u00bbImagen de la comida\u00bb _builder_version=\u00bb4.27.4&#8243; _module_preset=\u00bbdefault\u00bb custom_margin=\u00bb||18px|||\u00bb global_colors_info=\u00bb{}\u00bb filter_brightness__hover_enabled=\u00bbon|desktop\u00bb filter_brightness__hover=\u00bb100%\u00bb background_color__hover=\u00bb#FFFFFF\u00bb background__hover_enabled=\u00bbon|hover\u00bb background_enable_color__hover=\u00bbon\u00bb][\/et_pb_image][et_pb_text _builder_version=\u00bb4.27.4&#8243; _module_preset=\u00bbdefault\u00bb custom_margin=\u00bb||||false|false\u00bb custom_padding=\u00bb|20px||20px|false|false\u00bb global_colors_info=\u00bb{}\u00bb]<\/p>\n<p>Posibilidad de visitar las Palomeras de Sara y Etxalar. Bajada Palomeras-Etxalar por carretera.  10. Peque\u00f1o tramo a pie<\/p>\n<p>[\/et_pb_text][et_pb_text admin_label=\u00bbTexto de oferta\u00bb _builder_version=\u00bb4.27.4&#8243; _module_preset=\u00bbdefault\u00bb text_font=\u00bbMontserrat|700||on|||||\u00bb text_text_color=\u00bb#ffffff\u00bb text_font_size=\u00bb18px\u00bb text_letter_spacing=\u00bb1px\u00bb background_color=\u00bb#7aaf18&#8243; positioning=\u00bbabsolute\u00bb text_orientation=\u00bbcenter\u00bb width=\u00bb100%\u00bb custom_padding=\u00bb10px|5px|10px|5px|true|true\u00bb border_radii=\u00bboff||||\u00bb global_colors_info=\u00bb{}\u00bb background_color__hover=\u00bb#7aaf18&#8243; background_enable_color__hover=\u00bbon\u00bb background__hover_enabled=\u00bbon|hover\u00bb]<\/p>\n<p><strong>Etxalar &#8211; Errandoneko lepoa &#8211; Etxalarko Usategiak &#8211; Etxalar<\/strong><\/p>\n<p>[\/et_pb_text][et_pb_blurb use_icon=\u00bbon\u00bb font_icon=\u00bb&#x2c;||divi||400&#8243; icon_color=\u00bbgcid-secondary-color\u00bb icon_placement=\u00bbleft\u00bb image_icon_width=\u00bb25px\u00bb admin_label=\u00bbLista 1&#8243; _builder_version=\u00bb4.27.4&#8243; _module_preset=\u00bbdefault\u00bb body_font=\u00bb&#8211;et_global_body_font||||||||\u00bb body_text_color=\u00bb#000000&#8243; body_line_height=\u00bb2em\u00bb background_color=\u00bbgcid-63ace26e-ec1a-49a4-96c1-d62eb83c71e6&#8243; custom_margin=\u00bb5px|20px|5px|20px|false|false\u00bb custom_padding=\u00bb5px|20px|5px|20px|false|true\u00bb global_colors_info=\u00bb{%22gcid-secondary-color%22:%91%22icon_color%22%93,%22gcid-63ace26e-ec1a-49a4-96c1-d62eb83c71e6%22:%91%22background_color%22%93}\u00bb]<\/p>\n<p>25.600 m<\/p>\n<p>[\/et_pb_blurb][et_pb_blurb use_icon=\u00bbon\u00bb font_icon=\u00bb&#x2e;||divi||400&#8243; icon_color=\u00bbgcid-secondary-color\u00bb icon_placement=\u00bbleft\u00bb image_icon_width=\u00bb25px\u00bb admin_label=\u00bbLista 1&#8243; _builder_version=\u00bb4.27.4&#8243; _module_preset=\u00bbdefault\u00bb body_font=\u00bb&#8211;et_global_body_font||||||||\u00bb body_text_color=\u00bb#000000&#8243; body_line_height=\u00bb2em\u00bb background_color=\u00bbgcid-63ace26e-ec1a-49a4-96c1-d62eb83c71e6&#8243; custom_margin=\u00bb5px|20px|5px|20px|false|false\u00bb custom_padding=\u00bb5px|20px|5px|20px|false|true\u00bb global_colors_info=\u00bb{%22gcid-secondary-color%22:%91%22icon_color%22,%22icon_color%22,%22icon_color%22,%22icon_color%22%93,%22gcid-63ace26e-ec1a-49a4-96c1-d62eb83c71e6%22:%91%22background_color%22,%22background_color%22,%22background_color%22%93}\u00bb]<\/p>\n<p>799 m<\/p>\n<p>[\/et_pb_blurb][et_pb_blurb use_icon=\u00bbon\u00bb font_icon=\u00bb&#xf110;||fa||900&#8243; icon_color=\u00bbgcid-secondary-color\u00bb icon_placement=\u00bbleft\u00bb image_icon_width=\u00bb25px\u00bb admin_label=\u00bbLista 1&#8243; _builder_version=\u00bb4.27.4&#8243; _module_preset=\u00bbdefault\u00bb body_font=\u00bb&#8211;et_global_body_font||||||||\u00bb body_text_color=\u00bb#000000&#8243; body_line_height=\u00bb2em\u00bb background_color=\u00bbgcid-63ace26e-ec1a-49a4-96c1-d62eb83c71e6&#8243; custom_margin=\u00bb5px|20px|5px|20px|false|false\u00bb custom_padding=\u00bb5px|20px|5px|20px|false|true\u00bb global_colors_info=\u00bb{%22gcid-secondary-color%22:%91%22icon_color%22,%22icon_color%22,%22icon_color%22,%22icon_color%22%93,%22gcid-63ace26e-ec1a-49a4-96c1-d62eb83c71e6%22:%91%22background_color%22,%22background_color%22,%22background_color%22%93}\u00bb]<\/p>\n<p>Circular<\/p>\n<p>[\/et_pb_blurb][et_pb_blurb use_icon=\u00bbon\u00bb font_icon=\u00bb&#xe005;||fa||900&#8243; icon_color=\u00bbgcid-secondary-color\u00bb icon_placement=\u00bbleft\u00bb image_icon_width=\u00bb25px\u00bb admin_label=\u00bbLista 1&#8243; _builder_version=\u00bb4.27.4&#8243; _module_preset=\u00bbdefault\u00bb body_font=\u00bb&#8211;et_global_body_font||||||||\u00bb body_text_color=\u00bb#000000&#8243; body_line_height=\u00bb2em\u00bb background_color=\u00bbgcid-63ace26e-ec1a-49a4-96c1-d62eb83c71e6&#8243; custom_margin=\u00bb5px|20px|5px|20px|false|false\u00bb custom_padding=\u00bb5px|20px|5px|20px|false|true\u00bb global_colors_info=\u00bb{%22gcid-secondary-color%22:%91%22icon_color%22,%22icon_color%22,%22icon_color%22,%22icon_color%22%93,%22gcid-63ace26e-ec1a-49a4-96c1-d62eb83c71e6%22:%91%22background_color%22,%22background_color%22,%22background_color%22%93}\u00bb]<\/p>\n<p><em>Nabarlatsako gaina (18,3km)<\/em><\/p>\n<p>[\/et_pb_blurb][et_pb_blurb use_icon=\u00bbon\u00bb font_icon=\u00bb&#xe01d;||divi||400&#8243; icon_color=\u00bbgcid-secondary-color\u00bb icon_placement=\u00bbleft\u00bb image_icon_width=\u00bb25px\u00bb admin_label=\u00bbLista 1&#8243; _builder_version=\u00bb4.27.4&#8243; _module_preset=\u00bbdefault\u00bb body_font=\u00bb&#8211;et_global_body_font||||||||\u00bb body_text_color=\u00bb#000000&#8243; body_line_height=\u00bb2em\u00bb background_color=\u00bbgcid-63ace26e-ec1a-49a4-96c1-d62eb83c71e6&#8243; custom_margin=\u00bb5px|20px|5px|20px|false|false\u00bb custom_padding=\u00bb5px|20px|5px|20px|false|true\u00bb global_colors_info=\u00bb{%22gcid-secondary-color%22:%91%22icon_color%22,%22icon_color%22,%22icon_color%22,%22icon_color%22%93,%22gcid-63ace26e-ec1a-49a4-96c1-d62eb83c71e6%22:%91%22background_color%22,%22background_color%22,%22background_color%22%93}\u00bb]<\/p>\n<p>Inicio: Parking de la entrada al pueblo<\/p>\n<p>[\/et_pb_blurb][et_pb_blurb url=\u00bbhttps:\/\/eu.wikiloc.com\/ibilbide-mountain-bike\/etxalar-errandoneko-lepora-zimelditik-sarako-usategiak-etxalarko-usategiak-etxalar-8591251&#8243; url_new_window=\u00bbon\u00bb use_icon=\u00bbon\u00bb font_icon=\u00bb&#xf35d;||fa||900&#8243; icon_color=\u00bb#FFFFFF\u00bb icon_placement=\u00bbleft\u00bb image_icon_width=\u00bb25px\u00bb admin_label=\u00bbLista 1&#8243; _builder_version=\u00bb4.27.4&#8243; _module_preset=\u00bbdefault\u00bb header_text_color=\u00bb#FFFFFF\u00bb body_font=\u00bb&#8211;et_global_body_font||||||||\u00bb body_text_color=\u00bb#FFFFFF\u00bb body_line_height=\u00bb2em\u00bb background_color=\u00bb#34a016&#8243; custom_margin=\u00bb20px|20px|20px|20px|false|false\u00bb custom_padding=\u00bb5px|20px|5px|20px|false|true\u00bb link_option_url=\u00bbhttps:\/\/eu.wikiloc.com\/ibilbide-mountain-bike\/etxalar-errandoneko-lepora-zimelditik-sarako-usategiak-etxalarko-usategiak-etxalar-8591251&#8243; link_option_url_new_window=\u00bbon\u00bb border_radii=\u00bbon|20px|20px|20px|20px\u00bb global_colors_info=\u00bb{%22gcid-primary-color%22:%91%22background_color%22%93}\u00bb]<\/p>\n<p>Ver ruta y mapa en wikiloc<\/p>\n<p>[\/et_pb_blurb][et_pb_blurb use_icon=\u00bbon\u00bb font_icon=\u00bb&#xf06a;||fa||900&#8243; icon_color=\u00bbgcid-secondary-color\u00bb icon_placement=\u00bbleft\u00bb image_icon_width=\u00bb25px\u00bb admin_label=\u00bbLista 1&#8243; _builder_version=\u00bb4.27.4&#8243; _module_preset=\u00bbdefault\u00bb body_font=\u00bb&#8211;et_global_body_font||||||||\u00bb body_text_color=\u00bb#000000&#8243; body_line_height=\u00bb2em\u00bb background_color=\u00bbRGBA(255,255,255,0)\u00bb custom_margin=\u00bb|20px|5px|20px|false|false\u00bb custom_padding=\u00bb|20px||20px|false|true\u00bb global_colors_info=\u00bb{%22gcid-secondary-color%22:%91%22icon_color%22,%22icon_color%22%93}\u00bb]<\/p>\n<p><em>Palomeras de Etxalar; en temporada de caza no se puede pasar. Realizar el tramo de Lakaingaina a Txorilepo. Ver itinerario SL NA 2 \u00abUsategieta\u00bb.  <\/em><\/p>\n<p>[\/et_pb_blurb][et_pb_text admin_label=\u00bbBoton de compra\u00bb _builder_version=\u00bb4.27.4&#8243; _module_preset=\u00bbdefault\u00bb text_font=\u00bbMontserrat|700||on|||||\u00bb text_text_color=\u00bb#ffffff\u00bb text_font_size=\u00bb13px\u00bb text_letter_spacing=\u00bb1px\u00bb background_color=\u00bb#1fa515&#8243; text_orientation=\u00bbcenter\u00bb custom_margin=\u00bb20px||||false|false\u00bb custom_padding=\u00bb8px||8px||true|false\u00bb link_option_url=\u00bb#\u00bb global_colors_info=\u00bb{}\u00bb background_color__hover=\u00bb#010103&#8243; background_enable_color__hover=\u00bbon\u00bb background__hover_enabled=\u00bbon|hover\u00bb][\/et_pb_text][\/et_pb_column][et_pb_column type=\u00bb1_2&#8243; _builder_version=\u00bb4.27.4&#8243; _module_preset=\u00bbdefault\u00bb border_width_all=\u00bb1px\u00bb box_shadow_style=\u00bbpreset1&#8243; box_shadow_vertical=\u00bb18px\u00bb box_shadow_blur=\u00bb40px\u00bb box_shadow_spread=\u00bb-6px\u00bb box_shadow_color=\u00bbrgba(0,0,0,0.2)\u00bb global_colors_info=\u00bb{}\u00bb][et_pb_image src=\u00bbhttps:\/\/www.etxalar.eus\/wp-content\/uploads\/2025\/03\/Alkurruntz-BTT.jpg\u00bb alt=\u00bbaltxata\u00bb title_text=\u00bbAlkurruntz BTT\u00bb force_fullwidth=\u00bbon\u00bb admin_label=\u00bbImagen de la comida\u00bb _builder_version=\u00bb4.27.4&#8243; _module_preset=\u00bbdefault\u00bb custom_margin=\u00bb||18px|||\u00bb global_colors_info=\u00bb{}\u00bb filter_brightness__hover_enabled=\u00bbon|desktop\u00bb filter_brightness__hover=\u00bb100%\u00bb background_color__hover=\u00bb#FFFFFF\u00bb background__hover_enabled=\u00bbon|hover\u00bb background_enable_color__hover=\u00bbon\u00bb][\/et_pb_image][et_pb_text _builder_version=\u00bb4.27.4&#8243; _module_preset=\u00bbdefault\u00bb custom_margin=\u00bb||||false|false\u00bb custom_padding=\u00bb|20px||20px|false|false\u00bb global_colors_info=\u00bb{}\u00bb]<\/p>\n<p>La subida a Urtsumiatsa es por carretera. Hermosas vistas en varios tramos. La ruta del infierno (SL NA 13 Infernuko errota) se recorre en su totalidad. Un espacio con encanto especial.   <\/p>\n<p>[\/et_pb_text][et_pb_text admin_label=\u00bbTexto de oferta\u00bb _builder_version=\u00bb4.27.4&#8243; _module_preset=\u00bbdefault\u00bb text_font=\u00bbMontserrat|700||on|||||\u00bb text_text_color=\u00bb#ffffff\u00bb text_font_size=\u00bb18px\u00bb text_letter_spacing=\u00bb1px\u00bb background_color=\u00bb#7aaf18&#8243; positioning=\u00bbabsolute\u00bb text_orientation=\u00bbcenter\u00bb width=\u00bb100%\u00bb custom_padding=\u00bb10px|5px|10px|5px|true|true\u00bb border_radii=\u00bboff||||\u00bb global_colors_info=\u00bb{}\u00bb background_color__hover=\u00bb#7aaf18&#8243; background_enable_color__hover=\u00bbon\u00bb background__hover_enabled=\u00bbon|hover\u00bb]<\/p>\n<p><strong>Etxalar \u2013 Alkurruntz \u2013<br \/><\/strong><strong>Infernuko errota \u2013 Etxalar<\/strong><\/p>\n<p>[\/et_pb_text][et_pb_blurb use_icon=\u00bbon\u00bb font_icon=\u00bb&#x2c;||divi||400&#8243; icon_color=\u00bbgcid-secondary-color\u00bb icon_placement=\u00bbleft\u00bb image_icon_width=\u00bb25px\u00bb admin_label=\u00bbLista 1&#8243; _builder_version=\u00bb4.27.4&#8243; _module_preset=\u00bbdefault\u00bb body_font=\u00bb&#8211;et_global_body_font||||||||\u00bb body_text_color=\u00bb#000000&#8243; body_line_height=\u00bb2em\u00bb background_color=\u00bbgcid-63ace26e-ec1a-49a4-96c1-d62eb83c71e6&#8243; custom_margin=\u00bb5px|20px|5px|20px|false|false\u00bb custom_padding=\u00bb5px|20px|5px|20px|false|true\u00bb global_colors_info=\u00bb{%22gcid-secondary-color%22:%91%22icon_color%22%93,%22gcid-63ace26e-ec1a-49a4-96c1-d62eb83c71e6%22:%91%22background_color%22%93}\u00bb]<\/p>\n<p>32.950 m<\/p>\n<p>[\/et_pb_blurb][et_pb_blurb use_icon=\u00bbon\u00bb font_icon=\u00bb&#x2e;||divi||400&#8243; icon_color=\u00bbgcid-secondary-color\u00bb icon_placement=\u00bbleft\u00bb image_icon_width=\u00bb25px\u00bb admin_label=\u00bbLista 1&#8243; _builder_version=\u00bb4.27.4&#8243; _module_preset=\u00bbdefault\u00bb body_font=\u00bb&#8211;et_global_body_font||||||||\u00bb body_text_color=\u00bb#000000&#8243; body_line_height=\u00bb2em\u00bb background_color=\u00bbgcid-63ace26e-ec1a-49a4-96c1-d62eb83c71e6&#8243; custom_margin=\u00bb5px|20px|5px|20px|false|false\u00bb custom_padding=\u00bb5px|20px|5px|20px|false|true\u00bb global_colors_info=\u00bb{%22gcid-secondary-color%22:%91%22icon_color%22,%22icon_color%22,%22icon_color%22,%22icon_color%22%93,%22gcid-63ace26e-ec1a-49a4-96c1-d62eb83c71e6%22:%91%22background_color%22,%22background_color%22,%22background_color%22%93}\u00bb]<\/p>\n<p>1.158 m<\/p>\n<p>[\/et_pb_blurb][et_pb_blurb use_icon=\u00bbon\u00bb font_icon=\u00bb&#xf110;||fa||900&#8243; icon_color=\u00bbgcid-secondary-color\u00bb icon_placement=\u00bbleft\u00bb image_icon_width=\u00bb25px\u00bb admin_label=\u00bbLista 1&#8243; _builder_version=\u00bb4.27.4&#8243; _module_preset=\u00bbdefault\u00bb body_font=\u00bb&#8211;et_global_body_font||||||||\u00bb body_text_color=\u00bb#000000&#8243; body_line_height=\u00bb2em\u00bb background_color=\u00bbgcid-63ace26e-ec1a-49a4-96c1-d62eb83c71e6&#8243; custom_margin=\u00bb5px|20px|5px|20px|false|false\u00bb custom_padding=\u00bb5px|20px|5px|20px|false|true\u00bb global_colors_info=\u00bb{%22gcid-secondary-color%22:%91%22icon_color%22,%22icon_color%22,%22icon_color%22,%22icon_color%22%93,%22gcid-63ace26e-ec1a-49a4-96c1-d62eb83c71e6%22:%91%22background_color%22,%22background_color%22,%22background_color%22%93}\u00bb]<\/p>\n<p>Circular<\/p>\n<p>[\/et_pb_blurb][et_pb_blurb use_icon=\u00bbon\u00bb font_icon=\u00bb&#xe005;||fa||900&#8243; icon_color=\u00bbgcid-secondary-color\u00bb icon_placement=\u00bbleft\u00bb image_icon_width=\u00bb25px\u00bb admin_label=\u00bbLista 1&#8243; _builder_version=\u00bb4.27.4&#8243; _module_preset=\u00bbdefault\u00bb body_font=\u00bb&#8211;et_global_body_font||||||||\u00bb body_text_color=\u00bb#000000&#8243; body_line_height=\u00bb2em\u00bb background_color=\u00bbgcid-63ace26e-ec1a-49a4-96c1-d62eb83c71e6&#8243; custom_margin=\u00bb5px|20px|5px|20px|false|false\u00bb custom_padding=\u00bb5px|20px|5px|20px|false|true\u00bb global_colors_info=\u00bb{%22gcid-secondary-color%22:%91%22icon_color%22,%22icon_color%22,%22icon_color%22,%22icon_color%22%93,%22gcid-63ace26e-ec1a-49a4-96c1-d62eb83c71e6%22:%91%22background_color%22,%22background_color%22,%22background_color%22%93}\u00bb]<\/p>\n<p><em>Etxebertzeko borda (22,3km) <\/em><\/p>\n<p>[\/et_pb_blurb][et_pb_blurb use_icon=\u00bbon\u00bb font_icon=\u00bb&#xe01d;||divi||400&#8243; icon_color=\u00bbgcid-secondary-color\u00bb icon_placement=\u00bbleft\u00bb image_icon_width=\u00bb25px\u00bb admin_label=\u00bbLista 1&#8243; _builder_version=\u00bb4.27.4&#8243; _module_preset=\u00bbdefault\u00bb body_font=\u00bb&#8211;et_global_body_font||||||||\u00bb body_text_color=\u00bb#000000&#8243; body_line_height=\u00bb2em\u00bb background_color=\u00bbgcid-63ace26e-ec1a-49a4-96c1-d62eb83c71e6&#8243; custom_margin=\u00bb5px|20px|5px|20px|false|false\u00bb custom_padding=\u00bb5px|20px|5px|20px|false|true\u00bb global_colors_info=\u00bb{%22gcid-secondary-color%22:%91%22icon_color%22,%22icon_color%22,%22icon_color%22,%22icon_color%22%93,%22gcid-63ace26e-ec1a-49a4-96c1-d62eb83c71e6%22:%91%22background_color%22,%22background_color%22,%22background_color%22%93}\u00bb]<\/p>\n<p>Inicio: Parking de la entrada al pueblo<\/p>\n<p>[\/et_pb_blurb][et_pb_blurb url=\u00bbhttps:\/\/eu.wikiloc.com\/ibilbide-mountain-bike\/etxalar-alkurruntz-infernuko-errota-etxalar-8097789&#8243; url_new_window=\u00bbon\u00bb use_icon=\u00bbon\u00bb font_icon=\u00bb&#xf35d;||fa||900&#8243; icon_color=\u00bb#FFFFFF\u00bb icon_placement=\u00bbleft\u00bb image_icon_width=\u00bb25px\u00bb admin_label=\u00bbLista 1&#8243; _builder_version=\u00bb4.27.4&#8243; _module_preset=\u00bbdefault\u00bb header_text_color=\u00bb#FFFFFF\u00bb body_font=\u00bb&#8211;et_global_body_font||||||||\u00bb body_text_color=\u00bb#FFFFFF\u00bb body_line_height=\u00bb2em\u00bb background_color=\u00bb#34a016&#8243; custom_margin=\u00bb20px|20px|20px|20px|false|false\u00bb custom_padding=\u00bb5px|20px|5px|20px|false|true\u00bb link_option_url=\u00bbhttps:\/\/eu.wikiloc.com\/ibilbide-mountain-bike\/etxalar-alkurruntz-infernuko-errota-etxalar-8097789&#8243; link_option_url_new_window=\u00bbon\u00bb border_radii=\u00bbon|20px|20px|20px|20px\u00bb global_colors_info=\u00bb{%22gcid-primary-color%22:%91%22background_color%22%93,%22gcid-secondary-color%22:%91%22icon_color%22,%22icon_color%22,%22icon_color%22,%22icon_color%22%93,%22gcid-63ace26e-ec1a-49a4-96c1-d62eb83c71e6%22:%91%22background_color%22,%22background_color%22,%22background_color%22%93}\u00bb]<\/p>\n<p>Ver ruta y mapa en wikiloc<\/p>\n<p>[\/et_pb_blurb][et_pb_text admin_label=\u00bbBoton de compra\u00bb _builder_version=\u00bb4.27.4&#8243; _module_preset=\u00bbdefault\u00bb text_font=\u00bbMontserrat|700||on|||||\u00bb text_text_color=\u00bb#ffffff\u00bb text_font_size=\u00bb13px\u00bb text_letter_spacing=\u00bb1px\u00bb background_color=\u00bb#1fa515&#8243; text_orientation=\u00bbcenter\u00bb custom_margin=\u00bb20px||||false|false\u00bb custom_padding=\u00bb8px||8px||true|false\u00bb link_option_url=\u00bb#\u00bb global_colors_info=\u00bb{}\u00bb background_color__hover=\u00bb#010103&#8243; background_enable_color__hover=\u00bbon\u00bb background__hover_enabled=\u00bbon|hover\u00bb][\/et_pb_text][\/et_pb_column][\/et_pb_row][et_pb_row column_structure=\u00bb1_2,1_2&#8243; custom_padding_last_edited=\u00bbon|desktop\u00bb _builder_version=\u00bb4.27.4&#8243; _module_preset=\u00bbdefault\u00bb custom_padding=\u00bb|79px||80px|false|false\u00bb custom_padding_tablet=\u00bb|0px||0px|false|false\u00bb custom_padding_phone=\u00bb|0px||0px|false|false\u00bb locked=\u00bboff\u00bb global_colors_info=\u00bb{}\u00bb][et_pb_column type=\u00bb1_2&#8243; _builder_version=\u00bb4.27.4&#8243; _module_preset=\u00bbdefault\u00bb border_width_all=\u00bb1px\u00bb box_shadow_style=\u00bbpreset1&#8243; box_shadow_vertical=\u00bb18px\u00bb box_shadow_blur=\u00bb40px\u00bb box_shadow_spread=\u00bb-6px\u00bb box_shadow_color=\u00bbrgba(0,0,0,0.2)\u00bb global_colors_info=\u00bb{}\u00bb][et_pb_image src=\u00bbhttps:\/\/www.etxalar.eus\/wp-content\/uploads\/2025\/03\/eskisaroi-BTT.jpg\u00bb alt=\u00bbaltxata\u00bb title_text=\u00bbeskisaroi BTT\u00bb force_fullwidth=\u00bbon\u00bb admin_label=\u00bbImagen de la comida\u00bb _builder_version=\u00bb4.27.4&#8243; _module_preset=\u00bbdefault\u00bb custom_margin=\u00bb||18px|||\u00bb global_colors_info=\u00bb{}\u00bb filter_brightness__hover_enabled=\u00bbon|desktop\u00bb filter_brightness__hover=\u00bb100%\u00bb background_color__hover=\u00bb#FFFFFF\u00bb background__hover_enabled=\u00bbon|hover\u00bb background_enable_color__hover=\u00bbon\u00bb][\/et_pb_image][et_pb_text _builder_version=\u00bb4.27.4&#8243; _module_preset=\u00bbdefault\u00bb custom_margin=\u00bb||||false|false\u00bb custom_padding=\u00bb|20px||20px|false|false\u00bb global_colors_info=\u00bb{}\u00bb]<\/p>\n<p>Tramos por carretera; subida a Urtsumiatsa y tramo de subida a Eskisaroi y Zugarramurdi. En este se puede ver el molino de Obene. Un descenso final que hay que hacer con cuidado.  <\/p>\n<p>[\/et_pb_text][et_pb_text admin_label=\u00bbTexto de oferta\u00bb _builder_version=\u00bb4.27.4&#8243; _module_preset=\u00bbdefault\u00bb text_font=\u00bbMontserrat|700||on|||||\u00bb text_text_color=\u00bb#ffffff\u00bb text_font_size=\u00bb18px\u00bb text_letter_spacing=\u00bb1px\u00bb background_color=\u00bb#7aaf18&#8243; positioning=\u00bbabsolute\u00bb text_orientation=\u00bbcenter\u00bb width=\u00bb100%\u00bb custom_padding=\u00bb10px|5px|10px|5px|true|true\u00bb border_radii=\u00bboff||||\u00bb global_colors_info=\u00bb{}\u00bb background_color__hover=\u00bb#7aaf18&#8243; background_enable_color__hover=\u00bbon\u00bb background__hover_enabled=\u00bbon|hover\u00bb]<\/p>\n<p><strong>Etxalar \u2013 Eskisaroi \u2013<br \/>Atxuria \u2013 Etxalar<\/strong><\/p>\n<p>[\/et_pb_text][et_pb_blurb use_icon=\u00bbon\u00bb font_icon=\u00bb&#x2c;||divi||400&#8243; icon_color=\u00bbgcid-secondary-color\u00bb icon_placement=\u00bbleft\u00bb image_icon_width=\u00bb25px\u00bb admin_label=\u00bbLista 1&#8243; _builder_version=\u00bb4.27.4&#8243; _module_preset=\u00bbdefault\u00bb body_font=\u00bb&#8211;et_global_body_font||||||||\u00bb body_text_color=\u00bb#000000&#8243; body_line_height=\u00bb2em\u00bb background_color=\u00bbgcid-63ace26e-ec1a-49a4-96c1-d62eb83c71e6&#8243; custom_margin=\u00bb5px|20px|5px|20px|false|false\u00bb custom_padding=\u00bb5px|20px|5px|20px|false|true\u00bb global_colors_info=\u00bb{%22gcid-secondary-color%22:%91%22icon_color%22%93,%22gcid-63ace26e-ec1a-49a4-96c1-d62eb83c71e6%22:%91%22background_color%22%93}\u00bb]<\/p>\n<p>29.450.m<\/p>\n<p>[\/et_pb_blurb][et_pb_blurb use_icon=\u00bbon\u00bb font_icon=\u00bb&#x2e;||divi||400&#8243; icon_color=\u00bbgcid-secondary-color\u00bb icon_placement=\u00bbleft\u00bb image_icon_width=\u00bb25px\u00bb admin_label=\u00bbLista 1&#8243; _builder_version=\u00bb4.27.4&#8243; _module_preset=\u00bbdefault\u00bb body_font=\u00bb&#8211;et_global_body_font||||||||\u00bb body_text_color=\u00bb#000000&#8243; body_line_height=\u00bb2em\u00bb background_color=\u00bbgcid-63ace26e-ec1a-49a4-96c1-d62eb83c71e6&#8243; custom_margin=\u00bb5px|20px|5px|20px|false|false\u00bb custom_padding=\u00bb5px|20px|5px|20px|false|true\u00bb global_colors_info=\u00bb{%22gcid-secondary-color%22:%91%22icon_color%22,%22icon_color%22,%22icon_color%22,%22icon_color%22%93,%22gcid-63ace26e-ec1a-49a4-96c1-d62eb83c71e6%22:%91%22background_color%22,%22background_color%22,%22background_color%22%93}\u00bb]<\/p>\n<p>869 m<\/p>\n<p>[\/et_pb_blurb][et_pb_blurb use_icon=\u00bbon\u00bb font_icon=\u00bb&#xf110;||fa||900&#8243; icon_color=\u00bbgcid-secondary-color\u00bb icon_placement=\u00bbleft\u00bb image_icon_width=\u00bb25px\u00bb admin_label=\u00bbLista 1&#8243; _builder_version=\u00bb4.27.4&#8243; _module_preset=\u00bbdefault\u00bb body_font=\u00bb&#8211;et_global_body_font||||||||\u00bb body_text_color=\u00bb#000000&#8243; body_line_height=\u00bb2em\u00bb background_color=\u00bbgcid-63ace26e-ec1a-49a4-96c1-d62eb83c71e6&#8243; custom_margin=\u00bb5px|20px|5px|20px|false|false\u00bb custom_padding=\u00bb5px|20px|5px|20px|false|true\u00bb global_colors_info=\u00bb{%22gcid-secondary-color%22:%91%22icon_color%22,%22icon_color%22,%22icon_color%22,%22icon_color%22%93,%22gcid-63ace26e-ec1a-49a4-96c1-d62eb83c71e6%22:%91%22background_color%22,%22background_color%22,%22background_color%22%93}\u00bb]<\/p>\n<p>Circular<\/p>\n<p>[\/et_pb_blurb][et_pb_blurb use_icon=\u00bbon\u00bb font_icon=\u00bb&#xe005;||fa||900&#8243; icon_color=\u00bbgcid-secondary-color\u00bb icon_placement=\u00bbleft\u00bb image_icon_width=\u00bb25px\u00bb admin_label=\u00bbLista 1&#8243; _builder_version=\u00bb4.27.4&#8243; _module_preset=\u00bbdefault\u00bb body_font=\u00bb&#8211;et_global_body_font||||||||\u00bb body_text_color=\u00bb#000000&#8243; body_line_height=\u00bb2em\u00bb background_color=\u00bbgcid-63ace26e-ec1a-49a4-96c1-d62eb83c71e6&#8243; custom_margin=\u00bb5px|20px|5px|20px|false|false\u00bb custom_padding=\u00bb5px|20px|5px|20px|false|true\u00bb global_colors_info=\u00bb{%22gcid-secondary-color%22:%91%22icon_color%22,%22icon_color%22,%22icon_color%22,%22icon_color%22%93,%22gcid-63ace26e-ec1a-49a4-96c1-d62eb83c71e6%22:%91%22background_color%22,%22background_color%22,%22background_color%22%93}\u00bb]<\/p>\n<p><em>Orenbenta (24km)<\/em><\/p>\n<p>[\/et_pb_blurb][et_pb_blurb use_icon=\u00bbon\u00bb font_icon=\u00bb&#xe01d;||divi||400&#8243; icon_color=\u00bbgcid-secondary-color\u00bb icon_placement=\u00bbleft\u00bb image_icon_width=\u00bb25px\u00bb admin_label=\u00bbLista 1&#8243; _builder_version=\u00bb4.27.4&#8243; _module_preset=\u00bbdefault\u00bb body_font=\u00bb&#8211;et_global_body_font||||||||\u00bb body_text_color=\u00bb#000000&#8243; body_line_height=\u00bb2em\u00bb background_color=\u00bbgcid-63ace26e-ec1a-49a4-96c1-d62eb83c71e6&#8243; custom_margin=\u00bb5px|20px|5px|20px|false|false\u00bb custom_padding=\u00bb5px|20px|5px|20px|false|true\u00bb global_colors_info=\u00bb{%22gcid-secondary-color%22:%91%22icon_color%22,%22icon_color%22,%22icon_color%22,%22icon_color%22%93,%22gcid-63ace26e-ec1a-49a4-96c1-d62eb83c71e6%22:%91%22background_color%22,%22background_color%22,%22background_color%22%93}\u00bb]<\/p>\n<p>Inicio: Parking de la entrada al pueblo<\/p>\n<p>[\/et_pb_blurb][et_pb_blurb url=\u00bbhttps:\/\/eu.wikiloc.com\/ibilbide-mountain-bike\/etxalar-eskisaroi-atxuria-etxalar-6603616&#8243; url_new_window=\u00bbon\u00bb use_icon=\u00bbon\u00bb font_icon=\u00bb&#xf35d;||fa||900&#8243; icon_color=\u00bb#FFFFFF\u00bb icon_placement=\u00bbleft\u00bb image_icon_width=\u00bb25px\u00bb admin_label=\u00bbLista 1&#8243; _builder_version=\u00bb4.27.4&#8243; _module_preset=\u00bbdefault\u00bb header_text_color=\u00bb#FFFFFF\u00bb body_font=\u00bb&#8211;et_global_body_font||||||||\u00bb body_text_color=\u00bb#FFFFFF\u00bb body_line_height=\u00bb2em\u00bb background_color=\u00bb#34a016&#8243; custom_margin=\u00bb20px|20px|20px|20px|false|false\u00bb custom_padding=\u00bb5px|20px|5px|20px|false|true\u00bb link_option_url=\u00bbhttps:\/\/eu.wikiloc.com\/ibilbide-mountain-bike\/etxalar-eskisaroi-atxuria-etxalar-6603616&#8243; link_option_url_new_window=\u00bbon\u00bb border_radii=\u00bbon|20px|20px|20px|20px\u00bb global_colors_info=\u00bb{%22gcid-primary-color%22:%91%22background_color%22%93}\u00bb]<\/p>\n<p>Ver ruta y mapa en wikiloc<\/p>\n<p>[\/et_pb_blurb][et_pb_text admin_label=\u00bbBoton de compra\u00bb _builder_version=\u00bb4.27.4&#8243; _module_preset=\u00bbdefault\u00bb text_font=\u00bbMontserrat|700||on|||||\u00bb text_text_color=\u00bb#ffffff\u00bb text_font_size=\u00bb13px\u00bb text_letter_spacing=\u00bb1px\u00bb background_color=\u00bb#1fa515&#8243; text_orientation=\u00bbcenter\u00bb custom_margin=\u00bb20px||||false|false\u00bb custom_padding=\u00bb8px||8px||true|false\u00bb link_option_url=\u00bb#\u00bb global_colors_info=\u00bb{}\u00bb background_color__hover=\u00bb#010103&#8243; background_enable_color__hover=\u00bbon\u00bb background__hover_enabled=\u00bbon|hover\u00bb][\/et_pb_text][\/et_pb_column][et_pb_column type=\u00bb1_2&#8243; _builder_version=\u00bb4.27.4&#8243; _module_preset=\u00bbdefault\u00bb border_width_all=\u00bb1px\u00bb box_shadow_style=\u00bbpreset1&#8243; box_shadow_vertical=\u00bb18px\u00bb box_shadow_blur=\u00bb40px\u00bb box_shadow_spread=\u00bb-6px\u00bb box_shadow_color=\u00bbrgba(0,0,0,0.2)\u00bb global_colors_info=\u00bb{}\u00bb][et_pb_image src=\u00bbhttps:\/\/www.etxalar.eus\/wp-content\/uploads\/2025\/03\/Irazako-BTT.jpg\u00bb alt=\u00bbaltxata\u00bb title_text=\u00bbIrazako BTT\u00bb force_fullwidth=\u00bbon\u00bb admin_label=\u00bbImagen de la comida\u00bb _builder_version=\u00bb4.27.4&#8243; _module_preset=\u00bbdefault\u00bb custom_margin=\u00bb||18px|||\u00bb global_colors_info=\u00bb{}\u00bb filter_brightness__hover_enabled=\u00bbon|desktop\u00bb filter_brightness__hover=\u00bb100%\u00bb background_color__hover=\u00bb#FFFFFF\u00bb background__hover_enabled=\u00bbon|hover\u00bb background_enable_color__hover=\u00bbon\u00bb][\/et_pb_image][et_pb_text _builder_version=\u00bb4.27.4&#8243; _module_preset=\u00bbdefault\u00bb custom_margin=\u00bb||||false|false\u00bb custom_padding=\u00bb|20px||20px|false|false\u00bb global_colors_info=\u00bb{}\u00bb]<\/p>\n<p>La subida a Urtsumiatsa es por carretera. Hermosas vistas en algunas secciones. La ruta del infierno (SL NA 13 Infernuko errota) se realiza en su totalidad. Una zona con especial encanto.  <\/p>\n<p>[\/et_pb_text][et_pb_text admin_label=\u00bbTexto de oferta\u00bb _builder_version=\u00bb4.27.4&#8243; _module_preset=\u00bbdefault\u00bb text_font=\u00bbMontserrat|700||on|||||\u00bb text_text_color=\u00bb#ffffff\u00bb text_font_size=\u00bb18px\u00bb text_letter_spacing=\u00bb1px\u00bb background_color=\u00bb#7aaf18&#8243; positioning=\u00bbabsolute\u00bb text_orientation=\u00bbcenter\u00bb width=\u00bb100%\u00bb custom_padding=\u00bb10px|5px|10px|5px|true|true\u00bb border_radii=\u00bboff||||\u00bb global_colors_info=\u00bb{}\u00bb background_color__hover=\u00bb#7aaf18&#8243; background_enable_color__hover=\u00bbon\u00bb background__hover_enabled=\u00bbon|hover\u00bb]<\/p>\n<p><strong><\/strong>Etxalar \u2013 Irazako \u2013 Zugarramurdi \u2013 Lizaietako gaina \u2013 Etxalar<\/p>\n<p>[\/et_pb_text][et_pb_blurb use_icon=\u00bbon\u00bb font_icon=\u00bb&#x2c;||divi||400&#8243; icon_color=\u00bbgcid-secondary-color\u00bb icon_placement=\u00bbleft\u00bb image_icon_width=\u00bb25px\u00bb admin_label=\u00bbLista 1&#8243; _builder_version=\u00bb4.27.4&#8243; _module_preset=\u00bbdefault\u00bb body_font=\u00bb&#8211;et_global_body_font||||||||\u00bb body_text_color=\u00bb#000000&#8243; body_line_height=\u00bb2em\u00bb background_color=\u00bbgcid-63ace26e-ec1a-49a4-96c1-d62eb83c71e6&#8243; custom_margin=\u00bb5px|20px|5px|20px|false|false\u00bb custom_padding=\u00bb5px|20px|5px|20px|false|true\u00bb global_colors_info=\u00bb{%22gcid-secondary-color%22:%91%22icon_color%22%93,%22gcid-63ace26e-ec1a-49a4-96c1-d62eb83c71e6%22:%91%22background_color%22%93}\u00bb]<\/p>\n<p>32.080 m<\/p>\n<p>[\/et_pb_blurb][et_pb_blurb use_icon=\u00bbon\u00bb font_icon=\u00bb&#x2e;||divi||400&#8243; icon_color=\u00bbgcid-secondary-color\u00bb icon_placement=\u00bbleft\u00bb image_icon_width=\u00bb25px\u00bb admin_label=\u00bbLista 1&#8243; _builder_version=\u00bb4.27.4&#8243; _module_preset=\u00bbdefault\u00bb body_font=\u00bb&#8211;et_global_body_font||||||||\u00bb body_text_color=\u00bb#000000&#8243; body_line_height=\u00bb2em\u00bb background_color=\u00bbgcid-63ace26e-ec1a-49a4-96c1-d62eb83c71e6&#8243; custom_margin=\u00bb5px|20px|5px|20px|false|false\u00bb custom_padding=\u00bb5px|20px|5px|20px|false|true\u00bb global_colors_info=\u00bb{%22gcid-secondary-color%22:%91%22icon_color%22,%22icon_color%22,%22icon_color%22,%22icon_color%22%93,%22gcid-63ace26e-ec1a-49a4-96c1-d62eb83c71e6%22:%91%22background_color%22,%22background_color%22,%22background_color%22%93}\u00bb]<\/p>\n<p>1.105 m<\/p>\n<p>[\/et_pb_blurb][et_pb_blurb use_icon=\u00bbon\u00bb font_icon=\u00bb&#xf110;||fa||900&#8243; icon_color=\u00bbgcid-secondary-color\u00bb icon_placement=\u00bbleft\u00bb image_icon_width=\u00bb25px\u00bb admin_label=\u00bbLista 1&#8243; _builder_version=\u00bb4.27.4&#8243; _module_preset=\u00bbdefault\u00bb body_font=\u00bb&#8211;et_global_body_font||||||||\u00bb body_text_color=\u00bb#000000&#8243; body_line_height=\u00bb2em\u00bb background_color=\u00bbgcid-63ace26e-ec1a-49a4-96c1-d62eb83c71e6&#8243; custom_margin=\u00bb5px|20px|5px|20px|false|false\u00bb custom_padding=\u00bb5px|20px|5px|20px|false|true\u00bb global_colors_info=\u00bb{%22gcid-secondary-color%22:%91%22icon_color%22,%22icon_color%22,%22icon_color%22,%22icon_color%22%93,%22gcid-63ace26e-ec1a-49a4-96c1-d62eb83c71e6%22:%91%22background_color%22,%22background_color%22,%22background_color%22%93}\u00bb]<\/p>\n<p>Circular<\/p>\n<p>[\/et_pb_blurb][et_pb_blurb use_icon=\u00bbon\u00bb font_icon=\u00bb&#xe005;||fa||900&#8243; icon_color=\u00bbgcid-secondary-color\u00bb icon_placement=\u00bbleft\u00bb image_icon_width=\u00bb25px\u00bb admin_label=\u00bbLista 1&#8243; _builder_version=\u00bb4.27.4&#8243; _module_preset=\u00bbdefault\u00bb body_font=\u00bb&#8211;et_global_body_font||||||||\u00bb body_text_color=\u00bb#000000&#8243; body_line_height=\u00bb2em\u00bb background_color=\u00bbgcid-63ace26e-ec1a-49a4-96c1-d62eb83c71e6&#8243; custom_margin=\u00bb5px|20px|5px|20px|false|false\u00bb custom_padding=\u00bb5px|20px|5px|20px|false|true\u00bb global_colors_info=\u00bb{%22gcid-secondary-color%22:%91%22icon_color%22,%22icon_color%22,%22icon_color%22,%22icon_color%22%93,%22gcid-63ace26e-ec1a-49a4-96c1-d62eb83c71e6%22:%91%22background_color%22,%22background_color%22,%22background_color%22%93}\u00bb]<\/p>\n<p><em>En Zugarramurdi. En el ascenso a Lizarieta <\/em><\/p>\n<p>[\/et_pb_blurb][et_pb_blurb use_icon=\u00bbon\u00bb font_icon=\u00bb&#xe01d;||divi||400&#8243; icon_color=\u00bbgcid-secondary-color\u00bb icon_placement=\u00bbleft\u00bb image_icon_width=\u00bb25px\u00bb admin_label=\u00bbLista 1&#8243; _builder_version=\u00bb4.27.4&#8243; _module_preset=\u00bbdefault\u00bb body_font=\u00bb&#8211;et_global_body_font||||||||\u00bb body_text_color=\u00bb#000000&#8243; body_line_height=\u00bb2em\u00bb background_color=\u00bbgcid-63ace26e-ec1a-49a4-96c1-d62eb83c71e6&#8243; custom_margin=\u00bb5px|20px|5px|20px|false|false\u00bb custom_padding=\u00bb5px|20px|5px|20px|false|true\u00bb global_colors_info=\u00bb{%22gcid-secondary-color%22:%91%22icon_color%22,%22icon_color%22,%22icon_color%22,%22icon_color%22%93,%22gcid-63ace26e-ec1a-49a4-96c1-d62eb83c71e6%22:%91%22background_color%22,%22background_color%22,%22background_color%22%93}\u00bb]<\/p>\n<p>Inicio: Parking de la entrada al pueblo<\/p>\n<p>[\/et_pb_blurb][et_pb_blurb url=\u00bbhttps:\/\/eu.wikiloc.com\/ibilbide-mountain-bike\/etxalar-irazako-zugarramurdi-lizaieta-etxalar-5000611&#8243; url_new_window=\u00bbon\u00bb use_icon=\u00bbon\u00bb font_icon=\u00bb&#xf35d;||fa||900&#8243; icon_color=\u00bb#FFFFFF\u00bb icon_placement=\u00bbleft\u00bb image_icon_width=\u00bb25px\u00bb admin_label=\u00bbLista 1&#8243; _builder_version=\u00bb4.27.4&#8243; _module_preset=\u00bbdefault\u00bb header_text_color=\u00bb#FFFFFF\u00bb body_font=\u00bb&#8211;et_global_body_font||||||||\u00bb body_text_color=\u00bb#FFFFFF\u00bb body_line_height=\u00bb2em\u00bb background_color=\u00bb#34a016&#8243; custom_margin=\u00bb20px|20px|20px|20px|false|false\u00bb custom_padding=\u00bb5px|20px|5px|20px|false|true\u00bb link_option_url=\u00bbhttps:\/\/eu.wikiloc.com\/ibilbide-mountain-bike\/etxalar-irazako-zugarramurdi-lizaieta-etxalar-5000611&#8243; link_option_url_new_window=\u00bbon\u00bb border_radii=\u00bbon|20px|20px|20px|20px\u00bb global_colors_info=\u00bb{%22gcid-primary-color%22:%91%22background_color%22%93,%22gcid-secondary-color%22:%91%22icon_color%22,%22icon_color%22,%22icon_color%22,%22icon_color%22%93,%22gcid-63ace26e-ec1a-49a4-96c1-d62eb83c71e6%22:%91%22background_color%22,%22background_color%22,%22background_color%22%93}\u00bb]<\/p>\n<p>Ver ruta y mapa en wikiloc<\/p>\n<p>[\/et_pb_blurb][et_pb_blurb use_icon=\u00bbon\u00bb font_icon=\u00bb&#xf06a;||fa||900&#8243; icon_color=\u00bbgcid-secondary-color\u00bb icon_placement=\u00bbleft\u00bb image_icon_width=\u00bb25px\u00bb admin_label=\u00bbLista 1&#8243; _builder_version=\u00bb4.27.4&#8243; _module_preset=\u00bbdefault\u00bb body_font=\u00bb&#8211;et_global_body_font||||||||\u00bb body_text_color=\u00bb#000000&#8243; body_line_height=\u00bb2em\u00bb background_color=\u00bbRGBA(255,255,255,0)\u00bb custom_margin=\u00bb|20px|5px|20px|false|false\u00bb custom_padding=\u00bb|20px||20px|false|true\u00bb global_colors_info=\u00bb{%22gcid-secondary-color%22:%91%22icon_color%22,%22icon_color%22%93}\u00bb]<\/p>\n<p><em>Palomeras; En temporada de caza no se puede pasar. Realizar el tramo Txorilepo-Lakaingaina. Ver itinerario SL NA 2 \u00abUsategieta\u00bb.   <\/em><\/p>\n<p>[\/et_pb_blurb][et_pb_text admin_label=\u00bbBoton de compra\u00bb _builder_version=\u00bb4.27.4&#8243; _module_preset=\u00bbdefault\u00bb text_font=\u00bbMontserrat|700||on|||||\u00bb text_text_color=\u00bb#ffffff\u00bb text_font_size=\u00bb13px\u00bb text_letter_spacing=\u00bb1px\u00bb background_color=\u00bb#1fa515&#8243; text_orientation=\u00bbcenter\u00bb custom_margin=\u00bb20px||||false|false\u00bb custom_padding=\u00bb8px||8px||true|false\u00bb link_option_url=\u00bb#\u00bb global_colors_info=\u00bb{}\u00bb background_color__hover=\u00bb#010103&#8243; background_enable_color__hover=\u00bbon\u00bb background__hover_enabled=\u00bbon|hover\u00bb][\/et_pb_text][\/et_pb_column][\/et_pb_row][et_pb_row column_structure=\u00bb1_2,1_2&#8243; custom_padding_last_edited=\u00bbon|desktop\u00bb _builder_version=\u00bb4.27.4&#8243; _module_preset=\u00bbdefault\u00bb custom_padding=\u00bb|80px||80px|false|false\u00bb custom_padding_tablet=\u00bb|0px||0px|false|false\u00bb custom_padding_phone=\u00bb|0px||0px|false|false\u00bb locked=\u00bboff\u00bb global_colors_info=\u00bb{}\u00bb][et_pb_column type=\u00bb1_2&#8243; _builder_version=\u00bb4.27.4&#8243; _module_preset=\u00bbdefault\u00bb border_width_all=\u00bb1px\u00bb box_shadow_style=\u00bbpreset1&#8243; box_shadow_vertical=\u00bb18px\u00bb box_shadow_blur=\u00bb40px\u00bb box_shadow_spread=\u00bb-6px\u00bb box_shadow_color=\u00bbrgba(0,0,0,0.2)\u00bb global_colors_info=\u00bb{}\u00bb][et_pb_image src=\u00bbhttps:\/\/www.etxalar.eus\/wp-content\/uploads\/2025\/03\/3056501.400&#215;300.jpg\u00bb alt=\u00bbaltxata\u00bb title_text=\u00bb3056501.400&#215;300&#8243; force_fullwidth=\u00bbon\u00bb admin_label=\u00bbImagen de la comida\u00bb _builder_version=\u00bb4.27.4&#8243; _module_preset=\u00bbdefault\u00bb custom_margin=\u00bb||18px|||\u00bb global_colors_info=\u00bb{}\u00bb filter_brightness__hover_enabled=\u00bbon|desktop\u00bb filter_brightness__hover=\u00bb100%\u00bb background_color__hover=\u00bb#FFFFFF\u00bb background__hover_enabled=\u00bbon|hover\u00bb background_enable_color__hover=\u00bbon\u00bb][\/et_pb_image][et_pb_text admin_label=\u00bbTexto de oferta\u00bb _builder_version=\u00bb4.27.4&#8243; _module_preset=\u00bbdefault\u00bb text_font=\u00bbMontserrat|700||on|||||\u00bb text_text_color=\u00bb#ffffff\u00bb text_font_size=\u00bb18px\u00bb text_letter_spacing=\u00bb1px\u00bb background_color=\u00bb#7aaf18&#8243; positioning=\u00bbabsolute\u00bb text_orientation=\u00bbcenter\u00bb width=\u00bb100%\u00bb custom_padding=\u00bb10px|5px|10px|5px|true|true\u00bb border_radii=\u00bboff||||\u00bb global_colors_info=\u00bb{}\u00bb background_color__hover=\u00bb#7aaf18&#8243; background_enable_color__hover=\u00bbon\u00bb background__hover_enabled=\u00bbon|hover\u00bb]<\/p>\n<p><strong>transpirenaica<br \/><em>Orreaga \u2013 Etxalar<\/em><br \/><\/strong><\/p>\n<p>[\/et_pb_text][et_pb_blurb use_icon=\u00bbon\u00bb font_icon=\u00bb&#x2c;||divi||400&#8243; icon_color=\u00bbgcid-secondary-color\u00bb icon_placement=\u00bbleft\u00bb image_icon_width=\u00bb25px\u00bb admin_label=\u00bbLista 1&#8243; _builder_version=\u00bb4.27.4&#8243; _module_preset=\u00bbdefault\u00bb body_font=\u00bb&#8211;et_global_body_font||||||||\u00bb body_text_color=\u00bb#000000&#8243; body_line_height=\u00bb2em\u00bb background_color=\u00bbgcid-63ace26e-ec1a-49a4-96c1-d62eb83c71e6&#8243; custom_margin=\u00bb5px|20px|5px|20px|false|false\u00bb custom_padding=\u00bb5px|20px|5px|20px|false|true\u00bb global_colors_info=\u00bb{%22gcid-secondary-color%22:%91%22icon_color%22%93,%22gcid-63ace26e-ec1a-49a4-96c1-d62eb83c71e6%22:%91%22background_color%22%93}\u00bb]<\/p>\n<p>71.760 m<\/p>\n<p>[\/et_pb_blurb][et_pb_blurb use_icon=\u00bbon\u00bb font_icon=\u00bb&#x2e;||divi||400&#8243; icon_color=\u00bbgcid-secondary-color\u00bb icon_placement=\u00bbleft\u00bb image_icon_width=\u00bb25px\u00bb admin_label=\u00bbLista 1&#8243; _builder_version=\u00bb4.27.4&#8243; _module_preset=\u00bbdefault\u00bb body_font=\u00bb&#8211;et_global_body_font||||||||\u00bb body_text_color=\u00bb#000000&#8243; body_line_height=\u00bb2em\u00bb background_color=\u00bbgcid-63ace26e-ec1a-49a4-96c1-d62eb83c71e6&#8243; custom_margin=\u00bb5px|20px|5px|20px|false|false\u00bb custom_padding=\u00bb5px|20px|5px|20px|false|true\u00bb global_colors_info=\u00bb{%22gcid-secondary-color%22:%91%22icon_color%22,%22icon_color%22,%22icon_color%22,%22icon_color%22%93,%22gcid-63ace26e-ec1a-49a4-96c1-d62eb83c71e6%22:%91%22background_color%22,%22background_color%22,%22background_color%22%93}\u00bb]<\/p>\n<p>2.260 m<\/p>\n<p>[\/et_pb_blurb][et_pb_blurb url=\u00bbhttps:\/\/eu.wikiloc.com\/ibilbide-mountain-bike\/transpirenaica-en-btt-15-orreaga-etxalar-2320609&#8243; url_new_window=\u00bbon\u00bb use_icon=\u00bbon\u00bb font_icon=\u00bb&#xf35d;||fa||900&#8243; icon_color=\u00bb#FFFFFF\u00bb icon_placement=\u00bbleft\u00bb image_icon_width=\u00bb25px\u00bb admin_label=\u00bbLista 1&#8243; _builder_version=\u00bb4.27.4&#8243; _module_preset=\u00bbdefault\u00bb header_text_color=\u00bb#FFFFFF\u00bb body_font=\u00bb&#8211;et_global_body_font||||||||\u00bb body_text_color=\u00bb#FFFFFF\u00bb body_line_height=\u00bb2em\u00bb background_color=\u00bb#34a016&#8243; custom_margin=\u00bb20px|20px|20px|20px|false|false\u00bb custom_padding=\u00bb5px|20px|5px|20px|false|true\u00bb link_option_url=\u00bbhttps:\/\/eu.wikiloc.com\/ibilbide-mountain-bike\/transpirenaica-en-btt-15-orreaga-etxalar-2320609&#8243; link_option_url_new_window=\u00bbon\u00bb border_radii=\u00bbon|20px|20px|20px|20px\u00bb global_colors_info=\u00bb{%22gcid-primary-color%22:%91%22background_color%22%93}\u00bb]<\/p>\n<p>Ver ruta y mapa en wikiloc<\/p>\n<p>[\/et_pb_blurb][et_pb_text admin_label=\u00bbBoton de compra\u00bb _builder_version=\u00bb4.27.4&#8243; _module_preset=\u00bbdefault\u00bb text_font=\u00bbMontserrat|700||on|||||\u00bb text_text_color=\u00bb#ffffff\u00bb text_font_size=\u00bb13px\u00bb text_letter_spacing=\u00bb1px\u00bb background_color=\u00bb#1fa515&#8243; text_orientation=\u00bbcenter\u00bb custom_margin=\u00bb20px||||false|false\u00bb custom_padding=\u00bb8px||8px||true|false\u00bb link_option_url=\u00bb#\u00bb global_colors_info=\u00bb{}\u00bb background_color__hover=\u00bb#010103&#8243; background_enable_color__hover=\u00bbon\u00bb background__hover_enabled=\u00bbon|hover\u00bb][\/et_pb_text][\/et_pb_column][et_pb_column type=\u00bb1_2&#8243; _builder_version=\u00bb4.27.4&#8243; _module_preset=\u00bbdefault\u00bb border_width_all=\u00bb1px\u00bb box_shadow_style=\u00bbpreset1&#8243; box_shadow_vertical=\u00bb18px\u00bb box_shadow_blur=\u00bb40px\u00bb box_shadow_spread=\u00bb-6px\u00bb box_shadow_color=\u00bbrgba(0,0,0,0.2)\u00bb global_colors_info=\u00bb{}\u00bb][et_pb_image src=\u00bbhttps:\/\/www.etxalar.eus\/wp-content\/uploads\/2025\/03\/16724261.400&#215;300.jpg\u00bb alt=\u00bbaltxata\u00bb title_text=\u00bb16724261.400&#215;300&#8243; force_fullwidth=\u00bbon\u00bb admin_label=\u00bbImagen de la comida\u00bb _builder_version=\u00bb4.27.4&#8243; _module_preset=\u00bbdefault\u00bb custom_margin=\u00bb||18px|||\u00bb global_colors_info=\u00bb{}\u00bb filter_brightness__hover_enabled=\u00bbon|desktop\u00bb filter_brightness__hover=\u00bb100%\u00bb background_color__hover=\u00bb#FFFFFF\u00bb background__hover_enabled=\u00bbon|hover\u00bb background_enable_color__hover=\u00bbon\u00bb][\/et_pb_image][et_pb_text admin_label=\u00bbTexto de oferta\u00bb _builder_version=\u00bb4.27.4&#8243; _module_preset=\u00bbdefault\u00bb text_font=\u00bbMontserrat|700||on|||||\u00bb text_text_color=\u00bb#ffffff\u00bb text_font_size=\u00bb18px\u00bb text_letter_spacing=\u00bb1px\u00bb background_color=\u00bb#7aaf18&#8243; positioning=\u00bbabsolute\u00bb text_orientation=\u00bbcenter\u00bb width=\u00bb100%\u00bb custom_padding=\u00bb10px|5px|10px|5px|true|true\u00bb border_radii=\u00bboff||||\u00bb global_colors_info=\u00bb{}\u00bb background_color__hover=\u00bb#7aaf18&#8243; background_enable_color__hover=\u00bbon\u00bb background__hover_enabled=\u00bbon|hover\u00bb]<\/p>\n<p><strong><\/strong>TRANSPIRENAICA<br \/>ETXALAR-HONDARRIBIA<\/p>\n<p>[\/et_pb_text][et_pb_blurb use_icon=\u00bbon\u00bb font_icon=\u00bb&#x2c;||divi||400&#8243; icon_color=\u00bbgcid-secondary-color\u00bb icon_placement=\u00bbleft\u00bb image_icon_width=\u00bb25px\u00bb admin_label=\u00bbLista 1&#8243; _builder_version=\u00bb4.27.4&#8243; _module_preset=\u00bbdefault\u00bb body_font=\u00bb&#8211;et_global_body_font||||||||\u00bb body_text_color=\u00bb#000000&#8243; body_line_height=\u00bb2em\u00bb background_color=\u00bbgcid-63ace26e-ec1a-49a4-96c1-d62eb83c71e6&#8243; custom_margin=\u00bb5px|20px|5px|20px|false|false\u00bb custom_padding=\u00bb5px|20px|5px|20px|false|true\u00bb global_colors_info=\u00bb{%22gcid-secondary-color%22:%91%22icon_color%22%93,%22gcid-63ace26e-ec1a-49a4-96c1-d62eb83c71e6%22:%91%22background_color%22%93}\u00bb]<\/p>\n<p>63.440 m<\/p>\n<p>[\/et_pb_blurb][et_pb_blurb use_icon=\u00bbon\u00bb font_icon=\u00bb&#x2e;||divi||400&#8243; icon_color=\u00bbgcid-secondary-color\u00bb icon_placement=\u00bbleft\u00bb image_icon_width=\u00bb25px\u00bb admin_label=\u00bbLista 1&#8243; _builder_version=\u00bb4.27.4&#8243; _module_preset=\u00bbdefault\u00bb body_font=\u00bb&#8211;et_global_body_font||||||||\u00bb body_text_color=\u00bb#000000&#8243; body_line_height=\u00bb2em\u00bb background_color=\u00bbgcid-63ace26e-ec1a-49a4-96c1-d62eb83c71e6&#8243; custom_margin=\u00bb5px|20px|5px|20px|false|false\u00bb custom_padding=\u00bb5px|20px|5px|20px|false|true\u00bb global_colors_info=\u00bb{%22gcid-secondary-color%22:%91%22icon_color%22,%22icon_color%22,%22icon_color%22,%22icon_color%22%93,%22gcid-63ace26e-ec1a-49a4-96c1-d62eb83c71e6%22:%91%22background_color%22,%22background_color%22,%22background_color%22%93}\u00bb]<\/p>\n<p>1.669 m<\/p>\n<p>[\/et_pb_blurb][et_pb_blurb url=\u00bbhttps:\/\/eu.wikiloc.com\/ibilbide-mountain-bike\/transpirenaica-en-btt-16-etxalar-hondarribia-2320676&#8243; url_new_window=\u00bbon\u00bb use_icon=\u00bbon\u00bb font_icon=\u00bb&#xf35d;||fa||900&#8243; icon_color=\u00bb#FFFFFF\u00bb icon_placement=\u00bbleft\u00bb image_icon_width=\u00bb25px\u00bb admin_label=\u00bbLista 1&#8243; _builder_version=\u00bb4.27.4&#8243; _module_preset=\u00bbdefault\u00bb header_text_color=\u00bb#FFFFFF\u00bb body_font=\u00bb&#8211;et_global_body_font||||||||\u00bb body_text_color=\u00bb#FFFFFF\u00bb body_line_height=\u00bb2em\u00bb background_color=\u00bb#34a016&#8243; custom_margin=\u00bb20px|20px|20px|20px|false|false\u00bb custom_padding=\u00bb5px|20px|5px|20px|false|true\u00bb link_option_url=\u00bbhttps:\/\/eu.wikiloc.com\/ibilbide-mountain-bike\/transpirenaica-en-btt-16-etxalar-hondarribia-2320676&#8243; link_option_url_new_window=\u00bbon\u00bb border_radii=\u00bbon|20px|20px|20px|20px\u00bb global_colors_info=\u00bb{%22gcid-primary-color%22:%91%22background_color%22%93,%22gcid-secondary-color%22:%91%22icon_color%22,%22icon_color%22,%22icon_color%22,%22icon_color%22%93,%22gcid-63ace26e-ec1a-49a4-96c1-d62eb83c71e6%22:%91%22background_color%22,%22background_color%22,%22background_color%22%93}\u00bb]<\/p>\n<p>Ver ruta y mapa en wikiloc<\/p>\n<p>[\/et_pb_blurb][et_pb_text admin_label=\u00bbBoton de compra\u00bb _builder_version=\u00bb4.27.4&#8243; _module_preset=\u00bbdefault\u00bb text_font=\u00bbMontserrat|700||on|||||\u00bb text_text_color=\u00bb#ffffff\u00bb text_font_size=\u00bb13px\u00bb text_letter_spacing=\u00bb1px\u00bb background_color=\u00bb#1fa515&#8243; text_orientation=\u00bbcenter\u00bb custom_margin=\u00bb20px||||false|false\u00bb custom_padding=\u00bb8px||8px||true|false\u00bb link_option_url=\u00bb#\u00bb global_colors_info=\u00bb{}\u00bb background_color__hover=\u00bb#010103&#8243; background_enable_color__hover=\u00bbon\u00bb background__hover_enabled=\u00bbon|hover\u00bb][\/et_pb_text][\/et_pb_column][\/et_pb_row][\/et_pb_section][et_pb_section fb_built=\u00bb1&#8243; _builder_version=\u00bb4.27.4&#8243; _module_preset=\u00bbdefault\u00bb background_color=\u00bbgcid-aa8ab6bb-6aae-4545-8323-e9f7c570e8d7&#8243; global_colors_info=\u00bb{%22gcid-aa8ab6bb-6aae-4545-8323-e9f7c570e8d7%22:%91%22background_color%22%93}\u00bb][et_pb_row module_id=\u00bbzerbitzuturistikoa\u00bb _builder_version=\u00bb4.27.4&#8243; _module_preset=\u00bbdefault\u00bb locked=\u00bboff\u00bb global_colors_info=\u00bb{}\u00bb][et_pb_column type=\u00bb4_4&#8243; _builder_version=\u00bb4.27.4&#8243; _module_preset=\u00bbdefault\u00bb global_colors_info=\u00bb{}\u00bb][et_pb_text _builder_version=\u00bb4.27.4&#8243; _module_preset=\u00bbdefault\u00bb header_3_text_color=\u00bbgcid-primary-color\u00bb global_colors_info=\u00bb{%22gcid-primary-color%22:%91%22header_3_text_color%22%93}\u00bb]<\/p>\n<h3>Servicios de turismo<\/h3>\n<p>[\/et_pb_text][\/et_pb_column][\/et_pb_row][et_pb_row column_structure=\u00bb1_3,2_3&#8243; custom_padding_last_edited=\u00bbon|desktop\u00bb _builder_version=\u00bb4.27.4&#8243; _module_preset=\u00bbdefault\u00bb custom_padding=\u00bb||||false|false\u00bb custom_padding_tablet=\u00bb|0px||0px|false|false\u00bb custom_padding_phone=\u00bb|0px||0px|false|false\u00bb locked=\u00bboff\u00bb global_colors_info=\u00bb{}\u00bb][et_pb_column type=\u00bb1_3&#8243; _builder_version=\u00bb4.27.4&#8243; _module_preset=\u00bbdefault\u00bb border_width_all=\u00bb1px\u00bb box_shadow_style=\u00bbpreset1&#8243; box_shadow_vertical=\u00bb18px\u00bb box_shadow_blur=\u00bb40px\u00bb box_shadow_spread=\u00bb-6px\u00bb box_shadow_color=\u00bbrgba(0,0,0,0.2)\u00bb global_colors_info=\u00bb{}\u00bb][et_pb_text _builder_version=\u00bb4.27.4&#8243; _module_preset=\u00bbdefault\u00bb header_2_text_align=\u00bbcenter\u00bb header_2_text_color=\u00bb#FFFFFF\u00bb background_color=\u00bbgcid-secondary-color\u00bb custom_margin=\u00bb||0px||false|false\u00bb custom_padding=\u00bb20px|20px||20px|false|false\u00bb global_colors_info=\u00bb{%22gcid-secondary-color%22:%91%22background_color%22%93}\u00bb]<\/p>\n<h2>VISITAS GUIADAS<\/h2>\n<p>[\/et_pb_text][et_pb_image src=\u00bbhttps:\/\/www.etxalar.eus\/wp-content\/uploads\/2024\/05\/Bista-gidatua-Etxalar.jpg\u00bb alt=\u00bbVisita guiada\u00bb title_text=\u00bbEtxalarkartelauda2013a\u00bb force_fullwidth=\u00bbon\u00bb admin_label=\u00bbImagen de la comida\u00bb _builder_version=\u00bb4.27.4&#8243; _module_preset=\u00bbdefault\u00bb custom_margin=\u00bb0px||0px||false|false\u00bb custom_padding=\u00bb||20px||false|false\u00bb global_colors_info=\u00bb{}\u00bb filter_brightness__hover_enabled=\u00bbon|desktop\u00bb filter_brightness__hover=\u00bb50%\u00bb][\/et_pb_image][et_pb_blurb use_icon=\u00bbon\u00bb font_icon=\u00bb&#xf879;||fa||900&#8243; icon_color=\u00bbgcid-secondary-color\u00bb icon_placement=\u00bbleft\u00bb image_icon_width=\u00bb25px\u00bb admin_label=\u00bbLista 1&#8243; _builder_version=\u00bb4.27.4&#8243; _module_preset=\u00bbdefault\u00bb body_font=\u00bb&#8211;et_global_body_font||||||||\u00bb body_text_color=\u00bb#000000&#8243; body_line_height=\u00bb2em\u00bb background_color=\u00bbgcid-63ace26e-ec1a-49a4-96c1-d62eb83c71e6&#8243; custom_margin=\u00bb5px|20px|5px|20px|false|false\u00bb custom_padding=\u00bb5px|20px|5px|20px|false|true\u00bb global_colors_info=\u00bb{%22gcid-secondary-color%22:%91%22icon_color%22,%22icon_color%22,%22icon_color%22,%22icon_color%22%93,%22gcid-63ace26e-ec1a-49a4-96c1-d62eb83c71e6%22:%91%22background_color%22,%22background_color%22,%22background_color%22%93}\u00bb]<a href=\"tel:+948635386\">948 635 386<\/a>[\/et_pb_blurb][et_pb_text _builder_version=\u00bb4.27.4&#8243; _module_preset=\u00bbdefault\u00bb custom_padding=\u00bb|30px||20px|false|false\u00bb global_colors_info=\u00bb{}\u00bb]<\/p>\n<p>Se ofrecen cuatro paseos para conocer en profundidad a Etxalar. Cada visita se ofrece en su forma. Hay que realizar una reserva escribiendo o llamando por tel\u00e9fono al e-Correo de la Oficina de Turismo.  <\/p>\n<p>[\/et_pb_text][et_pb_blurb use_icon=\u00bbon\u00bb font_icon=\u00bb&#xf0e0;||fa||400&#8243; icon_color=\u00bbgcid-secondary-color\u00bb icon_placement=\u00bbleft\u00bb image_icon_width=\u00bb25px\u00bb admin_label=\u00bbLista 1&#8243; _builder_version=\u00bb4.27.4&#8243; _module_preset=\u00bbdefault\u00bb body_font=\u00bb&#8211;et_global_body_font||||||||\u00bb body_text_color=\u00bb#000000&#8243; body_line_height=\u00bb2em\u00bb background_color=\u00bbgcid-63ace26e-ec1a-49a4-96c1-d62eb83c71e6&#8243; custom_margin=\u00bb5px|20px|5px|20px|false|false\u00bb custom_padding=\u00bb5px|20px|5px|20px|false|true\u00bb global_colors_info=\u00bb{%22gcid-secondary-color%22:%91%22icon_color%22%93,%22gcid-63ace26e-ec1a-49a4-96c1-d62eb83c71e6%22:%91%22background_color%22%93}\u00bb]<\/p>\n<p><a href=\"mailto:turismobulegoa@etxalar.eus\">turismobulegoa@etxalar.eus<\/a><\/p>\n<p>[\/et_pb_blurb][et_pb_text admin_label=\u00bbBoton de compra\u00bb _builder_version=\u00bb4.27.4&#8243; _module_preset=\u00bbdefault\u00bb text_font=\u00bbMontserrat|700||on|||||\u00bb text_text_color=\u00bb#ffffff\u00bb text_font_size=\u00bb13px\u00bb text_letter_spacing=\u00bb1px\u00bb background_color=\u00bbgcid-secondary-color\u00bb text_orientation=\u00bbcenter\u00bb custom_margin=\u00bb20px||||false|false\u00bb custom_padding=\u00bb8px||8px||true|false\u00bb link_option_url=\u00bb#\u00bb global_colors_info=\u00bb{%22gcid-secondary-color%22:%91%22background_color%22%93}\u00bb background_color__hover=\u00bb#010103&#8243; background_enable_color__hover=\u00bbon\u00bb background__hover_enabled=\u00bbon|hover\u00bb][\/et_pb_text][\/et_pb_column][et_pb_column type=\u00bb2_3&#8243; _builder_version=\u00bb4.27.4&#8243; _module_preset=\u00bbdefault\u00bb global_colors_info=\u00bb{}\u00bb][et_pb_accordion open_toggle_background_color=\u00bbgcid-7548ccd0-3a86-4c27-a211-9ba11bfdbe0a\u00bb closed_toggle_text_color=\u00bb#FFFFFF\u00bb closed_toggle_background_color=\u00bb#304759&#8243; _builder_version=\u00bb4.27.4&#8243; _module_preset=\u00bbdefault\u00bb global_colors_info=\u00bb{%22gcid-7548ccd0-3a86-4c27-a211-9ba11bfdbe0a%22:%91%22open_toggle_background_color%22%93}\u00bb][et_pb_accordion_item title=\u00bbPueblo de Etxalar\u00bb open=\u00bbon\u00bb _builder_version=\u00bb4.27.4&#8243; _module_preset=\u00bbdefault\u00bb global_colors_info=\u00bb{}\u00bb]<\/p>\n<p><strong>Ruta para conocer los rincones y peculiaridades del pueblo<\/strong><\/p>\n<p>En Semana Santa y verano<\/p>\n<p>[\/et_pb_accordion_item][et_pb_accordion_item title=\u00bbLa historia de Etxalar a trav\u00e9s de las casas\u00bb _builder_version=\u00bb4.27.4&#8243; _module_preset=\u00bbdefault\u00bb global_colors_info=\u00bb{}\u00bb open=\u00bboff\u00bb]<\/p>\n<p><strong><br \/>Paseo por el patrimonio arquitect\u00f3nico de Etxalar y su historia.*<\/strong><\/p>\n<p>Todos los s\u00e1bados y todos los d\u00edas en la primera quincena de agosto<\/p>\n<p>* Tambi\u00e9n se realizan fuera de temporada (consultar)<\/p>\n<p>[\/et_pb_accordion_item][et_pb_accordion_item title=\u00bbContrabando\u00bb _builder_version=\u00bb4.27.4&#8243; _module_preset=\u00bbdefault\u00bb global_colors_info=\u00bb{}\u00bb open=\u00bboff\u00bb]<\/p>\n<p><strong>Ruta nocturna sobre el contrabando o \u00abgau lana\u00bb<\/strong><\/p>\n<p>S\u00e1bados de julio y agosto<\/p>\n<p>[\/et_pb_accordion_item][et_pb_accordion_item title=\u00bbPalomeras de Etxalar\u00bb _builder_version=\u00bb4.27.4&#8243; _module_preset=\u00bbdefault\u00bb global_colors_info=\u00bb{}\u00bb open=\u00bboff\u00bb]<\/p>\n<p><strong>Ruta para conocer la captura tradicional de palomas con red<\/strong><\/p>\n<p>Fines de semana y festivo de octubre y noviembre<\/p>\n<p>[\/et_pb_accordion_item][\/et_pb_accordion][\/et_pb_column][\/et_pb_row][et_pb_row _builder_version=\u00bb4.27.4&#8243; _module_preset=\u00bbdefault\u00bb global_colors_info=\u00bb{}\u00bb][et_pb_column type=\u00bb4_4&#8243; _builder_version=\u00bb4.27.4&#8243; _module_preset=\u00bbdefault\u00bb global_colors_info=\u00bb{}\u00bb][et_pb_divider _builder_version=\u00bb4.27.4&#8243; _module_preset=\u00bbdefault\u00bb global_colors_info=\u00bb{}\u00bb][\/et_pb_divider][\/et_pb_column][\/et_pb_row][et_pb_row column_structure=\u00bb1_3,2_3&#8243; custom_padding_last_edited=\u00bbon|desktop\u00bb _builder_version=\u00bb4.27.4&#8243; _module_preset=\u00bbdefault\u00bb custom_padding=\u00bb||||false|false\u00bb custom_padding_tablet=\u00bb|0px||0px|false|false\u00bb custom_padding_phone=\u00bb|0px||0px|false|false\u00bb locked=\u00bboff\u00bb global_colors_info=\u00bb{}\u00bb][et_pb_column type=\u00bb1_3&#8243; _builder_version=\u00bb4.27.4&#8243; _module_preset=\u00bbdefault\u00bb border_width_all=\u00bb1px\u00bb box_shadow_style=\u00bbpreset1&#8243; box_shadow_vertical=\u00bb18px\u00bb box_shadow_blur=\u00bb40px\u00bb box_shadow_spread=\u00bb-6px\u00bb box_shadow_color=\u00bbrgba(0,0,0,0.2)\u00bb global_colors_info=\u00bb{}\u00bb][et_pb_image src=\u00bbhttps:\/\/www.etxalar.eus\/wp-content\/uploads\/2024\/05\/Escape-room-logo.jpg\u00bb alt=\u00bbEtxalar escape room\u00bb title_text=\u00bbEscape room logo\u00bb force_fullwidth=\u00bbon\u00bb admin_label=\u00bbImagen de la comida\u00bb _builder_version=\u00bb4.27.4&#8243; _module_preset=\u00bbdefault\u00bb custom_margin=\u00bb||18px|||\u00bb global_colors_info=\u00bb{}\u00bb filter_brightness__hover_enabled=\u00bbon|desktop\u00bb filter_brightness__hover=\u00bb50%\u00bb][\/et_pb_image][et_pb_text _builder_version=\u00bb4.27.4&#8243; _module_preset=\u00bbdefault\u00bb custom_padding=\u00bb|30px||20px|false|false\u00bb global_colors_info=\u00bb{}\u00bb]<\/p>\n<p>Etxalar Escape Room es una actividad basada en juegos de escape. Durante el juego, un grupo de entre 2 y 6 personas dispondr\u00e1n de 60 minutos para huir de un lugar ambientado en torno a los contrabandistas y palomeras. Previa reserva.  <\/p>\n<p>[\/et_pb_text][et_pb_blurb use_icon=\u00bbon\u00bb font_icon=\u00bb&#xf879;||fa||900&#8243; icon_color=\u00bbgcid-secondary-color\u00bb icon_placement=\u00bbleft\u00bb image_icon_width=\u00bb25px\u00bb admin_label=\u00bbLista 1&#8243; _builder_version=\u00bb4.27.4&#8243; _module_preset=\u00bbdefault\u00bb body_font=\u00bb&#8211;et_global_body_font||||||||\u00bb body_text_color=\u00bb#000000&#8243; body_line_height=\u00bb2em\u00bb background_color=\u00bbgcid-63ace26e-ec1a-49a4-96c1-d62eb83c71e6&#8243; custom_margin=\u00bb5px|20px|5px|20px|false|false\u00bb custom_padding=\u00bb5px|20px|5px|20px|false|true\u00bb global_colors_info=\u00bb{%22gcid-secondary-color%22:%91%22icon_color%22,%22icon_color%22,%22icon_color%22,%22icon_color%22%93,%22gcid-63ace26e-ec1a-49a4-96c1-d62eb83c71e6%22:%91%22background_color%22,%22background_color%22,%22background_color%22%93}\u00bb]<a href=\"tel:+647007394\">647 007 394<\/a>[\/et_pb_blurb][et_pb_blurb use_icon=\u00bbon\u00bb font_icon=\u00bb&#xe0e3;||divi||400&#8243; icon_color=\u00bbgcid-secondary-color\u00bb icon_placement=\u00bbleft\u00bb image_icon_width=\u00bb25px\u00bb admin_label=\u00bbLista 1&#8243; _builder_version=\u00bb4.27.4&#8243; _module_preset=\u00bbdefault\u00bb body_font=\u00bb&#8211;et_global_body_font||||||||\u00bb body_text_color=\u00bb#000000&#8243; body_line_height=\u00bb2em\u00bb background_color=\u00bbgcid-63ace26e-ec1a-49a4-96c1-d62eb83c71e6&#8243; custom_margin=\u00bb5px|20px|5px|20px|false|false\u00bb custom_padding=\u00bb5px|20px|5px|20px|false|true\u00bb global_colors_info=\u00bb{%22gcid-secondary-color%22:%91%22icon_color%22%93,%22gcid-63ace26e-ec1a-49a4-96c1-d62eb83c71e6%22:%91%22background_color%22%93}\u00bb]<\/p>\n<p><a href=\"https:\/\/etxalarescaperoom.com\/es\/\">www.etxalarescaperoom.com<\/a><\/p>\n<p>[\/et_pb_blurb][et_pb_text admin_label=\u00bbBoton de compra\u00bb _builder_version=\u00bb4.27.4&#8243; _module_preset=\u00bbdefault\u00bb text_font=\u00bbMontserrat|700||on|||||\u00bb text_text_color=\u00bb#ffffff\u00bb text_font_size=\u00bb13px\u00bb text_letter_spacing=\u00bb1px\u00bb background_color=\u00bb#150549&#8243; text_orientation=\u00bbcenter\u00bb custom_margin=\u00bb20px||||false|false\u00bb custom_padding=\u00bb8px||8px||true|false\u00bb link_option_url=\u00bb#\u00bb global_colors_info=\u00bb{}\u00bb background_color__hover=\u00bb#010103&#8243; background_enable_color__hover=\u00bbon\u00bb background__hover_enabled=\u00bbon|hover\u00bb][\/et_pb_text][\/et_pb_column][et_pb_column type=\u00bb2_3&#8243; _builder_version=\u00bb4.27.4&#8243; _module_preset=\u00bbdefault\u00bb global_colors_info=\u00bb{}\u00bb][et_pb_image src=\u00bbhttps:\/\/www.etxalar.eus\/wp-content\/uploads\/2025\/03\/469606026_1024662026342541_3054851046748789887_n.jpg\u00bb title_text=\u00bb469606026_1024662026342541_3054851046748789887_n\u00bb _builder_version=\u00bb4.27.4&#8243; _module_preset=\u00bbdefault\u00bb global_colors_info=\u00bb{}\u00bb][\/et_pb_image][\/et_pb_column][\/et_pb_row][\/et_pb_section]<\/p>\n","protected":false},"excerpt":{"rendered":"<p>Qu\u00e9 hacerSi tu afici\u00f3n es recorrer la naturaleza, los montes de Etxalar son un lugar \u00fanico para ello. A lo largo del territorio del pueblo, hay recorridos balizados con distinto [&hellip;]<\/p>\n","protected":false},"author":9,"featured_media":0,"parent":0,"menu_order":0,"comment_status":"closed","ping_status":"closed","template":"","meta":{"_et_pb_use_builder":"on","_et_pb_old_content":"","_et_gb_content_width":"","footnotes":""},"class_list":["post-399417","page","type-page","status-publish","hentry"],"_links":{"self":[{"href":"https:\/\/www.etxalar.eus\/es\/wp-json\/wp\/v2\/pages\/399417","targetHints":{"allow":["GET"]}}],"collection":[{"href":"https:\/\/www.etxalar.eus\/es\/wp-json\/wp\/v2\/pages"}],"about":[{"href":"https:\/\/www.etxalar.eus\/es\/wp-json\/wp\/v2\/types\/page"}],"author":[{"embeddable":true,"href":"https:\/\/www.etxalar.eus\/es\/wp-json\/wp\/v2\/users\/9"}],"replies":[{"embeddable":true,"href":"https:\/\/www.etxalar.eus\/es\/wp-json\/wp\/v2\/comments?post=399417"}],"version-history":[{"count":8,"href":"https:\/\/www.etxalar.eus\/es\/wp-json\/wp\/v2\/pages\/399417\/revisions"}],"predecessor-version":[{"id":399767,"href":"https:\/\/www.etxalar.eus\/es\/wp-json\/wp\/v2\/pages\/399417\/revisions\/399767"}],"wp:attachment":[{"href":"https:\/\/www.etxalar.eus\/es\/wp-json\/wp\/v2\/media?parent=399417"}],"curies":[{"name":"wp","href":"https:\/\/api.w.org\/{rel}","templated":true}]}}