{"id":399411,"date":"2026-02-05T19:00:53","date_gmt":"2026-02-05T18:00:53","guid":{"rendered":"https:\/\/www.etxalar.eus\/que-ver\/"},"modified":"2026-02-05T19:05:12","modified_gmt":"2026-02-05T18:05:12","slug":"que-ver","status":"publish","type":"page","link":"https:\/\/www.etxalar.eus\/es\/que-ver\/","title":{"rendered":"Qu\u00e9 ver"},"content":{"rendered":"<p>[et_pb_section fb_built=\u00bb1&#8243; next_background_color=\u00bb#ffffff\u00bb admin_label=\u00bbAzken berriak\u00bb _builder_version=\u00bb4.27.4&#8243; _module_preset=\u00bbdefault\u00bb background_color=\u00bbgcid-secondary-color\u00bb bottom_divider_style=\u00bbtriangle\u00bb bottom_divider_height=\u00bb38px\u00bb bottom_divider_flip=\u00bbvertical\u00bb border_color_bottom=\u00bbgcid-heading-color\u00bb locked=\u00bboff\u00bb global_colors_info=\u00bb{%22gcid-heading-color%22:%91%22border_color_bottom%22%93,%22gcid-secondary-color%22:%91%22background_color%22,%22background_color%22%93}\u00bb][et_pb_row _builder_version=\u00bb4.27.4&#8243; _module_preset=\u00bbdefault\u00bb global_colors_info=\u00bb{}\u00bb][et_pb_column type=\u00bb4_4&#8243; _builder_version=\u00bb4.27.4&#8243; _module_preset=\u00bbdefault\u00bb global_colors_info=\u00bb{}\u00bb][et_pb_text _builder_version=\u00bb4.27.4&#8243; _module_preset=\u00bbdefault\u00bb header_text_color=\u00bb#FFFFFF\u00bb global_colors_info=\u00bb{}\u00bb]<\/p>\n<h1>Qu\u00e9 ver<\/h1>\n<p>[\/et_pb_text][\/et_pb_column][\/et_pb_row][\/et_pb_section][et_pb_section fb_built=\u00bb1&#8243; _builder_version=\u00bb4.27.4&#8243; _module_preset=\u00bbdefault\u00bb locked=\u00bboff\u00bb global_colors_info=\u00bb{}\u00bb][et_pb_row column_structure=\u00bb3_5,2_5&#8243; _builder_version=\u00bb4.27.4&#8243; _module_preset=\u00bbdefault\u00bb border_color_bottom=\u00bbgcid-primary-color\u00bb locked=\u00bboff\u00bb global_colors_info=\u00bb{%22gcid-primary-color%22:%91%22border_color_bottom%22%93}\u00bb][et_pb_column type=\u00bb3_5&#8243; _builder_version=\u00bb4.27.4&#8243; _module_preset=\u00bbdefault\u00bb global_colors_info=\u00bb{}\u00bb][et_pb_text _builder_version=\u00bb4.27.4&#8243; _module_preset=\u00bbdefault\u00bb header_4_text_color=\u00bbgcid-primary-color\u00bb global_colors_info=\u00bb{%22gcid-primary-color%22:%91%22header_4_text_color%22%93}\u00bb]<\/p>\n<p>Si a\u00fan no conoces nuestro pueblo, cuando te acerques seguro que no te arrepentir\u00e1s. Se puede disfrutar de su variado patrimonio mientras se recorre las calles del pueblo. <\/p>\n<p>Etxalar es un pueblo premiado por su belleza.<\/p>\n<h4>\u00a1Bienvenid@s a nuestro pueblo!<\/h4>\n<p>Etxalar, situado al noroeste de la Alta Navarra, es una de las Cinco Villas de Monta\u00f1a. El principal acceso al municipio se realiza desde la carretera que une Pamplona e Irun (N-121-A). Desde all\u00ed se toma la carretera comarcal (NA-4400) y tras recorrer 4 km se llega al pueblo. Tambi\u00e9n se puede llegar a Etxalar por la carretera que viene del pueblo de Sara (D-932) o por el lado de Zugarramurdi-Baztan. Limita con Sara, Bera, Lesaka, Igantzi y Baztan. Conocida sobre todo por su particular captura de palomas mediante redes, destaca tambi\u00e9n por su arquitectura popular y su hermoso estado, todo ello decorado con un bello entorno natural. Premio nacional de turismo para la decoraci\u00f3n y mejora de los pueblos. Si a finales del siglo XIX el pueblo contaba con casi 2000 habitantes, pero en la actualidad el pueblo est\u00e1 habitado por unas 850 personas.        <\/p>\n<p>En el casco urbano de Etxalar la mayor\u00eda de las casas son bastante grandes y est\u00e1n construidas sobre todo en piedra y madera. Paseando por las calles se pueden ver las fechas de construcci\u00f3n de algunos dinteles de entrada a las casas (XVI \u2013 XVIII) y c\u00f3mo no sus escudos de armas. Adem\u00e1s de las casas, en el pueblo de Etxalar hay otras muchas que pueden satisfacer la curiosidad de conocer; Las palomeras, la cruz de I\u00f1arreta, antiguos molinos, lavaderos&#8230;  <\/p>\n<p>[\/et_pb_text][et_pb_image src=\u00bbhttps:\/\/www.etxalar.eus\/wp-content\/uploads\/2025\/03\/Artxintxea-eta-Inarrea_web.jpg\u00bb title_text=\u00bbArtxintxea-eta-Inarrea_web\u00bb _builder_version=\u00bb4.27.4&#8243; _module_preset=\u00bbdefault\u00bb global_colors_info=\u00bb{}\u00bb][\/et_pb_image][\/et_pb_column][et_pb_column type=\u00bb2_5&#8243; _builder_version=\u00bb4.27.4&#8243; _module_preset=\u00bbdefault\u00bb global_colors_info=\u00bb{}\u00bb][et_pb_image src=\u00bbhttps:\/\/www.etxalar.eus\/wp-content\/uploads\/2025\/03\/Herria-adnuetze-gainkobid.jpg\u00bb title_text=\u00bbHerria-adnuetze-gainkobid\u00bb _builder_version=\u00bb4.27.4&#8243; _module_preset=\u00bbdefault\u00bb global_colors_info=\u00bb{}\u00bb][\/et_pb_image][\/et_pb_column][\/et_pb_row][et_pb_row _builder_version=\u00bb4.27.4&#8243; _module_preset=\u00bbdefault\u00bb global_colors_info=\u00bb{}\u00bb][et_pb_column type=\u00bb4_4&#8243; _builder_version=\u00bb4.27.4&#8243; _module_preset=\u00bbdefault\u00bb global_colors_info=\u00bb{}\u00bb][et_pb_divider _builder_version=\u00bb4.27.4&#8243; _module_preset=\u00bbdefault\u00bb global_colors_info=\u00bb{}\u00bb][\/et_pb_divider][\/et_pb_column][\/et_pb_row][et_pb_row _builder_version=\u00bb4.27.4&#8243; _module_preset=\u00bbdefault\u00bb global_colors_info=\u00bb{}\u00bb][et_pb_column type=\u00bb4_4&#8243; _builder_version=\u00bb4.27.4&#8243; _module_preset=\u00bbdefault\u00bb global_colors_info=\u00bb{}\u00bb][et_pb_text _builder_version=\u00bb4.27.4&#8243; _module_preset=\u00bbdefault\u00bb global_colors_info=\u00bb{}\u00bb]<\/p>\n<h3>Lugares destacados en el pueblo<\/h3>\n<p>[\/et_pb_text][\/et_pb_column][\/et_pb_row][et_pb_row column_structure=\u00bb1_3,1_3,1_3&#8243; _builder_version=\u00bb4.27.4&#8243; _module_preset=\u00bbdefault\u00bb global_colors_info=\u00bb{}\u00bb][et_pb_column type=\u00bb1_3&#8243; _builder_version=\u00bb4.27.4&#8243; _module_preset=\u00bbdefault\u00bb global_colors_info=\u00bb{}\u00bb][et_pb_blurb title=\u00bbCasa de Cultura\u00bb image=\u00bbhttps:\/\/www.etxalar.eus\/wp-content\/uploads\/2025\/02\/Kultur-etxea_behetik_jaureg.jpg\u00bb _builder_version=\u00bb4.27.4&#8243; _module_preset=\u00bbdefault\u00bb header_font=\u00bb|||on|||||\u00bb header_text_color=\u00bbgcid-primary-color\u00bb global_colors_info=\u00bb{%22gcid-primary-color%22:%91%22header_text_color%22%93}\u00bb]<\/p>\n<p>1685. Esta gran casa reconstruida en el a\u00f1o 2003 fue la casa consistorial hasta el siglo XIX, seguida del cuartel del pueblo, el hospital, la escuela y desde 2003 la Casa de Cultura. En el p\u00f3rtico de acceso aparecen inscripciones de 1685 en los pilares de piedra, una casa siempre dedicada a obras p\u00fablicas que mantiene la misma estructura que cuando era ayuntamiento. En el lugar de la antigua gran trainera, se encontraba hasta el siglo XIX la plaza principal del pueblo     <\/p>\n<p>[\/et_pb_blurb][\/et_pb_column][et_pb_column type=\u00bb1_3&#8243; _builder_version=\u00bb4.27.4&#8243; _module_preset=\u00bbdefault\u00bb global_colors_info=\u00bb{}\u00bb][et_pb_blurb title=\u00bbIglesia\u00bb image=\u00bbhttps:\/\/www.etxalar.eus\/wp-content\/uploads\/2025\/02\/Andra-mari-eliza-2021-2.jpg\u00bb _builder_version=\u00bb4.27.4&#8243; _module_preset=\u00bbdefault\u00bb header_font=\u00bb|||on|||||\u00bb header_text_color=\u00bbgcid-primary-color\u00bb global_colors_info=\u00bb{%22gcid-primary-color%22:%91%22header_text_color%22%93}\u00bb]<\/p>\n<p>Dedicada a Nuestra Se\u00f1ora de la Asunci\u00f3n, fue construida en 3 fases diferentes, desde el siglo XII hasta 1773. En su interior destacan el calvario de 1601, la piedra bautismal del siglo XVIII y el \u00f3rgano especial de 1902. Las estelas que se encuentran en el jard\u00edn tienen una importancia hist\u00f3rica notable. Desde la edad media hasta 1850 el cementerio estaba al lado de la iglesia y la costumbre era hacer estelas de piedra de cabeza redonda. En Etxalar podemos ver m\u00e1s de 100, formando la mayor colecci\u00f3n de Navarra.      <\/p>\n<p>[\/et_pb_blurb][\/et_pb_column][et_pb_column type=\u00bb1_3&#8243; _builder_version=\u00bb4.27.4&#8243; _module_preset=\u00bbdefault\u00bb global_colors_info=\u00bb{}\u00bb][et_pb_blurb title=\u00bbCASAS DEL PUEBLO\u00bb image=\u00bbhttps:\/\/www.etxalar.eus\/wp-content\/uploads\/2023\/01\/Etxeak-Inarrea-1.jpg\u00bb _builder_version=\u00bb4.27.4&#8243; _module_preset=\u00bbdefault\u00bb header_font=\u00bb|||on|||||\u00bb header_text_color=\u00bbgcid-primary-color\u00bb global_colors_info=\u00bb{%22gcid-primary-color%22:%91%22header_text_color%22%93}\u00bb]<\/p>\n<p>Son uno de los bienes m\u00e1s preciados de nuestro pueblo y que nuestros visitantes destacan en abundancia. <strong>Alrededor de la iglesia<\/strong> se re\u00fanen algunas de <strong>las casas m\u00e1s antiguas del pueblo<\/strong>, entre ellas la <strong>casa I\u00f1arrea<\/strong>, que da nombre al barrio de I\u00f1arreta. Su particular estructura de madera es espectacular y fue reconstruida en 2009. Tiene el reconocimiento de la instituci\u00f3n \u00ab<strong>Pr\u00edncipe de Viana<\/strong>\u00bb por su arquitectura.  <\/p>\n<p>[\/et_pb_blurb][\/et_pb_column][\/et_pb_row][et_pb_row column_structure=\u00bb1_3,1_3,1_3&#8243; _builder_version=\u00bb4.27.4&#8243; _module_preset=\u00bbdefault\u00bb global_colors_info=\u00bb{}\u00bb][et_pb_column type=\u00bb1_3&#8243; _builder_version=\u00bb4.27.4&#8243; _module_preset=\u00bbdefault\u00bb global_colors_info=\u00bb{}\u00bb][et_pb_blurb title=\u00bbCASAS DEL PUEBLO\u00bb image=\u00bbhttps:\/\/www.etxalar.eus\/wp-content\/uploads\/2025\/02\/Etxea_inarreta_Landaburua.jpg\u00bb _builder_version=\u00bb4.27.4&#8243; _module_preset=\u00bbdefault\u00bb header_font=\u00bb|||on|||||\u00bb header_text_color=\u00bbgcid-primary-color\u00bb global_colors_info=\u00bb{%22gcid-primary-color%22:%91%22header_text_color%22%93}\u00bb]<\/p>\n<p><strong>Landaburua e Iriondoa.<\/strong> Estas dos casas son modelos de la arquitectura popular de la comarca, mostrando una estructura de madera. La casa Iriondoa cuenta con un interesante jard\u00edn y una exposici\u00f3n privada de utensilios de labranza. <\/p>\n<p><strong>Aldaitegia y Etxebertzea<\/strong> son modelos de caser\u00edos del pueblo y de la comarca, especialmente el arco de piedra de la entrada y por sus puertas y ventanas de grandes dimensiones.<\/p>\n<p>[\/et_pb_blurb][\/et_pb_column][et_pb_column type=\u00bb1_3&#8243; _builder_version=\u00bb4.27.4&#8243; _module_preset=\u00bbdefault\u00bb global_colors_info=\u00bb{}\u00bb][et_pb_blurb title=\u00bbGaztelua\u00bb image=\u00bbhttps:\/\/www.etxalar.eus\/wp-content\/uploads\/2023\/01\/GAztelua.jpg\u00bb _builder_version=\u00bb4.27.4&#8243; _module_preset=\u00bbdefault\u00bb header_font=\u00bb|||on|||||\u00bb header_text_color=\u00bbgcid-primary-color\u00bb global_colors_info=\u00bb{%22gcid-primary-color%22:%91%22header_text_color%22%93}\u00bb]Es un palacio construido en la Edad Media. Inicialmente ten\u00eda dimensiones menores, su aspecto exterior era similar al de una torre y se hizo como zona de protecci\u00f3n. Tambi\u00e9n fue un <strong>lugar de armas del reino<\/strong>.  <strong> Reconstruido en el siglo XVIII <\/strong> con mayores dimensiones. Hoy en d\u00eda tiene un aspecto muy hermoso y cuenta con un precioso jard\u00edn. El edificio es de propiedad privada y solo es visible desde el exterior.[\/et_pb_blurb][\/et_pb_column][et_pb_column type=\u00bb1_3&#8243; _builder_version=\u00bb4.27.4&#8243; _module_preset=\u00bbdefault\u00bb global_colors_info=\u00bb{}\u00bb][et_pb_blurb title=\u00bbFuentes del pueblo\u00bb image=\u00bbhttps:\/\/www.etxalar.eus\/wp-content\/uploads\/2023\/01\/Arroseko-iturria.jpg\u00bb _builder_version=\u00bb4.27.4&#8243; _module_preset=\u00bbdefault\u00bb header_font=\u00bb|||on|||||\u00bb header_text_color=\u00bbgcid-primary-color\u00bb global_colors_info=\u00bb{%22gcid-primary-color%22:%91%22header_text_color%22%93}\u00bb]<\/p>\n<p>En el n\u00facleo urbano hay varias fuentes dispersas y una de las m\u00e1s conocidas del pueblo es la fuente de Arrosea. Situada junto a la casa del mismo nombre, su aspecto cambi\u00f3 radicalmente cuando se reconstruy\u00f3. En otro tiempo ten\u00eda forma de abrevadero y en \u00e9l los animales saciaban su sed. Hoy hay un banco junto a la fuente. Tambi\u00e9n los hay en el pueblo, como el situado detr\u00e1s del Front\u00f3n (1822) y frente a las casas Praderenea y Joanabarrenea. Todos tienen agua potable.     <\/p>\n<p>[\/et_pb_blurb][\/et_pb_column][\/et_pb_row][et_pb_row column_structure=\u00bb1_3,1_3,1_3&#8243; _builder_version=\u00bb4.27.4&#8243; _module_preset=\u00bbdefault\u00bb global_colors_info=\u00bb{}\u00bb][et_pb_column type=\u00bb1_3&#8243; _builder_version=\u00bb4.27.4&#8243; _module_preset=\u00bbdefault\u00bb global_colors_info=\u00bb{}\u00bb][et_pb_blurb title=\u00bblavadero y presa\u00bb image=\u00bbhttps:\/\/www.etxalar.eus\/wp-content\/uploads\/2023\/01\/Presa.jpg\u00bb _builder_version=\u00bb4.27.4&#8243; _module_preset=\u00bbdefault\u00bb header_font=\u00bb|||on|||||\u00bb header_text_color=\u00bbgcid-primary-color\u00bb global_colors_info=\u00bb{%22gcid-primary-color%22:%91%22header_text_color%22%93}\u00bb]<\/p>\n<p>El lavadero de Antsolokueta, est\u00e1 situado al lado de la presa del molino, <strong>1686. se construy\u00f3n en el a\u00f1o<\/strong> 1657. A ella acud\u00eda gente del barrio para lavarse la ropa. En la orilla del arroyo de Artain, junto a las casas Praderenea y Arburua, se conservan espectaculares piedras de limpieza. La presa se utilizaba para conducir el agua al molino del medio. <strong>Es el \u00fanico que queda en el pueblo<\/strong>. El del molino de arriba y el de Etxalarlassa, fueron destruidos por las inundaciones de los \u00faltimos a\u00f1os. Esta presa tiene un paso para truchas y en verano se convierte en <strong>lugar de ba\u00f1o<\/strong>.     <\/p>\n<p>[\/et_pb_blurb][\/et_pb_column][et_pb_column type=\u00bb1_3&#8243; _builder_version=\u00bb4.27.4&#8243; _module_preset=\u00bbdefault\u00bb global_colors_info=\u00bb{}\u00bb][et_pb_blurb title=\u00bbpuentes\u00bb image=\u00bbhttps:\/\/www.etxalar.eus\/wp-content\/uploads\/2025\/02\/Zubia-Sta-Krutz-Ermita-5.jpg\u00bb _builder_version=\u00bb4.27.4&#8243; _module_preset=\u00bbdefault\u00bb header_font=\u00bb|||on|||||\u00bb header_text_color=\u00bbgcid-primary-color\u00bb global_colors_info=\u00bb{%22gcid-primary-color%22:%91%22header_text_color%22%93}\u00bb]Paseando por el pueblo se cruzan varios puentes. Estos son algunos de los m\u00e1s destacados: el <strong>puente de Argarata<\/strong>, de estilo rom\u00e1nico, era el paso del antiguo camino de Zugarramurdi. Es el final del v\u00eda crucis del barrio de Antsolokueta. Desde all\u00ed, con la llegada de la imagen de San Miguel, se bendec\u00eda el campo y los prados. En la actualidad es paso de la ruta a pie de \u00abSanta Krutz &#8211; Argarata\u00bb. <strong>Zubiaundi<\/strong>, une los barrios de Anduetzeta y Antsolokueta. Es el puente m\u00e1s grande del pueblo y tiene un peque\u00f1o banco desde el que se divisa la presa del molino del medio.[\/et_pb_blurb][\/et_pb_column][et_pb_column type=\u00bb1_3&#8243; _builder_version=\u00bb4.27.4&#8243; _module_preset=\u00bbdefault\u00bb global_colors_info=\u00bb{}\u00bb][et_pb_blurb title=\u00bbcaleras\u00bb image=\u00bbhttps:\/\/www.etxalar.eus\/wp-content\/uploads\/2023\/01\/Errotagaraiko-kisulabea.jpg\u00bb _builder_version=\u00bb4.27.4&#8243; _module_preset=\u00bbdefault\u00bb header_font=\u00bb|||on|||||\u00bb header_text_color=\u00bbgcid-primary-color\u00bb global_colors_info=\u00bb{%22gcid-primary-color%22:%91%22header_text_color%22%93}\u00bb]<\/p>\n<p>Horno especial utilizado para hacer cal viva, calcinando la piedra caliza. Se utilizaba para mejorar la calidad de las tierras de cultivo, as\u00ed como para trabajos de alba\u00f1iler\u00eda. Este,   <strong>2003. fue restaurado<\/strong> por la comunidad en \u00abauzolan\u00bb. Aparte de este horno de cal, en el pueblo y sus alrededores se pueden encontrar muchos, siempre en las orillas de los prados, donde eran necesarios <\/p>\n<p>Ver v\u00eddeo: \u201c<strong><a href=\"https:\/\/www.youtube.com\/watch?v=NrtI_6MFFus\" target=\"_blank\" rel=\"noopener noreferrer\">ETXALARKO KISU LABEAK<\/a><\/strong>\u201c<\/p>\n<p>[\/et_pb_blurb][\/et_pb_column][\/et_pb_row][et_pb_row column_structure=\u00bb1_3,1_3,1_3&#8243; _builder_version=\u00bb4.27.4&#8243; _module_preset=\u00bbdefault\u00bb global_colors_info=\u00bb{}\u00bb][et_pb_column type=\u00bb1_3&#8243; _builder_version=\u00bb4.27.4&#8243; _module_preset=\u00bbdefault\u00bb global_colors_info=\u00bb{}\u00bb][et_pb_blurb title=\u00bbBarrio Antsolokueta\u00bb image=\u00bbhttps:\/\/www.etxalar.eus\/wp-content\/uploads\/2023\/01\/Presa.jpg\u00bb _builder_version=\u00bb4.27.4&#8243; _module_preset=\u00bbdefault\u00bb header_font=\u00bb|||on|||||\u00bb header_text_color=\u00bbgcid-primary-color\u00bb global_colors_info=\u00bb{%22gcid-primary-color%22:%91%22header_text_color%22%93}\u00bb]<\/p>\n<div class=\"tm_pb_text tm_pb_module tm_pb_bg_layout_light tm_pb_text_align_justified tm_pb_text_19\">El V\u00eda Crucis, representa los <strong>pasos del calvario<\/strong> en la procesi\u00f3n de Semana Santa. Comienza junto a la casa Arrosea y termina en el puente de Argarata. En esta calle son visibles algunas cruces. En el \u00faltimo cruce del barrio, en la casa de la esquina de la calle (Irigoiena), el conocido pintor <strong>Bienabe Artia<\/strong> pas\u00f3 all\u00ed sus \u00faltimos a\u00f1os.   <\/div>\n<p>[\/et_pb_blurb][\/et_pb_column][et_pb_column type=\u00bb1_3&#8243; _builder_version=\u00bb4.27.4&#8243; _module_preset=\u00bbdefault\u00bb global_colors_info=\u00bb{}\u00bb][et_pb_blurb title=\u00bbErmita de Santa Krutz\u00bb image=\u00bbhttps:\/\/www.etxalar.eus\/wp-content\/uploads\/2023\/01\/Sta.-Krutz-ermita-6.jpg\u00bb _builder_version=\u00bb4.27.4&#8243; _module_preset=\u00bbdefault\u00bb header_font=\u00bb|||on|||||\u00bb header_text_color=\u00bbgcid-primary-color\u00bb global_colors_info=\u00bb{%22gcid-primary-color%22:%91%22header_text_color%22%93}\u00bb]Construida en el siglo XVI (1500-1550), en su interior se encuentra la imagen de Jesucristo de principios del siglo XVI. Tras las \u00faltimas reformas, en su interior tambi\u00e9n se pueden ver las pinturas decorativas de la \u00e9poca en la que surgi\u00f3 la ermita. El jard\u00edn de entrada est\u00e1 rodeado de cruces de diferentes \u00e9pocas. El mismo d\u00eda de Santa Cruz se celebra una misa. Como dice la leyenda, en la gran pradera vecina las brujas de los alrededores celebraban aquelarres. Hasta all\u00ed se puede llegar de forma sencilla por la ruta de Argarata-Santa Cruz.[\/et_pb_blurb][\/et_pb_column][et_pb_column type=\u00bb1_3&#8243; _builder_version=\u00bb4.27.4&#8243; _module_preset=\u00bbdefault\u00bb global_colors_info=\u00bb{}\u00bb][et_pb_blurb title=\u00bbmolinos de agua\u00bb image=\u00bbhttps:\/\/www.etxalar.eus\/wp-content\/uploads\/2023\/02\/Errota_erdikoa_web.jpg\u00bb _builder_version=\u00bb4.27.4&#8243; _module_preset=\u00bbdefault\u00bb header_font=\u00bb|||on|||||\u00bb header_text_color=\u00bbgcid-primary-color\u00bb global_colors_info=\u00bb{%22gcid-primary-color%22:%91%22header_text_color%22%93}\u00bb]En la zona de Etxalar existen actualmente seis molinos en diferentes condiciones, algunos en estado de puesta en marcha y otros en estado de estancamiento. <strong>El molino del medio<\/strong> es el molino m\u00e1s antiguo del pueblo y est\u00e1 situado en el casco urbano. Aunque est\u00e1 parado, se mantiene en bastante buen estado, como su canal que pone en marcha y la presa que canaliza el agua. A principios del siglo XX se produc\u00eda en \u00e9l<strong> <em>la energ\u00eda para iluminar a todo el pueblo<\/em><\/strong>. Hasta finales del mismo siglo, se harinaban el <strong><em>ma\u00edz y el trigo<\/em>.<\/strong>[\/et_pb_blurb][\/et_pb_column][\/et_pb_row][et_pb_row column_structure=\u00bb1_3,1_3,1_3&#8243; _builder_version=\u00bb4.27.4&#8243; _module_preset=\u00bbdefault\u00bb global_colors_info=\u00bb{}\u00bb][et_pb_column type=\u00bb1_3&#8243; _builder_version=\u00bb4.27.4&#8243; _module_preset=\u00bbdefault\u00bb global_colors_info=\u00bb{}\u00bb][\/et_pb_column][et_pb_column type=\u00bb1_3&#8243; _builder_version=\u00bb4.27.4&#8243; _module_preset=\u00bbdefault\u00bb global_colors_info=\u00bb{}\u00bb][et_pb_blurb title=\u00bbDescargar los senderos del pueblo\u00bb url=\u00bbhttps:\/\/www.etxalar.eus\/wp-content\/uploads\/2025\/03\/Etxalar-Mapa-Herria-Web.pdf\u00bb url_new_window=\u00bbon\u00bb image=\u00bbhttps:\/\/www.etxalar.eus\/wp-content\/uploads\/2025\/03\/Hrriko-mapa.png\u00bb _builder_version=\u00bb4.27.4&#8243; _module_preset=\u00bbdefault\u00bb background_color=\u00bbgcid-63ace26e-ec1a-49a4-96c1-d62eb83c71e6&#8243; transform_rotate=\u00bb0deg|0deg|2deg\u00bb custom_padding=\u00bb30px|30px|30px|30px|false|false\u00bb link_option_url=\u00bbhttps:\/\/www.etxalar.eus\/wp-content\/uploads\/2025\/03\/Etxalar-Mapa-Herria-Web.pdf\u00bb link_option_url_new_window=\u00bbon\u00bb box_shadow_style=\u00bbpreset1&#8243; global_colors_info=\u00bb{%22gcid-63ace26e-ec1a-49a4-96c1-d62eb83c71e6%22:%91%22background_color%22%93}\u00bb][\/et_pb_blurb][\/et_pb_column][et_pb_column type=\u00bb1_3&#8243; _builder_version=\u00bb4.27.4&#8243; _module_preset=\u00bbdefault\u00bb global_colors_info=\u00bb{}\u00bb][\/et_pb_column][\/et_pb_row][\/et_pb_section][et_pb_section fb_built=\u00bb1&#8243; _builder_version=\u00bb4.27.4&#8243; _module_preset=\u00bbdefault\u00bb locked=\u00bboff\u00bb global_colors_info=\u00bb{}\u00bb][et_pb_row _builder_version=\u00bb4.27.4&#8243; _module_preset=\u00bbdefault\u00bb global_colors_info=\u00bb{}\u00bb][et_pb_column type=\u00bb4_4&#8243; _builder_version=\u00bb4.27.4&#8243; _module_preset=\u00bbdefault\u00bb global_colors_info=\u00bb{}\u00bb][et_pb_divider _builder_version=\u00bb4.27.4&#8243; _module_preset=\u00bbdefault\u00bb global_colors_info=\u00bb{}\u00bb][\/et_pb_divider][\/et_pb_column][\/et_pb_row][et_pb_row _builder_version=\u00bb4.27.4&#8243; _module_preset=\u00bbdefault\u00bb global_colors_info=\u00bb{}\u00bb][et_pb_column type=\u00bb4_4&#8243; _builder_version=\u00bb4.27.4&#8243; _module_preset=\u00bbdefault\u00bb global_colors_info=\u00bb{}\u00bb][et_pb_text _builder_version=\u00bb4.27.4&#8243; _module_preset=\u00bbdefault\u00bb global_colors_info=\u00bb{}\u00bb]<\/p>\n<h3>Lugares destacados en el pueblo<\/h3>\n<p>[\/et_pb_text][\/et_pb_column][\/et_pb_row][et_pb_row column_structure=\u00bb1_3,1_3,1_3&#8243; _builder_version=\u00bb4.27.4&#8243; _module_preset=\u00bbdefault\u00bb global_colors_info=\u00bb{}\u00bb][et_pb_column type=\u00bb1_3&#8243; _builder_version=\u00bb4.27.4&#8243; _module_preset=\u00bbdefault\u00bb global_colors_info=\u00bb{}\u00bb][et_pb_blurb title=\u00bbCamino y puente de Sarriku\u00bb image=\u00bbhttps:\/\/www.etxalar.eus\/wp-content\/uploads\/2023\/01\/Sarrikuko-zubia-7.jpg\u00bb _builder_version=\u00bb4.27.4&#8243; _module_preset=\u00bbdefault\u00bb header_font=\u00bb|||on|||||\u00bb header_text_color=\u00bbgcid-primary-color\u00bb global_colors_info=\u00bb{%22gcid-primary-color%22:%91%22header_text_color%22%93}\u00bb]El puente se construy\u00f3 junto con la de la ermita de Santa Cruz en 1760. \u00c9ste es m\u00e1s grande que el puente de la ermita y toma su nombre del vecino caser\u00edo Sarriku. De estilo rom\u00e1nico, se mantiene en buen estado. Paso del itinerario denominado \u00abCamino de Baztan\u00bb. Un lugar con un encanto especial. Por \u00e9l pasa la ruta del Carmen[\/et_pb_blurb][\/et_pb_column][et_pb_column type=\u00bb1_3&#8243; _builder_version=\u00bb4.27.4&#8243; _module_preset=\u00bbdefault\u00bb global_colors_info=\u00bb{}\u00bb][et_pb_blurb title=\u00bbPalomeras\u00bb image=\u00bbhttps:\/\/www.etxalar.eus\/wp-content\/uploads\/2023\/02\/Usategiak.jpg\u00bb _builder_version=\u00bb4.27.4&#8243; _module_preset=\u00bbdefault\u00bb header_font=\u00bb|||on|||||\u00bb header_text_color=\u00bbgcid-primary-color\u00bb global_colors_info=\u00bb{%22gcid-primary-color%22:%91%22header_text_color%22%93}\u00bb]<\/p>\n<p>Se trata del lugar m\u00e1s conocido de Etxalar. Es una modalidad tradicional de captura de palomas con red, que se realiza desde la Edad Media. Durante la temporada de captura de palomas, que va del 1 de octubre al 20 de noviembre, trece palomeros lanzan paletas que simulan halcones y gritan con las zatarras (trapos blancos) desde unas trepas o puestos situados estrat\u00e9gicamente a ambos lados de la frontera de Sara y Etxalar. <\/p>\n<p>[\/et_pb_blurb][\/et_pb_column][et_pb_column type=\u00bb1_3&#8243; _builder_version=\u00bb4.27.4&#8243; _module_preset=\u00bbdefault\u00bb global_colors_info=\u00bb{}\u00bb][et_pb_blurb title=\u00bbNaturaleza de Etxalar\u00bb image=\u00bbhttps:\/\/www.etxalar.eus\/wp-content\/uploads\/2023\/01\/Natura-basatia.jpg\u00bb _builder_version=\u00bb4.27.4&#8243; _module_preset=\u00bbdefault\u00bb header_font=\u00bb|||on|||||\u00bb header_text_color=\u00bbgcid-primary-color\u00bb global_colors_info=\u00bb{%22gcid-primary-color%22:%91%22header_text_color%22%93}\u00bb]<\/p>\n<div class=\"tm_pb_text tm_pb_module tm_pb_bg_layout_light tm_pb_text_align_justified tm_pb_text_8\">\n<div class=\"tm_pb_text tm_pb_module tm_pb_bg_layout_light tm_pb_text_align_left tm_pb_text_11\">Etxalar ofrece diferentes zonas para contemplar y disfrutar la naturaleza. La mayor y m\u00e1s destacada de todas ellas son los territorios colindantes al <strong>Parque natural de Bertiz<\/strong>, poblado de <strong>hayas y robles aut\u00f3ctonos<\/strong>. <\/div>\n<\/div>\n<p>[\/et_pb_blurb][\/et_pb_column][\/et_pb_row][et_pb_row column_structure=\u00bb1_3,1_3,1_3&#8243; _builder_version=\u00bb4.27.4&#8243; _module_preset=\u00bbdefault\u00bb global_colors_info=\u00bb{}\u00bb][et_pb_column type=\u00bb1_3&#8243; _builder_version=\u00bb4.27.4&#8243; _module_preset=\u00bbdefault\u00bb global_colors_info=\u00bb{}\u00bb][et_pb_blurb title=\u00bbTejo de Etxalar\u00bb image=\u00bbhttps:\/\/www.etxalar.eus\/wp-content\/uploads\/2023\/01\/Etxalarko-Aguina.jpg\u00bb _builder_version=\u00bb4.27.4&#8243; _module_preset=\u00bbdefault\u00bb header_font=\u00bb|||on|||||\u00bb header_text_color=\u00bbgcid-primary-color\u00bb global_colors_info=\u00bb{%22gcid-primary-color%22:%91%22header_text_color%22%93}\u00bb]<\/p>\n<p>Monumento natural. Es de la especie Taxus baccata. S\u00f3lo hay un ejemplar y est\u00e1 situado en el <strong>barrio de Orizki<\/strong>, al borde del camino que conduce al caser\u00edo Baztan.  <\/p>\n<p>[\/et_pb_blurb][\/et_pb_column][et_pb_column type=\u00bb1_3&#8243; _builder_version=\u00bb4.27.4&#8243; _module_preset=\u00bbdefault\u00bb global_colors_info=\u00bb{}\u00bb][et_pb_blurb title=\u00bbObservatorio de Lizaieta\u00bb image=\u00bbhttps:\/\/www.etxalar.eus\/wp-content\/uploads\/2023\/01\/Lizaietako-Behatokia.jpg\u00bb _builder_version=\u00bb4.27.4&#8243; _module_preset=\u00bbdefault\u00bb header_font=\u00bb|||on|||||\u00bb header_text_color=\u00bbgcid-primary-color\u00bb global_colors_info=\u00bb{%22gcid-primary-color%22:%91%22header_text_color%22%93}\u00bb]<\/p>\n<div class=\"tm_pb_text tm_pb_module tm_pb_bg_layout_light tm_pb_text_align_justified tm_pb_text_21\">\n<div class=\"tm_pb_text tm_pb_module tm_pb_bg_layout_light tm_pb_text_align_left tm_pb_text_12\">Desde finales del verano hasta mediados del oto\u00f1o, el alto de Lizaieta se convierte en un lugar ideal para la observaci\u00f3n de las aves. En ella se establecen diferentes asociaciones para la observaci\u00f3n de las aves migratorias. <\/div>\n<\/div>\n<p>[\/et_pb_blurb][\/et_pb_column][et_pb_column type=\u00bb1_3&#8243; _builder_version=\u00bb4.27.4&#8243; _module_preset=\u00bbdefault\u00bb global_colors_info=\u00bb{}\u00bb][et_pb_blurb title=\u00bbTurbera de Zentinela\u00bb image=\u00bbhttps:\/\/www.etxalar.eus\/wp-content\/uploads\/2023\/01\/zentinela_zohikaztegia.jpg\u00bb _builder_version=\u00bb4.27.4&#8243; _module_preset=\u00bbdefault\u00bb header_font=\u00bb|||on|||||\u00bb header_text_color=\u00bbgcid-primary-color\u00bb global_colors_info=\u00bb{%22gcid-primary-color%22:%91%22header_text_color%22%93}\u00bb]<\/p>\n<p>La turbera, situada en las faldas del monte Centinela, es <strong>una de las m\u00e1s grandes <\/strong>que se pueden encontrar en el pueblo. En ella se pueden encontrar plantas <strong>t\u00edpicas<\/strong> de las turberas, entre ellas diferentes musgos. <\/p>\n<p>[\/et_pb_blurb][\/et_pb_column][\/et_pb_row][et_pb_row column_structure=\u00bb1_3,1_3,1_3&#8243; _builder_version=\u00bb4.27.4&#8243; _module_preset=\u00bbdefault\u00bb global_colors_info=\u00bb{}\u00bb][et_pb_column type=\u00bb1_3&#8243; _builder_version=\u00bb4.27.4&#8243; _module_preset=\u00bbdefault\u00bb global_colors_info=\u00bb{}\u00bb][\/et_pb_column][et_pb_column type=\u00bb1_3&#8243; _builder_version=\u00bb4.27.4&#8243; _module_preset=\u00bbdefault\u00bb global_colors_info=\u00bb{}\u00bb][et_pb_blurb title=\u00bbDescarga las rutas de senderismo\u00bb url=\u00bbhttps:\/\/www.etxalar.eus\/wp-content\/uploads\/2025\/03\/Etxalar-Mapa-Mendia-Web.pdf\u00bb url_new_window=\u00bbon\u00bb image=\u00bbhttps:\/\/www.etxalar.eus\/wp-content\/uploads\/2025\/03\/Mendiko-mapa-1.jpg\u00bb _builder_version=\u00bb4.27.4&#8243; _module_preset=\u00bbdefault\u00bb background_color=\u00bbgcid-63ace26e-ec1a-49a4-96c1-d62eb83c71e6&#8243; transform_rotate=\u00bb0deg|0deg|2deg\u00bb custom_padding=\u00bb30px|30px|30px|30px|false|false\u00bb link_option_url=\u00bbhttps:\/\/www.etxalar.eus\/wp-content\/uploads\/2025\/03\/Etxalar-Mapa-Mendia-Web.pdf\u00bb link_option_url_new_window=\u00bbon\u00bb box_shadow_style=\u00bbpreset1&#8243; global_colors_info=\u00bb{%22gcid-63ace26e-ec1a-49a4-96c1-d62eb83c71e6%22:%91%22background_color%22%93}\u00bb][\/et_pb_blurb][\/et_pb_column][et_pb_column type=\u00bb1_3&#8243; _builder_version=\u00bb4.27.4&#8243; _module_preset=\u00bbdefault\u00bb global_colors_info=\u00bb{}\u00bb][\/et_pb_column][\/et_pb_row][\/et_pb_section]<\/p>\n","protected":false},"excerpt":{"rendered":"<p>Qu\u00e9 verSi a\u00fan no conoces nuestro pueblo, cuando te acerques seguro que no te arrepentir\u00e1s. Se puede disfrutar de su variado patrimonio mientras se recorre las calles del pueblo. Etxalar [&hellip;]<\/p>\n","protected":false},"author":9,"featured_media":0,"parent":0,"menu_order":0,"comment_status":"closed","ping_status":"closed","template":"","meta":{"_et_pb_use_builder":"on","_et_pb_old_content":"","_et_gb_content_width":"","footnotes":""},"class_list":["post-399411","page","type-page","status-publish","hentry"],"_links":{"self":[{"href":"https:\/\/www.etxalar.eus\/es\/wp-json\/wp\/v2\/pages\/399411","targetHints":{"allow":["GET"]}}],"collection":[{"href":"https:\/\/www.etxalar.eus\/es\/wp-json\/wp\/v2\/pages"}],"about":[{"href":"https:\/\/www.etxalar.eus\/es\/wp-json\/wp\/v2\/types\/page"}],"author":[{"embeddable":true,"href":"https:\/\/www.etxalar.eus\/es\/wp-json\/wp\/v2\/users\/9"}],"replies":[{"embeddable":true,"href":"https:\/\/www.etxalar.eus\/es\/wp-json\/wp\/v2\/comments?post=399411"}],"version-history":[{"count":5,"href":"https:\/\/www.etxalar.eus\/es\/wp-json\/wp\/v2\/pages\/399411\/revisions"}],"predecessor-version":[{"id":399416,"href":"https:\/\/www.etxalar.eus\/es\/wp-json\/wp\/v2\/pages\/399411\/revisions\/399416"}],"wp:attachment":[{"href":"https:\/\/www.etxalar.eus\/es\/wp-json\/wp\/v2\/media?parent=399411"}],"curies":[{"name":"wp","href":"https:\/\/api.w.org\/{rel}","templated":true}]}}