{"id":399073,"date":"2025-11-21T11:18:44","date_gmt":"2025-11-21T10:18:44","guid":{"rendered":"https:\/\/www.etxalar.eus\/lizaieta\/naturaleza-centro-de-interpretacion-de-lizaieta\/"},"modified":"2026-01-14T08:37:54","modified_gmt":"2026-01-14T07:37:54","slug":"naturaleza-centro-de-interpretacion-de-lizaieta","status":"publish","type":"page","link":"https:\/\/www.etxalar.eus\/es\/lizaieta\/naturaleza-centro-de-interpretacion-de-lizaieta\/","title":{"rendered":"Naturaleza"},"content":{"rendered":"<p>[et_pb_section fb_built=\u00bb1&#8243; next_background_color=\u00bb#ffffff\u00bb admin_label=\u00bbLizaieta. Izenburua\u00bb _builder_version=\u00bb4.27.4&#8243; _module_preset=\u00bbdefault\u00bb background_color=\u00bbgcid-secondary-color\u00bb bottom_divider_style=\u00bbtriangle\u00bb bottom_divider_height=\u00bb38px\u00bb bottom_divider_flip=\u00bbvertical\u00bb border_color_bottom=\u00bbgcid-heading-color\u00bb locked=\u00bboff\u00bb global_colors_info=\u00bb{%22gcid-heading-color%22:%91%22border_color_bottom%22%93,%22gcid-secondary-color%22:%91%22background_color%22,%22background_color%22%93}\u00bb][et_pb_row _builder_version=\u00bb4.27.4&#8243; _module_preset=\u00bbdefault\u00bb global_colors_info=\u00bb{}\u00bb][et_pb_column type=\u00bb4_4&#8243; _builder_version=\u00bb4.27.4&#8243; _module_preset=\u00bbdefault\u00bb global_colors_info=\u00bb{}\u00bb][et_pb_text _builder_version=\u00bb4.27.4&#8243; _module_preset=\u00bbdefault\u00bb header_text_color=\u00bb#FFFFFF\u00bb global_colors_info=\u00bb{}\u00bb]<\/p>\n<h1>Naturaleza<\/h1>\n<p>[\/et_pb_text][et_pb_text _builder_version=\u00bb4.27.4&#8243; _module_preset=\u00bbdefault\u00bb text_text_color=\u00bb#FFFFFF\u00bb text_font_size=\u00bb17px\u00bb global_colors_info=\u00bb{}\u00bb]<\/p>\n<p>El collado de Lizarieta separa las aguas que van al Bidasoa y a La Nivelle. El clima es templado y muy h\u00famedo. Bosques de robles y hayas, casta\u00f1os y bosque ripario, pastizales, arroyos y turberas marcan un paisaje en el que abundan especies de animales salvajes y dom\u00e9sticos.  <\/p>\n<p>[\/et_pb_text][\/et_pb_column][\/et_pb_row][\/et_pb_section][et_pb_section fb_built=\u00bb1&#8243; _builder_version=\u00bb4.27.4&#8243; _module_preset=\u00bbdefault\u00bb global_colors_info=\u00bb{}\u00bb][et_pb_row _builder_version=\u00bb4.27.4&#8243; _module_preset=\u00bbdefault\u00bb global_colors_info=\u00bb{}\u00bb][et_pb_column type=\u00bb4_4&#8243; _builder_version=\u00bb4.27.4&#8243; _module_preset=\u00bbdefault\u00bb global_colors_info=\u00bb{}\u00bb][et_pb_video src=\u00bbhttps:\/\/youtu.be\/-8Kc8V2i-pY?si=cUXOVXyn8Wd0vhSJ\u00bb image_src=\u00bbhttps:\/\/www.etxalar.eus\/wp-content\/uploads\/2025\/11\/Natura.jpg\u00bb play_icon_color=\u00bb#B44C37&#8243; _builder_version=\u00bb4.27.4&#8243; _module_preset=\u00bbdefault\u00bb global_colors_info=\u00bb{}\u00bb][\/et_pb_video][et_pb_text _builder_version=\u00bb4.27.4&#8243; _module_preset=\u00bbdefault\u00bb header_2_font_size=\u00bb25px\u00bb global_colors_info=\u00bb{}\u00bb]<\/p>\n<h2>MEDIO AMBIENTE<\/h2>\n<p>El significado m\u00e1s extendido de Etxalar es \u201cpastizal de la casa\u201d (en euskara \u201cetxa, o \u201cetxe\/casa y \u201clar\u201d o \u201clarre\u201d\/pastizal). Durante siglos ha sido un pueblo de pastos, pero con el paso del tiempo la actividad ganadera se ha debilitado y las praderas han perdido protagonismo para dar paso a grandes extensiones de bosques. <\/p>\n<h2>UN PAISAJE VARIADO Y VISTOSO<\/h2>\n<p>La riqueza y belleza del territorio es fruto de la variedad de sus paisajes. A los verdes prados salpicados de caser\u00edos, les suceden plantaciones de con\u00edferas y enormes bosques que se extienden hasta el Parque Natural de Bertiz.<\/p>\n<p>Mires por donde mires est\u00e1s rodeado de un entorno natural id\u00edlico. Aunque los montes de Etxalar no son muy altos, ofrecen vistas espectaculares. La monta\u00f1a m\u00e1s alta del pueblo es Azkua (768 m), situada al sur del territorio. Al este, se encuentra Arxuria o Pe\u00f1a Plata (759 m), donde se sit\u00faa la mayor turbera de Navarra, y el monte Centinela, conocido por sus megalitos. Hacia el oeste se puede ver Aiako Harriak y al norte, el pico Labeaga o Ibanteli (698 m) y, cerca del mar, el monte Larrun (905 m).    <\/p>\n<p>Desde el punto de vista geol\u00f3gico, en la zona hay afloramientos de pizarras (Carbon\u00edfero) y esquistos (Dev\u00f3nico), materiales t\u00edpicos del Macizo Paleozoico (230-600 millones de a\u00f1os).<\/p>\n<h2>EL CLIMA<\/h2>\n<p>El collado de Lizaieta separa las aguas que van al Bidasoa (Navarra-Gipuzkoa) y a La Nivelle (Labort, Nueva Aquitania). Debido a su proximidad del Atl\u00e1ntico, el clima es muy h\u00famedo y templado. Dominan los vientos del oeste, aunque en oto\u00f1o e invierno tambi\u00e9n sopla el viento sur (haizegoa), violento y c\u00e1lido, conocido popularmente como \u201chaizeroa\u201d (viento de locos) porque dicen que aumenta la criminalidad y los antiguos c\u00f3digos penales lo consideraban un eximente.    <\/p>\n<h2>LOS BOSQUES Y SUS PARTICULARIDADES<\/h2>\n<p>Los bosques aut\u00f3ctonos son fundamentalmente el robledal (hasta los 500 m de altitud) y el hayedo (de 500 m en adelante), seguidos del casta\u00f1ar y bosque ripario.<\/p>\n<p>Su superficie ha ido sufriendo alteraciones a lo largo de los siglos en funci\u00f3n de las necesidades humanas. En esta zona los robles y hayas m\u00e1s viejos se trasmochaban (motzak o kapetatuak), es decir, se cortaban las ramas del \u00e1rbol a unos 3 metros, cada 12-15 a\u00f1os, para extraer madera para hacer carb\u00f3n de le\u00f1a, obtener piezas navales y permitir el pastoreo. Los casta\u00f1ares, a su vez, eran cultivados como frutales.  <\/p>\n<p>Hoy en d\u00eda, los fresnos son muy apreciados por los habitantes de los caser\u00edos, que los trasmochan para aprovechar su madera de alta calidad y sus hojas, excelente alimento para el ganado.<\/p>\n<h2>ESPECIES ANIMALES DE INTER\u00c9S<\/h2>\n<p>Los bosques aut\u00f3ctonos, los pastizales y los r\u00edos y arroyos son ricos en especies animales. Los frondosos bosques de helechos, musgos y l\u00edquenes son refugio para gardu\u00f1as, martas, turones europeos, zorros, jabal\u00edes, p\u00e1jaros carpinteros o murci\u00e9lagos. Menci\u00f3n especial merecen el Desm\u00e1n de los Pirineos, una especie amenazada que vive en los cristalinos arroyos de la zona; o la nutria, que habita en el r\u00edo Tximista. La madera muerta es el h\u00e1bitat preferido de los insectos saprox\u00edlicos (que consumen la madera muerta) y escarabajos amenazados como Osmoderma eremita, Lucanus cervus, Rosalia alpina y Cerambyx cerdo.    <\/p>\n<p>En los pastizales de monta\u00f1a, muchos de ellos h\u00e1bitats de inter\u00e9s seg\u00fan la Directiva H\u00e1bitats europea, se alimentan vacas y pottokas (raza aut\u00f3ctona equina) entre brezos, arbustos y herb\u00e1ceas; y las ovejas (la raza aut\u00f3ctona latxa en Navarra, manex en Labort) colorean las praderas verdes cercanas a los n\u00facleos habitads. <\/p>\n<p>Entre las rapaces m\u00e1s habituales se encuentran alimoches, buitres, halcones, milanos o cuervos, entre otros.<\/p>\n<h2>LAS TURBERAS<\/h2>\n<p>\u00bfSab\u00edas que uno de los mayores tesoros del territorio es la turbera de Arxuri, la m\u00e1s grande en superficie de Navarra? Las turberas son zonas con suelos permanentemente encharcados, bajas temperaturas y aguas \u00e1cidas y pobres en nutrientes que hacen que la materia org\u00e1nica que llega al suelo no se descomponga. Todo este material conservado aporta informaci\u00f3n sobre la vegetaci\u00f3n, clima y el paisaje de la zona desde hace unos 5.000 a\u00f1os. Estas particulares condiciones son aptas para especies de inter\u00e9s como mariposas (Argynnis adipe), lib\u00e9lulas (Aeshna cynea) y la \u201cAtrapamoscas\u201d (Drosera intermedia), una planta carn\u00edvora que se alimenta de los insectos que quedan pegados en sus hojas. Tambi\u00e9n destacan musgos de turbera (Sphagnum papillosum) con brezos (Erica tetralix) o la hierba algodonera (Eriophorum angustifolium).     <\/p>\n<h2>BAZKALEKUAK<\/h2>\n<p>Los medios abiertos son pastizales, antiguos bosques roturados desde el Neol\u00edtico para ampliar las zonas de pasto para el ganado. Aqu\u00ed se pueden encontrar distintos tipos de pastizal, desde verdes praderas de siega (pr\u00f3ximas a n\u00facleos habitados) hasta brezales, argomales y praderas de monta\u00f1a. Tambi\u00e9n es frecuente el helechal, que tradicionalmente se cultivaba como cama del ganado y se conservaba apilado en unos montones c\u00f3nicos (metak).   <\/p>\n<p>En los \u00faltimos a\u00f1os, el descenso de los usos ganaderos y agr\u00edcolas ha provocado el avance de los bosques en detrimento de los pastos.<\/p>\n<p>[\/et_pb_text][\/et_pb_column][\/et_pb_row][\/et_pb_section]<\/p>\n","protected":false},"excerpt":{"rendered":"<p>NaturalezaEl collado de Lizarieta separa las aguas que van al Bidasoa y a La Nivelle. El clima es templado y muy h\u00famedo. Bosques de robles y hayas, casta\u00f1os y bosque [&hellip;]<\/p>\n","protected":false},"author":9,"featured_media":0,"parent":399064,"menu_order":0,"comment_status":"closed","ping_status":"closed","template":"","meta":{"_et_pb_use_builder":"on","_et_pb_old_content":"","_et_gb_content_width":"","footnotes":""},"class_list":["post-399073","page","type-page","status-publish","hentry"],"_links":{"self":[{"href":"https:\/\/www.etxalar.eus\/es\/wp-json\/wp\/v2\/pages\/399073","targetHints":{"allow":["GET"]}}],"collection":[{"href":"https:\/\/www.etxalar.eus\/es\/wp-json\/wp\/v2\/pages"}],"about":[{"href":"https:\/\/www.etxalar.eus\/es\/wp-json\/wp\/v2\/types\/page"}],"author":[{"embeddable":true,"href":"https:\/\/www.etxalar.eus\/es\/wp-json\/wp\/v2\/users\/9"}],"replies":[{"embeddable":true,"href":"https:\/\/www.etxalar.eus\/es\/wp-json\/wp\/v2\/comments?post=399073"}],"version-history":[{"count":11,"href":"https:\/\/www.etxalar.eus\/es\/wp-json\/wp\/v2\/pages\/399073\/revisions"}],"predecessor-version":[{"id":399316,"href":"https:\/\/www.etxalar.eus\/es\/wp-json\/wp\/v2\/pages\/399073\/revisions\/399316"}],"up":[{"embeddable":true,"href":"https:\/\/www.etxalar.eus\/es\/wp-json\/wp\/v2\/pages\/399064"}],"wp:attachment":[{"href":"https:\/\/www.etxalar.eus\/es\/wp-json\/wp\/v2\/media?parent=399073"}],"curies":[{"name":"wp","href":"https:\/\/api.w.org\/{rel}","templated":true}]}}