{"id":399067,"date":"2025-11-21T11:09:10","date_gmt":"2025-11-21T10:09:10","guid":{"rendered":"https:\/\/www.etxalar.eus\/lizaieta\/cultura-centro-de-interpretacion-de-lizaieta\/"},"modified":"2026-01-14T08:26:02","modified_gmt":"2026-01-14T07:26:02","slug":"cultura-centro-de-interpretacion-de-lizaieta","status":"publish","type":"page","link":"https:\/\/www.etxalar.eus\/es\/lizaieta\/cultura-centro-de-interpretacion-de-lizaieta\/","title":{"rendered":"Cultura"},"content":{"rendered":"<p>[et_pb_section fb_built=\u00bb1&#8243; next_background_color=\u00bb#ffffff\u00bb admin_label=\u00bbLizaieta. Izenburua\u00bb _builder_version=\u00bb4.27.4&#8243; _module_preset=\u00bbdefault\u00bb background_color=\u00bbgcid-secondary-color\u00bb bottom_divider_style=\u00bbtriangle\u00bb bottom_divider_height=\u00bb38px\u00bb bottom_divider_flip=\u00bbvertical\u00bb border_color_bottom=\u00bbgcid-heading-color\u00bb locked=\u00bboff\u00bb global_colors_info=\u00bb{%22gcid-heading-color%22:%91%22border_color_bottom%22%93,%22gcid-secondary-color%22:%91%22background_color%22,%22background_color%22%93}\u00bb][et_pb_row _builder_version=\u00bb4.27.4&#8243; _module_preset=\u00bbdefault\u00bb global_colors_info=\u00bb{}\u00bb][et_pb_column type=\u00bb4_4&#8243; _builder_version=\u00bb4.27.4&#8243; _module_preset=\u00bbdefault\u00bb global_colors_info=\u00bb{}\u00bb][et_pb_text _builder_version=\u00bb4.27.4&#8243; _module_preset=\u00bbdefault\u00bb header_text_color=\u00bb#FFFFFF\u00bb global_colors_info=\u00bb{}\u00bb]<\/p>\n<h1>Cultura<\/h1>\n<p>[\/et_pb_text][et_pb_text _builder_version=\u00bb4.27.4&#8243; _module_preset=\u00bbdefault\u00bb text_text_color=\u00bb#FFFFFF\u00bb text_font_size=\u00bb17px\u00bb global_colors_info=\u00bb{}\u00bb]<\/p>\n<p>Naturaleza y cultura se mezclan en este territorio, marcado por la vida en loscaser\u00edos y su vinculaci\u00f3n con el bosque y el pastoreo. La historia invita a conocer los secretos que esconden conjuntos de megalitos, estelas discoidales, ecos de las guerras carlistas o de los d\u00edas del contrabando que tanto han marcado a los habitantes de ambos lados del Pirineo. <\/p>\n<p>[\/et_pb_text][\/et_pb_column][\/et_pb_row][\/et_pb_section][et_pb_section fb_built=\u00bb1&#8243; _builder_version=\u00bb4.27.4&#8243; _module_preset=\u00bbdefault\u00bb global_colors_info=\u00bb{}\u00bb][et_pb_row _builder_version=\u00bb4.27.4&#8243; _module_preset=\u00bbdefault\u00bb global_colors_info=\u00bb{}\u00bb][et_pb_column type=\u00bb4_4&#8243; _builder_version=\u00bb4.27.4&#8243; _module_preset=\u00bbdefault\u00bb global_colors_info=\u00bb{}\u00bb][et_pb_text _builder_version=\u00bb4.27.4&#8243; _module_preset=\u00bbdefault\u00bb header_2_font_size=\u00bb25px\u00bb global_colors_info=\u00bb{}\u00bb]<\/p>\n<h2>FORMAS DE VIDA<\/h2>\n<p>Etxalar es un pueblo que sabe mucho de historias de ida y vuelta, de \u201ctrabajos nocturnos\u201d por el bosque y de relaciones que no entienden de fronteras.<\/p>\n<h2>UN LUGAR HABITADO DESDE LA PREHISTORIA<\/h2>\n<p>Los monumentos megal\u00edticos repartidos por los montes de Etxalar demuestran que en la Edad del Bronce y Hierro hubo asentamientos en la zona. Eran sociedades que sobreviv\u00edan gracias al pastoreo, la recolecci\u00f3n de cereales, la caza y la pesca. Aunque se mov\u00edan en busca de pastos para sus animales, manten\u00edan siempre un sitio fijo para vivir. Muchos de los d\u00f3lmenes, cromlechs, t\u00famulos y menhires que nos dejaron se localizan en la parte oriental del monte Centinela, en las faldas del monte Arxuria o en las laderas de Iratzako.   <\/p>\n<h2>ESCENARIO DE GUERRAS CARLISTAS Y NAPOLE\u00d3NICAS<\/h2>\n<p>Estos montes, cordales y valles de frontera han sido escenario de m\u00faltiples conflictos b\u00e9licos, entre ellos, las guerras napole\u00f3nicas (Guerra de la Convenci\u00f3n, 1793-1795 y la Guerra de la Independencia, 1808-1814) y las guerras carlistas. En el monte Pe\u00f1a Plata (Arxuria) todav\u00eda quedan restos del fuerte que levantaron los carlistas para controlar los movimientos de todo el entorno. Fue el lugar donde se fragu\u00f3 la Batalla de Pe\u00f1a Plata, que puso fin a la tercera y \u00faltima guerra carlista.<br \/>El miedo y la presencia continua de soldados que necesitaban alimento agudiz\u00f3 el ingenio de las familias, que escond\u00edan sus animales en el bosque o sepultaban comida en montones de excrementos para evitar que se los llevara el ej\u00e9rcito.  <\/p>\n<h2>LAS FERRER\u00cdAS Y LAS CALERAS (KISULABE)<\/h2>\n<p>Las ferrer\u00edas supusieron un gran empuj\u00f3n para el desarrollo del n\u00facleo urbano. Se instalaban en los m\u00e1rgenes de los r\u00edos para aprovechar la fuerza del agua y, con la madera que extra\u00edan de los bosques, hac\u00edan el carb\u00f3n vegetal que utilizaban para transformar el mineral de hierro en hierro y acero.<br \/>Hoy en d\u00eda, apenas quedan restos de estas construcciones. En cambio, s\u00ed permanecen en pie alguna de las 80 caleras que se levantaron en caminos y prados, primero, para fundir minerales, seg\u00fan se ha comprobado recientemente; y despu\u00e9s, para obtener cal para usarla como abono y para trabajos de canter\u00eda.    <\/p>\n<h2>EL CASER\u00cdO Y LA BORDA<\/h2>\n<p>En la Edad Media, las sociedades viv\u00edan en n\u00facleos concentrados. Si das un paseo alrededor de la iglesia de Etxalar, podr\u00e1s deleitarte con las elegantes casas, construidas en siller\u00eda con entramados de madera de roble y balcones. Con el paso de los a\u00f1os, se produjo un aumento demogr\u00e1fico y se habitaron las bordas del monte que, en inicio, eran dependencias de las casas vecinales. As\u00ed naci\u00f3 el caser\u00edo vasco en Bortziriak (Cinco villas: comarca que agrupa a Igantzi, Arantza, Lesaka, Etxalar y Bera), que alcanz\u00f3 su m\u00e1ximo apogeo en los siglos XVIII y XIX, con 160 caser\u00edos diseminados por el monte y dedicados a la agricultura y ganader\u00eda.       <\/p>\n<h2>TIERRA DE CONTRABANDISTAS<\/h2>\n<p>El contrabando supuso, particularmente despu\u00e9s de la Guerra Civil, un complemento importante a la paup\u00e9rrima econom\u00eda familiar. El conocimiento detallado de los caminos y pasos fronterizos permit\u00eda el transporte de mercanc\u00eda de noche (cobre, rodamientos, vajilla, calcetines, medias de cristal, puntillas\u2026). Esta pr\u00e1ctica conocida como \u201cgau lana\u201d (trabajo nocturno) fue el pan de cada d\u00eda para un centenar de vecinos del pueblo, que sol\u00edan acarrear entre 30 y 35 kilos en sus espaldas.<br \/>La habilidad de los contrabandistas para eludir los controles policiales tambi\u00e9n sirvi\u00f3 a combatientes aliados, aviadores y fugitivos para huir de los nazis durante la II Guerra Mundial. El itinerario de Lizarieta (Sara-Lizarieta-Bera) fue una de las rutas alternativas a la Red Com\u00e8te del Bidasoa cuando \u00e9sta fue descubierta. En los a\u00f1os 70, muchas personas utilizaron este paso para escapar de las dictaduras de sus pa\u00edses.      <\/p>\n<h2>UN PUEBLO LIGADO A LA EMIGRACI\u00d3N<\/h2>\n<p>El hambre que se instal\u00f3 como consecuencia de las Guerras Carlistas y del cierre de ferrer\u00edas en el siglo XIX llev\u00f3 a muchos habitantes de Etxalar a emigrar a Argentina, Uruguay o Chile en busca de nuevas oportunidades.<br \/>Este episodio de migraci\u00f3n volver\u00eda a repetirse a mediados del siglo XX. En los a\u00f1os posteriores a la Guerra Civil, los caser\u00edos y casas del pueblo se fueron vaciando de habitantes y ganado y gran parte de los j\u00f3venes del pueblo se traslad\u00f3 a Am\u00e9rica para trabajar como pastores.    <\/p>\n<h2>UN MODO DE VIDA COMPARTIDO<\/h2>\n<p>El sentido de comunidad siempre ha estado y est\u00e1 presente en un territorio que no sabe de fronteras. Desde tiempos inmemoriales, el pastoreo comunal permite que el ganado de cualquier vecino paste libremente en terrenos de propiedad comunal. Cada cinco a\u00f1os, en Mahai Harria (puerto de Lizuniaga) se renueva el pacto de facer\u00edas para aprovechar los pastos de Bera y Etxalar (Navarra) y Sara, Biriatou, Urru\u00f1a y Azkaine (Lapurdi).<br \/>En el entorno de Lizarieta, se comparte el euskera, las danzas populares, la trikitixa, las estelas, el contrabando o la caza con red. Se\u00f1as de identidad que hoy en d\u00eda se mantienen vivas gracias al trabajo de generaciones de etxalartarras y saratarras.    <\/p>\n<p>[\/et_pb_text][et_pb_video src=\u00bbhttps:\/\/youtu.be\/7oBJ429QrYQ?si=fdOSYiDipICfwc1P\u00bb image_src=\u00bbhttps:\/\/www.etxalar.eus\/wp-content\/uploads\/2025\/11\/Kultura.jpg\u00bb play_icon_color=\u00bb#B44C37&#8243; _builder_version=\u00bb4.27.4&#8243; _module_preset=\u00bbdefault\u00bb global_colors_info=\u00bb{}\u00bb][\/et_pb_video][\/et_pb_column][\/et_pb_row][\/et_pb_section]<\/p>\n","protected":false},"excerpt":{"rendered":"<p>CulturaNaturaleza y cultura se mezclan en este territorio, marcado por la vida en loscaser\u00edos y su vinculaci\u00f3n con el bosque y el pastoreo. La historia invita a conocer los secretos [&hellip;]<\/p>\n","protected":false},"author":9,"featured_media":0,"parent":399064,"menu_order":0,"comment_status":"closed","ping_status":"closed","template":"","meta":{"_et_pb_use_builder":"on","_et_pb_old_content":"","_et_gb_content_width":"","footnotes":""},"class_list":["post-399067","page","type-page","status-publish","hentry"],"_links":{"self":[{"href":"https:\/\/www.etxalar.eus\/es\/wp-json\/wp\/v2\/pages\/399067","targetHints":{"allow":["GET"]}}],"collection":[{"href":"https:\/\/www.etxalar.eus\/es\/wp-json\/wp\/v2\/pages"}],"about":[{"href":"https:\/\/www.etxalar.eus\/es\/wp-json\/wp\/v2\/types\/page"}],"author":[{"embeddable":true,"href":"https:\/\/www.etxalar.eus\/es\/wp-json\/wp\/v2\/users\/9"}],"replies":[{"embeddable":true,"href":"https:\/\/www.etxalar.eus\/es\/wp-json\/wp\/v2\/comments?post=399067"}],"version-history":[{"count":14,"href":"https:\/\/www.etxalar.eus\/es\/wp-json\/wp\/v2\/pages\/399067\/revisions"}],"predecessor-version":[{"id":399306,"href":"https:\/\/www.etxalar.eus\/es\/wp-json\/wp\/v2\/pages\/399067\/revisions\/399306"}],"up":[{"embeddable":true,"href":"https:\/\/www.etxalar.eus\/es\/wp-json\/wp\/v2\/pages\/399064"}],"wp:attachment":[{"href":"https:\/\/www.etxalar.eus\/es\/wp-json\/wp\/v2\/media?parent=399067"}],"curies":[{"name":"wp","href":"https:\/\/api.w.org\/{rel}","templated":true}]}}