{"id":399064,"date":"2025-11-21T11:02:12","date_gmt":"2025-11-21T10:02:12","guid":{"rendered":"https:\/\/www.etxalar.eus\/lizaieta\/"},"modified":"2026-04-16T19:05:50","modified_gmt":"2026-04-16T17:05:50","slug":"lizaieta","status":"publish","type":"page","link":"https:\/\/www.etxalar.eus\/es\/lizaieta\/","title":{"rendered":"Lizarieta"},"content":{"rendered":"<p>[et_pb_section fb_built=\u00bb1&#8243; next_background_color=\u00bb#ffffff\u00bb admin_label=\u00bbLizarieta. Izenburua\u00bb _builder_version=\u00bb4.27.4&#8243; _module_preset=\u00bbdefault\u00bb background_color=\u00bbgcid-secondary-color\u00bb bottom_divider_style=\u00bbtriangle\u00bb bottom_divider_height=\u00bb38px\u00bb bottom_divider_flip=\u00bbvertical\u00bb border_color_bottom=\u00bbgcid-heading-color\u00bb locked=\u00bboff\u00bb global_colors_info=\u00bb{%22gcid-heading-color%22:%91%22border_color_bottom%22%93,%22gcid-secondary-color%22:%91%22background_color%22,%22background_color%22%93}\u00bb][et_pb_row _builder_version=\u00bb4.27.4&#8243; _module_preset=\u00bbdefault\u00bb global_colors_info=\u00bb{}\u00bb][et_pb_column type=\u00bb4_4&#8243; _builder_version=\u00bb4.27.4&#8243; _module_preset=\u00bbdefault\u00bb global_colors_info=\u00bb{}\u00bb][et_pb_text _builder_version=\u00bb4.27.4&#8243; _module_preset=\u00bbdefault\u00bb header_text_color=\u00bb#FFFFFF\u00bb header_font_size_tablet=\u00bb\u00bb header_font_size_phone=\u00bb37px\u00bb header_font_size_last_edited=\u00bbon|phone\u00bb global_colors_info=\u00bb{}\u00bb]<\/p>\n<h1>Centro de Interpretaci\u00f3n Ambiental y de Aves Migratorias de Lizaieta<\/h1>\n<p>[\/et_pb_text][\/et_pb_column][\/et_pb_row][\/et_pb_section][et_pb_section fb_built=\u00bb1&#8243; fullwidth=\u00bbon\u00bb _builder_version=\u00bb4.27.4&#8243; _module_preset=\u00bbdefault\u00bb global_colors_info=\u00bb{}\u00bb][et_pb_fullwidth_image src=\u00bbhttps:\/\/www.etxalar.eus\/wp-content\/uploads\/2025\/11\/Lizaieta-migrazioak-1.jpg\u00bb alt=\u00bbLIZARIETA. Centro de Interpretaci\u00f3n Ambiental y de Aves Migratorias\u00bb title_text=\u00bbLIZARIETA. Centro de Interpretaci\u00f3n Ambiental y de Aves Migratorias\u00bb _builder_version=\u00bb4.27.4&#8243; _module_preset=\u00bbdefault\u00bb global_colors_info=\u00bb{}\u00bb][\/et_pb_fullwidth_image][\/et_pb_section][et_pb_section fb_built=\u00bb1&#8243; _builder_version=\u00bb4.27.4&#8243; _module_preset=\u00bbdefault\u00bb background_enable_image=\u00bboff\u00bb locked=\u00bboff\u00bb global_colors_info=\u00bb{}\u00bb][et_pb_row admin_label=\u00bbPresentaci\u00f3n\u00bb _builder_version=\u00bb4.27.4&#8243; _module_preset=\u00bbdefault\u00bb global_colors_info=\u00bb{}\u00bb][et_pb_column type=\u00bb4_4&#8243; _builder_version=\u00bb4.27.4&#8243; _module_preset=\u00bbdefault\u00bb global_colors_info=\u00bb{}\u00bb][et_pb_heading title=\u00bbCentro de Interpretaci\u00f3n Ambiental y de Aves Migratorias\u00bb _builder_version=\u00bb4.27.4&#8243; _module_preset=\u00bbdefault\u00bb title_level=\u00bbh2&#8243; global_colors_info=\u00bb{}\u00bb][\/et_pb_heading][\/et_pb_column][\/et_pb_row][et_pb_row column_structure=\u00bb1_2,1_2&#8243; _builder_version=\u00bb4.27.6&#8243; _module_preset=\u00bbdefault\u00bb global_colors_info=\u00bb{}\u00bb][et_pb_column type=\u00bb1_2&#8243; _builder_version=\u00bb4.27.6&#8243; _module_preset=\u00bbdefault\u00bb global_colors_info=\u00bb{}\u00bb][et_pb_text _builder_version=\u00bb4.27.6&#8243; _module_preset=\u00bbdefault\u00bb global_colors_info=\u00bb{}\u00bb]<\/p>\n<p>El Centro de Interpretaci\u00f3n Ambiental y de Aves Migratorias LIZARIETA es un espacio en el que se difunde informaci\u00f3n sobre la riqueza natural y cultural de Etxalar, la migraci\u00f3n de aves y la tradici\u00f3n de las palomeras. La exposici\u00f3n incluye paneles explicativos, v\u00eddeos especialmente creados para el Centro, otros elementos y objetos ligados a la cultura de Etxalar y sus habitantes. <\/p>\n<p>[\/et_pb_text][et_pb_text _builder_version=\u00bb4.27.6&#8243; _module_preset=\u00bbdefault\u00bb hover_enabled=\u00bb0&#8243; global_colors_info=\u00bb{}\u00bb sticky_enabled=\u00bb0&#8243;]<\/p>\n<p style=\"text-align: center;\"><strong>CENTRO DE INTERPRETACI\u00d3N<\/strong><\/p>\n<p style=\"text-align: center;\"><strong> AMBIENTAL Y DE AVES MIGRATORIAS<\/strong><\/p>\n<p style=\"text-align: center;\">Barrio Gorosurreta, 15<\/p>\n<p style=\"text-align: center;\">31760 Etxalar<\/p>\n<p style=\"text-align: center;\"><strong>Tel\u00e9fono:<\/strong> 621 239 756<\/p>\n<p style=\"text-align: center;\"><strong> Email<\/strong>:<a href=\"mailto:lizarieta@etxalar.eus\"> lizarieta@etxalar.eus<\/a><\/p>\n<p>&nbsp;<\/p>\n<p>&nbsp;<\/p>\n<p>[\/et_pb_text][\/et_pb_column][et_pb_column type=\u00bb1_2&#8243; _builder_version=\u00bb4.27.6&#8243; _module_preset=\u00bbdefault\u00bb global_colors_info=\u00bb{}\u00bb][et_pb_gallery gallery_ids=\u00bb399785,399787,399789&#8243; fullwidth=\u00bbon\u00bb _builder_version=\u00bb4.27.6&#8243; _module_preset=\u00bbdefault\u00bb global_colors_info=\u00bb{}\u00bb][\/et_pb_gallery][\/et_pb_column][\/et_pb_row][et_pb_row column_structure=\u00bb1_2,1_2&#8243; custom_padding_last_edited=\u00bbon|desktop\u00bb admin_label=\u00bbPalomeras\u00bb _builder_version=\u00bb4.27.4&#8243; _module_preset=\u00bbdefault\u00bb background_color=\u00bbrgba(189,201,191,0.34)\u00bb custom_margin_tablet=\u00bb\u00bb custom_margin_phone=\u00bb\u00bb custom_margin_last_edited=\u00bbon|tablet\u00bb custom_padding=\u00bb0px||0px||false|false\u00bb custom_padding_tablet=\u00bb||3%||false|false\u00bb custom_padding_phone=\u00bb||3%||false|false\u00bb global_colors_info=\u00bb{}\u00bb][et_pb_column type=\u00bb1_2&#8243; _builder_version=\u00bb4.27.4&#8243; _module_preset=\u00bbdefault\u00bb global_colors_info=\u00bb{}\u00bb][et_pb_video src=\u00bbhttps:\/\/youtu.be\/07Ddnr_5rqE?si=2rhB-Gyg6hwhuy3S\u00bb image_src=\u00bbhttps:\/\/www.etxalar.eus\/wp-content\/uploads\/2025\/11\/Usategiak.jpg\u00bb play_icon_color=\u00bb#B44C37&#8243; font_icon=\u00bb&#x49;||divi||400&#8243; _builder_version=\u00bb4.27.4&#8243; _module_preset=\u00bbdefault\u00bb global_colors_info=\u00bb{}\u00bb][\/et_pb_video][\/et_pb_column][et_pb_column type=\u00bb1_2&#8243; _builder_version=\u00bb4.27.4&#8243; _module_preset=\u00bbdefault\u00bb custom_padding=\u00bb5%||||false|false\u00bb custom_padding_tablet=\u00bb0%|5%||5%|false|true\u00bb custom_padding_phone=\u00bb0%|5%||5%|false|true\u00bb custom_padding_last_edited=\u00bbon|desktop\u00bb global_colors_info=\u00bb{}\u00bb][et_pb_text _builder_version=\u00bb4.27.4&#8243; _module_preset=\u00bbdefault\u00bb global_colors_info=\u00bb{}\u00bb]<\/p>\n<div class=\"tm_pb_text tm_pb_module tm_pb_bg_layout_light tm_pb_text_align_justified tm_pb_text_4\">\n<h3>Palomeras<\/h3>\n<p>El collado de Usategieta, lugar de tr\u00e1nsito para las palomas migratorias europeas, es un emplazamiento id\u00f3neo para la pr\u00e1ctica de la caza con red, un sistema ancestral que pervive desde hace m\u00e1s de 600 a\u00f1os. <\/p>\n<\/div>\n<p>[\/et_pb_text][et_pb_button button_url=\u00bb@ET-DC@eyJkeW5hbWljIjp0cnVlLCJjb250ZW50IjoicG9zdF9saW5rX3VybF9wYWdlIiwic2V0dGluZ3MiOnsicG9zdF9pZCI6IjM5OTAxMyIsImVuYWJsZV9odG1sIjoib2ZmIn19@\u00bb button_text=\u00bbM\u00e1s informaci\u00f3n\u00bb _builder_version=\u00bb4.27.4&#8243; _dynamic_attributes=\u00bbbutton_url\u00bb _module_preset=\u00bbdefault\u00bb custom_button=\u00bbon\u00bb button_text_color=\u00bb#FFFFFF\u00bb button_bg_color=\u00bb#B44C37&#8243; button_border_radius=\u00bb25px\u00bb global_colors_info=\u00bb{}\u00bb][\/et_pb_button][\/et_pb_column][\/et_pb_row][et_pb_row column_structure=\u00bb1_2,1_2&#8243; admin_label=\u00bbNaturaleza\u00bb _builder_version=\u00bb4.27.4&#8243; _module_preset=\u00bbdefault\u00bb global_colors_info=\u00bb{}\u00bb][et_pb_column type=\u00bb1_2&#8243; _builder_version=\u00bb4.27.4&#8243; _module_preset=\u00bbdefault\u00bb global_colors_info=\u00bb{}\u00bb][et_pb_video src=\u00bbhttps:\/\/youtu.be\/-8Kc8V2i-pY?si=6jWhEwo1M2ueRnUB\u00bb image_src=\u00bbhttps:\/\/www.etxalar.eus\/wp-content\/uploads\/2025\/11\/Natura.jpg\u00bb play_icon_color=\u00bb#B44C37&#8243; font_icon=\u00bb&#x49;||divi||400&#8243; _builder_version=\u00bb4.27.4&#8243; _module_preset=\u00bbdefault\u00bb global_colors_info=\u00bb{}\u00bb][\/et_pb_video][\/et_pb_column][et_pb_column type=\u00bb1_2&#8243; _builder_version=\u00bb4.27.4&#8243; _module_preset=\u00bbdefault\u00bb custom_padding=\u00bb5%||||false|false\u00bb custom_padding_tablet=\u00bb0%|5%||5%|false|true\u00bb custom_padding_phone=\u00bb0%|5%||5%|false|true\u00bb custom_padding_last_edited=\u00bbon|tablet\u00bb global_colors_info=\u00bb{}\u00bb][et_pb_text _builder_version=\u00bb4.27.4&#8243; _module_preset=\u00bbdefault\u00bb global_colors_info=\u00bb{}\u00bb]<\/p>\n<div class=\"tm_pb_text tm_pb_module tm_pb_bg_layout_light tm_pb_text_align_justified tm_pb_text_4\">\n<h3>Naturaleza<\/h3>\n<p>El collado de Lizarieta separa las aguas que van al Bidasoa y a La Nivelle. El clima es templado y muy h\u00famedo. Bosques de robles y hayas, casta\u00f1os y bosque ripario, pastizales, arroyos y turberas marcan un paisaje en el que abundan especies de animales salvajes y dom\u00e9sticos.  <\/p>\n<\/div>\n<p>[\/et_pb_text][et_pb_button button_url=\u00bb@ET-DC@eyJkeW5hbWljIjp0cnVlLCJjb250ZW50IjoicG9zdF9saW5rX3VybF9wYWdlIiwic2V0dGluZ3MiOnsicG9zdF9pZCI6IjM5OTAzOCIsImVuYWJsZV9odG1sIjoib2ZmIn19@\u00bb button_text=\u00bbM\u00e1s informaci\u00f3n\u00bb _builder_version=\u00bb4.27.4&#8243; _dynamic_attributes=\u00bbbutton_url\u00bb _module_preset=\u00bbdefault\u00bb custom_button=\u00bbon\u00bb button_text_color=\u00bb#FFFFFF\u00bb button_bg_color=\u00bb#B44C37&#8243; button_border_radius=\u00bb25px\u00bb global_colors_info=\u00bb{}\u00bb][\/et_pb_button][\/et_pb_column][\/et_pb_row][et_pb_row column_structure=\u00bb1_2,1_2&#8243; custom_padding_last_edited=\u00bbon|desktop\u00bb admin_label=\u00bbPalomeras\u00bb _builder_version=\u00bb4.27.4&#8243; _module_preset=\u00bbdefault\u00bb background_color=\u00bbrgba(189,201,191,0.34)\u00bb custom_margin_tablet=\u00bb\u00bb custom_margin_phone=\u00bb\u00bb custom_margin_last_edited=\u00bbon|tablet\u00bb custom_padding=\u00bb0px||0px||false|false\u00bb custom_padding_tablet=\u00bb||3%||false|false\u00bb custom_padding_phone=\u00bb||3%||false|false\u00bb global_colors_info=\u00bb{}\u00bb][et_pb_column type=\u00bb1_2&#8243; _builder_version=\u00bb4.27.4&#8243; _module_preset=\u00bbdefault\u00bb global_colors_info=\u00bb{}\u00bb][et_pb_video src=\u00bbhttps:\/\/youtu.be\/07Ddnr_5rqE?si=2rhB-Gyg6hwhuy3S\u00bb image_src=\u00bbhttps:\/\/www.etxalar.eus\/wp-content\/uploads\/2025\/11\/Usategiak.jpg\u00bb play_icon_color=\u00bb#B44C37&#8243; font_icon=\u00bb&#x49;||divi||400&#8243; _builder_version=\u00bb4.27.4&#8243; _module_preset=\u00bbdefault\u00bb global_colors_info=\u00bb{}\u00bb][\/et_pb_video][\/et_pb_column][et_pb_column type=\u00bb1_2&#8243; _builder_version=\u00bb4.27.4&#8243; _module_preset=\u00bbdefault\u00bb custom_padding=\u00bb5%||||false|false\u00bb custom_padding_tablet=\u00bb0%|5%||5%|false|true\u00bb custom_padding_phone=\u00bb0%|5%||5%|false|true\u00bb custom_padding_last_edited=\u00bbon|desktop\u00bb global_colors_info=\u00bb{}\u00bb][et_pb_text _builder_version=\u00bb4.27.4&#8243; _module_preset=\u00bbdefault\u00bb global_colors_info=\u00bb{}\u00bb]<\/p>\n<div class=\"tm_pb_text tm_pb_module tm_pb_bg_layout_light tm_pb_text_align_justified tm_pb_text_4\">\n<h3>La migraci\u00f3n<\/h3>\n<p>El puerto de Lizarieta, en el l\u00edmite entre Etxalar y Sara, es un lugar \u00fanico en el que conviven nuestra cultura com\u00fan, la observaci\u00f3n cient\u00edfica de aves migratorias y la tradici\u00f3n ancestral de la caza de palomas con red. <\/p>\n<\/div>\n<p>[\/et_pb_text][et_pb_button button_url=\u00bb@ET-DC@eyJkeW5hbWljIjp0cnVlLCJjb250ZW50IjoicG9zdF9saW5rX3VybF9wYWdlIiwic2V0dGluZ3MiOnsicG9zdF9pZCI6IjM5OTA0OCIsImVuYWJsZV9odG1sIjoib2ZmIn19@\u00bb button_text=\u00bbM\u00e1s informaci\u00f3n\u00bb _builder_version=\u00bb4.27.4&#8243; _dynamic_attributes=\u00bbbutton_url\u00bb _module_preset=\u00bbdefault\u00bb custom_button=\u00bbon\u00bb button_text_color=\u00bb#FFFFFF\u00bb button_bg_color=\u00bb#B44C37&#8243; button_border_radius=\u00bb25px\u00bb global_colors_info=\u00bb{}\u00bb][\/et_pb_button][\/et_pb_column][\/et_pb_row][et_pb_row column_structure=\u00bb1_2,1_2&#8243; admin_label=\u00bbCultura\u00bb _builder_version=\u00bb4.27.4&#8243; _module_preset=\u00bbdefault\u00bb background_color=\u00bbRGBA(255,255,255,0)\u00bb global_colors_info=\u00bb{}\u00bb][et_pb_column type=\u00bb1_2&#8243; _builder_version=\u00bb4.27.4&#8243; _module_preset=\u00bbdefault\u00bb global_colors_info=\u00bb{}\u00bb][et_pb_video src=\u00bbhttps:\/\/youtu.be\/7oBJ429QrYQ?si=tIrNTGlKvRZOPMMy\u00bb image_src=\u00bbhttps:\/\/www.etxalar.eus\/wp-content\/uploads\/2025\/11\/Kultura.jpg\u00bb play_icon_color=\u00bb#B44C37&#8243; font_icon=\u00bb&#x49;||divi||400&#8243; _builder_version=\u00bb4.27.4&#8243; _module_preset=\u00bbdefault\u00bb global_colors_info=\u00bb{}\u00bb][\/et_pb_video][\/et_pb_column][et_pb_column type=\u00bb1_2&#8243; _builder_version=\u00bb4.27.4&#8243; _module_preset=\u00bbdefault\u00bb custom_padding=\u00bb5%||||false|false\u00bb custom_padding_tablet=\u00bb0%|5%||5%|false|true\u00bb custom_padding_phone=\u00bb0%|5%||5%|false|false\u00bb custom_padding_last_edited=\u00bbon|tablet\u00bb global_colors_info=\u00bb{}\u00bb][et_pb_text _builder_version=\u00bb4.27.4&#8243; _module_preset=\u00bbdefault\u00bb global_colors_info=\u00bb{}\u00bb]<\/p>\n<div class=\"tm_pb_text tm_pb_module tm_pb_bg_layout_light tm_pb_text_align_justified tm_pb_text_4\">\n<h3>Cultura<\/h3>\n<p>Naturaleza y cultura se mezclan en este territorio, marcado por la vida en loscaser\u00edos y su vinculaci\u00f3n con el bosque y el pastoreo. La historia invita a conocer los secretos que esconden conjuntos de megalitos, estelas discoidales, ecos de las guerras carlistas o de los d\u00edas del contrabando que tanto han marcado a los habitantes de ambos lados del Pirineo. <\/p>\n<\/div>\n<p>[\/et_pb_text][et_pb_button button_url=\u00bb@ET-DC@eyJkeW5hbWljIjp0cnVlLCJjb250ZW50IjoicG9zdF9saW5rX3VybF9wYWdlIiwic2V0dGluZ3MiOnsicG9zdF9pZCI6IjM5OTA1NCIsImVuYWJsZV9odG1sIjoib2ZmIn19@\u00bb button_text=\u00bbM\u00e1s informaci\u00f3n\u00bb _builder_version=\u00bb4.27.4&#8243; _dynamic_attributes=\u00bbbutton_url\u00bb _module_preset=\u00bbdefault\u00bb custom_button=\u00bbon\u00bb button_text_color=\u00bb#FFFFFF\u00bb button_bg_color=\u00bb#B44C37&#8243; button_border_radius=\u00bb25px\u00bb global_colors_info=\u00bb{}\u00bb][\/et_pb_button][\/et_pb_column][\/et_pb_row][\/et_pb_section]<\/p>\n","protected":false},"excerpt":{"rendered":"<p>Centro de Interpretaci\u00f3n Ambiental y de Aves Migratorias de LizaietaEl Centro de Interpretaci\u00f3n Ambiental y de Aves Migratorias LIZARIETA es un espacio en el que se difunde informaci\u00f3n sobre la [&hellip;]<\/p>\n","protected":false},"author":9,"featured_media":0,"parent":0,"menu_order":0,"comment_status":"closed","ping_status":"closed","template":"","meta":{"_et_pb_use_builder":"on","_et_pb_old_content":"","_et_gb_content_width":"","footnotes":""},"class_list":["post-399064","page","type-page","status-publish","hentry"],"_links":{"self":[{"href":"https:\/\/www.etxalar.eus\/es\/wp-json\/wp\/v2\/pages\/399064","targetHints":{"allow":["GET"]}}],"collection":[{"href":"https:\/\/www.etxalar.eus\/es\/wp-json\/wp\/v2\/pages"}],"about":[{"href":"https:\/\/www.etxalar.eus\/es\/wp-json\/wp\/v2\/types\/page"}],"author":[{"embeddable":true,"href":"https:\/\/www.etxalar.eus\/es\/wp-json\/wp\/v2\/users\/9"}],"replies":[{"embeddable":true,"href":"https:\/\/www.etxalar.eus\/es\/wp-json\/wp\/v2\/comments?post=399064"}],"version-history":[{"count":20,"href":"https:\/\/www.etxalar.eus\/es\/wp-json\/wp\/v2\/pages\/399064\/revisions"}],"predecessor-version":[{"id":399796,"href":"https:\/\/www.etxalar.eus\/es\/wp-json\/wp\/v2\/pages\/399064\/revisions\/399796"}],"wp:attachment":[{"href":"https:\/\/www.etxalar.eus\/es\/wp-json\/wp\/v2\/media?parent=399064"}],"curies":[{"name":"wp","href":"https:\/\/api.w.org\/{rel}","templated":true}]}}