{"id":397641,"date":"2025-05-21T11:29:48","date_gmt":"2025-05-21T09:29:48","guid":{"rendered":"https:\/\/www.etxalar.eus\/karmen-de-etxalar\/"},"modified":"2026-04-07T19:02:35","modified_gmt":"2026-04-07T17:02:35","slug":"karmen-de-etxalar","status":"publish","type":"page","link":"https:\/\/www.etxalar.eus\/es\/karmen-de-etxalar\/","title":{"rendered":"Karmen de Etxalar"},"content":{"rendered":"<p>[et_pb_section fb_built=\u00bb1&#8243; _builder_version=\u00bb4.27.4&#8243; _module_preset=\u00bbdefault\u00bb global_colors_info=\u00bb{}\u00bb][et_pb_row _builder_version=\u00bb4.27.4&#8243; _module_preset=\u00bbdefault\u00bb global_colors_info=\u00bb{}\u00bb][et_pb_column type=\u00bb4_4&#8243; _builder_version=\u00bb4.27.4&#8243; _module_preset=\u00bbdefault\u00bb global_colors_info=\u00bb{}\u00bb][et_pb_image src=\u00bbhttps:\/\/www.etxalar.eus\/wp-content\/uploads\/2025\/05\/karmen_etxalar-panela2-scaled.jpg\u00bb title_text=\u00bbkarmen_etxalar\u00bb align=\u00bbcenter\u00bb _builder_version=\u00bb4.27.4&#8243; _module_preset=\u00bbdefault\u00bb width=\u00bb50%\u00bb global_colors_info=\u00bb{}\u00bb][\/et_pb_image][\/et_pb_column][\/et_pb_row][et_pb_row column_structure=\u00bb3_5,2_5&#8243; _builder_version=\u00bb4.27.4&#8243; _module_preset=\u00bbdefault\u00bb global_colors_info=\u00bb{}\u00bb][et_pb_column type=\u00bb3_5&#8243; _builder_version=\u00bb4.27.4&#8243; _module_preset=\u00bbdefault\u00bb global_colors_info=\u00bb{}\u00bb][et_pb_text _builder_version=\u00bb4.27.4&#8243; _module_preset=\u00bbdefault\u00bb global_colors_info=\u00bb{}\u00bb]<\/p>\n<h4>Origen de Karmen de Etxalar<\/h4>\n<p> En la novela de Proper merim\u00e9e, aparece una frase en euskera que le dice Carmen a Jos\u00e9:<\/p>\n<h6>\u201c<em>Ni Etxalarren jaio nintzen eta baratze txiki bat nuen<\/em>\u201d (Yo nac\u00ed en Etxalar y ten\u00eda una peque\u00f1a huerta).<\/h6>\n<p>&nbsp;<\/p>\n<p><strong>Tradici\u00f3n oral<\/strong><\/p>\n<p>Hasta que se realiz\u00f3 la pastoral Karmen Etxalarkoa Pastorala, aunque se ten\u00edan noticias de Carmen, nunca se profundiz\u00f3 en el tema. De siempre en el pueblo se ha dicho que Carmen hab\u00eda nacido en Etxalar. Los m\u00e1s ancianos del lugar, a trav\u00e9s de la tradici\u00f3n oral, han hecho llegar hasta hoy en d\u00eda su existencia. Muestra de ello la menci\u00f3n y descripci\u00f3n de los hechos contados por un vecino de Etxalar al respecto, recogido en el libro \u201cBortziriak solasean\u201d titulado \u201cOlako Karmenen historia\u201d  <\/p>\n<p>El d\u00eda que desapareci\u00f3, en el entorno se debi\u00f3 encontrar su chaqueta. Anta\u00f1o, su hogar estaba junto al camino procedente de Baztan y seg\u00fan cuenta la leyenda, la raptaron unos gitanos que pasaron por all\u00ed y se la llevaron a Sevilla. <\/p>\n<p>[\/et_pb_text][\/et_pb_column][et_pb_column type=\u00bb2_5&#8243; _builder_version=\u00bb4.27.4&#8243; _module_preset=\u00bbdefault\u00bb global_colors_info=\u00bb{}\u00bb][et_pb_image src=\u00bbhttps:\/\/www.etxalar.eus\/wp-content\/uploads\/2025\/05\/Pastorala_aurrekariak.jpg\u00bb title_text=\u00bbPastorala_aurrekariak\u00bb _builder_version=\u00bb4.27.4&#8243; _module_preset=\u00bbdefault\u00bb global_colors_info=\u00bb{}\u00bb][\/et_pb_image][\/et_pb_column][\/et_pb_row][et_pb_row _builder_version=\u00bb4.27.4&#8243; _module_preset=\u00bbdefault\u00bb custom_margin=\u00bb0px||0px||false|false\u00bb custom_padding=\u00bb0px||0px||false|false\u00bb global_colors_info=\u00bb{}\u00bb][et_pb_column type=\u00bb4_4&#8243; _builder_version=\u00bb4.27.4&#8243; _module_preset=\u00bbdefault\u00bb global_colors_info=\u00bb{}\u00bb][et_pb_text _builder_version=\u00bb4.27.4&#8243; _module_preset=\u00bbdefault\u00bb custom_margin=\u00bb0px||0px||false|false\u00bb custom_padding=\u00bb0px||0px||false|false\u00bb global_colors_info=\u00bb{}\u00bb]<\/p>\n<p><strong>La historia de \u00abOlako Carmen\u00bb<\/strong><\/p>\n<p>[\/et_pb_text][\/et_pb_column][\/et_pb_row][et_pb_row column_structure=\u00bb1_2,1_2&#8243; _builder_version=\u00bb4.27.4&#8243; _module_preset=\u00bbdefault\u00bb global_colors_info=\u00bb{}\u00bb][et_pb_column type=\u00bb1_2&#8243; _builder_version=\u00bb4.27.4&#8243; _module_preset=\u00bbdefault\u00bb global_colors_info=\u00bb{}\u00bb][et_pb_text _builder_version=\u00bb4.27.4&#8243; _module_preset=\u00bbdefault\u00bb global_colors_info=\u00bb{}\u00bb]<\/p>\n<p><em>Eta ola oikin istori ttiki bat badut, ta ori at\u2026 gure gurasuk auniz (indarrez) kontatzen tzuten, eta a\u00f1en sartua dut, au benpin kontatu bar zaiztet. Baserri bat bazen Errotxarkorda izena zuena, ta ango yend\u2026 familiak lan egiten tzun ola oitikan urbillian. Ta pasatzen (da) erreka aundi bat onduan, erreka aundiya da, erreka kozkor bat. Eta\u2026 famila bat bizi zen Errotxarko borda ortan, badie baserriak geio ere urbill artan, oain zemait ustu dire, bi\u00f1on oa\u00f1ikan ere aste ondarko ta\u2026 itxe rural otikan ta paratu tuzte, naiz eztien kontinun an bizi, oa\u00f1ik badie, badie baserrik, ta, oitukuk ta\u2026 iten tzuten lana ola oitan, iten omen tzuten. Ta baserri ortoku(k) benpin, Errotxarkordako baserriku oiek, seguro naiz, gure gu(r)asuk erraiten tzuten an lan iten tzutela.    <\/em><\/p>\n<p>[\/et_pb_text][\/et_pb_column][et_pb_column type=\u00bb1_2&#8243; _builder_version=\u00bb4.27.4&#8243; _module_preset=\u00bbdefault\u00bb global_colors_info=\u00bb{}\u00bb][et_pb_text _builder_version=\u00bb4.27.4&#8243; _module_preset=\u00bbdefault\u00bb global_colors_info=\u00bb{}\u00bb]<\/p>\n<p><em>Ta bazuten familia, ta, omen tzuten nixka bat benpin zanen tzuten, ek etzuten erraiten ze famili zuten, bi\u00f1on nixka bat izena Carmen zuena. Eta, riada, uri\u2026 ekaizti bat izandu zen, uelde bat, eta nixka faltatu, ueldi artan nixka faltatu; faltatu ta faltatu ta akabo! ta akabo! Bi\u00f1o! jituk ere pasatu ziela, ta nixka ze in tzuten? Gure gurasuk erraiten zten ori beti lanekuk zarrak kontatzen tziotenak, nixka ura jituk eramin! Eta gero, atei zen nixka ura, duik[e] izanen tzen koxkorra, amar(ren) bat urte edo zazpi-zortzi-do\u2026 Etxelar beti oroitzen, Etxelarrez oroitzen, eta Etxelar ta Etxelar, eta, jituk eraun tzuten Sebillerat, ta Sebillan jituak, pues, egin tzuten, pues, artista bat atei zen artikan. Mi\u00f1o ori\u2026 ori egiyva da, e! Oa\u00f1ikan ere ixtorietan ekartzen du ori! Mi\u00f1o agiz artista famosa ga\u00f1erat omen tzen, Carmen\u2026 eztakit nola, eta flamenka dantzatzeko ta bueno\u2026 bi\u00f1on artista-artista, Parisan barna ta\u2026 agiz artista ona       <\/em><\/p>\n<p>[\/et_pb_text][\/et_pb_column][\/et_pb_row][et_pb_row column_structure=\u00bb3_5,2_5&#8243; _builder_version=\u00bb4.27.4&#8243; _module_preset=\u00bbdefault\u00bb global_colors_info=\u00bb{}\u00bb][et_pb_column type=\u00bb3_5&#8243; _builder_version=\u00bb4.27.4&#8243; _module_preset=\u00bbdefault\u00bb global_colors_info=\u00bb{}\u00bb][et_pb_text _builder_version=\u00bb4.27.4&#8243; _module_preset=\u00bbdefault\u00bb global_colors_info=\u00bb{}\u00bb]<\/p>\n<p><strong>Investigaci\u00f3n<\/strong><\/p>\n<p>A parte de la tradici\u00f3n oral, un catedr\u00e1tico japon\u00e9s, Nagamine Kiyonari Nagoyako, investig\u00f3 durante 30 las historias y el rastro de de Carmen y Jose, hasta llegar a la conclusi\u00f3n de que los personajes de la novela de Prosper Merim\u00e9e existieron realmente y que Carmen naci\u00f3 en la casa Errotxen borda situado en la Arrebeltzeko malda del barrio Larrapil sarriku,<\/p>\n<p>La conversaci\u00f3n en euskera que mantienen Carmen y Jos\u00e9 fue lo que realmente dejo fascinado al investigador. Como consecuencia de ello, visit\u00f3 los pueblos de Etxalar y Elizondo. <\/p>\n<p>&nbsp;<\/p>\n<p>[\/et_pb_text][\/et_pb_column][et_pb_column type=\u00bb2_5&#8243; _builder_version=\u00bb4.27.4&#8243; _module_preset=\u00bbdefault\u00bb global_colors_info=\u00bb{}\u00bb][et_pb_image src=\u00bbhttps:\/\/www.etxalar.eus\/wp-content\/uploads\/2025\/05\/Karmen-etxalarkoa-Ibilbidea-71-1024&#215;768-1.jpg\u00bb title_text=\u00bbKarmen-etxalarkoa-Ibilbidea-71-1024&#215;768&#8243; _builder_version=\u00bb4.27.4&#8243; _module_preset=\u00bbdefault\u00bb global_colors_info=\u00bb{}\u00bb][\/et_pb_image][\/et_pb_column][\/et_pb_row][et_pb_row column_structure=\u00bb3_5,2_5&#8243; _builder_version=\u00bb4.27.4&#8243; _module_preset=\u00bbdefault\u00bb custom_padding=\u00bb19px|||||\u00bb global_colors_info=\u00bb{}\u00bb][et_pb_column type=\u00bb3_5&#8243; _builder_version=\u00bb4.27.4&#8243; _module_preset=\u00bbdefault\u00bb global_colors_info=\u00bb{}\u00bb][et_pb_image src=\u00bbhttps:\/\/www.etxalar.eus\/wp-content\/uploads\/2025\/05\/Karmen.jpg\u00bb title_text=\u00bbKarmen\u00bb _builder_version=\u00bb4.27.4&#8243; _module_preset=\u00bbdefault\u00bb global_colors_info=\u00bb{}\u00bb][\/et_pb_image][\/et_pb_column][et_pb_column type=\u00bb2_5&#8243; _builder_version=\u00bb4.27.4&#8243; _module_preset=\u00bbdefault\u00bb global_colors_info=\u00bb{}\u00bb][et_pb_text _builder_version=\u00bb4.27.4&#8243; _module_preset=\u00bbdefault\u00bb global_colors_info=\u00bb{}\u00bb]<\/p>\n<p><strong>De la novela de 1847, Carmen, de Prosper Merim\u00e9e<\/strong><\/p>\n<p><em>\u201cDirua biltzeko ari nintzen lanean fabrikan,<\/em><br \/><em>Nafarroarat itzuli ahal izateko, nere ama gaixoaren ondora,<\/em><br \/><em>nere babesa bertzerik ez baitu eta baratze ttipi bat <\/em><br \/><em>sagardoetarako hogei sagarrondorekin! <\/em><br \/><em>Ai nire herrian banengo mendi zuriaren ondoan\u2026..\u201d<\/em><br \/><em>Baina Karmen ez zen edonolako neska gaztea. <\/em><br \/><em>Bere askatasunaren aldarrikapena islatzen duten<\/em><br \/><em>bertsetek ederki agertzen dute bere arima:<\/em><br \/><em>\u00abEzin zaitut jada maite.<\/em><br \/><em>Ez dut zurekin bizi nahi.<\/em><br \/><em>Ca\u00f1i sortu bait nintzen ni.<\/em><br \/><em>Libre naiz, hilko naiz Ca\u00f1i\u00bb.<\/em><\/p>\n<p>(Pastoral Karmen Etxalarkoa . Gerardo Mungia. Pintxe. 2017)<\/p>\n<p>[\/et_pb_text][\/et_pb_column][\/et_pb_row][\/et_pb_section][et_pb_section fb_built=\u00bb1&#8243; _builder_version=\u00bb4.27.4&#8243; _module_preset=\u00bbdefault\u00bb background_color=\u00bb#b6124f\u00bb global_colors_info=\u00bb{}\u00bb][et_pb_row _builder_version=\u00bb4.27.4&#8243; _module_preset=\u00bbdefault\u00bb custom_margin=\u00bb0px||0px||false|false\u00bb custom_padding=\u00bb0px||0px||false|false\u00bb global_colors_info=\u00bb{}\u00bb][et_pb_column type=\u00bb4_4&#8243; _builder_version=\u00bb4.27.4&#8243; _module_preset=\u00bbdefault\u00bb global_colors_info=\u00bb{}\u00bb][et_pb_text _builder_version=\u00bb4.27.4&#8243; _module_preset=\u00bbdefault\u00bb text_text_color=\u00bb#FFFFFF\u00bb custom_margin=\u00bb0px||0px||false|false\u00bb custom_padding=\u00bb0px||0px||false|false\u00bb global_colors_info=\u00bb{}\u00bb]<\/p>\n<p><strong>La novela \u201cCarmen\u201d<\/strong><\/p>\n<p>[\/et_pb_text][\/et_pb_column][\/et_pb_row][et_pb_row column_structure=\u00bb1_2,1_2&#8243; _builder_version=\u00bb4.27.4&#8243; _module_preset=\u00bbdefault\u00bb global_colors_info=\u00bb{}\u00bb][et_pb_column type=\u00bb1_2&#8243; _builder_version=\u00bb4.27.4&#8243; _module_preset=\u00bbdefault\u00bb global_colors_info=\u00bb{}\u00bb][et_pb_text _builder_version=\u00bb4.27.4&#8243; _module_preset=\u00bbdefault\u00bb text_text_color=\u00bb#FFFFFF\u00bb global_colors_info=\u00bb{}\u00bb]<\/p>\n<p>El escritor Prosper Merim\u00e9e naci\u00f3 en Paris el a\u00f1o 1803; Aunque era amante de la literatura rom\u00e1ntica, el mayor \u00e9xito lo consigui\u00f3 con novelas hist\u00f3ricas, novelas cortas y cuentos. Prosper Merim\u00e9e visit\u00f3 Euskal Herria porque lo envi\u00f3 el gobierno franc\u00e9s para que creara un catalogo de monumentos hist\u00f3ricos. All\u00ed conoci\u00f3 a Mar\u00eda Manuel Kirkpatrick, Condesa de Montijo. Est\u00e1 ten\u00eda mucho contacto con Iparralde, pero sobre todo con los vecinos de Sara, y le cont\u00f3 las tradiciones, leyendas y fueros.  <\/p>\n<p>Una de las leyendas hac\u00eda menci\u00f3n a la historia de un malhechor que asesin\u00f3 a su amante. Por consiguiente surgi\u00f3 la novela \u00abCarmen\u00bb.<\/p>\n<p>En la novela \u201cCarmen\u201d hay dos protagonistas, Jos\u00e9 Lizarrabengoa y Carmen. Jos\u00e9 es de Baztan, nacido en Elizondo. En el inicio se nos presenta como militar, pero finalmente finaliz\u00f3 como desertor, ladr\u00f3n y asesino. Carmen por su parte, es nacida en Etxalar; Mujer hermosa, bohemia, gitana y amante de la libertad y la independencia que lo defiende por encima de todo.  <em><\/em><\/p>\n<p>[\/et_pb_text][\/et_pb_column][et_pb_column type=\u00bb1_2&#8243; _builder_version=\u00bb4.27.4&#8243; _module_preset=\u00bbdefault\u00bb global_colors_info=\u00bb{}\u00bb][et_pb_text _builder_version=\u00bb4.27.4&#8243; _module_preset=\u00bbdefault\u00bb text_text_color=\u00bb#FFFFFF\u00bb global_colors_info=\u00bb{}\u00bb]<\/p>\n<p>Se cuenta la historia de amor imposible y se dan a conocer los pasadizos de amor odio surgido entre ambos. La historia se sit\u00faa en el siglo XIX en diferentes lugares de Andaluc\u00eda (Sevilla, Cordoba eta Cadiz). <\/p>\n<p>Vida y muerte entremezcladas, es la historia de una tragedia y Carmen se convierte en la imagen de la libertad, el erotismo y el sufrimiento. La novela Carmen ha sido fuente de numerosas obras, entre ellas la opera de George Bizet (Realizada en 1875). Asun Garikano la tradujo al Euskera el a\u00f1o 1992 para Pamiela.  <\/p>\n<p><em> <\/em><\/p>\n<p>[\/et_pb_text][\/et_pb_column][\/et_pb_row][et_pb_row column_structure=\u00bb1_2,1_2&#8243; _builder_version=\u00bb4.27.4&#8243; _module_preset=\u00bbdefault\u00bb global_colors_info=\u00bb{}\u00bb][et_pb_column type=\u00bb1_2&#8243; _builder_version=\u00bb4.27.4&#8243; _module_preset=\u00bbdefault\u00bb global_colors_info=\u00bb{}\u00bb][et_pb_image src=\u00bbhttps:\/\/www.etxalar.eus\/wp-content\/uploads\/2025\/05\/Carmen_konposaketa2.jpg\u00bb title_text=\u00bbCarmen_konposaketa2&#8243; _builder_version=\u00bb4.27.4&#8243; _module_preset=\u00bbdefault\u00bb global_colors_info=\u00bb{}\u00bb][\/et_pb_image][\/et_pb_column][et_pb_column type=\u00bb1_2&#8243; _builder_version=\u00bb4.27.4&#8243; _module_preset=\u00bbdefault\u00bb global_colors_info=\u00bb{}\u00bb][et_pb_image src=\u00bbhttps:\/\/www.etxalar.eus\/wp-content\/uploads\/2025\/05\/Carmen_konposaketa.jpg\u00bb title_text=\u00bbCarmen_konposaketa\u00bb _builder_version=\u00bb4.27.4&#8243; _module_preset=\u00bbdefault\u00bb global_colors_info=\u00bb{}\u00bb][\/et_pb_image][\/et_pb_column][\/et_pb_row][\/et_pb_section][et_pb_section fb_built=\u00bb1&#8243; _builder_version=\u00bb4.27.4&#8243; _module_preset=\u00bbdefault\u00bb global_colors_info=\u00bb{}\u00bb][et_pb_row _builder_version=\u00bb4.27.4&#8243; _module_preset=\u00bbdefault\u00bb global_colors_info=\u00bb{}\u00bb][et_pb_column type=\u00bb4_4&#8243; _builder_version=\u00bb4.27.4&#8243; _module_preset=\u00bbdefault\u00bb global_colors_info=\u00bb{}\u00bb][et_pb_image src=\u00bbhttps:\/\/www.etxalar.eus\/wp-content\/uploads\/2025\/05\/karmen_etxalar-panela-scaled.jpg\u00bb title_text=\u00bbkarmen_etxalar\u00bb _builder_version=\u00bb4.27.4&#8243; _module_preset=\u00bbdefault\u00bb global_colors_info=\u00bb{}\u00bb][\/et_pb_image][\/et_pb_column][\/et_pb_row][\/et_pb_section][et_pb_section fb_built=\u00bb1&#8243; _builder_version=\u00bb4.27.4&#8243; _module_preset=\u00bbdefault\u00bb background_image=\u00bbhttps:\/\/www.etxalar.eus\/wp-content\/uploads\/2025\/05\/Azala.jpg\u00bb parallax=\u00bbon\u00bb global_colors_info=\u00bb{}\u00bb][et_pb_row _builder_version=\u00bb4.27.4&#8243; _module_preset=\u00bbdefault\u00bb min_height=\u00bb20vw\u00bb border_width_all=\u00bb1px\u00bb border_color_all=\u00bb#FFFFFF\u00bb global_colors_info=\u00bb{}\u00bb][et_pb_column type=\u00bb4_4&#8243; _builder_version=\u00bb4.27.4&#8243; _module_preset=\u00bbdefault\u00bb global_colors_info=\u00bb{}\u00bb][\/et_pb_column][\/et_pb_row][\/et_pb_section][et_pb_section fb_built=\u00bb1&#8243; next_background_color=\u00bb#ffffff\u00bb admin_label=\u00bbEtxalar ezagutu blokeak\u00bb _builder_version=\u00bb4.27.4&#8243; _module_preset=\u00bbdefault\u00bb background_color=\u00bbgcid-aa8ab6bb-6aae-4545-8323-e9f7c570e8d7&#8243; custom_margin=\u00bb0px||0px||false|false\u00bb custom_padding=\u00bb0px||50px||false|false\u00bb bottom_divider_style=\u00bbtriangle\u00bb bottom_divider_height=\u00bb50px\u00bb bottom_divider_flip=\u00bbvertical\u00bb locked=\u00bboff\u00bb global_colors_info=\u00bb{%22gcid-aa8ab6bb-6aae-4545-8323-e9f7c570e8d7%22:%91%22background_color%22%93}\u00bb][et_pb_row column_structure=\u00bb1_5,1_5,1_5,1_5,1_5&#8243; use_custom_gutter=\u00bbon\u00bb gutter_width=\u00bb1&#8243; _builder_version=\u00bb4.27.4&#8243; _module_preset=\u00bbdefault\u00bb width=\u00bb55%\u00bb width_tablet=\u00bb100%\u00bb width_phone=\u00bb100%\u00bb width_last_edited=\u00bbon|phone\u00bb max_width=\u00bb100%\u00bb custom_margin=\u00bb0px||0px||false|false\u00bb custom_padding=\u00bb0px||20px||false|false\u00bb border_width_bottom=\u00bb0px\u00bb border_radii_tablet=\u00bb\u00bb border_radii_phone=\u00bb\u00bb border_radii_last_edited=\u00bbon|tablet\u00bb global_colors_info=\u00bb{}\u00bb][et_pb_column type=\u00bb1_5&#8243; _builder_version=\u00bb4.27.4&#8243; _module_preset=\u00bbdefault\u00bb positioning=\u00bbnone\u00bb z_index=\u00bb5&#8243; custom_padding=\u00bb0px||0px||false|false\u00bb global_colors_info=\u00bb{}\u00bb][et_pb_blurb title=\u00bbPRESENTACI\u00d3N\u00bb url=\u00bb#sarrera\u00bb use_icon=\u00bbon\u00bb font_icon=\u00bb&#xe07f;||divi||400&#8243; icon_color=\u00bb#FFFFFF\u00bb image_icon_width=\u00bb300%\u00bb _builder_version=\u00bb4.27.4&#8243; _module_preset=\u00bbdefault\u00bb header_font=\u00bb|700|||||||\u00bb header_text_color=\u00bb#FFFFFF\u00bb background_color=\u00bb#b6124f\u00bb z_index=\u00bb0&#8243; text_orientation=\u00bbcenter\u00bb width=\u00bb100%\u00bb custom_margin=\u00bb||||false|false\u00bb custom_padding=\u00bb30px||30px||false|false\u00bb link_option_url=\u00bb#sarrera\u00bb border_color_right=\u00bbgcid-heading-color\u00bb border_width_left=\u00bb0px\u00bb border_color_left=\u00bbgcid-heading-color\u00bb border_color_right_tablet=\u00bbgcid-heading-color\u00bb border_color_right_phone=\u00bbgcid-heading-color\u00bb border_color_right_last_edited=\u00bbon|tablet\u00bb border_width_bottom_tablet=\u00bb1px\u00bb border_width_bottom_phone=\u00bb1px\u00bb border_width_bottom_last_edited=\u00bbon|desktop\u00bb border_color_bottom_tablet=\u00bb#FFFFFF\u00bb border_color_bottom_phone=\u00bb#FFFFFF\u00bb border_color_bottom_last_edited=\u00bbon|tablet\u00bb global_colors_info=\u00bb{%22gcid-heading-color%22:%91%22border_color_right%22,%22border_color_left%22%93,%22gcid-63ace26e-ec1a-49a4-96c1-d62eb83c71e6%22:%91%22background_color__hover%22%93}\u00bb transform_styles__hover_enabled=\u00bbon|hover\u00bb background_color__hover=\u00bb#bdc9bf\u00bb background_enable_color__hover=\u00bbon\u00bb z_index__hover=\u00bb15&#8243; z_index__hover_enabled=\u00bbon|hover\u00bb background__hover_enabled=\u00bbon|hover\u00bb transform_scale__hover=\u00bb115%|115%\u00bb transform_scale__hover_enabled=\u00bbon|hover\u00bb transform_translate__hover_enabled=\u00bbon|desktop\u00bb transform_rotate__hover_enabled=\u00bbon|desktop\u00bb transform_skew__hover_enabled=\u00bbon|desktop\u00bb transform_origin__hover_enabled=\u00bbon|desktop\u00bb border_radii__hover_enabled=\u00bbon|desktop\u00bb border_width_right__hover_enabled=\u00bbon|hover\u00bb border_width_right__hover=\u00bb0px\u00bb][\/et_pb_blurb][\/et_pb_column][et_pb_column type=\u00bb1_5&#8243; _builder_version=\u00bb4.27.4&#8243; _module_preset=\u00bbdefault\u00bb positioning=\u00bbnone\u00bb z_index=\u00bb10&#8243; custom_padding=\u00bb0px||0px||false|false\u00bb global_colors_info=\u00bb{}\u00bb][et_pb_blurb title=\u00bbARTISTAS\u00bb url=\u00bb#artistak\u00bb use_icon=\u00bbon\u00bb font_icon=\u00bb&#xf630;||fa||900&#8243; icon_color=\u00bb#FFFFFF\u00bb image_icon_width=\u00bb300%\u00bb _builder_version=\u00bb4.27.4&#8243; _module_preset=\u00bbdefault\u00bb header_font=\u00bb|700|||||||\u00bb header_text_color=\u00bb#FFFFFF\u00bb background_color=\u00bb#b6124f\u00bb z_index=\u00bb0&#8243; text_orientation=\u00bbcenter\u00bb width=\u00bb100%\u00bb custom_margin=\u00bb||||false|false\u00bb custom_padding=\u00bb30px||30px||false|false\u00bb link_option_url=\u00bb#artistak\u00bb border_width_right=\u00bb1px\u00bb border_color_right=\u00bbgcid-aa8ab6bb-6aae-4545-8323-e9f7c570e8d7&#8243; border_color_bottom=\u00bb#FFFFFF\u00bb border_width_left=\u00bb1px\u00bb border_color_left=\u00bbgcid-aa8ab6bb-6aae-4545-8323-e9f7c570e8d7&#8243; border_width_right_tablet=\u00bb1px\u00bb border_width_right_phone=\u00bb0px\u00bb border_width_right_last_edited=\u00bbon|phone\u00bb border_width_bottom_tablet=\u00bb1px\u00bb border_width_bottom_phone=\u00bb1px\u00bb border_width_bottom_last_edited=\u00bbon|phone\u00bb border_width_left_tablet=\u00bb1px\u00bb border_width_left_phone=\u00bb0px\u00bb border_width_left_last_edited=\u00bbon|phone\u00bb global_colors_info=\u00bb{%22gcid-63ace26e-ec1a-49a4-96c1-d62eb83c71e6%22:%91%22background_color__hover%22%93,%22gcid-aa8ab6bb-6aae-4545-8323-e9f7c570e8d7%22:%91%22border_color_right%22,%22border_color_left%22%93}\u00bb transform_styles__hover_enabled=\u00bbon|hover\u00bb background_color__hover=\u00bb#bdc9bf\u00bb background_enable_color__hover=\u00bbon\u00bb z_index__hover=\u00bb15&#8243; z_index__hover_enabled=\u00bbon|hover\u00bb background__hover_enabled=\u00bbon|hover\u00bb transform_scale__hover=\u00bb115%|115%\u00bb transform_scale__hover_enabled=\u00bbon|hover\u00bb transform_translate__hover_enabled=\u00bbon|desktop\u00bb transform_rotate__hover_enabled=\u00bbon|desktop\u00bb transform_skew__hover_enabled=\u00bbon|desktop\u00bb transform_origin__hover_enabled=\u00bbon|desktop\u00bb border_width_right__hover_enabled=\u00bbon|hover\u00bb border_width_right__hover=\u00bb0px\u00bb border_width_left__hover_enabled=\u00bbon|desktop\u00bb border_width_left__hover=\u00bb0px\u00bb][\/et_pb_blurb][\/et_pb_column][et_pb_column type=\u00bb1_5&#8243; _builder_version=\u00bb4.27.4&#8243; _module_preset=\u00bbdefault\u00bb positioning=\u00bbnone\u00bb z_index=\u00bb15&#8243; custom_padding=\u00bb0px||0px||false|false\u00bb global_colors_info=\u00bb{}\u00bb][et_pb_blurb title=\u00bbFUNCIONES\u00bb url=\u00bb#ikuskizunak\u00bb use_icon=\u00bbon\u00bb font_icon=\u00bb&#xf3ff;||fa||900&#8243; icon_color=\u00bb#FFFFFF\u00bb image_icon_width=\u00bb300%\u00bb _builder_version=\u00bb4.27.4&#8243; _module_preset=\u00bbdefault\u00bb header_font=\u00bb|700|||||||\u00bb header_text_color=\u00bb#FFFFFF\u00bb background_color=\u00bb#b6124f\u00bb z_index=\u00bb0&#8243; text_orientation=\u00bbcenter\u00bb width=\u00bb100%\u00bb custom_margin=\u00bb||||false|false\u00bb custom_padding=\u00bb30px||30px||false|false\u00bb link_option_url=\u00bb#ikuzkizunak\u00bb border_width_right=\u00bb1px\u00bb border_color_right=\u00bbgcid-aa8ab6bb-6aae-4545-8323-e9f7c570e8d7&#8243; border_color_bottom=\u00bb#FFFFFF\u00bb border_width_left=\u00bb1px\u00bb border_color_left=\u00bbgcid-aa8ab6bb-6aae-4545-8323-e9f7c570e8d7&#8243; border_width_right_tablet=\u00bb1px\u00bb border_width_right_phone=\u00bb0px\u00bb border_width_right_last_edited=\u00bbon|phone\u00bb border_width_bottom_tablet=\u00bb\u00bb border_width_bottom_phone=\u00bb1px\u00bb border_width_bottom_last_edited=\u00bbon|desktop\u00bb border_width_left_tablet=\u00bb1px\u00bb border_width_left_phone=\u00bb0px\u00bb border_width_left_last_edited=\u00bbon|phone\u00bb global_colors_info=\u00bb{%22gcid-63ace26e-ec1a-49a4-96c1-d62eb83c71e6%22:%91%22background_color__hover%22,%22background_color__hover%22%93,%22gcid-aa8ab6bb-6aae-4545-8323-e9f7c570e8d7%22:%91%22border_color_right%22,%22border_color_left%22,%22border_color_right%22%93,%22gcid-heading-color%22:%91%22border_color_left%22%93,%22gcid-primary-color%22:%91%22background_color%22%93}\u00bb transform_styles__hover_enabled=\u00bbon|hover\u00bb background_color__hover=\u00bb#bdc9bf\u00bb background_enable_color__hover=\u00bbon\u00bb z_index__hover_enabled=\u00bbon|hover\u00bb z_index__hover=\u00bb15&#8243; width__hover_enabled=\u00bbon\u00bb width__hover=\u00bb100%\u00bb border_width_right__hover=\u00bb0px\u00bb border_width_right__hover_enabled=\u00bbon|hover\u00bb border_width_left__hover=\u00bb0px\u00bb border_width_left__hover_enabled=\u00bbon|desktop\u00bb background__hover_enabled=\u00bbon|hover\u00bb transform_scale__hover=\u00bb115%|115%\u00bb transform_scale__hover_enabled=\u00bbon|hover\u00bb transform_translate__hover_enabled=\u00bbon|desktop\u00bb transform_rotate__hover_enabled=\u00bbon|desktop\u00bb transform_skew__hover_enabled=\u00bbon|desktop\u00bb transform_origin__hover_enabled=\u00bbon|desktop\u00bb][\/et_pb_blurb][\/et_pb_column][et_pb_column type=\u00bb1_5&#8243; _builder_version=\u00bb4.27.4&#8243; _module_preset=\u00bbdefault\u00bb positioning=\u00bbnone\u00bb z_index=\u00bb20&#8243; custom_padding=\u00bb0px||0px||false|false\u00bb global_colors_info=\u00bb{}\u00bb][et_pb_blurb title=\u00bbMULTIMEDIA\u00bb url=\u00bb#multimedia\u00bb use_icon=\u00bbon\u00bb font_icon=\u00bb&#xf030;||fa||900&#8243; icon_color=\u00bb#FFFFFF\u00bb image_icon_width=\u00bb300%\u00bb _builder_version=\u00bb4.27.4&#8243; _module_preset=\u00bbdefault\u00bb header_font=\u00bb|700|||||||\u00bb header_text_color=\u00bb#FFFFFF\u00bb background_color=\u00bb#b6124f\u00bb z_index=\u00bb0&#8243; text_orientation=\u00bbcenter\u00bb width=\u00bb100%\u00bb custom_margin=\u00bb||||false|false\u00bb custom_padding=\u00bb30px||30px||false|false\u00bb link_option_url=\u00bb#multimedia\u00bb border_width_right=\u00bb1px\u00bb border_color_right=\u00bbgcid-aa8ab6bb-6aae-4545-8323-e9f7c570e8d7&#8243; border_color_bottom=\u00bb#FFFFFF\u00bb border_width_left=\u00bb1px\u00bb border_color_left=\u00bbgcid-aa8ab6bb-6aae-4545-8323-e9f7c570e8d7&#8243; border_width_right_tablet=\u00bb1px\u00bb border_width_right_phone=\u00bb0px\u00bb border_width_right_last_edited=\u00bbon|phone\u00bb border_width_bottom_tablet=\u00bb\u00bb border_width_bottom_phone=\u00bb1px\u00bb border_width_bottom_last_edited=\u00bbon|desktop\u00bb border_width_left_tablet=\u00bb1px\u00bb border_width_left_phone=\u00bb0px\u00bb border_width_left_last_edited=\u00bbon|phone\u00bb global_colors_info=\u00bb{%22gcid-63ace26e-ec1a-49a4-96c1-d62eb83c71e6%22:%91%22background_color__hover%22,%22background_color__hover%22%93,%22gcid-aa8ab6bb-6aae-4545-8323-e9f7c570e8d7%22:%91%22border_color_right%22,%22border_color_left%22,%22border_color_right%22%93,%22gcid-primary-color%22:%91%22background_color%22%93}\u00bb transform_styles__hover_enabled=\u00bbon|hover\u00bb background_color__hover=\u00bb#bdc9bf\u00bb background_enable_color__hover=\u00bbon\u00bb z_index__hover=\u00bb15&#8243; z_index__hover_enabled=\u00bbon|hover\u00bb width__hover=\u00bb100%\u00bb width__hover_enabled=\u00bbon\u00bb background__hover_enabled=\u00bbon|hover\u00bb border_width_right__hover=\u00bb0px\u00bb border_width_right__hover_enabled=\u00bbon|hover\u00bb border_width_left__hover=\u00bb0px\u00bb border_width_left__hover_enabled=\u00bbon|desktop\u00bb transform_scale__hover=\u00bb115%|115%\u00bb transform_scale__hover_enabled=\u00bbon|hover\u00bb transform_translate__hover_enabled=\u00bbon|desktop\u00bb transform_rotate__hover_enabled=\u00bbon|desktop\u00bb transform_skew__hover_enabled=\u00bbon|desktop\u00bb transform_origin__hover_enabled=\u00bbon|desktop\u00bb][\/et_pb_blurb][\/et_pb_column][et_pb_column type=\u00bb1_5&#8243; _builder_version=\u00bb4.27.4&#8243; _module_preset=\u00bbdefault\u00bb positioning=\u00bbnone\u00bb z_index=\u00bb20&#8243; custom_padding=\u00bb0px||0px||false|false\u00bb global_colors_info=\u00bb{}\u00bb][et_pb_blurb title=\u00bbPASEO\u00bb url=\u00bb#ibilbideak\u00bb use_icon=\u00bbon\u00bb font_icon=\u00bb&#xf6ec;||fa||900&#8243; icon_color=\u00bb#FFFFFF\u00bb image_icon_width=\u00bb300%\u00bb _builder_version=\u00bb4.27.4&#8243; _module_preset=\u00bbdefault\u00bb header_font=\u00bb|700|||||||\u00bb header_text_color=\u00bb#FFFFFF\u00bb background_color=\u00bb#b6124f\u00bb z_index=\u00bb0&#8243; text_orientation=\u00bbcenter\u00bb width=\u00bb100%\u00bb custom_margin=\u00bb||||false|false\u00bb custom_padding=\u00bb30px||30px||false|false\u00bb link_option_url=\u00bb#ibilbideak\u00bb border_color_right=\u00bbgcid-heading-color\u00bb global_colors_info=\u00bb{%22gcid-heading-color%22:%91%22border_color_right%22%93,%22gcid-63ace26e-ec1a-49a4-96c1-d62eb83c71e6%22:%91%22background_color__hover%22%93}\u00bb transform_styles__hover_enabled=\u00bbon|hover\u00bb background_color__hover=\u00bb#bdc9bf\u00bb background_enable_color__hover=\u00bbon\u00bb z_index__hover=\u00bb5&#8243; z_index__hover_enabled=\u00bbon|hover\u00bb background__hover_enabled=\u00bbon|hover\u00bb width__hover=\u00bb100%\u00bb width__hover_enabled=\u00bbon\u00bb transform_scale__hover=\u00bb115%|115%\u00bb transform_scale__hover_enabled=\u00bbon|hover\u00bb transform_translate__hover_enabled=\u00bbon|desktop\u00bb transform_rotate__hover_enabled=\u00bbon|desktop\u00bb transform_skew__hover_enabled=\u00bbon|desktop\u00bb transform_origin__hover_enabled=\u00bbon|desktop\u00bb][\/et_pb_blurb][\/et_pb_column][\/et_pb_row][\/et_pb_section][et_pb_section fb_built=\u00bb1&#8243; _builder_version=\u00bb4.27.4&#8243; _module_preset=\u00bbdefault\u00bb global_colors_info=\u00bb{}\u00bb][et_pb_row admin_label=\u00bbarquitectura\u00bb module_id=\u00bbsarrera\u00bb _builder_version=\u00bb4.27.4&#8243; background_size=\u00bbinitial\u00bb background_position=\u00bbtop_left\u00bb background_repeat=\u00bbrepeat\u00bb locked=\u00bboff\u00bb global_colors_info=\u00bb{}\u00bb][et_pb_column type=\u00bb4_4&#8243; _builder_version=\u00bb4.16&#8243; custom_padding=\u00bb|||\u00bb global_colors_info=\u00bb{}\u00bb custom_padding__hover=\u00bb|||\u00bb][et_pb_text _builder_version=\u00bb4.27.4&#8243; _module_preset=\u00bbdefault\u00bb header_font=\u00bb&#8211;et_global_heading_font||||||||\u00bb header_text_color=\u00bb#B6124F\u00bb global_colors_info=\u00bb{}\u00bb]<\/p>\n<h1>Presentaci\u00f3n<\/h1>\n<p>[\/et_pb_text][et_pb_text _builder_version=\u00bb4.27.4&#8243; _module_preset=\u00bbdefault\u00bb global_colors_info=\u00bb{}\u00bb]<\/p>\n<p><strong>C\u00d3MO EMPEZ\u00d3 TODO<\/strong><\/p>\n<p>El autor de la obra Gerardo Mungia, cuando creo la pastoral de la conocida obra de Carmen, pens\u00f3 en que ser\u00eda una buena idea desarrollar la obra en el pueblo de origen de la protagonista Carmen y empez\u00f3 el proceso para conseguirlo.<\/p>\n<p><strong>Ofrecimiento al pueblo de Etxalar<\/strong><\/p>\n<p>El proceso de hacer la pastoral en Etxalar comenz\u00f3 cuando el autor de la pastoral contacto con el cura del pueblo Pello Apezetxea y este le puso en contacto con el ayuntamiento y diferentes entidades y asociaciones del pueblo. Eran las fiestas del a\u00f1o 2016 cuando el alcalde de Etxalar Miguel Mari Irigoyen recibi\u00f3 la llamada. El autor le explico en qu\u00e9 consist\u00eda la obra y para ver si la iniciativa era viable o no, se organiz\u00f3 una reuni\u00f3n con las asociaciones, grupos y vecinos del pueblo. En un principio surgieron las dudas ya que en nuestra comarca no son nada conocidas las pastorales. Al final tras analizar a fondo el asunto, los vecinos del pueblo se animaron y se tomo la decisi\u00f3n de llevar a delante la pastoral.     <\/p>\n<p>Tras esta decisi\u00f3n , el autor de la pastoral contact\u00f3 con su vieja amiga la directora Pantxika Urruty y le cont\u00f3 los pormenores del proyecto. Pantxika se enamor\u00f3 de la obra y contest\u00f3 afirmativamente el ofrecimiento de participar en la obra. <\/p>\n<p><strong>Etxalar \u2013 Baztan, proyecto en com\u00fan<\/strong><\/p>\n<p>Gerardo, al igual que tuvo en cuenta a la hora de desarrollar la pastoral Karmen Etxalarko pastorala el origen de la protagonista, tambi\u00e9n consider\u00f3 que era adecuado que al ser de Baztan el otro protagonista de la obra, lo llevar\u00e1 a cabo un vecino de Baztan. La cuesti\u00f3n se plante\u00f3 a los vecinos de Etxalar y tras la aceptaci\u00f3n de estos, el autor comenz\u00f3 la b\u00fasqueda de la persona que realizar\u00eda el papel de Jose. Al final fue Joxe Ariztia el elegido para realizar el papel de Jose junto con la vecina de Etxalar Miren Olaetxea que llevar\u00e1 a cabo el papel de la protagonista Carmen.  <\/p>\n<p>Aparte del papel del Jose, el valle de Baztan tambi\u00e9n tendr\u00e1 presencia en la pastoral con la participaci\u00f3n de la Coral Gaztelu de Amaiur.<\/p>\n<p>[\/et_pb_text][\/et_pb_column][\/et_pb_row][et_pb_row column_structure=\u00bb1_2,1_2&#8243; _builder_version=\u00bb4.27.4&#8243; _module_preset=\u00bbdefault\u00bb global_colors_info=\u00bb{}\u00bb][et_pb_column type=\u00bb1_2&#8243; _builder_version=\u00bb4.27.4&#8243; _module_preset=\u00bbdefault\u00bb global_colors_info=\u00bb{}\u00bb][et_pb_image src=\u00bbhttps:\/\/www.etxalar.eus\/wp-content\/uploads\/2025\/05\/Karmen-Pastorala-aurkezpena.jpg\u00bb title_text=\u00bbKarmen-Pastorala-aurkezpena\u00bb _builder_version=\u00bb4.27.4&#8243; _module_preset=\u00bbdefault\u00bb global_colors_info=\u00bb{}\u00bb][\/et_pb_image][\/et_pb_column][et_pb_column type=\u00bb1_2&#8243; _builder_version=\u00bb4.27.4&#8243; _module_preset=\u00bbdefault\u00bb global_colors_info=\u00bb{}\u00bb][et_pb_image src=\u00bbhttps:\/\/www.etxalar.eus\/wp-content\/uploads\/2025\/05\/Pastorala_aurkez-1024&#215;588-1.jpg\u00bb title_text=\u00bbPastorala_aurkez-1024&#215;588&#8243; _builder_version=\u00bb4.27.4&#8243; _module_preset=\u00bbdefault\u00bb global_colors_info=\u00bb{}\u00bb][\/et_pb_image][\/et_pb_column][\/et_pb_row][et_pb_row column_structure=\u00bb1_2,1_2&#8243; admin_label=\u00bbarquitectura\u00bb module_id=\u00bbzerbitzuak\u00bb _builder_version=\u00bb4.27.4&#8243; background_size=\u00bbinitial\u00bb background_position=\u00bbtop_left\u00bb background_repeat=\u00bbrepeat\u00bb custom_padding=\u00bb15px|||||\u00bb locked=\u00bboff\u00bb global_colors_info=\u00bb{}\u00bb][et_pb_column type=\u00bb1_2&#8243; _builder_version=\u00bb4.16&#8243; custom_padding=\u00bb|||\u00bb global_colors_info=\u00bb{}\u00bb custom_padding__hover=\u00bb|||\u00bb][et_pb_text _builder_version=\u00bb4.27.4&#8243; _module_preset=\u00bbdefault\u00bb global_colors_info=\u00bb{}\u00bb]<\/p>\n<p><strong>QU\u00c9 ES UNA PASTORAL<br \/><\/strong><\/p>\n<p>La pastoral es una antigua modalidad de teatro, la cual en Zuberoa sobretodo, se mantiene muy viva y tiene mucha tradici\u00f3n hoy en d\u00eda.<br \/>La pastoral es un obra teatral que abarca a muchas personas combinado diferentes disciplinas; Coplas, cantos, bailes y otras m\u00e1s; se trata en definitiva de una gran expresi\u00f3n cultural popular.<\/p>\n<p><strong>Pastoral Karmen Etxalarkoa Pastorala: Composici\u00f3n.<\/strong><\/p>\n<p>En la pastoral ser\u00e1n m\u00e1s de 100 las personas que participen, principalmente vecinos de Etxalar, aunque tambi\u00e9n colaborar\u00e1n en la misma, vecinos de Baztan. Entre los participantes en la pastoral los hay de diferentes edades, cada cual con su papel correspondiente. <\/p>\n<p>El idioma de la pastoral Karmen Etxalarko Pastorala ser\u00e1 el EUSKARA. Adem\u00e1s ser\u00e1 el segundo espect\u00e1culo de este tipo que se celebra en el sur de Euskal Herria, ya que la pastoral Miel Bidador se llevo a cabo en Pamplona a\u00f1os atr\u00e1s.<br \/>En la pastoral participan numerosos personajes y estos son los principales: <\/p>\n<p>&nbsp;<\/p>\n<ul>\n<li>Protagonistas: Karmen y Jose<\/li>\n<li>Dragones y soldados (Canarios en la novela de Merim\u00e9e)<\/li>\n<li>Gitanos<\/li>\n<li>Cigarreras<\/li>\n<li>Contrabandistas, bandoleros o trabucos<\/li>\n<li>Mujeres turcas (Atrevidas mujeres andaluzas, con toque sensual)<\/li>\n<li>Monjes<\/li>\n<li>Ni\u00f1os y ni\u00f1as<\/li>\n<\/ul>\n<p>[\/et_pb_text][\/et_pb_column][et_pb_column type=\u00bb1_2&#8243; _builder_version=\u00bb4.16&#8243; custom_padding=\u00bb|||\u00bb global_colors_info=\u00bb{}\u00bb custom_padding__hover=\u00bb|||\u00bb][et_pb_image src=\u00bbhttps:\/\/www.etxalar.eus\/wp-content\/uploads\/2025\/05\/Karmen-Etxalarkoa-PAstorala-Irailak-16-48-1024&#215;683-1.jpg\u00bb title_text=\u00bbKarmen-Etxalarkoa-PAstorala-Irailak-16-48-1024&#215;683&#8243; _builder_version=\u00bb4.27.4&#8243; _module_preset=\u00bbdefault\u00bb global_colors_info=\u00bb{}\u00bb][\/et_pb_image][\/et_pb_column][\/et_pb_row][\/et_pb_section][et_pb_section fb_built=\u00bb1&#8243; _builder_version=\u00bb4.27.4&#8243; _module_preset=\u00bbdefault\u00bb background_color=\u00bbrgba(182,18,79,0.39)\u00bb global_colors_info=\u00bb{}\u00bb][et_pb_row module_id=\u00bbartistak\u00bb _builder_version=\u00bb4.27.4&#8243; _module_preset=\u00bbdefault\u00bb global_colors_info=\u00bb{}\u00bb][et_pb_column type=\u00bb4_4&#8243; _builder_version=\u00bb4.27.4&#8243; _module_preset=\u00bbdefault\u00bb global_colors_info=\u00bb{}\u00bb][et_pb_text _builder_version=\u00bb4.27.4&#8243; _module_preset=\u00bbdefault\u00bb header_font=\u00bb&#8211;et_global_heading_font||||||||\u00bb header_text_color=\u00bb#B6124F\u00bb global_colors_info=\u00bb{}\u00bb]<\/p>\n<h1>Artistas<\/h1>\n<p>[\/et_pb_text][\/et_pb_column][\/et_pb_row][et_pb_row column_structure=\u00bb1_3,1_3,1_3&#8243; _builder_version=\u00bb4.27.4&#8243; _module_preset=\u00bbdefault\u00bb global_colors_info=\u00bb{}\u00bb][et_pb_column type=\u00bb1_3&#8243; _builder_version=\u00bb4.27.4&#8243; _module_preset=\u00bbdefault\u00bb global_colors_info=\u00bb{}\u00bb][et_pb_blurb title=\u00bbGerardo Mungia. Autor \u00bb image=\u00bbhttps:\/\/www.etxalar.eus\/wp-content\/uploads\/2025\/05\/Past_pintxe-2-1024&#215;693-1.jpg\u00bb _builder_version=\u00bb4.27.4&#8243; _module_preset=\u00bbdefault\u00bb global_colors_info=\u00bb{}\u00bb]<\/p>\n<p>El autor de la pastoral Karmen Etxalarkoa Pastorala es Gerardo Mungia \u201cPintxe\u201d. Alba\u00f1il de profesi\u00f3n y escritor aficionado, ha publicado un libro. Oriundo de Pamplona, siempre ha sido gran aficionado a las tragedias. Consecuencia de ello, tomo la decisi\u00f3n de crear la pastoral de la novela Carmen.   <\/p>\n<p>[\/et_pb_blurb][\/et_pb_column][et_pb_column type=\u00bb1_3&#8243; _builder_version=\u00bb4.27.4&#8243; _module_preset=\u00bbdefault\u00bb global_colors_info=\u00bb{}\u00bb][et_pb_blurb title=\u00bbPantxika Urruty. Directora \u00bb image=\u00bbhttps:\/\/www.etxalar.eus\/wp-content\/uploads\/2025\/05\/Past_Pantxika-2.jpg\u00bb _builder_version=\u00bb4.27.4&#8243; _module_preset=\u00bbdefault\u00bb global_colors_info=\u00bb{}\u00bb]<\/p>\n<p>Barkoxe, Zuberoa. Lleva muchos a\u00f1os participando en el mundo de las Pastorales y ha participado en varias de ellas. La primera fue la denominada \u201cEtxahun\u201d y tras esta vino la pastoral \u201cXimena\u201d.   2014. En el a\u00f1o 2014 particip\u00f3 en la pastoral \u201cGereziaren denbora\u201d y en la pastoral Katalina Erauso lo hizo como directora de la misma. <\/p>\n<p>[\/et_pb_blurb][\/et_pb_column][et_pb_column type=\u00bb1_3&#8243; _builder_version=\u00bb4.27.4&#8243; _module_preset=\u00bbdefault\u00bb global_colors_info=\u00bb{}\u00bb][et_pb_blurb title=\u00bbAlberto Lasa. Director de canto<br \/> \u00bb image=\u00bbhttps:\/\/www.etxalar.eus\/wp-content\/uploads\/2025\/05\/Past_Alberto-1024&#215;707-1.jpg\u00bb _builder_version=\u00bb4.27.4&#8243; _module_preset=\u00bbdefault\u00bb global_colors_info=\u00bb{}\u00bb]<\/p>\n<p>Hondarribia. Gipuzkoa. Director del coro de la pastoral Karmen Etxalarkoa Pastorala.  <\/p>\n<p>[\/et_pb_blurb][\/et_pb_column][\/et_pb_row][et_pb_row column_structure=\u00bb1_2,1_2&#8243; _builder_version=\u00bb4.27.4&#8243; _module_preset=\u00bbdefault\u00bb global_colors_info=\u00bb{}\u00bb][et_pb_column type=\u00bb1_2&#8243; _builder_version=\u00bb4.27.4&#8243; _module_preset=\u00bbdefault\u00bb global_colors_info=\u00bb{}\u00bb][et_pb_text _builder_version=\u00bb4.27.4&#8243; _module_preset=\u00bbdefault\u00bb global_colors_info=\u00bb{}\u00bb]<\/p>\n<h4><strong>Directores de m\u00fasica-Creadores:<\/strong><\/h4>\n<p><strong>I\u00f1igo Etxarte<\/strong>, Etxalar Navarra. Creador del grupo musical de la pastoral Karmen Etxalarko Pastorala. Chistu y flauta.  <\/p>\n<p><strong>Javier Perez de Azpeitia:<\/strong> Bera Navarra. Creador de la m\u00fasica de la pastoral Karmen Etxalarko Pastorala. Teclado  <\/p>\n<p><strong>Errege Belda:<\/strong> Creadora de la m\u00fasica la pastoral Karmen Etxalarko Pastorala. Acorde\u00f3n. <\/p>\n<p>&nbsp;<\/p>\n<p>Y tambi\u00e9n:<\/p>\n<ul>\n<li><strong>Patrick<\/strong> &#8211; Atabal<\/li>\n<li><strong>Juan Mari Beltr\u00e1n<\/strong> \u2013 Clarinete<\/li>\n<li><strong>Miren Belda<\/strong> \u2013 Bombo y acorde\u00f3n.<\/li>\n<li><strong>Bittor Karrera<\/strong> \u2013 Dulzaina<\/li>\n<li><strong>Markel Etxarte<\/strong> \u2013 Trompeta<\/li>\n<li><strong>Peio Irigoien<\/strong> &#8211; Trompeta<\/li>\n<li><strong>Ander Barrenetxea<\/strong> &#8211; Percusi\u00f3n<\/li>\n<li><strong>Anne Perez de Azpeitia<\/strong> &#8211; Fagot<\/li>\n<li><strong>Aitor Huizi<\/strong> &#8211; Viol\u00edn<\/li>\n<\/ul>\n<p>M\u00fasica: <strong>Mikel Markez \/ Xabier Amuriza \/ Anje Duhalde<\/strong><\/p>\n<p>[\/et_pb_text][\/et_pb_column][et_pb_column type=\u00bb1_2&#8243; _builder_version=\u00bb4.27.4&#8243; _module_preset=\u00bbdefault\u00bb global_colors_info=\u00bb{}\u00bb][et_pb_text _builder_version=\u00bb4.27.4&#8243; _module_preset=\u00bbdefault\u00bb global_colors_info=\u00bb{}\u00bb]<\/p>\n<h4>Danzas:<\/h4>\n<p><strong>Amadeo Telletxea:<\/strong> Igantzi, Navarra. Creador de nuevos bailes. <\/p>\n<p><strong>Anabel Arburua:<\/strong> Etxalar, Navarra. Ensayos de los bailes. <\/p>\n<p><strong>Maite Olaetxea:<\/strong> Etxalar, Navarra. Ensayos de los bailes. <\/p>\n<p>Profesores de danza:<\/p>\n<ul>\n<li><strong>Ilhora Capot<\/strong><\/li>\n<li><strong>Ibai Capot<\/strong><\/li>\n<li><strong>Arnaud Izal<\/strong><\/li>\n<li><strong>Bea Calvet<\/strong><\/li>\n<li><strong>Maddi Erre\u00e7aret<\/strong><\/li>\n<\/ul>\n<p>[\/et_pb_text][\/et_pb_column][\/et_pb_row][et_pb_row column_structure=\u00bb1_2,1_2&#8243; _builder_version=\u00bb4.27.4&#8243; _module_preset=\u00bbdefault\u00bb global_colors_info=\u00bb{}\u00bb][et_pb_column type=\u00bb1_2&#8243; _builder_version=\u00bb4.27.4&#8243; _module_preset=\u00bbdefault\u00bb global_colors_info=\u00bb{}\u00bb][et_pb_text _builder_version=\u00bb4.27.4&#8243; _module_preset=\u00bbdefault\u00bb global_colors_info=\u00bb{}\u00bb]<\/p>\n<h4><strong>Participantes:<\/strong><\/h4>\n<p>En este apartado se muestran todas las personas que toman parte en la pastoral y los personajes que representar\u00e1n cada uno de ellos en la obra. En muchos de los casos los participantes representar\u00e1n varios papeles. <strong><\/strong><\/p>\n<p>[\/et_pb_text][\/et_pb_column][et_pb_column type=\u00bb1_2&#8243; _builder_version=\u00bb4.27.4&#8243; _module_preset=\u00bbdefault\u00bb global_colors_info=\u00bb{}\u00bb][\/et_pb_column][\/et_pb_row][et_pb_row column_structure=\u00bb1_5,3_5,1_5&#8243; _builder_version=\u00bb4.27.4&#8243; _module_preset=\u00bbdefault\u00bb width=\u00bb90%\u00bb global_colors_info=\u00bb{}\u00bb][et_pb_column type=\u00bb1_5&#8243; _builder_version=\u00bb4.27.4&#8243; _module_preset=\u00bbdefault\u00bb global_colors_info=\u00bb{}\u00bb][\/et_pb_column][et_pb_column type=\u00bb3_5&#8243; _builder_version=\u00bb4.27.4&#8243; _module_preset=\u00bbdefault\u00bb global_colors_info=\u00bb{}\u00bb][et_pb_text _builder_version=\u00bb4.27.6&#8243; _module_preset=\u00bbdefault\u00bb text_text_color=\u00bb#FFFFFF\u00bb hover_enabled=\u00bb0&#8243; header_4_font_size_tablet=\u00bb\u00bb header_4_font_size_phone=\u00bb14px\u00bb header_4_font_size_last_edited=\u00bbon|phone\u00bb global_colors_info=\u00bb{}\u00bb sticky_enabled=\u00bb0&#8243;]<\/p>\n<p>&nbsp;<\/p>\n<table width=\"100%\">\n<tbody>\n<tr>\n<td colspan=\"3\" width=\"100%\">\n<h3><strong><span style=\"color: #b6124f;\">POR PARTE DE LOS AZULES<\/span><br \/><\/strong><\/h3>\n<\/td>\n<\/tr>\n<tr>\n<td>\n<h4><strong>PERSONAJE<\/strong><\/h4>\n<\/td>\n<td>\n<h4><strong>NOMBRE<\/strong><\/h4>\n<\/td>\n<td>\n<h4><strong>CASA NATAL<\/strong><\/h4>\n<\/td>\n<\/tr>\n<tr>\n<td colspan=\"3\"><span style=\"color: #b6124f;\"><strong>PARTICIPANTES<\/strong><\/span><\/td>\n<\/tr>\n<tr>\n<td><strong>Carmen<\/strong><\/td>\n<td>Miren Olaetxea<\/td>\n<td><em>Basatea<\/em><\/td>\n<\/tr>\n<tr>\n<td><strong>Jose<\/strong><\/td>\n<td>Miel joxe Ariztia<\/td>\n<td><em>Iruin (Amaiur)<\/em><\/td>\n<\/tr>\n<tr>\n<td><strong>Prosper Merim\u00e9e<\/strong><\/td>\n<td>Antton Iribarren<\/td>\n<td><em>Matisenea<\/em><\/td>\n<\/tr>\n<tr>\n<td><strong>Mika<\/strong><\/td>\n<td>Amaia Razkin<\/td>\n<td><em>Arburua<\/em><\/td>\n<\/tr>\n<tr>\n<td><strong>Pipila<\/strong><\/td>\n<td>Olaia Iturria<\/td>\n<td><em>Larregia<\/em><\/td>\n<\/tr>\n<tr>\n<td><strong>Pepe<\/strong><\/td>\n<td>Gaston Larzabal<\/td>\n<td><em>Zimeldia<\/em><\/td>\n<\/tr>\n<tr>\n<td><strong>Lilas Pastia<\/strong><\/td>\n<td>Kontxesi Arangoa<\/td>\n<td><em>Garakoetxea<\/em><\/td>\n<\/tr>\n<tr>\n<td><strong>Maria<\/strong><\/td>\n<td>Jasone Mitxeltorena<\/td>\n<td><em>Urritia<\/em><\/td>\n<\/tr>\n<tr>\n<td><strong>Karranka<\/strong><\/td>\n<td>Rufino Zubieta<\/td>\n<td><em>Elordi<\/em><\/td>\n<\/tr>\n<tr>\n<td><strong>Zigala<\/strong><\/td>\n<td>Mari Loli Danboriena<\/td>\n<td><em>Landaburua<\/em><\/td>\n<\/tr>\n<tr>\n<td><strong>Camaron<\/strong><\/td>\n<td>Kontxi Antxorena<\/td>\n<td><em>Aldalurrea<\/em><\/td>\n<\/tr>\n<tr>\n<td><strong>Periko<\/strong><\/td>\n<td>Etxahun Azkarraga<\/td>\n<td><em>Lekueder<\/em><\/td>\n<\/tr>\n<tr>\n<td><strong>Bustikor<\/strong><\/td>\n<td>M\u00aaEugenia Sagardoi<\/td>\n<td><em>Juantximonea<\/em><\/td>\n<\/tr>\n<tr>\n<td><strong>Pipit neskatila<\/strong><\/td>\n<td>Jone Bizente<\/td>\n<td><em>Mikelestonea<\/em><\/td>\n<\/tr>\n<tr>\n<td colspan=\"3\"><span style=\"color: #b6124f;\"><strong>CIGARRERAS<\/strong><\/span><\/td>\n<\/tr>\n<tr>\n<td><strong>Lola<\/strong><\/td>\n<td>Irune Fernandez<\/td>\n<td><em>Lekueder<\/em><\/td>\n<\/tr>\n<tr>\n<td><strong>Rocio<\/strong><\/td>\n<td>Iratxe iturria<\/td>\n<td><em>Salaberria<\/em><\/td>\n<\/tr>\n<tr>\n<td><strong>Rakel<\/strong><\/td>\n<td>Irune Elizagoien<\/td>\n<td><em>Bekoetxea<\/em><\/td>\n<\/tr>\n<tr>\n<td><strong>Makarena<\/strong><\/td>\n<td>Mirari Ansalas<\/td>\n<td><em>Andutzea<\/em><\/td>\n<\/tr>\n<tr>\n<td colspan=\"3\"><span style=\"color: #b6124f;\"><strong>CONTRABANDISTAS<\/strong><\/span><\/td>\n<\/tr>\n<tr>\n<td><strong>Dancaire<\/strong><\/td>\n<td>Jon Azkarraga<\/td>\n<td><em>Lekueder<\/em><\/td>\n<\/tr>\n<tr>\n<td><strong>Juanito<\/strong><\/td>\n<td>Pablo Mendiburu<\/td>\n<td><em>Aldekoa (Ziga)<\/em><\/td>\n<\/tr>\n<tr>\n<td><strong>Dorotea<\/strong><\/td>\n<td>Junkal Alzuguren<\/td>\n<td><em>Mendibidea<\/em><\/td>\n<\/tr>\n<tr>\n<td><strong>Remendado<\/strong><\/td>\n<td>Aimar Iparragirre<\/td>\n<td><em>Itxasmendia<\/em><\/td>\n<\/tr>\n<tr>\n<td><strong>Trabuko<\/strong><\/td>\n<td>I\u00f1aki Danboriena<\/td>\n<td><em>Landaburuko Borda<\/em><\/td>\n<\/tr>\n<tr>\n<td colspan=\"3\"><span style=\"color: #b6124f;\"><strong>CIGARRERAS &#8211; BUHAMESES &#8211; VECINOS (FIGURANTES)<\/strong><\/span><\/td>\n<\/tr>\n<tr>\n<td><\/td>\n<td>Arantxa Mikelestorena<\/td>\n<td><em>Aldalurrea<\/em><\/td>\n<\/tr>\n<tr>\n<td><\/td>\n<td>M\u00aaAsun Olagarai<\/td>\n<td><em>Xoraxuriko Borda<\/em><\/td>\n<\/tr>\n<tr>\n<td><\/td>\n<td>Birginia Arburua<\/td>\n<td><em>Arburua<\/em><\/td>\n<\/tr>\n<tr>\n<td><\/td>\n<td>M\u00aaAsun Sanzberro<\/td>\n<td><em>Etxeberria<\/em><\/td>\n<\/tr>\n<tr>\n<td><\/td>\n<td>Aritz Irazoki<\/td>\n<td><em>Bazterretxea<\/em><\/td>\n<\/tr>\n<tr>\n<td><\/td>\n<td>Andrea Elizalde<\/td>\n<td><em>Mainea<\/em><\/td>\n<\/tr>\n<tr>\n<td><\/td>\n<td>Amaia Elizalde<\/td>\n<td><em>Mainea<\/em><\/td>\n<\/tr>\n<tr>\n<td><\/td>\n<td>Aimar Iparragirre<\/td>\n<td><em>Itxasmendia<\/em><\/td>\n<\/tr>\n<tr>\n<td><\/td>\n<td>Martxel Larraza<\/td>\n<td><em>Domigelenea<\/em><\/td>\n<\/tr>\n<tr>\n<td><\/td>\n<td>Hasier Irazoki<\/td>\n<td><em>Mendibidea<\/em><\/td>\n<\/tr>\n<tr>\n<td><\/td>\n<td>Patxiku Irisarri<\/td>\n<td><em>Lakateneko borda<\/em><\/td>\n<\/tr>\n<tr>\n<td><\/td>\n<td>Kontxi Antxorena<\/td>\n<td><em>Aldalurrea<\/em><\/td>\n<\/tr>\n<tr>\n<td><\/td>\n<td>Junkal Alzuguren<\/td>\n<td><em>Mendibidea<\/em><\/td>\n<\/tr>\n<tr>\n<td><\/td>\n<td>Mari Loli Danboriena<\/td>\n<td><em>Landaburua<\/em><\/td>\n<\/tr>\n<tr>\n<td><\/td>\n<td>Onintze Zinkunegi<\/td>\n<td><em>Itxasmendia<\/em><\/td>\n<\/tr>\n<tr>\n<td><\/td>\n<td>Karmele Indaburu<\/td>\n<td><em>Matisenea<\/em><\/td>\n<\/tr>\n<tr>\n<td><\/td>\n<td>Amaia Razkin<\/td>\n<td><em>Arburua<\/em><\/td>\n<\/tr>\n<tr>\n<td><\/td>\n<td>Mireia Martinez<\/td>\n<td><em>Larregia<\/em><\/td>\n<\/tr>\n<tr>\n<td colspan=\"3\"><span style=\"color: #b6124f;\"><strong>PASTORES<\/strong><\/span><\/td>\n<\/tr>\n<tr>\n<td><\/td>\n<td>Fernando Cortijo<\/td>\n<td><em>Elizondo<\/em><\/td>\n<\/tr>\n<tr>\n<td><\/td>\n<td>Juan Mari Aleman<\/td>\n<td><em>Punpulusta (Amaiur)<\/em><\/td>\n<\/tr>\n<tr>\n<td><\/td>\n<td>Jexux Urrutia<\/td>\n<td><\/td>\n<\/tr>\n<tr>\n<td><\/td>\n<td>Angel Mugika<\/td>\n<td><\/td>\n<\/tr>\n<tr>\n<td><\/td>\n<td>Jose Javier Echeverria<\/td>\n<td><em>Elizondo<\/em><\/td>\n<\/tr>\n<tr>\n<td><\/td>\n<td>Jose Joaquin Azkarate<\/td>\n<td><em>Jauregia (Aniz)<\/em><\/td>\n<\/tr>\n<tr>\n<td><\/td>\n<td>Kiko Gartxitorena<\/td>\n<td><em>Kortaria (Berroeta)<\/em><\/td>\n<\/tr>\n<tr>\n<td><\/td>\n<td>Jesus Mari Uriz<\/td>\n<td><em>Elizondo<\/em><\/td>\n<\/tr>\n<tr>\n<td><\/td>\n<td>Jose Ignacio Olondriz<\/td>\n<td><em>Etxeazpia (Lekaroz)<\/em><\/td>\n<\/tr>\n<tr>\n<td><\/td>\n<td>Vicente Ballarena<\/td>\n<td><em>Elizondo<\/em><\/td>\n<\/tr>\n<tr>\n<td><\/td>\n<td>Antonio Inda<\/td>\n<td><em>Indakoetxea (Erratzu)<\/em><\/td>\n<\/tr>\n<tr>\n<td><\/td>\n<td>Juan Mari Gortari<\/td>\n<td><em>Indertia (Ziga)<\/em><\/td>\n<\/tr>\n<tr>\n<td><\/td>\n<td>Juli Arizaleta<\/td>\n<td><em>Etxegaraikoborda (Lekaroz)<\/em><\/td>\n<\/tr>\n<tr>\n<td><\/td>\n<td>Elvira Iturria<\/td>\n<td><em>Iturria Ederra (Elizondo)<\/em><\/td>\n<\/tr>\n<tr>\n<td><\/td>\n<td>Cristina Arregui<\/td>\n<td><em>Aroztegia (Elizondo)<\/em><\/td>\n<\/tr>\n<tr>\n<td><\/td>\n<td>Pili Go\u00f1i<\/td>\n<td><em>Elizondo<\/em><\/td>\n<\/tr>\n<tr>\n<td><\/td>\n<td>Mar\u00eda Reyes, la tendera<\/td>\n<td><em>Elizondo<\/em><\/td>\n<\/tr>\n<tr>\n<td><\/td>\n<td>Mari Elen Irigoien<\/td>\n<td><em>Gamioa (Erratzu)<\/em><\/td>\n<\/tr>\n<tr>\n<td><\/td>\n<td>Maria Jesus Elizegi<\/td>\n<td><em>Indakoetxea (Erratzu)<\/em><\/td>\n<\/tr>\n<tr>\n<td><\/td>\n<td>Edurne Zelaieta<\/td>\n<td><em>Elizondo<\/em><\/td>\n<\/tr>\n<tr>\n<td><\/td>\n<td>Bixi Arraztoa<\/td>\n<td><em>Elizondo<\/em><\/td>\n<\/tr>\n<tr>\n<td colspan=\"3\">\n<h3><span style=\"color: #b6124f;\"><strong>POR PARTE DE LOS ROJOS<\/strong><\/span><\/h3>\n<\/td>\n<\/tr>\n<tr>\n<td>\n<h4><strong>PERSONAJE<\/strong><\/h4>\n<\/td>\n<td>\n<h4><strong>NOMBRE<\/strong><\/h4>\n<\/td>\n<td>\n<h4><strong>CASA NATAL<\/strong><\/h4>\n<\/td>\n<\/tr>\n<tr><\/tr>\n<tr>\n<td colspan=\"3\"><span style=\"color: #b6124f;\"><strong>LANCERO &#8211; SOLDADO &#8211; DRAGONES<\/strong><\/span><\/td>\n<\/tr>\n<tr>\n<td><strong>Antonio (Arriero)<\/strong><\/td>\n<td>Jorge Azkarraga<\/td>\n<td><em>Urtsua<\/em><\/td>\n<\/tr>\n<tr>\n<td><strong>Brigadier- Santiago<\/strong><\/td>\n<td>Xabier Berrueta<\/td>\n<td><em>Aranalde<\/em><\/td>\n<\/tr>\n<tr>\n<td><strong>Xeila- Kisketa<\/strong><\/td>\n<td>I\u00f1aki Danboriena<\/td>\n<td><em>Landaburuko Borda<\/em><\/td>\n<\/tr>\n<tr>\n<td><strong>Garzia- Begibakar<\/strong><\/td>\n<td>Gaston Larzabal<\/td>\n<td><em>Zimeldi<\/em><\/td>\n<\/tr>\n<tr>\n<td><strong>Coronel<\/strong><\/td>\n<td>Xabier Berrueta<\/td>\n<td><em>Aranalde<\/em><\/td>\n<\/tr>\n<tr>\n<td><strong>Felipe- Teniente<\/strong><\/td>\n<td>Be\u00f1at Irazoki<\/td>\n<td><em>Babolea<\/em><\/td>\n<\/tr>\n<tr>\n<td><strong>Karramarro<\/strong><\/td>\n<td>Xabier Alzaga<\/td>\n<td><em>Basatea<\/em><\/td>\n<\/tr>\n<tr>\n<td><strong>Manuel<\/strong><\/td>\n<td>Xabier Ariztegi<\/td>\n<td><em>Santsi\u00f1enea<\/em><\/td>\n<\/tr>\n<tr>\n<td><strong>Rodrigo<\/strong><\/td>\n<td>Patxiku Irisarri<\/td>\n<td><em>Lakateneko Borda<\/em><\/td>\n<\/tr>\n<tr>\n<td><strong>Santiago<\/strong><\/td>\n<td>Xabier Berrueta<\/td>\n<td><em>Aranalde<\/em><\/td>\n<\/tr>\n<tr>\n<td><strong>Mateo<\/strong><\/td>\n<td>Hasier Irazoki<\/td>\n<td><em>Mendabidea<\/em><\/td>\n<\/tr>\n<tr>\n<td colspan=\"3\"><strong><span style=\"color: #b6124f;\">OTROS LANCEROS SOLDADOS Y DRAGONES<\/span><\/strong><\/td>\n<\/tr>\n<tr>\n<td><\/td>\n<td>Pablo Mendiburu<\/td>\n<td><em>Aldekoa (Ziga)<\/em><\/td>\n<\/tr>\n<tr>\n<td><\/td>\n<td>Xavier Alzaga<\/td>\n<td><em>Basatea<\/em><\/td>\n<\/tr>\n<tr>\n<td colspan=\"3\"><span style=\"color: #b6124f;\"><strong>HOMBRES-MUJERES TURK<\/strong><\/span><\/td>\n<\/tr>\n<tr>\n<td><\/td>\n<td>Juan<\/td>\n<td><em>Mikelestorena<\/em><\/td>\n<\/tr>\n<tr>\n<td><\/td>\n<td>Mireia Mart\u00ednez<\/td>\n<td><em>Larregia<\/em><\/td>\n<\/tr>\n<tr>\n<td><\/td>\n<td>Amaia Elizalde<\/td>\n<td><em>Mainea<\/em><\/td>\n<\/tr>\n<tr>\n<td><\/td>\n<td>Mirari Ansalas<\/td>\n<td><em>Andutzea<\/em><\/td>\n<\/tr>\n<tr>\n<td><\/td>\n<td>Andrea Elizalde<\/td>\n<td><em>Mainea<\/em><\/td>\n<\/tr>\n<tr>\n<td><\/td>\n<td>Aimar Iparragirre<\/td>\n<td><em>Itxasmendia<\/em><\/td>\n<\/tr>\n<tr>\n<td><\/td>\n<td>Irune Fernandez<\/td>\n<td><em>Lekueder<\/em><\/td>\n<\/tr>\n<tr>\n<td><\/td>\n<td>Ainara Arangibel<\/td>\n<td><em>Inbidia<\/em><\/td>\n<\/tr>\n<tr>\n<td><\/td>\n<td>Iratxe Iturria<\/td>\n<td><em>Salaberria<\/em><\/td>\n<\/tr>\n<tr>\n<td><\/td>\n<td>Martxel Larraza<\/td>\n<td><em>Domigelenea<\/em><\/td>\n<\/tr>\n<tr>\n<td><\/td>\n<td>Irune Elizagoien<\/td>\n<td><em>Bekoetxea<\/em><\/td>\n<\/tr>\n<tr>\n<td><\/td>\n<td>Ainhoa Telletxea<\/td>\n<td><em>Tximista<\/em><\/td>\n<\/tr>\n<tr>\n<td><\/td>\n<td>Jasone Mitxeltorena<\/td>\n<td><em>Urritia<\/em><\/td>\n<\/tr>\n<tr>\n<td colspan=\"3\"><span style=\"color: #b6124f;\"><strong>CASI TODOS LOS SAT\u00c1N<\/strong><\/span><em><br \/><\/em><\/td>\n<\/tr>\n<tr>\n<td><strong>Onil<\/strong><\/td>\n<td>Markel Iturria<\/td>\n<td><em>Arburua<\/em><\/td>\n<\/tr>\n<tr>\n<td><strong>Mingulin<\/strong><\/td>\n<td>Andoni Iribarren<\/td>\n<td><em>Matisenea<\/em><\/td>\n<\/tr>\n<tr>\n<td><strong>Txongil<\/strong><\/td>\n<td>Maite Olaetxea<\/td>\n<td><em>Arretxea<\/em><\/td>\n<\/tr>\n<tr>\n<td><strong>Mamolin<\/strong><\/td>\n<td>Lorea Arangoa<\/td>\n<td><em>Etxeberria<\/em><\/td>\n<\/tr>\n<tr>\n<td colspan=\"3\"><span style=\"color: #b6124f;\"><strong>AMIGOS SAT\u00c1N<\/strong><\/span><\/td>\n<\/tr>\n<tr>\n<td><\/td>\n<td>Anabel Arburua<\/td>\n<td><em>Jauregia<\/em><\/td>\n<\/tr>\n<tr>\n<td><\/td>\n<td>Uxue Iturria<\/td>\n<td><em>Arburua<\/em><\/td>\n<\/tr>\n<tr>\n<td><\/td>\n<td>Leire Iribarren<\/td>\n<td><em>Matisenea<\/em><\/td>\n<\/tr>\n<tr>\n<td><\/td>\n<td>Elene Altzuguren<\/td>\n<td><em>Arretxeberria<\/em><\/td>\n<\/tr>\n<tr>\n<td colspan=\"6\"><span style=\"color: #b6124f;\"><strong>OTROS BAILARINES<\/strong><\/span><\/td>\n<\/tr>\n<tr>\n<td><\/td>\n<td>Leire Iribarren<\/td>\n<td><em>Matisenea<\/em><\/td>\n<td><\/td>\n<td><\/td>\n<td><\/td>\n<\/tr>\n<tr>\n<td><\/td>\n<td>Ainhoa Telletxea<\/td>\n<td><em>Tximista<\/em><\/td>\n<td><\/td>\n<td><\/td>\n<td><\/td>\n<\/tr>\n<tr>\n<td><\/td>\n<td>Uxue Iturria<\/td>\n<td><em>Arburua<\/em><\/td>\n<td><\/td>\n<td><\/td>\n<td><\/td>\n<\/tr>\n<tr>\n<td><\/td>\n<td>Elene Altzuguren<\/td>\n<td><em>Arretxeberria<\/em><\/td>\n<td><\/td>\n<td><\/td>\n<td><\/td>\n<\/tr>\n<tr>\n<td><\/td>\n<td>Maite Olaetxea<\/td>\n<td><em>Arretxea<\/em><\/td>\n<td><\/td>\n<td><\/td>\n<td><\/td>\n<\/tr>\n<tr>\n<td><\/td>\n<td>Amaia Elizalde<\/td>\n<td><em>Mainea<\/em><\/td>\n<td><\/td>\n<td><\/td>\n<td><\/td>\n<\/tr>\n<tr>\n<td><\/td>\n<td>Jone Bizente<\/td>\n<td><em>Mikelestonea<\/em><\/td>\n<td><\/td>\n<td><\/td>\n<td><\/td>\n<\/tr>\n<tr>\n<td><\/td>\n<td>Anabel Arburua<\/td>\n<td><em>Jauregia<\/em><\/td>\n<td><\/td>\n<td><\/td>\n<td><\/td>\n<\/tr>\n<tr>\n<td><\/td>\n<td>Lorea Arangoa<\/td>\n<td><em>Etxeberria<\/em><\/td>\n<td><\/td>\n<td><\/td>\n<td><\/td>\n<\/tr>\n<tr>\n<td><\/td>\n<td>Andrea Elizalde<\/td>\n<td><em>Mainea<\/em><\/td>\n<td><\/td>\n<td><\/td>\n<td><\/td>\n<\/tr>\n<tr>\n<td><\/td>\n<td>Markel Iturria<\/td>\n<td><em>Arburua<\/em><\/td>\n<td><\/td>\n<td><\/td>\n<td><\/td>\n<\/tr>\n<tr>\n<td><\/td>\n<td>Andoni Iribarren<\/td>\n<td><em>Matisenea<\/em><\/td>\n<td><\/td>\n<td><\/td>\n<td><\/td>\n<\/tr>\n<tr>\n<td><\/td>\n<td>Aimar Iparragirre<\/td>\n<td><em>Itxasmendia<\/em><\/td>\n<td><\/td>\n<td><\/td>\n<td><\/td>\n<\/tr>\n<tr>\n<td><\/td>\n<td>Martxel Larraza<\/td>\n<td><em>Domigelenea<\/em><\/td>\n<td><\/td>\n<td><\/td>\n<td><\/td>\n<\/tr>\n<tr>\n<td><\/td>\n<td>Irune Elizagoien<\/td>\n<td><em>Bekoetxea<\/em><\/td>\n<td><\/td>\n<td><\/td>\n<td><\/td>\n<\/tr>\n<tr>\n<td><\/td>\n<td>Irune Fernandez<\/td>\n<td><em>Lekueder<\/em><\/td>\n<td><\/td>\n<td><\/td>\n<td><\/td>\n<\/tr>\n<tr>\n<td><\/td>\n<td>Mirari Ansalas<\/td>\n<td><em>Andutzea<\/em><\/td>\n<td><\/td>\n<td><\/td>\n<td><\/td>\n<\/tr>\n<tr>\n<td><\/td>\n<td>Iratxe Iturria<\/td>\n<td><em>Salaberria<\/em><\/td>\n<td><\/td>\n<td><\/td>\n<td><\/td>\n<\/tr>\n<tr>\n<td><\/td>\n<td>Ainara Arangibel<\/td>\n<td><em>Inbidia<\/em><\/td>\n<td><\/td>\n<td><\/td>\n<td><\/td>\n<\/tr>\n<tr>\n<td><\/td>\n<td>Jasone Mitxeltorena<\/td>\n<td><em>Urritia<\/em><\/td>\n<td><\/td>\n<td><\/td>\n<td><\/td>\n<\/tr>\n<tr>\n<td><\/td>\n<td>Olaia Iturria<\/td>\n<td><em>Larregia<\/em><\/td>\n<td><\/td>\n<td><\/td>\n<td><\/td>\n<\/tr>\n<tr>\n<td colspan=\"3\"><strong><span style=\"color: #b6124f;\">CENTRALES Y GENERALES<\/span><br \/><\/strong><\/td>\n<td><\/td>\n<td><\/td>\n<td><\/td>\n<\/tr>\n<tr>\n<td>Bereterra<\/td>\n<td>Mikel Iturria<\/td>\n<td><em>Larregia<\/em><\/td>\n<td><\/td>\n<td><\/td>\n<td><\/td>\n<\/tr>\n<tr>\n<td>Ermitaua<\/td>\n<td>Jose Javier Echeverria<\/td>\n<td><em>Elizondo<\/em><\/td>\n<td><\/td>\n<td><\/td>\n<td><\/td>\n<\/tr>\n<tr>\n<td colspan=\"3\"><span style=\"color: #b6124f;\"><strong>DOMINGOTARRAK<\/strong><\/span><\/td>\n<td><\/td>\n<td><\/td>\n<td><\/td>\n<\/tr>\n<tr>\n<td><\/td>\n<td>Fernando Cortijo<\/td>\n<td><em>Elizondo<\/em><\/td>\n<td><\/td>\n<td><\/td>\n<td><\/td>\n<\/tr>\n<tr>\n<td><\/td>\n<td>Juan Mari Aleman<\/td>\n<td><em>Punpulusta (Amaiur)<\/em><\/td>\n<td><\/td>\n<td><\/td>\n<td><\/td>\n<\/tr>\n<tr>\n<td>Jexux Urrutia<\/td>\n<td>Junipero Prailea<\/td>\n<td><em>Gaztelualde (Amaiur)<\/em><\/td>\n<td><\/td>\n<td><\/td>\n<td><\/td>\n<\/tr>\n<tr>\n<td>Anjel Mugika<\/td>\n<td>Fraile Paulino<\/td>\n<td><em>Eskoetzea (Amaiur)<\/em><\/td>\n<td><\/td>\n<td><\/td>\n<td><\/td>\n<\/tr>\n<tr>\n<td>Jose Javier Echeverria<\/td>\n<td>Benedikto prailea<\/td>\n<td><em>Elizondo<\/em><\/td>\n<td><\/td>\n<td><\/td>\n<td><\/td>\n<\/tr>\n<tr>\n<td>Jose Joaquin Azkarate<\/td>\n<td>Fraile Bartolome<\/td>\n<td><em>Jauregia (Aniz)<\/em><\/td>\n<td><\/td>\n<td><\/td>\n<td><\/td>\n<\/tr>\n<tr>\n<td>Kiko Gartxitorena<\/td>\n<td>Fraile Pio<\/td>\n<td><em>Kortaria (Berroeta)<\/em><\/td>\n<td><\/td>\n<td><\/td>\n<td><\/td>\n<\/tr>\n<tr>\n<td>Jesus Mari Uriz<\/td>\n<td>Fraile<\/td>\n<td><em>Elizondo<\/em><\/td>\n<td><\/td>\n<td><\/td>\n<td><\/td>\n<\/tr>\n<tr>\n<td>Jose Ignacio Olondriz<\/td>\n<td>Fraile<\/td>\n<td><em>Etxeazpia (Lekaroz)<\/em><\/td>\n<td><\/td>\n<td><\/td>\n<td><\/td>\n<\/tr>\n<tr>\n<td>Vicente Ballarena<\/td>\n<td>Fraile<\/td>\n<td><em>Elizondo<\/em><\/td>\n<td><\/td>\n<td><\/td>\n<td><\/td>\n<\/tr>\n<tr>\n<td>Antonio Inda<\/td>\n<td>Fraile<\/td>\n<td><em>Indakoetxea (Erratzu)<\/em><\/td>\n<td><\/td>\n<td><\/td>\n<td><\/td>\n<\/tr>\n<tr>\n<td><\/td>\n<td>Juan Mari Gortari<\/td>\n<td><em>Indertia (Ziga)<\/em><\/td>\n<td><\/td>\n<td><\/td>\n<td><\/td>\n<\/tr>\n<tr>\n<td><\/td>\n<td>Juli Arizaleta<\/td>\n<td><em>Etxegaraikoborda (Lekaroz)<\/em><\/td>\n<td><\/td>\n<td><\/td>\n<td><\/td>\n<\/tr>\n<tr>\n<td><\/td>\n<td>Elvira Iturria<\/td>\n<td><em>Iturria Ederra (Elizondo)<\/em><\/td>\n<td><\/td>\n<td><\/td>\n<td><\/td>\n<\/tr>\n<tr>\n<td><\/td>\n<td>Cristina Arregui<\/td>\n<td><em>Aroztegia (Elizondo)<\/em><\/td>\n<td><\/td>\n<td><\/td>\n<td><\/td>\n<\/tr>\n<tr>\n<td><\/td>\n<td>Pili Go\u00f1i<\/td>\n<td><em>Elizondo<\/em><\/td>\n<td><\/td>\n<td><\/td>\n<td><\/td>\n<\/tr>\n<tr>\n<td><\/td>\n<td>Maria Reyes Dendarieta<\/td>\n<td><em>Elizondo<\/em><\/td>\n<td><\/td>\n<td><\/td>\n<td><\/td>\n<\/tr>\n<tr>\n<td><\/td>\n<td>Mari Elen Irigoien<\/td>\n<td><em>Gamioa (Erratzu)<\/em><\/td>\n<td><\/td>\n<td><\/td>\n<td><\/td>\n<\/tr>\n<tr>\n<td><\/td>\n<td>Maria Jesus Elizegi<\/td>\n<td><em>Indakoetxea (Erratzu)<\/em><\/td>\n<td><\/td>\n<td><\/td>\n<td><\/td>\n<\/tr>\n<tr>\n<td><\/td>\n<td>Edurne Zelaieta<\/td>\n<td><em>Elizondo<\/em><\/td>\n<td><\/td>\n<td><\/td>\n<td><\/td>\n<\/tr>\n<tr>\n<td><\/td>\n<td>Bixi Arraztoa<\/td>\n<td><em>Elizondo<\/em><\/td>\n<td><\/td>\n<td><\/td>\n<td><\/td>\n<\/tr>\n<tr>\n<td colspan=\"3\"><strong><span style=\"color: #b6124f;\">NI\u00d1AS Y NI\u00d1OS CANTORES<\/span><em><br \/><\/em><\/strong><\/td>\n<td><\/td>\n<td><\/td>\n<td><\/td>\n<\/tr>\n<tr>\n<td><\/td>\n<td>Mikel Iturria<\/td>\n<td><em>Larregia<\/em><\/td>\n<td><\/td>\n<td><\/td>\n<td><\/td>\n<\/tr>\n<tr>\n<td><\/td>\n<td>Lore Atondo<\/td>\n<td><em>Mendiarte<\/em><\/td>\n<td><\/td>\n<td><\/td>\n<td><\/td>\n<\/tr>\n<tr>\n<td><\/td>\n<td>Manex Danboriena<\/td>\n<td><em>Landaburuko borda<\/em><\/td>\n<td><\/td>\n<td><\/td>\n<td><\/td>\n<\/tr>\n<tr>\n<td><\/td>\n<td>Julene Danboriena<\/td>\n<td><em>Landaburuko borda<\/em><\/td>\n<td><\/td>\n<td><\/td>\n<td><\/td>\n<\/tr>\n<tr>\n<td><\/td>\n<td>Ainitze Zubieta<\/td>\n<td><em>Inbidia<\/em><\/td>\n<td><\/td>\n<td><\/td>\n<td><\/td>\n<\/tr>\n<tr>\n<td><\/td>\n<td>Aitor Azkarraga<\/td>\n<td><em>Lekueder<\/em><\/td>\n<td><\/td>\n<td><\/td>\n<td><\/td>\n<\/tr>\n<tr>\n<td><\/td>\n<td>A\u00f1ez iribarren<\/td>\n<td><em>Arotzenea<\/em><\/td>\n<td><\/td>\n<td><\/td>\n<td><\/td>\n<\/tr>\n<tr>\n<td><\/td>\n<td>Ibai Azkarraga<\/td>\n<td><em>Lekueder<\/em><\/td>\n<td><\/td>\n<td><\/td>\n<td><\/td>\n<\/tr>\n<tr>\n<td><\/td>\n<td>Nahia Ansalas<\/td>\n<td><em>Bidegain<\/em><\/td>\n<td><\/td>\n<td><\/td>\n<td><\/td>\n<\/tr>\n<tr>\n<td><\/td>\n<td>Kemen Ansalas<\/td>\n<td><em>Bidegain<\/em><\/td>\n<td><\/td>\n<td><\/td>\n<td><\/td>\n<\/tr>\n<tr>\n<td><\/td>\n<td>Aia Mitxeltorena<\/td>\n<td><em>Urritia<\/em><\/td>\n<td><\/td>\n<td><\/td>\n<td><\/td>\n<\/tr>\n<tr>\n<td><\/td>\n<td>Lander Lasaga<\/td>\n<td><em>Errotagaraia<\/em><\/td>\n<td><\/td>\n<td><\/td>\n<td><\/td>\n<\/tr>\n<tr>\n<td><\/td>\n<td>Unax Etxarte<\/td>\n<td><em>Harizpe<\/em><\/td>\n<td><\/td>\n<td><\/td>\n<td><\/td>\n<\/tr>\n<tr>\n<td><\/td>\n<td>Luken Etxarte<\/td>\n<td><em>Harizpe<\/em><\/td>\n<td><\/td>\n<td><\/td>\n<td><\/td>\n<\/tr>\n<tr>\n<td><\/td>\n<td>Ane Arburua<\/td>\n<td><em>Goienetxea<\/em><\/td>\n<td><\/td>\n<td><\/td>\n<td><\/td>\n<\/tr>\n<tr>\n<td><\/td>\n<td>Leire Iribarren<\/td>\n<td><em>Matisenea<\/em><\/td>\n<td><\/td>\n<td><\/td>\n<td><\/td>\n<\/tr>\n<tr>\n<td colspan=\"3\"><strong><span style=\"color: #b6124f;\">LEHEN PREDIK\u00dcA (INICIO PASTORAL)<\/span><br \/><\/strong><\/td>\n<td><\/td>\n<td><\/td>\n<td><\/td>\n<\/tr>\n<tr>\n<td><\/td>\n<td>Patxi Hernando<\/td>\n<td><em>Goietxea<\/em><\/td>\n<td><\/td>\n<td><\/td>\n<td><\/td>\n<\/tr>\n<tr>\n<td><\/td>\n<td>Inaxio Goienetxe<\/td>\n<td><em>Goienetxegaraiko borda<\/em><\/td>\n<td><\/td>\n<td><\/td>\n<td><\/td>\n<\/tr>\n<tr>\n<td colspan=\"3\"><strong><span style=\"color: #b6124f;\">AZKEN PREDIK\u00dcA (FINAL DE LA PASTORAL)<\/span><\/strong><\/td>\n<td><\/td>\n<td><\/td>\n<td><\/td>\n<\/tr>\n<tr>\n<td><\/td>\n<td>Karmele Indaburu<\/td>\n<td><em>Matisenea<\/em><\/td>\n<td><\/td>\n<td><\/td>\n<td><\/td>\n<\/tr>\n<tr>\n<td><\/td>\n<td>Anabel Arburua<\/td>\n<td><em>Jauregia<\/em><\/td>\n<td><\/td>\n<td><\/td>\n<td><\/td>\n<\/tr>\n<tr>\n<td><\/td>\n<td>Mireia Martinez<\/td>\n<td><em>Larregia<\/em><\/td>\n<td><\/td>\n<td><\/td>\n<td><\/td>\n<\/tr>\n<tr>\n<td><\/td>\n<td>Onintze Zinkunegi<\/td>\n<td><em>Itxasmendia<\/em><\/td>\n<td><\/td>\n<td><\/td>\n<td><\/td>\n<\/tr>\n<tr>\n<td colspan=\"3\"><span style=\"color: #b6124f;\"><strong>CUIDADORES DE LA BANDERA<\/strong><\/span><\/td>\n<td><\/td>\n<td><\/td>\n<td><\/td>\n<\/tr>\n<tr>\n<td><\/td>\n<td>Aimar Iparragirre<\/td>\n<td><em>Itxasmendia<\/em><\/td>\n<td><\/td>\n<td><\/td>\n<td><\/td>\n<\/tr>\n<tr>\n<td><\/td>\n<td>Irune Fernandez<\/td>\n<td><em>Lekueder<\/em><\/td>\n<td><\/td>\n<td><\/td>\n<td><\/td>\n<\/tr>\n<tr>\n<td><\/td>\n<td>Jasone Mitxeltorena<\/td>\n<td><em>Urritia<\/em><\/td>\n<td><\/td>\n<td><\/td>\n<td><\/td>\n<\/tr>\n<tr>\n<td><\/td>\n<td>Be\u00f1at Irazoki<\/td>\n<td><em>Babolea<\/em><\/td>\n<td><\/td>\n<td><\/td>\n<td><\/td>\n<\/tr>\n<tr>\n<td colspan=\"3\"><span style=\"color: #b6124f;\"><strong>MUJERES DE LA PLAZA<\/strong><\/span><\/td>\n<td><\/td>\n<td><\/td>\n<td><\/td>\n<\/tr>\n<tr>\n<td><\/td>\n<td>Maria Jose Indaburu<\/td>\n<td><em>Arretxea<\/em><\/td>\n<td><\/td>\n<td><\/td>\n<td><\/td>\n<\/tr>\n<tr>\n<td><\/td>\n<td>Maria Eugenia Zubieta<\/td>\n<td><em>Anai Etxea<\/em><\/td>\n<td><\/td>\n<td><\/td>\n<td><\/td>\n<\/tr>\n<tr>\n<td><\/td>\n<td>Meritxel Teran<\/td>\n<td><em>Etxe-Xuria<\/em><\/td>\n<td><\/td>\n<td><\/td>\n<td><\/td>\n<\/tr>\n<tr>\n<td><\/td>\n<td>Nerea Valverde<\/td>\n<td><em>Arotzenea<\/em><\/td>\n<td><\/td>\n<td><\/td>\n<td><\/td>\n<\/tr>\n<tr>\n<td><\/td>\n<td>Mikelo Arburua<\/td>\n<td><em>Aldaitegia<\/em><\/td>\n<td><\/td>\n<td><\/td>\n<td><\/td>\n<\/tr>\n<tr>\n<td colspan=\"3\"><span style=\"color: #b6124f;\"><strong>REBA\u00d1O<\/strong><\/span><\/td>\n<td><\/td>\n<td><\/td>\n<td><\/td>\n<\/tr>\n<tr>\n<td><\/td>\n<td>Irune Fernandez<\/td>\n<td><em>Lekueder<\/em><\/td>\n<td><\/td>\n<td><\/td>\n<td><\/td>\n<\/tr>\n<tr>\n<td><\/td>\n<td>Jon Azkarraga<\/td>\n<td><em>Lekueder<\/em><\/td>\n<td><\/td>\n<td><\/td>\n<td><\/td>\n<\/tr>\n<tr>\n<td colspan=\"3\"><span style=\"color: #b6124f;\"><strong>CENCERROS<\/strong><\/span><\/td>\n<td><\/td>\n<td><\/td>\n<td><\/td>\n<\/tr>\n<tr>\n<td><\/td>\n<td>Arnaud Izal<\/td>\n<td><\/td>\n<td><\/td>\n<td><\/td>\n<td><\/td>\n<\/tr>\n<tr>\n<td><\/td>\n<td>Jon Azkarraga<\/td>\n<td><em>Lekueder<\/em><\/td>\n<td><\/td>\n<td><\/td>\n<td><\/td>\n<\/tr>\n<tr>\n<td colspan=\"3\"><span style=\"color: #b6124f;\"><strong>PROPIETARIOS DEL BURRO<\/strong><\/span><\/td>\n<td><\/td>\n<td><\/td>\n<td><\/td>\n<\/tr>\n<tr>\n<td><\/td>\n<td>Jon Azkarraga<\/td>\n<td><em>Lekueder<\/em><\/td>\n<td><\/td>\n<td><\/td>\n<td><\/td>\n<\/tr>\n<tr>\n<td><\/td>\n<td>Etxahun Azkarraga<\/td>\n<td><em>Lekueder<\/em><\/td>\n<td><\/td>\n<td><\/td>\n<td><\/td>\n<\/tr>\n<tr>\n<td colspan=\"3\"><span style=\"color: #b6124f;\"><strong>M\u00daSICOS<\/strong><\/span><\/td>\n<td><\/td>\n<td><\/td>\n<td><\/td>\n<\/tr>\n<tr>\n<td>Juan Mari Beltran<\/td>\n<td>Clarinete<\/td>\n<td><em>Oiartzun<\/em><\/td>\n<td><\/td>\n<td><\/td>\n<td><\/td>\n<\/tr>\n<tr>\n<td>Javier Perez de Azpeitia<\/td>\n<td>Teclado<\/td>\n<td><em>Doinuene<\/em><\/td>\n<td><\/td>\n<td><\/td>\n<td><\/td>\n<\/tr>\n<tr>\n<td>Miren Belda<\/td>\n<td>Bombo y acorde\u00f3n<\/td>\n<td><em>Hernani<\/em><\/td>\n<td><\/td>\n<td><\/td>\n<td><\/td>\n<\/tr>\n<tr>\n<td>Errege Belda<\/td>\n<td>Acorde\u00f3n<\/td>\n<td><em>Doinuene<\/em><\/td>\n<td><\/td>\n<td><\/td>\n<td><\/td>\n<\/tr>\n<tr>\n<td>Bittor Karrera<\/td>\n<td>Gaita<\/td>\n<td><em>Doinuene<\/em><\/td>\n<td><\/td>\n<td><\/td>\n<td><\/td>\n<\/tr>\n<tr>\n<td>Markel Etxarte<\/td>\n<td>Trompeta<\/td>\n<td><em>Harizpe<\/em><\/td>\n<td><\/td>\n<td><\/td>\n<td><\/td>\n<\/tr>\n<tr>\n<td>Peio Irigoien<\/td>\n<td>Trompeta<\/td>\n<td><em>Etxalar<\/em><\/td>\n<td><\/td>\n<td><\/td>\n<td><\/td>\n<\/tr>\n<tr>\n<td>I\u00f1igo Etxarte<\/td>\n<td>Txistu y flauta<\/td>\n<td><em>Harizpe<\/em><\/td>\n<td><\/td>\n<td><\/td>\n<td><\/td>\n<\/tr>\n<tr>\n<td>Patrick Calvet<\/td>\n<td>Atabal<\/td>\n<td><em>Hazparren<\/em><\/td>\n<td><\/td>\n<td><\/td>\n<td><\/td>\n<\/tr>\n<tr>\n<td>Ander Barrenetxea<\/td>\n<td>Percusi\u00f3n<\/td>\n<td><em>Hernani<\/em><\/td>\n<td><\/td>\n<td><\/td>\n<td><\/td>\n<\/tr>\n<tr>\n<td>Aitor Huizi<\/td>\n<td>Viol\u00edn<\/td>\n<td><em>Hernani<\/em><\/td>\n<td><\/td>\n<td><\/td>\n<td><\/td>\n<\/tr>\n<tr>\n<td>Aune Perez de Azpeitia<\/td>\n<td>Fagot<\/td>\n<td><em>Doinuene<\/em><\/td>\n<td><\/td>\n<td><\/td>\n<td><\/td>\n<\/tr>\n<tr>\n<td colspan=\"3\"><span style=\"color: #b6124f;\"><strong>MODISTAS<\/strong><\/span><\/td>\n<td><\/td>\n<td><\/td>\n<td><\/td>\n<\/tr>\n<tr>\n<td><\/td>\n<td>M\u00aaCruz Indaburu<\/td>\n<td><em>Mainea<\/em><\/td>\n<td><\/td>\n<td><\/td>\n<td><\/td>\n<\/tr>\n<tr>\n<td><\/td>\n<td>Andrea Elizalde<\/td>\n<td><em>Mainea<\/em><\/td>\n<td><\/td>\n<td><\/td>\n<td><\/td>\n<\/tr>\n<tr>\n<td><\/td>\n<td>Miren Olaetxea<\/td>\n<td><em>Basatea<\/em><\/td>\n<td><\/td>\n<td><\/td>\n<td><\/td>\n<\/tr>\n<tr>\n<td><\/td>\n<td>Arantxa Danboriena<\/td>\n<td><em>Agirrenea<\/em><\/td>\n<td><\/td>\n<td><\/td>\n<td><\/td>\n<\/tr>\n<tr>\n<td><\/td>\n<td>Amaia Elizalde<\/td>\n<td><em>Mainea<\/em><\/td>\n<td><\/td>\n<td><\/td>\n<td><\/td>\n<\/tr>\n<tr>\n<td><\/td>\n<td>Belen Aranburu<\/td>\n<td><em>Urtsua<\/em><\/td>\n<td><\/td>\n<td><\/td>\n<td><\/td>\n<\/tr>\n<tr>\n<td><\/td>\n<td>Junkal Alzuguren<\/td>\n<td><em>Mendibidea<\/em><\/td>\n<td><\/td>\n<td><\/td>\n<td><\/td>\n<\/tr>\n<tr>\n<td><\/td>\n<td>Gema Salaberria<\/td>\n<td><em>Murdenea<\/em><\/td>\n<td><\/td>\n<td><\/td>\n<td><\/td>\n<\/tr>\n<tr>\n<td><\/td>\n<td>Charo Ezquer<\/td>\n<td><em>Xurienea<\/em><\/td>\n<td><\/td>\n<td><\/td>\n<td><\/td>\n<\/tr>\n<tr>\n<td><\/td>\n<td>M\u00aaLuisa Azkarraga<\/td>\n<td><em>Urtsua<\/em><\/td>\n<td><\/td>\n<td><\/td>\n<td><\/td>\n<\/tr>\n<tr>\n<td><\/td>\n<td>Agurne Leiza<\/td>\n<td><em>Haritzpe<\/em><\/td>\n<td><\/td>\n<td><\/td>\n<td><\/td>\n<\/tr>\n<\/tbody>\n<\/table>\n<p>&nbsp;<\/p>\n<table width=\"100%\">\n<tbody>\n<tr>\n<td colspan=\"2\" width=\"250\"><span style=\"color: #b6124f;\"><strong>LISTADO DE DANTZARIS<\/strong><\/span><\/td>\n<\/tr>\n<tr>\n<td>Andoni Irribarren<\/td>\n<td>Andrea Elizalde<\/td>\n<\/tr>\n<tr>\n<td>Aritz Irazoki<\/td>\n<td>Anabel Arburua<\/td>\n<\/tr>\n<tr>\n<td>Markel Iturria<\/td>\n<td>Amaia Elizagoien<\/td>\n<\/tr>\n<tr>\n<td>Leire Irribarren<\/td>\n<td>Maite Olaetxea<\/td>\n<\/tr>\n<tr>\n<td>Martxel Larraza<\/td>\n<td>Irune Elizagoien<\/td>\n<\/tr>\n<tr>\n<td>Aimar Iparragirre<\/td>\n<td>Ainhoa Telletxea<\/td>\n<\/tr>\n<tr>\n<td>Elene Altzuguren<\/td>\n<td>Uxue Iturria<\/td>\n<\/tr>\n<tr>\n<td>Lorea Arango<\/td>\n<td>Miren Olaetxea<\/td>\n<\/tr>\n<tr>\n<td>Olaia Iturria<\/td>\n<td><\/td>\n<\/tr>\n<\/tbody>\n<\/table>\n<p>&nbsp;<\/p>\n<table width=\"100%\">\n<tbody>\n<tr>\n<td colspan=\"2\" width=\"276\"><span style=\"color: #b6124f;\"><strong>CORAL GAZTELU DE AMAIUR<\/strong><\/span><\/td>\n<\/tr>\n<tr>\n<td>Fernando Cortijo<\/td>\n<td>Maria Helen<\/td>\n<\/tr>\n<tr>\n<td>Jexux Urrutia<\/td>\n<td>Pili Go\u00f1i<\/td>\n<\/tr>\n<tr>\n<td>Anjel Mujika<\/td>\n<td>Reyes Dendarieta<\/td>\n<\/tr>\n<tr>\n<td>Cristina Arregi<\/td>\n<td>Txuma Ruiz<\/td>\n<\/tr>\n<tr>\n<td>Elvira Iturria<\/td>\n<td>Jose Joaquin Azkarate<\/td>\n<\/tr>\n<tr>\n<td>Jose Ignacio Olondriz<\/td>\n<td>Edurne Zelaieta<\/td>\n<\/tr>\n<tr>\n<td>Juana Mari Gortari<\/td>\n<td>Bixi Arraztoa<\/td>\n<\/tr>\n<tr>\n<td>Kiko Gartxitorena<\/td>\n<td>Juli Arizaleta<\/td>\n<\/tr>\n<tr>\n<td>Maria Jesus Elizegi<\/td>\n<td>Bixente Ballarena<\/td>\n<\/tr>\n<\/tbody>\n<\/table>\n<p><strong><\/strong><\/p>\n<p>&nbsp;<\/p>\n<p>[\/et_pb_text][\/et_pb_column][et_pb_column type=\u00bb1_5&#8243; _builder_version=\u00bb4.27.4&#8243; _module_preset=\u00bbdefault\u00bb global_colors_info=\u00bb{}\u00bb][\/et_pb_column][\/et_pb_row][et_pb_row column_structure=\u00bb1_5,3_5,1_5&#8243; _builder_version=\u00bb4.27.4&#8243; _module_preset=\u00bbdefault\u00bb global_colors_info=\u00bb{}\u00bb][et_pb_column type=\u00bb1_5&#8243; _builder_version=\u00bb4.27.4&#8243; _module_preset=\u00bbdefault\u00bb global_colors_info=\u00bb{}\u00bb][\/et_pb_column][et_pb_column type=\u00bb3_5&#8243; _builder_version=\u00bb4.27.4&#8243; _module_preset=\u00bbdefault\u00bb global_colors_info=\u00bb{}\u00bb][et_pb_text _builder_version=\u00bb4.27.4&#8243; _module_preset=\u00bbdefault\u00bb global_colors_info=\u00bb{}\u00bb]<\/p>\n<p><span style=\"color: #b6124f;\"><strong>T\u00c9CNICOS DE SONIDO<\/strong><\/span><\/p>\n<p>M.A.N Maule. Marc Andr\u00e8 Nicolao. niff@orange.fr  <\/p>\n<p><strong><span style=\"color: #b6124f;\">AGRADECIMIENTOS<\/span><\/strong><br \/><strong>Juegos de tablado y ayudantes de danzas:<\/strong><\/p>\n<p>Bea Calvet, Maddi Erre\u00e7aret, Garbi\u00f1e Aizpitarte. Zurgintza: Manuel Arrosamena (Elizaldegaraia), Javier Arrosamena (Elizaldegaraia). Autores de los bastones: Benantxio Elizagoien, Joxemari Arburua (Xoraxuriko borda).  <\/p>\n<p><strong>Agradecimientos especiales<\/strong><br \/>Mayores y j\u00f3venes, mujeres y hombres, artistas, \u201cdantzaris\u201d, m\u00fasicos, modistas y otros muchos que trabajan en diferentes grupos de trabajo (Labores de comunicaci\u00f3n, b\u00fasqueda de ayudas, elaborando los bastones, preparando el escenario, organizando las comidas o las personas que trabajan duro el mismo d\u00eda de las representaciones). Imposible de mencionarlos a todos uno por uno. Y no solamente a los vecinos de Etxalar, tambi\u00e9n a las personas de diferentes pueblos (Baztan, Igantzi, Hondarribia, Xubero, Iru\u00f1a..) que han colaborado en la Pastoral. A todos nuestro agradecimiento m\u00e1s afectivo y especialmente al escritor Gerardo Mungia y a la directora Pantxika Urruty.  <\/p>\n<p>[\/et_pb_text][\/et_pb_column][et_pb_column type=\u00bb1_5&#8243; _builder_version=\u00bb4.27.4&#8243; _module_preset=\u00bbdefault\u00bb global_colors_info=\u00bb{}\u00bb][\/et_pb_column][\/et_pb_row][\/et_pb_section][et_pb_section fb_built=\u00bb1&#8243; _builder_version=\u00bb4.27.4&#8243; _module_preset=\u00bbdefault\u00bb global_colors_info=\u00bb{}\u00bb][et_pb_row module_id=\u00bbikuskizunak\u00bb _builder_version=\u00bb4.27.4&#8243; _module_preset=\u00bbdefault\u00bb global_colors_info=\u00bb{}\u00bb][et_pb_column type=\u00bb4_4&#8243; _builder_version=\u00bb4.27.4&#8243; _module_preset=\u00bbdefault\u00bb global_colors_info=\u00bb{}\u00bb][et_pb_text _builder_version=\u00bb4.27.4&#8243; _module_preset=\u00bbdefault\u00bb header_font=\u00bb&#8211;et_global_heading_font||||||||\u00bb header_text_color=\u00bb#B6124F\u00bb global_colors_info=\u00bb{}\u00bb]<\/p>\n<h1>Representaciones<\/h1>\n<p>[\/et_pb_text][\/et_pb_column][\/et_pb_row][et_pb_row column_structure=\u00bb1_2,1_2&#8243; _builder_version=\u00bb4.27.4&#8243; _module_preset=\u00bbdefault\u00bb global_colors_info=\u00bb{}\u00bb][et_pb_column type=\u00bb1_2&#8243; _builder_version=\u00bb4.27.4&#8243; _module_preset=\u00bbdefault\u00bb global_colors_info=\u00bb{}\u00bb][et_pb_text _builder_version=\u00bb4.27.4&#8243; _module_preset=\u00bbdefault\u00bb global_colors_info=\u00bb{}\u00bb]<\/p>\n<p><strong>Representaciones de Etxalar y Elizondo<\/strong><\/p>\n<p>Las 3 actuaciones de la pastoral Karmen Etxalarko Pastorala, dos en Etxalar y una en Elizondo, tuvieron un \u00e9xito rotundo.<\/p>\n<p>En un principio aunque solamente estaba contemplado llevarla a cabo en Etxalar, viendo el \u00e9xito de la obra y que gran parte de la pastoral los Baztandarras son protagonistas (Tanto en la novela como en la pastoral), se decidi\u00f3 hacer una actuaci\u00f3n en Elizondo, buena decisi\u00f3n sin duda.<\/p>\n<p>Las actuaciones de Etxalar, fueron el 16 y 17 de septiembre, s\u00e1bado y domingo respectivamente. Para estos d\u00edas, la plaza y el front\u00f3n del pueblo se utilizaron para instalar todo lo necesario para desarrollar la pastoral; el escenario, la zona del p\u00fablico, las gradas y un bar para despu\u00e9s de los espect\u00e1culos. <\/p>\n<p>Como es costumbre en las pastorales, antes de las actuaciones, los \u201cArizales\u201d (participantes de la obra) vestidos con sus respectivos atuendos, realizaronn un desfile por el pueblo acompa\u00f1ados por la banda de la pastoral. En el caso de Etxalar, solamente se hizo el domingo. <\/p>\n<p>Como se menciona al inicio, los espect\u00e1culos fueron un \u00e9xito total y en el caso de Etxalar, se reunieron m\u00e1s de 2000 personas en el front\u00f3n durante los dos d\u00edas. En el caso de Elizondo, el 5 de noviembre se reunieron m\u00e1s de 550 personas en el front\u00f3n municipal. <\/p>\n<p>Todos los miembros de la pastoral, tanto los que sub\u00edan al escenario como los que estaban en la parte trasera, eran voluntarios El espect\u00e1culo ofrecido tras un a\u00f1o de trabajo, fue de gran calidad, quedando el p\u00fablico asistente muy contento y satisfecho, y en algunos casos hasta emocionados.<\/p>\n<p>A pesar de que en sus inicios no se sab\u00eda exactamente cu\u00e1l ser\u00eda la dimensi\u00f3n de la pastoral, fue una gran aprendizaje para el pueblo ser capaz de sacar adelante por un grupo de m\u00e1s de 100 personas, una disciplina desconocida de m\u00e1s de tres horas de duraci\u00f3n. Sin duda, toda una haza\u00f1a de la que estar orgullosos. <\/p>\n<p>[\/et_pb_text][\/et_pb_column][et_pb_column type=\u00bb1_2&#8243; _builder_version=\u00bb4.27.4&#8243; _module_preset=\u00bbdefault\u00bb global_colors_info=\u00bb{}\u00bb][et_pb_image src=\u00bbhttps:\/\/www.etxalar.eus\/wp-content\/uploads\/2025\/05\/Karmen-Etxalarkoa-PAstorala-Irailak-16-35-1024&#215;683-1.jpg\u00bb title_text=\u00bbKarmen-Etxalarkoa-PAstorala-Irailak-16-35-1024&#215;683&#8243; _builder_version=\u00bb4.27.4&#8243; _module_preset=\u00bbdefault\u00bb global_colors_info=\u00bb{}\u00bb][\/et_pb_image][et_pb_image src=\u00bbhttps:\/\/www.etxalar.eus\/wp-content\/uploads\/2025\/05\/Karmen-Etxalarkoa-PAstorala-Irailak-16-117-1024&#215;683-1.jpg\u00bb title_text=\u00bbKarmen-Etxalarkoa-PAstorala-Irailak-16-117-1024&#215;683&#8243; _builder_version=\u00bb4.27.4&#8243; _module_preset=\u00bbdefault\u00bb global_colors_info=\u00bb{}\u00bb][\/et_pb_image][\/et_pb_column][\/et_pb_row][et_pb_row column_structure=\u00bb1_2,1_2&#8243; module_id=\u00bbartistak\u00bb _builder_version=\u00bb4.27.4&#8243; _module_preset=\u00bbdefault\u00bb locked=\u00bboff\u00bb global_colors_info=\u00bb{}\u00bb][et_pb_column type=\u00bb1_2&#8243; _builder_version=\u00bb4.27.4&#8243; _module_preset=\u00bbdefault\u00bb global_colors_info=\u00bb{}\u00bb][et_pb_image src=\u00bbhttps:\/\/www.etxalar.eus\/wp-content\/uploads\/2025\/05\/Karmen-Etxalarko-Pastorala-Emanaldia-Elizondo-2-1024&#215;576-1.jpg\u00bb title_text=\u00bbKarmen-Etxalarko-Pastorala-Emanaldia-Elizondo-2-1024&#215;576&#8243; _builder_version=\u00bb4.27.4&#8243; _module_preset=\u00bbdefault\u00bb global_colors_info=\u00bb{}\u00bb][\/et_pb_image][\/et_pb_column][et_pb_column type=\u00bb1_2&#8243; _builder_version=\u00bb4.27.4&#8243; _module_preset=\u00bbdefault\u00bb global_colors_info=\u00bb{}\u00bb][et_pb_image src=\u00bbhttps:\/\/www.etxalar.eus\/wp-content\/uploads\/2025\/05\/Karmen-Etxalarko-Pastorala-Emanaldia-Elizondo-4-1024&#215;576-1.jpg\u00bb title_text=\u00bbKarmen-Etxalarko-Pastorala-Emanaldia-Elizondo-4-1024&#215;576&#8243; _builder_version=\u00bb4.27.4&#8243; _module_preset=\u00bbdefault\u00bb global_colors_info=\u00bb{}\u00bb][\/et_pb_image][\/et_pb_column][\/et_pb_row][\/et_pb_section][et_pb_section fb_built=\u00bb1&#8243; _builder_version=\u00bb4.27.4&#8243; _module_preset=\u00bbdefault\u00bb background_color=\u00bb#B6124F\u00bb global_colors_info=\u00bb{}\u00bb][et_pb_row module_id=\u00bbmultimedia\u00bb _builder_version=\u00bb4.27.4&#8243; _module_preset=\u00bbdefault\u00bb global_colors_info=\u00bb{}\u00bb][et_pb_column type=\u00bb4_4&#8243; _builder_version=\u00bb4.27.4&#8243; _module_preset=\u00bbdefault\u00bb global_colors_info=\u00bb{}\u00bb][et_pb_text _builder_version=\u00bb4.27.4&#8243; _module_preset=\u00bbdefault\u00bb header_font=\u00bb&#8211;et_global_heading_font||||||||\u00bb header_text_color=\u00bb#FFFFFF\u00bb global_colors_info=\u00bb{}\u00bb]<\/p>\n<h1>Multimedia<\/h1>\n<p>[\/et_pb_text][\/et_pb_column][\/et_pb_row][et_pb_row _builder_version=\u00bb4.27.4&#8243; _module_preset=\u00bbdefault\u00bb min_height=\u00bb273px\u00bb custom_margin=\u00bb||||false|false\u00bb custom_padding=\u00bb0px||0px||false|false\u00bb border_width_bottom=\u00bb1px\u00bb border_color_bottom=\u00bb#FFFFFF\u00bb global_colors_info=\u00bb{}\u00bb][et_pb_column type=\u00bb4_4&#8243; _builder_version=\u00bb4.27.4&#8243; _module_preset=\u00bbdefault\u00bb global_colors_info=\u00bb{}\u00bb][et_pb_heading title=\u00bbSesi\u00f3n de fotos\u00bb _builder_version=\u00bb4.27.4&#8243; _module_preset=\u00bbdefault\u00bb title_text_color=\u00bb#FFFFFF\u00bb title_font_size=\u00bb24px\u00bb global_colors_info=\u00bb{}\u00bb][\/et_pb_heading][et_pb_code _builder_version=\u00bb4.27.4&#8243; _module_preset=\u00bbdefault\u00bb custom_padding=\u00bb||0px||false|false\u00bb global_colors_info=\u00bb{}\u00bb][nggallery id=\u00bb66&#8243;][\/et_pb_code][\/et_pb_column][\/et_pb_row][et_pb_row _builder_version=\u00bb4.27.4&#8243; _module_preset=\u00bbdefault\u00bb min_height=\u00bb273px\u00bb custom_margin=\u00bb||||false|false\u00bb custom_padding=\u00bb||0px||false|false\u00bb border_width_bottom=\u00bb1px\u00bb border_color_bottom=\u00bb#FFFFFF\u00bb global_colors_info=\u00bb{}\u00bb][et_pb_column type=\u00bb4_4&#8243; _builder_version=\u00bb4.27.4&#8243; _module_preset=\u00bbdefault\u00bb global_colors_info=\u00bb{}\u00bb][et_pb_heading title=\u00bbEnsayo &#8211; 22 de mayo de 2017&#8243; _builder_version=\u00bb4.27.4&#8243; _module_preset=\u00bbdefault\u00bb title_text_color=\u00bb#FFFFFF\u00bb title_font_size=\u00bb24px\u00bb global_colors_info=\u00bb{}\u00bb][\/et_pb_heading][et_pb_code _builder_version=\u00bb4.27.4&#8243; _module_preset=\u00bbdefault\u00bb custom_padding=\u00bb||0px||false|false\u00bb global_colors_info=\u00bb{}\u00bb][nggallery id=\u00bb67&#8243;][\/et_pb_code][\/et_pb_column][\/et_pb_row][et_pb_row _builder_version=\u00bb4.27.4&#8243; _module_preset=\u00bbdefault\u00bb min_height=\u00bb273px\u00bb custom_margin=\u00bb||||false|false\u00bb custom_padding=\u00bb||0px||false|false\u00bb border_width_bottom=\u00bb1px\u00bb border_color_bottom=\u00bb#FFFFFF\u00bb global_colors_info=\u00bb{}\u00bb][et_pb_column type=\u00bb4_4&#8243; _builder_version=\u00bb4.27.4&#8243; _module_preset=\u00bbdefault\u00bb global_colors_info=\u00bb{}\u00bb][et_pb_heading title=\u00bbEnsayo &#8211; 11 de junio de 2017&#8243; _builder_version=\u00bb4.27.4&#8243; _module_preset=\u00bbdefault\u00bb title_text_color=\u00bb#FFFFFF\u00bb title_font_size=\u00bb24px\u00bb global_colors_info=\u00bb{}\u00bb][\/et_pb_heading][et_pb_code _builder_version=\u00bb4.27.4&#8243; _module_preset=\u00bbdefault\u00bb custom_padding=\u00bb||0px||false|false\u00bb global_colors_info=\u00bb{}\u00bb][nggallery id=\u00bb68&#8243;][\/et_pb_code][\/et_pb_column][\/et_pb_row][et_pb_row _builder_version=\u00bb4.27.4&#8243; _module_preset=\u00bbdefault\u00bb min_height=\u00bb273px\u00bb custom_margin=\u00bb||||false|false\u00bb custom_padding=\u00bb||0px||false|false\u00bb border_width_bottom=\u00bb1px\u00bb border_color_bottom=\u00bb#FFFFFF\u00bb global_colors_info=\u00bb{}\u00bb][et_pb_column type=\u00bb4_4&#8243; _builder_version=\u00bb4.27.4&#8243; _module_preset=\u00bbdefault\u00bb global_colors_info=\u00bb{}\u00bb][et_pb_heading title=\u00bbEnsayo &#8211; 25 de junio de 2017&#8243; _builder_version=\u00bb4.27.4&#8243; _module_preset=\u00bbdefault\u00bb title_text_color=\u00bb#FFFFFF\u00bb title_font_size=\u00bb24px\u00bb global_colors_info=\u00bb{}\u00bb][\/et_pb_heading][et_pb_code _builder_version=\u00bb4.27.4&#8243; _module_preset=\u00bbdefault\u00bb custom_padding=\u00bb||0px||false|false\u00bb global_colors_info=\u00bb{}\u00bb][nggallery id=\u00bb69&#8243;][\/et_pb_code][\/et_pb_column][\/et_pb_row][et_pb_row _builder_version=\u00bb4.27.4&#8243; _module_preset=\u00bbdefault\u00bb min_height=\u00bb273px\u00bb custom_margin=\u00bb||||false|false\u00bb custom_padding=\u00bb||0px||false|false\u00bb border_width_bottom=\u00bb1px\u00bb border_color_bottom=\u00bb#FFFFFF\u00bb global_colors_info=\u00bb{}\u00bb][et_pb_column type=\u00bb4_4&#8243; _builder_version=\u00bb4.27.4&#8243; _module_preset=\u00bbdefault\u00bb global_colors_info=\u00bb{}\u00bb][et_pb_heading title=\u00bbEnsayo &#8211; 27 de agosto de 2017&#8243; _builder_version=\u00bb4.27.4&#8243; _module_preset=\u00bbdefault\u00bb title_text_color=\u00bb#FFFFFF\u00bb title_font_size=\u00bb24px\u00bb global_colors_info=\u00bb{}\u00bb][\/et_pb_heading][et_pb_code _builder_version=\u00bb4.27.4&#8243; _module_preset=\u00bbdefault\u00bb custom_padding=\u00bb||0px||false|false\u00bb global_colors_info=\u00bb{}\u00bb][nggallery id=\u00bb70&#8243;][\/et_pb_code][\/et_pb_column][\/et_pb_row][et_pb_row _builder_version=\u00bb4.27.4&#8243; _module_preset=\u00bbdefault\u00bb min_height=\u00bb273px\u00bb custom_margin=\u00bb||||false|false\u00bb custom_padding=\u00bb||0px||false|false\u00bb border_width_bottom=\u00bb1px\u00bb border_color_bottom=\u00bb#FFFFFF\u00bb global_colors_info=\u00bb{}\u00bb][et_pb_column type=\u00bb4_4&#8243; _builder_version=\u00bb4.27.4&#8243; _module_preset=\u00bbdefault\u00bb global_colors_info=\u00bb{}\u00bb][et_pb_heading title=\u00bbEnsayos de canto\u00bb _builder_version=\u00bb4.27.4&#8243; _module_preset=\u00bbdefault\u00bb title_text_color=\u00bb#FFFFFF\u00bb title_font_size=\u00bb24px\u00bb global_colors_info=\u00bb{}\u00bb][\/et_pb_heading][et_pb_code _builder_version=\u00bb4.27.4&#8243; _module_preset=\u00bbdefault\u00bb custom_padding=\u00bb||0px||false|false\u00bb global_colors_info=\u00bb{}\u00bb][nggallery id=\u00bb71&#8243;][\/et_pb_code][\/et_pb_column][\/et_pb_row][et_pb_row _builder_version=\u00bb4.27.4&#8243; _module_preset=\u00bbdefault\u00bb min_height=\u00bb273px\u00bb custom_margin=\u00bb||||false|false\u00bb custom_padding=\u00bb||0px||false|false\u00bb border_width_bottom=\u00bb1px\u00bb border_color_bottom=\u00bb#FFFFFF\u00bb global_colors_info=\u00bb{}\u00bb][et_pb_column type=\u00bb4_4&#8243; _builder_version=\u00bb4.27.4&#8243; _module_preset=\u00bbdefault\u00bb global_colors_info=\u00bb{}\u00bb][et_pb_heading title=\u00bbPastoral &#8211; 16 de septiembre de 2017&#8243; _builder_version=\u00bb4.27.4&#8243; _module_preset=\u00bbdefault\u00bb title_text_color=\u00bb#FFFFFF\u00bb title_font_size=\u00bb24px\u00bb global_colors_info=\u00bb{}\u00bb][\/et_pb_heading][et_pb_code _builder_version=\u00bb4.27.4&#8243; _module_preset=\u00bbdefault\u00bb custom_padding=\u00bb||0px||false|false\u00bb global_colors_info=\u00bb{}\u00bb][nggallery id=\u00bb72&#8243;][\/et_pb_code][\/et_pb_column][\/et_pb_row][et_pb_row _builder_version=\u00bb4.27.4&#8243; _module_preset=\u00bbdefault\u00bb min_height=\u00bb273px\u00bb custom_margin=\u00bb||||false|false\u00bb custom_padding=\u00bb||0px||false|false\u00bb border_width_bottom=\u00bb1px\u00bb border_color_bottom=\u00bb#FFFFFF\u00bb global_colors_info=\u00bb{}\u00bb][et_pb_column type=\u00bb4_4&#8243; _builder_version=\u00bb4.27.4&#8243; _module_preset=\u00bbdefault\u00bb global_colors_info=\u00bb{}\u00bb][et_pb_heading title=\u00bbPastoral &#8211; 17 de septiembre de 2017 &#8211; Comida\u00bb _builder_version=\u00bb4.27.4&#8243; _module_preset=\u00bbdefault\u00bb title_text_color=\u00bb#FFFFFF\u00bb title_font_size=\u00bb24px\u00bb global_colors_info=\u00bb{}\u00bb][\/et_pb_heading][et_pb_code _builder_version=\u00bb4.27.4&#8243; _module_preset=\u00bbdefault\u00bb custom_padding=\u00bb||0px||false|false\u00bb global_colors_info=\u00bb{}\u00bb][nggallery id=\u00bb73&#8243;][\/et_pb_code][\/et_pb_column][\/et_pb_row][et_pb_row _builder_version=\u00bb4.27.4&#8243; _module_preset=\u00bbdefault\u00bb min_height=\u00bb273px\u00bb custom_margin=\u00bb||||false|false\u00bb custom_padding=\u00bb||0px||false|false\u00bb border_width_bottom=\u00bb1px\u00bb border_color_bottom=\u00bb#FFFFFF\u00bb global_colors_info=\u00bb{}\u00bb][et_pb_column type=\u00bb4_4&#8243; _builder_version=\u00bb4.27.4&#8243; _module_preset=\u00bbdefault\u00bb global_colors_info=\u00bb{}\u00bb][et_pb_heading title=\u00bbPastoral &#8211; 17 de septiembre de 2017 &#8211; Antes de la representaci\u00f3n\u00bb _builder_version=\u00bb4.27.4&#8243; _module_preset=\u00bbdefault\u00bb title_text_color=\u00bb#FFFFFF\u00bb title_font_size=\u00bb24px\u00bb global_colors_info=\u00bb{}\u00bb][\/et_pb_heading][et_pb_code _builder_version=\u00bb4.27.4&#8243; _module_preset=\u00bbdefault\u00bb custom_padding=\u00bb||0px||false|false\u00bb global_colors_info=\u00bb{}\u00bb][nggallery id=\u00bb74&#8243;][\/et_pb_code][\/et_pb_column][\/et_pb_row][et_pb_row _builder_version=\u00bb4.27.4&#8243; _module_preset=\u00bbdefault\u00bb min_height=\u00bb273px\u00bb custom_margin=\u00bb||||false|false\u00bb custom_padding=\u00bb||0px||false|false\u00bb border_width_bottom=\u00bb1px\u00bb border_color_bottom=\u00bb#FFFFFF\u00bb global_colors_info=\u00bb{}\u00bb][et_pb_column type=\u00bb4_4&#8243; _builder_version=\u00bb4.27.4&#8243; _module_preset=\u00bbdefault\u00bb global_colors_info=\u00bb{}\u00bb][et_pb_heading title=\u00bbPastoral &#8211; 17 de septiembre de 2017 &#8211; Desfile\u00bb _builder_version=\u00bb4.27.4&#8243; _module_preset=\u00bbdefault\u00bb title_text_color=\u00bb#FFFFFF\u00bb title_font_size=\u00bb24px\u00bb global_colors_info=\u00bb{}\u00bb][\/et_pb_heading][et_pb_code _builder_version=\u00bb4.27.4&#8243; _module_preset=\u00bbdefault\u00bb custom_padding=\u00bb||0px||false|false\u00bb global_colors_info=\u00bb{}\u00bb][nggallery id=\u00bb75&#8243;][\/et_pb_code][\/et_pb_column][\/et_pb_row][et_pb_row _builder_version=\u00bb4.27.4&#8243; _module_preset=\u00bbdefault\u00bb min_height=\u00bb273px\u00bb custom_margin=\u00bb||||false|false\u00bb custom_padding=\u00bb||0px||false|false\u00bb border_width_bottom=\u00bb1px\u00bb border_color_bottom=\u00bb#FFFFFF\u00bb global_colors_info=\u00bb{}\u00bb][et_pb_column type=\u00bb4_4&#8243; _builder_version=\u00bb4.27.4&#8243; _module_preset=\u00bbdefault\u00bb global_colors_info=\u00bb{}\u00bb][et_pb_heading title=\u00bbPastoral &#8211; 17 de septiembre de 2017&#8243; _builder_version=\u00bb4.27.4&#8243; _module_preset=\u00bbdefault\u00bb title_text_color=\u00bb#FFFFFF\u00bb title_font_size=\u00bb24px\u00bb global_colors_info=\u00bb{}\u00bb][\/et_pb_heading][et_pb_code _builder_version=\u00bb4.27.4&#8243; _module_preset=\u00bbdefault\u00bb custom_padding=\u00bb||0px||false|false\u00bb global_colors_info=\u00bb{}\u00bb][nggallery id=\u00bb76&#8243;][\/et_pb_code][\/et_pb_column][\/et_pb_row][et_pb_row _builder_version=\u00bb4.27.4&#8243; _module_preset=\u00bbdefault\u00bb min_height=\u00bb273px\u00bb custom_margin=\u00bb||||false|false\u00bb custom_padding=\u00bb||0px||false|false\u00bb border_width_bottom=\u00bb1px\u00bb border_color_bottom=\u00bb#FFFFFF\u00bb global_colors_info=\u00bb{}\u00bb][et_pb_column type=\u00bb4_4&#8243; _builder_version=\u00bb4.27.4&#8243; _module_preset=\u00bbdefault\u00bb global_colors_info=\u00bb{}\u00bb][et_pb_heading title=\u00bbPastoral &#8211; 5 de noviembre de 2017 &#8211; Elizondo\u00bb _builder_version=\u00bb4.27.4&#8243; _module_preset=\u00bbdefault\u00bb title_text_color=\u00bb#FFFFFF\u00bb title_font_size=\u00bb24px\u00bb global_colors_info=\u00bb{}\u00bb][\/et_pb_heading][et_pb_code _builder_version=\u00bb4.27.4&#8243; _module_preset=\u00bbdefault\u00bb custom_padding=\u00bb||0px||false|false\u00bb global_colors_info=\u00bb{}\u00bb][nggallery id=\u00bb77&#8243;][\/et_pb_code][\/et_pb_column][\/et_pb_row][et_pb_row _builder_version=\u00bb4.27.4&#8243; _module_preset=\u00bbdefault\u00bb custom_padding=\u00bb32px||0px||false|false\u00bb global_colors_info=\u00bb{}\u00bb][et_pb_column type=\u00bb4_4&#8243; _builder_version=\u00bb4.27.4&#8243; _module_preset=\u00bbdefault\u00bb global_colors_info=\u00bb{}\u00bb][et_pb_heading title=\u00bbPastoral &#8211; V\u00eddeos\u00bb _builder_version=\u00bb4.27.4&#8243; _module_preset=\u00bbdefault\u00bb title_text_color=\u00bb#FFFFFF\u00bb title_font_size=\u00bb24px\u00bb global_colors_info=\u00bb{}\u00bb][\/et_pb_heading][\/et_pb_column][\/et_pb_row][et_pb_row column_structure=\u00bb1_2,1_2&#8243; _builder_version=\u00bb4.27.4&#8243; _module_preset=\u00bbdefault\u00bb custom_padding=\u00bb32px||0px||false|false\u00bb global_colors_info=\u00bb{}\u00bb][et_pb_column type=\u00bb1_2&#8243; _builder_version=\u00bb4.27.4&#8243; _module_preset=\u00bbdefault\u00bb global_colors_info=\u00bb{}\u00bb][et_pb_video src=\u00bbhttps:\/\/youtu.be\/z39rjctY4HY\u00bb _builder_version=\u00bb4.27.4&#8243; _module_preset=\u00bbdefault\u00bb global_colors_info=\u00bb{}\u00bb][\/et_pb_video][et_pb_video src=\u00bbhttps:\/\/youtu.be\/ubDpcbtAgKQ\u00bb _builder_version=\u00bb4.27.4&#8243; _module_preset=\u00bbdefault\u00bb global_colors_info=\u00bb{}\u00bb][\/et_pb_video][\/et_pb_column][et_pb_column type=\u00bb1_2&#8243; _builder_version=\u00bb4.27.4&#8243; _module_preset=\u00bbdefault\u00bb global_colors_info=\u00bb{}\u00bb][et_pb_video src=\u00bbhttps:\/\/youtu.be\/hB5QGopf0VY\u00bb _builder_version=\u00bb4.27.4&#8243; _module_preset=\u00bbdefault\u00bb global_colors_info=\u00bb{}\u00bb][\/et_pb_video][et_pb_video src=\u00bbhttps:\/\/youtu.be\/hVRmmtML2dQ\u00bb _builder_version=\u00bb4.27.4&#8243; _module_preset=\u00bbdefault\u00bb global_colors_info=\u00bb{}\u00bb][\/et_pb_video][\/et_pb_column][\/et_pb_row][et_pb_row column_structure=\u00bb1_4,1_2,1_4&#8243; _builder_version=\u00bb4.27.4&#8243; _module_preset=\u00bbdefault\u00bb global_colors_info=\u00bb{}\u00bb][et_pb_column type=\u00bb1_4&#8243; _builder_version=\u00bb4.27.4&#8243; _module_preset=\u00bbdefault\u00bb global_colors_info=\u00bb{}\u00bb][\/et_pb_column][et_pb_column type=\u00bb1_2&#8243; _builder_version=\u00bb4.27.4&#8243; _module_preset=\u00bbdefault\u00bb global_colors_info=\u00bb{}\u00bb][et_pb_video src=\u00bbhttps:\/\/youtu.be\/zTktDOCe9JI\u00bb _builder_version=\u00bb4.27.4&#8243; _module_preset=\u00bbdefault\u00bb global_colors_info=\u00bb{}\u00bb][\/et_pb_video][\/et_pb_column][et_pb_column type=\u00bb1_4&#8243; _builder_version=\u00bb4.27.4&#8243; _module_preset=\u00bbdefault\u00bb global_colors_info=\u00bb{}\u00bb][\/et_pb_column][\/et_pb_row][\/et_pb_section][et_pb_section fb_built=\u00bb1&#8243; _builder_version=\u00bb4.27.4&#8243; _module_preset=\u00bbdefault\u00bb global_colors_info=\u00bb{}\u00bb][et_pb_row module_id=\u00bbibilbideak\u00bb _builder_version=\u00bb4.27.4&#8243; _module_preset=\u00bbdefault\u00bb global_colors_info=\u00bb{}\u00bb][et_pb_column type=\u00bb4_4&#8243; _builder_version=\u00bb4.27.4&#8243; _module_preset=\u00bbdefault\u00bb global_colors_info=\u00bb{}\u00bb][et_pb_text _builder_version=\u00bb4.27.4&#8243; _module_preset=\u00bbdefault\u00bb header_font=\u00bb&#8211;et_global_heading_font||||||||\u00bb header_text_color=\u00bb#B6124F\u00bb global_colors_info=\u00bb{}\u00bb]<\/p>\n<h1>Paseo<\/h1>\n<p>[\/et_pb_text][\/et_pb_column][\/et_pb_row][et_pb_row column_structure=\u00bb1_2,1_2&#8243; _builder_version=\u00bb4.27.4&#8243; _module_preset=\u00bbdefault\u00bb global_colors_info=\u00bb{}\u00bb][et_pb_column type=\u00bb1_2&#8243; _builder_version=\u00bb4.27.4&#8243; _module_preset=\u00bbdefault\u00bb global_colors_info=\u00bb{}\u00bb][et_pb_text _builder_version=\u00bb4.27.4&#8243; _module_preset=\u00bbdefault\u00bb global_colors_info=\u00bb{}\u00bb]<\/p>\n<p><strong>\u00bfTe apetece conocer los lugares de la ni\u00f1ez de Karmen?<\/strong><\/p>\n<p>En la ruta de Karmen de Etxalar, se realiza el camino a la supuesta casa de Karmen. Durante el recorrido ha dispuesto 6 paneles, desde la casa de cultura hasta su casa, Errotxen borda. Durante este hermoso paseo, se hacen menciones sobre la \u00e9poca de Karmen, el modo de vida y sucesos de la \u00e9poca.  <\/p>\n<p>Algunos tramos de la ruta, los m\u00e1s bonitos adem\u00e1s, van por el antiguo \u201cCamino de Baztan\u201d y se pueden observar hermosos lugares e interesante patrimonio.<\/p>\n<p>\u00a1No tengas dudas y haz la ruta de Karmen de Etxalar!<\/p>\n<p>[\/et_pb_text][\/et_pb_column][et_pb_column type=\u00bb1_2&#8243; _builder_version=\u00bb4.27.4&#8243; _module_preset=\u00bbdefault\u00bb global_colors_info=\u00bb{}\u00bb][et_pb_image src=\u00bbhttps:\/\/www.etxalar.eus\/wp-content\/uploads\/2025\/05\/Karmen-etxalarkoa-Ibilbidea-38-1.jpg\u00bb title_text=\u00bbKarmen-etxalarkoa-Ibilbidea-38&#8243; _builder_version=\u00bb4.27.4&#8243; _module_preset=\u00bbdefault\u00bb global_colors_info=\u00bb{}\u00bb][\/et_pb_image][\/et_pb_column][\/et_pb_row][et_pb_row column_structure=\u00bb1_4,1_2,1_4&#8243; _builder_version=\u00bb4.27.4&#8243; _module_preset=\u00bbdefault\u00bb border_width_bottom=\u00bb1px\u00bb global_colors_info=\u00bb{}\u00bb][et_pb_column type=\u00bb1_4&#8243; _builder_version=\u00bb4.27.4&#8243; _module_preset=\u00bbdefault\u00bb global_colors_info=\u00bb{}\u00bb][\/et_pb_column][et_pb_column type=\u00bb1_2&#8243; _builder_version=\u00bb4.27.4&#8243; _module_preset=\u00bbdefault\u00bb global_colors_info=\u00bb{}\u00bb][et_pb_button button_url=\u00bbhttps:\/\/www.etxalar.eus\/zer-egin\/#karmen\u00bb url_new_window=\u00bbon\u00bb button_text=\u00bbVer las caracter\u00edsticas de la ruta\u00bb button_alignment=\u00bbcenter\u00bb _builder_version=\u00bb4.27.4&#8243; _module_preset=\u00bbdefault\u00bb custom_button=\u00bbon\u00bb button_text_color=\u00bb#FFFFFF\u00bb button_bg_color=\u00bb#B6124F\u00bb button_border_color=\u00bbRGBA(255,255,255,0)\u00bb button_border_radius=\u00bb40px\u00bb global_colors_info=\u00bb{}\u00bb][\/et_pb_button][\/et_pb_column][et_pb_column type=\u00bb1_4&#8243; _builder_version=\u00bb4.27.4&#8243; _module_preset=\u00bbdefault\u00bb global_colors_info=\u00bb{}\u00bb][\/et_pb_column][\/et_pb_row][et_pb_row column_structure=\u00bb1_2,1_2&#8243; _builder_version=\u00bb4.27.4&#8243; _module_preset=\u00bbdefault\u00bb border_width_bottom=\u00bb1px\u00bb global_colors_info=\u00bb{}\u00bb][et_pb_column type=\u00bb1_2&#8243; _builder_version=\u00bb4.27.4&#8243; _module_preset=\u00bbdefault\u00bb global_colors_info=\u00bb{}\u00bb][et_pb_blurb title=\u00bbPASEO KARMEN DE ETXALAR\u00bb use_icon=\u00bbon\u00bb _builder_version=\u00bb4.27.4&#8243; _module_preset=\u00bbdefault\u00bb global_colors_info=\u00bb{}\u00bb]<\/p>\n<p>Se dice que a principios del siglo XIX, una ni\u00f1a llamada Karmen vivi\u00f3 en Etxalar, qui\u00e9n se hizo famosa gracias a la novela de Prosper Merim\u00e9e y m\u00e1s tarde trascendi\u00f3 gracias a la \u00f3pera de Bizet.<br \/>Al parecer Karmen naci\u00f3 en el caser\u00edo Errotxen borda, en el barrio de Larrapil Sarriku y cuando era una jovencita, en una noche de inundaciones, unos gitanos la raptaron y se la llevaron a Sevilla.<br \/>En su honor, y con el fin de relacionarla con su cultura vasca materna, el 17 de Septiembre del 2017 el pueblo de Etxalar llev\u00f3 a cabo la pastoral \u00abKarmen Etxalarkoa\u00bb.<br \/>A trav\u00e9s de la ruta \u00abKarmen de Etxalar\u00bb, realizada con ilusi\u00f3n y trabajo comunitario, pretendemos mostraros el pueblo de Etxalar de la \u00e9poca de esta mujer valiente y libre <\/p>\n<p>[\/et_pb_blurb][\/et_pb_column][et_pb_column type=\u00bb1_2&#8243; _builder_version=\u00bb4.27.4&#8243; _module_preset=\u00bbdefault\u00bb global_colors_info=\u00bb{}\u00bb][et_pb_image src=\u00bbhttps:\/\/www.etxalar.eus\/wp-content\/uploads\/2025\/05\/Panela-1-01-bajan.jpg\u00bb title_text=\u00bbPanela-1-01-bajan\u00bb show_in_lightbox=\u00bbon\u00bb _builder_version=\u00bb4.27.4&#8243; _module_preset=\u00bbdefault\u00bb global_colors_info=\u00bb{}\u00bb][\/et_pb_image][\/et_pb_column][\/et_pb_row][et_pb_row column_structure=\u00bb1_2,1_2&#8243; _builder_version=\u00bb4.27.4&#8243; _module_preset=\u00bbdefault\u00bb border_width_bottom=\u00bb1px\u00bb global_colors_info=\u00bb{}\u00bb][et_pb_column type=\u00bb1_2&#8243; _builder_version=\u00bb4.27.4&#8243; _module_preset=\u00bbdefault\u00bb global_colors_info=\u00bb{}\u00bb][et_pb_image src=\u00bbhttps:\/\/www.etxalar.eus\/wp-content\/uploads\/2025\/05\/Panela-2-01-bajan.jpg\u00bb title_text=\u00bbPanela-2-01-bajan\u00bb show_in_lightbox=\u00bbon\u00bb _builder_version=\u00bb4.27.4&#8243; _module_preset=\u00bbdefault\u00bb global_colors_info=\u00bb{}\u00bb][\/et_pb_image][\/et_pb_column][et_pb_column type=\u00bb1_2&#8243; _builder_version=\u00bb4.27.4&#8243; _module_preset=\u00bbdefault\u00bb global_colors_info=\u00bb{}\u00bb][et_pb_blurb title=\u00bbPUENTE Y CASCADA DE ARBIA\u00bb use_icon=\u00bbon\u00bb _builder_version=\u00bb4.27.4&#8243; _module_preset=\u00bbdefault\u00bb global_colors_info=\u00bb{}\u00bb]<\/p>\n<p>Detr\u00e1s de este panel, se sit\u00faa la cascada del arroyo Arbia, la que seguramente Carmen habr\u00eda presenciado en numerosas ocasiones desde la puente que se encuentra en frente, la cual era parte del \u00abCamino de Baztan\u00bb.<br \/>En consecuencia de los da\u00f1os ocasionados por una inundaci\u00f3n, el puente de Arbia se tuvo que reedificar en el a\u00f1o 1804, ya que este camino Baztan\u00e9s era un camino importante, el predominante del valle.<br \/>El puente fue renovado en 1804 tras las inundaciones. \u00a1Ac\u00e9rcate al puente a ver la piedra!   <\/p>\n<p>[\/et_pb_blurb][\/et_pb_column][\/et_pb_row][et_pb_row column_structure=\u00bb1_2,1_2&#8243; _builder_version=\u00bb4.27.4&#8243; _module_preset=\u00bbdefault\u00bb border_width_bottom=\u00bb1px\u00bb global_colors_info=\u00bb{}\u00bb][et_pb_column type=\u00bb1_2&#8243; _builder_version=\u00bb4.27.4&#8243; _module_preset=\u00bbdefault\u00bb global_colors_info=\u00bb{}\u00bb][et_pb_blurb title=\u00bbBORDA DE SARRIKO\u00bb use_icon=\u00bbon\u00bb _builder_version=\u00bb4.27.4&#8243; _module_preset=\u00bbdefault\u00bb global_colors_info=\u00bb{}\u00bb]<\/p>\n<p>Est\u00e1s atravesando el llamado Camino de Baztan, por el cual nuestra Karmen habr\u00eda transitado tantas veces. En frente nos topamos con los dos montes m\u00e1s altos de Etxalar, Azkua y Arrano Komainta.<br \/>El contrabando, famoso en tiempos pasados y no tan pasados, encontr\u00f3 comodidad en estas tierras ya que Etxalar hace frontera con Francia por el norte.<br \/>Estas tradiciones del contrabando posiblemente calaron en Karmen, porque las sinti\u00f3 muy de cerca y le sirvieron de apoyo para la rapi\u00f1a en Andaluc\u00eda.<br \/>\u00a1Seguramente no aceptaban a cualquier mujer entre los bandidos!<\/p>\n<p>[\/et_pb_blurb][\/et_pb_column][et_pb_column type=\u00bb1_2&#8243; _builder_version=\u00bb4.27.4&#8243; _module_preset=\u00bbdefault\u00bb global_colors_info=\u00bb{}\u00bb][et_pb_image src=\u00bbhttps:\/\/www.etxalar.eus\/wp-content\/uploads\/2025\/05\/Panela-3-01-bajan.jpg\u00bb title_text=\u00bbPanela-3-01-bajan\u00bb show_in_lightbox=\u00bbon\u00bb _builder_version=\u00bb4.27.4&#8243; _module_preset=\u00bbdefault\u00bb global_colors_info=\u00bb{}\u00bb][\/et_pb_image][\/et_pb_column][\/et_pb_row][et_pb_row column_structure=\u00bb1_2,1_2&#8243; _builder_version=\u00bb4.27.4&#8243; _module_preset=\u00bbdefault\u00bb border_width_bottom=\u00bb1px\u00bb global_colors_info=\u00bb{}\u00bb][et_pb_column type=\u00bb1_2&#8243; _builder_version=\u00bb4.27.4&#8243; _module_preset=\u00bbdefault\u00bb global_colors_info=\u00bb{}\u00bb][et_pb_image src=\u00bbhttps:\/\/www.etxalar.eus\/wp-content\/uploads\/2025\/05\/Panela-4-01-bajan.jpg\u00bb title_text=\u00bbPanela-4-01-bajan\u00bb show_in_lightbox=\u00bbon\u00bb _builder_version=\u00bb4.27.4&#8243; _module_preset=\u00bbdefault\u00bb global_colors_info=\u00bb{}\u00bb][\/et_pb_image][\/et_pb_column][et_pb_column type=\u00bb1_2&#8243; _builder_version=\u00bb4.27.4&#8243; _module_preset=\u00bbdefault\u00bb global_colors_info=\u00bb{}\u00bb][et_pb_blurb title=\u00bbPUENTE ANTIGUO DE SARRIKU\u00bb use_icon=\u00bbon\u00bb _builder_version=\u00bb4.27.4&#8243; _module_preset=\u00bbdefault\u00bb global_colors_info=\u00bb{}\u00bb]<\/p>\n<ol start=\"1760\">\n<li>En el a\u00f1o 1760, en las asambleas que se celebraba los domingos al mediod\u00eda en el Ayuntamiento, los junteros del pueblo (los se\u00f1ores de las casas de Etxalar), decidieron lo siguiente:<br \/>\u201cque se construya un puente de piedra (antes era de madera) sobre las aguas de la garganta de Sarriku, azotada por las grandes inundaciones, y se pueda abastecer as\u00ed el mercado de Etxalar con trigo, sal y vino, porque son ellos los que dan vida a nuestro mercado desde los valles de Aoiz, Esteribar y Erro atravesando los valles de Baztan hasta llegar a nuestro pueblo\u201d<br \/>Los se\u00f1ores de las casas, tejedores, carpinteros, herreros, arrieros, m\u00e9dicos, herradores\u2026.recorr\u00edan por aquel entonces este puente. Tambi\u00e9n lo atravesaba la gente m\u00e1s humilde, con el objetivo de vender sus cosechas en el pueblo. Y los gitanos, que iban a las casas del pueblo a pedir. <\/li>\n<\/ol>\n<p>[\/et_pb_blurb][\/et_pb_column][\/et_pb_row][et_pb_row column_structure=\u00bb1_2,1_2&#8243; _builder_version=\u00bb4.27.4&#8243; _module_preset=\u00bbdefault\u00bb border_width_bottom=\u00bb1px\u00bb global_colors_info=\u00bb{}\u00bb][et_pb_column type=\u00bb1_2&#8243; _builder_version=\u00bb4.27.4&#8243; _module_preset=\u00bbdefault\u00bb global_colors_info=\u00bb{}\u00bb][et_pb_blurb title=\u00bbESTILO DE VIDA EN ETXALAR\u00bb use_icon=\u00bbon\u00bb _builder_version=\u00bb4.27.4&#8243; _module_preset=\u00bbdefault\u00bb global_colors_info=\u00bb{}\u00bb]<\/p>\n<p>En el siglo XIX, Etxalar fue una villa con m\u00e1s de 1800 habitantes y m\u00e1s de la mitad de los pueblerinos se sacaban la vida vali\u00e9ndose de las ferrer\u00edas del pueblo: haciendo carb\u00f3n y transportando el mineral que llegando a Bizkaia, viajaba por Pasajes hasta Etxalar, subiendo por el r\u00edo Bidasoa hasta Montoia en gabarra. Los paisanos se dedicaban a quemar el mineral y recoger el hierro para moldearlo en varas y finalmente formar herramientas.<br \/>Seg\u00fan cuentan los mayores, se diferenciaban dos ferrer\u00edas. La primera se situaba al otro lado de este monte, al lado del r\u00edo Erroiti, debajo de la borda de Baztan (todav\u00eda se ven unas paredes antiguas). La segunda, en la carretera desde la Venta de Etxalar hacia el pueblo, debajo de la actual carretera. Esta \u00faltima se conoc\u00eda por el nombre de Etxalarsa.<br \/>Aunque en la \u00e9poca en que vivi\u00f3 Karmen fueran los \u00faltimos a\u00f1os de esta industria, ella habr\u00eda visto de cerca el movimiento entorno a las ferrer\u00edas. Habr\u00eda visto las plazas de carb\u00f3n de casta\u00f1os y hayas por doquier, as\u00ed como a trabajadores y arrieros, rompiendo el silencio que nos ofrece ahora el bosque.     <\/p>\n<p>[\/et_pb_blurb][\/et_pb_column][et_pb_column type=\u00bb1_2&#8243; _builder_version=\u00bb4.27.4&#8243; _module_preset=\u00bbdefault\u00bb global_colors_info=\u00bb{}\u00bb][et_pb_image src=\u00bbhttps:\/\/www.etxalar.eus\/wp-content\/uploads\/2025\/05\/Panela-5-01-bajan.jpg\u00bb title_text=\u00bbPanela-5-01-bajan\u00bb show_in_lightbox=\u00bbon\u00bb _builder_version=\u00bb4.27.4&#8243; _module_preset=\u00bbdefault\u00bb global_colors_info=\u00bb{}\u00bb][\/et_pb_image][\/et_pb_column][\/et_pb_row][et_pb_row column_structure=\u00bb1_2,1_2&#8243; _builder_version=\u00bb4.27.4&#8243; _module_preset=\u00bbdefault\u00bb global_colors_info=\u00bb{}\u00bb][et_pb_column type=\u00bb1_2&#8243; _builder_version=\u00bb4.27.4&#8243; _module_preset=\u00bbdefault\u00bb global_colors_info=\u00bb{}\u00bb][et_pb_image src=\u00bbhttps:\/\/www.etxalar.eus\/wp-content\/uploads\/2025\/05\/Panela-6-01-bajan.jpg\u00bb title_text=\u00bbPanela-6-01-bajan\u00bb show_in_lightbox=\u00bbon\u00bb _builder_version=\u00bb4.27.4&#8243; _module_preset=\u00bbdefault\u00bb global_colors_info=\u00bb{}\u00bb][\/et_pb_image][\/et_pb_column][et_pb_column type=\u00bb1_2&#8243; _builder_version=\u00bb4.27.4&#8243; _module_preset=\u00bbdefault\u00bb global_colors_info=\u00bb{}\u00bb][et_pb_blurb title=\u00bbBORDA DE ERROTXE\u00bb use_icon=\u00bbon\u00bb _builder_version=\u00bb4.27.4&#8243; _module_preset=\u00bbdefault\u00bb global_colors_info=\u00bb{}\u00bb]<\/p>\n<p>Esta borda que ves en frente habr\u00eda sido el lugar de nacimiento de Karmen, llamado Errotxen borda. Cuentan que una noche de riada, unos gitanos secuestraron a Karmen, llev\u00e1ndola con ellos a Sevilla.<br \/>Seguramente fue de familia humilde, familia formada por bastantes hermanos y hermanas, que se sacaban la vida gracias a la huerta y manzanos que ten\u00edan aqu\u00ed.<br \/> Hay que tener en cuenta la importancia de la casta\u00f1a y la manzana en aquella \u00e9poca. Se llamaban apriscos los sitios donde se conservaban las casta\u00f1as, guardadas en cestos de mimbre cubiertos por tierra, ramas, helecho y sacos para protegerlas y que no se pudrieran.  <\/p>\n<p>[\/et_pb_blurb][\/et_pb_column][\/et_pb_row][et_pb_row column_structure=\u00bb1_4,1_4,1_4,1_4&#8243; _builder_version=\u00bb4.27.4&#8243; _module_preset=\u00bbdefault\u00bb global_colors_info=\u00bb{}\u00bb][et_pb_column type=\u00bb1_4&#8243; _builder_version=\u00bb4.27.4&#8243; _module_preset=\u00bbdefault\u00bb global_colors_info=\u00bb{}\u00bb][et_pb_image src=\u00bbhttps:\/\/www.etxalar.eus\/wp-content\/uploads\/2025\/05\/Karmen-etxalarkoa-Ibilbidea-23.jpg\u00bb title_text=\u00bbKarmen-etxalarkoa-Ibilbidea-23&#8243; show_in_lightbox=\u00bbon\u00bb _builder_version=\u00bb4.27.4&#8243; _module_preset=\u00bbdefault\u00bb global_colors_info=\u00bb{}\u00bb][\/et_pb_image][\/et_pb_column][et_pb_column type=\u00bb1_4&#8243; _builder_version=\u00bb4.27.4&#8243; _module_preset=\u00bbdefault\u00bb global_colors_info=\u00bb{}\u00bb][et_pb_image src=\u00bbhttps:\/\/www.etxalar.eus\/wp-content\/uploads\/2025\/05\/Karmen-etxalarkoa-Ibilbidea-66.jpg\u00bb title_text=\u00bbKarmen-etxalarkoa-Ibilbidea-66&#8243; show_in_lightbox=\u00bbon\u00bb _builder_version=\u00bb4.27.4&#8243; _module_preset=\u00bbdefault\u00bb global_colors_info=\u00bb{}\u00bb][\/et_pb_image][\/et_pb_column][et_pb_column type=\u00bb1_4&#8243; _builder_version=\u00bb4.27.4&#8243; _module_preset=\u00bbdefault\u00bb global_colors_info=\u00bb{}\u00bb][et_pb_image src=\u00bbhttps:\/\/www.etxalar.eus\/wp-content\/uploads\/2025\/05\/Karmen-etxalarkoa-Ibilbidea-6.jpg\u00bb title_text=\u00bbKarmen-etxalarkoa-Ibilbidea-6&#8243; show_in_lightbox=\u00bbon\u00bb _builder_version=\u00bb4.27.4&#8243; _module_preset=\u00bbdefault\u00bb global_colors_info=\u00bb{}\u00bb][\/et_pb_image][\/et_pb_column][et_pb_column type=\u00bb1_4&#8243; _builder_version=\u00bb4.27.4&#8243; _module_preset=\u00bbdefault\u00bb global_colors_info=\u00bb{}\u00bb][et_pb_image src=\u00bbhttps:\/\/www.etxalar.eus\/wp-content\/uploads\/2025\/05\/Karmen-etxalarkoa-Ibilbidea-54.jpg\u00bb title_text=\u00bbKarmen-etxalarkoa-Ibilbidea-54&#8243; show_in_lightbox=\u00bbon\u00bb _builder_version=\u00bb4.27.4&#8243; _module_preset=\u00bbdefault\u00bb global_colors_info=\u00bb{}\u00bb][\/et_pb_image][\/et_pb_column][\/et_pb_row][\/et_pb_section]<\/p>\n","protected":false},"excerpt":{"rendered":"<p>Origen de Karmen de Etxalar En la novela de Proper merim\u00e9e, aparece una frase en euskera que le dice Carmen a Jos\u00e9: \u201cNi Etxalarren jaio nintzen eta baratze txiki bat [&hellip;]<\/p>\n","protected":false},"author":9,"featured_media":0,"parent":0,"menu_order":0,"comment_status":"closed","ping_status":"closed","template":"","meta":{"_et_pb_use_builder":"on","_et_pb_old_content":"","_et_gb_content_width":"","footnotes":""},"class_list":["post-397641","page","type-page","status-publish","hentry"],"_links":{"self":[{"href":"https:\/\/www.etxalar.eus\/es\/wp-json\/wp\/v2\/pages\/397641","targetHints":{"allow":["GET"]}}],"collection":[{"href":"https:\/\/www.etxalar.eus\/es\/wp-json\/wp\/v2\/pages"}],"about":[{"href":"https:\/\/www.etxalar.eus\/es\/wp-json\/wp\/v2\/types\/page"}],"author":[{"embeddable":true,"href":"https:\/\/www.etxalar.eus\/es\/wp-json\/wp\/v2\/users\/9"}],"replies":[{"embeddable":true,"href":"https:\/\/www.etxalar.eus\/es\/wp-json\/wp\/v2\/comments?post=397641"}],"version-history":[{"count":19,"href":"https:\/\/www.etxalar.eus\/es\/wp-json\/wp\/v2\/pages\/397641\/revisions"}],"predecessor-version":[{"id":399727,"href":"https:\/\/www.etxalar.eus\/es\/wp-json\/wp\/v2\/pages\/397641\/revisions\/399727"}],"wp:attachment":[{"href":"https:\/\/www.etxalar.eus\/es\/wp-json\/wp\/v2\/media?parent=397641"}],"curies":[{"name":"wp","href":"https:\/\/api.w.org\/{rel}","templated":true}]}}