{"id":263984,"date":"2025-03-14T11:51:36","date_gmt":"2025-03-14T10:51:36","guid":{"rendered":"https:\/\/www.etxalar.eus\/grupo-de-difusion\/"},"modified":"2025-04-04T09:22:05","modified_gmt":"2025-04-04T07:22:05","slug":"grupo-de-difusion","status":"publish","type":"page","link":"https:\/\/www.etxalar.eus\/es\/grupo-de-difusion\/","title":{"rendered":"Lista de difusi\u00f3n"},"content":{"rendered":"<p>[et_pb_section fb_built=\u00bb1&#8243; next_background_color=\u00bb#ffffff\u00bb admin_label=\u00bbAzken berriak\u00bb _builder_version=\u00bb4.27.4&#8243; _module_preset=\u00bbdefault\u00bb background_color=\u00bbgcid-secondary-color\u00bb bottom_divider_style=\u00bbtriangle\u00bb bottom_divider_height=\u00bb38px\u00bb bottom_divider_flip=\u00bbvertical\u00bb border_color_bottom=\u00bbgcid-heading-color\u00bb locked=\u00bboff\u00bb global_colors_info=\u00bb{%22gcid-heading-color%22:%91%22border_color_bottom%22%93,%22gcid-secondary-color%22:%91%22background_color%22,%22background_color%22%93}\u00bb][et_pb_row _builder_version=\u00bb4.27.4&#8243; _module_preset=\u00bbdefault\u00bb global_colors_info=\u00bb{}\u00bb][et_pb_column type=\u00bb4_4&#8243; _builder_version=\u00bb4.27.4&#8243; _module_preset=\u00bbdefault\u00bb global_colors_info=\u00bb{}\u00bb][et_pb_text _builder_version=\u00bb4.27.4&#8243; _module_preset=\u00bbdefault\u00bb header_text_color=\u00bb#FFFFFF\u00bb global_colors_info=\u00bb{}\u00bb]<\/p>\n<h1>Lista de difusi\u00f3n<\/h1>\n<p>[\/et_pb_text][\/et_pb_column][\/et_pb_row][\/et_pb_section][et_pb_section fb_built=\u00bb1&#8243; _builder_version=\u00bb4.27.4&#8243; _module_preset=\u00bbdefault\u00bb global_colors_info=\u00bb{}\u00bb][et_pb_row column_structure=\u00bb1_5,3_5,1_5&#8243; _builder_version=\u00bb4.27.4&#8243; _module_preset=\u00bbdefault\u00bb global_colors_info=\u00bb{}\u00bb][et_pb_column type=\u00bb1_5&#8243; _builder_version=\u00bb4.27.4&#8243; _module_preset=\u00bbdefault\u00bb global_colors_info=\u00bb{}\u00bb][\/et_pb_column][et_pb_column type=\u00bb3_5&#8243; _builder_version=\u00bb4.27.4&#8243; _module_preset=\u00bbdefault\u00bb global_colors_info=\u00bb{}\u00bb][et_pb_text _builder_version=\u00bb4.27.4&#8243; _module_preset=\u00bbdefault\u00bb global_colors_info=\u00bb{}\u00bb]<\/p>\n<div class=\"container\">\n<div class=\" row tm_pb_row tm_pb_row_1\">\n<div class=\"tm_pb_column tm_pb_column_4_4 tm_pb_column_1 col-xs-12 col-sm-12 col-md-12 col-xl-12 col-lg-12 tm_pb_vertical_alligment_start\">\n<div class=\"tm_pb_text tm_pb_module tm_pb_bg_layout_light tm_pb_text_align_justified tm_pb_text_1\">\n<h3><strong>Recibe la informaci\u00f3n de Etxalar por WhatsApp<\/strong><\/h3>\n<p>Para poder tener informados a vecinas y vecinos de nuestro pueblo, y a otras personas relacionadas con el mismo que no tienen su domicilio aqu\u00ed, disponemos de un medio r\u00e1pido, sencillo y directo. Hemos creado una lista de difusi\u00f3n de WhatsApp que se gestiona directamente desde el Ayuntamiento con los datos facilitados de forma voluntaria.<\/p>\n<p>Los datos incluidos en la misma no se ceden a terceros, y las personas destinatarias de los env\u00edos no pueden acceder a la informaci\u00f3n del resto de personas destinatarias. En cualquier momento es posible darse de baja de la lista, remitiendo un correo electr\u00f3nico a la siguiente direcci\u00f3n: <a href=\"mailto:udala@etxalar.eus\">udala@etxalar.eus<\/a><\/p>\n<p>Enviaremos mensajes por WhatsApp utilizando la funci\u00f3n \u201c<em>lista de distribuci\u00f3n<\/em>\u201c. Esta funci\u00f3n no permite ver la lista de personas destinatarias y s\u00f3lo reciben el mensaje los m\u00f3viles que tengan entre su lista de contactos el m\u00f3vil del remitente (en este caso, del Ayuntamiento de Etxalar).<\/p>\n<\/div>\n<\/div>\n<\/div>\n<\/div>\n<p>[\/et_pb_text][et_pb_image src=\u00bbhttps:\/\/www.etxalar.eus\/wp-content\/uploads\/2025\/04\/Etxalar-whatsapp.jpg\u00bb title_text=\u00bbEtxalar-whatsapp\u00bb align=\u00bbcenter\u00bb _builder_version=\u00bb4.27.4&#8243; _module_preset=\u00bbdefault\u00bb hover_enabled=\u00bb0&#8243; global_colors_info=\u00bb{}\u00bb sticky_enabled=\u00bb0&#8243;][\/et_pb_image][et_pb_text _builder_version=\u00bb4.27.4&#8243; _module_preset=\u00bbdefault\u00bb header_text_color=\u00bb#FFFFFF\u00bb header_line_height=\u00bb1.5em\u00bb header_2_text_color=\u00bb#FFFFFF\u00bb header_3_font=\u00bb&#8211;et_global_heading_font|700|||||||\u00bb header_3_text_color=\u00bb#FFFFFF\u00bb header_3_font_size=\u00bb25px\u00bb header_3_line_height=\u00bb1.4em\u00bb header_4_text_color=\u00bb#FFFFFF\u00bb background_color=\u00bb#304759&#8243; custom_padding=\u00bb||30px||false|false\u00bb global_colors_info=\u00bb{}\u00bb]<\/p>\n<div class=\"container\">\n<div class=\" row tm_pb_row tm_pb_row_2\">\n<div class=\"tm_pb_column tm_pb_column_1_2 tm_pb_column_2 col-xs-12 col-sm-6 col-md-6 col-xl-6 col-lg-6 tm_pb_vertical_alligment_start\">\n<div class=\"tm_pb_text tm_pb_module tm_pb_bg_layout_light tm_pb_text_align_justified tm_pb_text_2\">\n<h3 style=\"text-align: center;\"><strong>Para recibir las comunicaciones es IMPRESCINDIBLE que a\u00f1adas este n\u00famero m\u00f3vil del Ayuntamiento a tu lista de contactos:<\/strong><\/h3>\n<h2 style=\"text-align: center;\"><strong>634 522 414<\/strong><\/h2>\n<p><strong><\/strong><\/p>\n<\/div>\n<\/div>\n<\/div>\n<\/div>\n<p>[\/et_pb_text][et_pb_text _builder_version=\u00bb4.27.4&#8243; _module_preset=\u00bbdefault\u00bb global_colors_info=\u00bb{}\u00bb]<\/p>\n<div class=\"container\">\n<div class=\" row tm_pb_row tm_pb_row_2\">\n<div class=\"tm_pb_column tm_pb_column_1_2 tm_pb_column_2 col-xs-12 col-sm-6 col-md-6 col-xl-6 col-lg-6 tm_pb_vertical_alligment_start\">\n<div class=\"tm_pb_text tm_pb_module tm_pb_bg_layout_light tm_pb_text_align_justified tm_pb_text_2\">\n<p><strong>Este n\u00famero s\u00f3lo ser\u00e1 operativo para esta funci\u00f3n. Para contactar con el ayuntamiento, deber\u00e1s utilizar los canales habituales, puesto que este n\u00famero \u00fanicamente se utilizar\u00e1 para remitir informaci\u00f3n. <\/strong><\/p>\n<\/div>\n<\/div>\n<\/div>\n<\/div>\n<p>[\/et_pb_text][et_pb_blurb title=\u00bbAVISO\u00bb use_icon=\u00bbon\u00bb font_icon=\u00bb&#xf06a;||fa||900&#8243; _builder_version=\u00bb4.27.4&#8243; _module_preset=\u00bbdefault\u00bb header_text_align=\u00bbcenter\u00bb global_colors_info=\u00bb{}\u00bb]<\/p>\n<h3 style=\"text-align: center;\"><strong>Si no puedes realizarlo de forma telem\u00e1tica, p\u00e1sate por el Ayuntamiento<\/strong><\/h3>\n<p>[\/et_pb_blurb][\/et_pb_column][et_pb_column type=\u00bb1_5&#8243; _builder_version=\u00bb4.27.4&#8243; _module_preset=\u00bbdefault\u00bb global_colors_info=\u00bb{}\u00bb][\/et_pb_column][\/et_pb_row][\/et_pb_section][et_pb_section fb_built=\u00bb1&#8243; next_background_color=\u00bbgcid-63ace26e-ec1a-49a4-96c1-d62eb83c71e6&#8243; admin_label=\u00bbAzken berriak\u00bb _builder_version=\u00bb4.27.4&#8243; _module_preset=\u00bbdefault\u00bb background_color=\u00bbgcid-secondary-color\u00bb bottom_divider_style=\u00bbtriangle\u00bb bottom_divider_height=\u00bb38px\u00bb bottom_divider_flip=\u00bbvertical\u00bb border_color_bottom=\u00bbgcid-heading-color\u00bb locked=\u00bboff\u00bb global_colors_info=\u00bb{%22gcid-heading-color%22:%91%22border_color_bottom%22%93,%22gcid-secondary-color%22:%91%22background_color%22,%22background_color%22%93}\u00bb][et_pb_row _builder_version=\u00bb4.27.4&#8243; _module_preset=\u00bbdefault\u00bb global_colors_info=\u00bb{}\u00bb][et_pb_column type=\u00bb4_4&#8243; _builder_version=\u00bb4.27.4&#8243; _module_preset=\u00bbdefault\u00bb global_colors_info=\u00bb{}\u00bb][et_pb_text _builder_version=\u00bb4.27.4&#8243; _module_preset=\u00bbdefault\u00bb header_text_color=\u00bb#FFFFFF\u00bb global_colors_info=\u00bb{}\u00bb]<\/p>\n<h1>Ap\u00fantate! Rellena el siguiente formulario:<\/h1>\n<p>[\/et_pb_text][\/et_pb_column][\/et_pb_row][\/et_pb_section][et_pb_section fb_built=\u00bb1&#8243; _builder_version=\u00bb4.27.4&#8243; _module_preset=\u00bbdefault\u00bb background_color=\u00bbgcid-63ace26e-ec1a-49a4-96c1-d62eb83c71e6&#8243; max_height=\u00bb50px\u00bb global_colors_info=\u00bb{%22gcid-63ace26e-ec1a-49a4-96c1-d62eb83c71e6%22:%91%22background_color%22%93}\u00bb][et_pb_row _builder_version=\u00bb4.27.4&#8243; _module_preset=\u00bbdefault\u00bb global_colors_info=\u00bb{}\u00bb][et_pb_column type=\u00bb4_4&#8243; _builder_version=\u00bb4.27.4&#8243; _module_preset=\u00bbdefault\u00bb global_colors_info=\u00bb{}\u00bb][\/et_pb_column][\/et_pb_row][\/et_pb_section]<\/p>\n","protected":false},"excerpt":{"rendered":"<p>Lista de difusi\u00f3n Recibe la informaci\u00f3n de Etxalar por WhatsApp Para poder tener informados a vecinas y vecinos de nuestro pueblo, y a otras personas relacionadas con el mismo que [&hellip;]<\/p>\n","protected":false},"author":9,"featured_media":0,"parent":0,"menu_order":0,"comment_status":"closed","ping_status":"closed","template":"","meta":{"_et_pb_use_builder":"on","_et_pb_old_content":"","_et_gb_content_width":"","footnotes":""},"class_list":["post-263984","page","type-page","status-publish","hentry"],"_links":{"self":[{"href":"https:\/\/www.etxalar.eus\/es\/wp-json\/wp\/v2\/pages\/263984","targetHints":{"allow":["GET"]}}],"collection":[{"href":"https:\/\/www.etxalar.eus\/es\/wp-json\/wp\/v2\/pages"}],"about":[{"href":"https:\/\/www.etxalar.eus\/es\/wp-json\/wp\/v2\/types\/page"}],"author":[{"embeddable":true,"href":"https:\/\/www.etxalar.eus\/es\/wp-json\/wp\/v2\/users\/9"}],"replies":[{"embeddable":true,"href":"https:\/\/www.etxalar.eus\/es\/wp-json\/wp\/v2\/comments?post=263984"}],"version-history":[{"count":9,"href":"https:\/\/www.etxalar.eus\/es\/wp-json\/wp\/v2\/pages\/263984\/revisions"}],"predecessor-version":[{"id":395707,"href":"https:\/\/www.etxalar.eus\/es\/wp-json\/wp\/v2\/pages\/263984\/revisions\/395707"}],"wp:attachment":[{"href":"https:\/\/www.etxalar.eus\/es\/wp-json\/wp\/v2\/media?parent=263984"}],"curies":[{"name":"wp","href":"https:\/\/api.w.org\/{rel}","templated":true}]}}