{"id":263831,"date":"2025-03-13T12:31:15","date_gmt":"2025-03-13T11:31:15","guid":{"rendered":"https:\/\/www.etxalar.eus\/barrios\/"},"modified":"2026-03-11T12:38:58","modified_gmt":"2026-03-11T11:38:58","slug":"barrios","status":"publish","type":"page","link":"https:\/\/www.etxalar.eus\/es\/barrios\/","title":{"rendered":"Barrios"},"content":{"rendered":"<p>[et_pb_section fb_built=\u00bb1&#8243; next_background_color=\u00bb#ffffff\u00bb admin_label=\u00bbAzken berriak\u00bb _builder_version=\u00bb4.27.4&#8243; _module_preset=\u00bbdefault\u00bb background_color=\u00bbgcid-secondary-color\u00bb bottom_divider_style=\u00bbtriangle\u00bb bottom_divider_height=\u00bb38px\u00bb bottom_divider_flip=\u00bbvertical\u00bb border_color_bottom=\u00bbgcid-heading-color\u00bb locked=\u00bboff\u00bb global_colors_info=\u00bb{%22gcid-heading-color%22:%91%22border_color_bottom%22%93,%22gcid-secondary-color%22:%91%22background_color%22,%22background_color%22%93}\u00bb][et_pb_row _builder_version=\u00bb4.27.4&#8243; _module_preset=\u00bbdefault\u00bb global_colors_info=\u00bb{}\u00bb][et_pb_column type=\u00bb4_4&#8243; _builder_version=\u00bb4.27.4&#8243; _module_preset=\u00bbdefault\u00bb global_colors_info=\u00bb{}\u00bb][et_pb_text _builder_version=\u00bb4.27.4&#8243; _module_preset=\u00bbdefault\u00bb header_text_color=\u00bb#FFFFFF\u00bb global_colors_info=\u00bb{}\u00bb]<\/p>\n<h1>Barrios<\/h1>\n<p>[\/et_pb_text][\/et_pb_column][\/et_pb_row][\/et_pb_section][et_pb_section fb_built=\u00bb1&#8243; _builder_version=\u00bb4.27.4&#8243; _module_preset=\u00bbdefault\u00bb global_colors_info=\u00bb{}\u00bb][et_pb_row _builder_version=\u00bb4.27.4&#8243; _module_preset=\u00bbdefault\u00bb global_colors_info=\u00bb{}\u00bb][et_pb_column type=\u00bb4_4&#8243; _builder_version=\u00bb4.27.4&#8243; _module_preset=\u00bbdefault\u00bb global_colors_info=\u00bb{}\u00bb][et_pb_text _builder_version=\u00bb4.27.4&#8243; _module_preset=\u00bbdefault\u00bb header_5_font=\u00bb&#8211;et_global_heading_font|500|||||||\u00bb header_5_text_color=\u00bbgcid-secondary-color\u00bb header_5_line_height=\u00bb1.5em\u00bb hover_enabled=\u00bb0&#8243; global_colors_info=\u00bb{%22gcid-secondary-color%22:%91%22header_5_text_color%22%93}\u00bb sticky_enabled=\u00bb0&#8243;]<\/p>\n<h5>El pueblo de Etxalar est\u00e1 situado al norte de Navarra, siendo el pueblo m\u00e1s oriental de las Cinco Villas. Limita al norte con los pueblos de Bera y Sara, al este con el valle del Baztan, al sur con Bertizarana y al oeste con Igantzi y Lesaka. <\/h5>\n<h5>El territorio de Etxalar tiene una superficie de 47km2. El casco urbano de Etxalar est\u00e1 rodeado de montes, protegiendo al pueblo de los vientos. El clima es muy h\u00famedo, pero a la vez c\u00e1lido y sano. La mayor\u00eda de las casas son bastante grandes y est\u00e1n construidas sobre todo de piedra y madera. Adem\u00e1s de las casas, en el pueblo de Etxalar hay muchas otras cosas que pueden satisfacer la curiosidad de cualquier otra persona: Palomeras, entorno natural, patrimonio arquitect\u00f3nico y cultural, celebraciones\u2026    <\/h5>\n<p>[\/et_pb_text][\/et_pb_column][\/et_pb_row][\/et_pb_section][et_pb_section fb_built=\u00bb1&#8243; _builder_version=\u00bb4.27.4&#8243; _module_preset=\u00bbdefault\u00bb background_color=\u00bbgcid-63ace26e-ec1a-49a4-96c1-d62eb83c71e6&#8243; global_colors_info=\u00bb{%22gcid-63ace26e-ec1a-49a4-96c1-d62eb83c71e6%22:%91%22background_color%22%93}\u00bb][et_pb_row column_structure=\u00bb1_3,1_3,1_3&#8243; _builder_version=\u00bb4.27.4&#8243; _module_preset=\u00bbdefault\u00bb global_colors_info=\u00bb{}\u00bb][et_pb_column type=\u00bb1_3&#8243; _builder_version=\u00bb4.27.4&#8243; _module_preset=\u00bbdefault\u00bb global_colors_info=\u00bb{}\u00bb][et_pb_blurb use_icon=\u00bbon\u00bb font_icon=\u00bb&#xf0c0;||fa||900&#8243; icon_color=\u00bb#FFFFFF\u00bb _builder_version=\u00bb4.27.4&#8243; _module_preset=\u00bbdefault\u00bb header_level=\u00bbh1&#8243; header_text_align=\u00bbcenter\u00bb header_text_color=\u00bb#304759&#8243; header_font_size=\u00bb39px\u00bb body_text_align=\u00bbcenter\u00bb global_colors_info=\u00bb{}\u00bb]<\/p>\n<h2>Habitantes<\/h2>\n<h1>808<\/h1>\n<p>[\/et_pb_blurb][\/et_pb_column][et_pb_column type=\u00bb1_3&#8243; _builder_version=\u00bb4.27.4&#8243; _module_preset=\u00bbdefault\u00bb global_colors_info=\u00bb{}\u00bb][et_pb_blurb use_icon=\u00bbon\u00bb font_icon=\u00bb&#xf034;||fa||900&#8243; icon_color=\u00bb#FFFFFF\u00bb _builder_version=\u00bb4.27.4&#8243; _module_preset=\u00bbdefault\u00bb header_level=\u00bbh1&#8243; header_text_align=\u00bbcenter\u00bb header_text_color=\u00bb#304759&#8243; header_font_size=\u00bb39px\u00bb body_text_align=\u00bbcenter\u00bb global_colors_info=\u00bb{}\u00bb]<\/p>\n<h2>Altura<\/h2>\n<h1>93 metros<\/h1>\n<p>[\/et_pb_blurb][\/et_pb_column][et_pb_column type=\u00bb1_3&#8243; _builder_version=\u00bb4.27.4&#8243; _module_preset=\u00bbdefault\u00bb global_colors_info=\u00bb{}\u00bb][et_pb_blurb use_icon=\u00bbon\u00bb font_icon=\u00bb&#xf494;||fa||900&#8243; icon_color=\u00bb#FFFFFF\u00bb _builder_version=\u00bb4.27.4&#8243; _module_preset=\u00bbdefault\u00bb header_level=\u00bbh1&#8243; header_text_align=\u00bbcenter\u00bb header_text_color=\u00bb#304759&#8243; header_font_size=\u00bb39px\u00bb body_text_align=\u00bbcenter\u00bb global_colors_info=\u00bb{}\u00bb]<\/p>\n<h2>Superficie<\/h2>\n<h1>47 kil\u00f3metros cuadrados<\/h1>\n<p>[\/et_pb_blurb][\/et_pb_column][\/et_pb_row][\/et_pb_section][et_pb_section fb_built=\u00bb1&#8243; _builder_version=\u00bb4.27.4&#8243; _module_preset=\u00bbdefault\u00bb global_colors_info=\u00bb{}\u00bb][et_pb_row column_structure=\u00bb1_4,1_2,1_4&#8243; _builder_version=\u00bb4.27.4&#8243; _module_preset=\u00bbdefault\u00bb global_colors_info=\u00bb{}\u00bb][et_pb_column type=\u00bb1_4&#8243; _builder_version=\u00bb4.27.4&#8243; _module_preset=\u00bbdefault\u00bb global_colors_info=\u00bb{}\u00bb][\/et_pb_column][et_pb_column type=\u00bb1_2&#8243; _builder_version=\u00bb4.27.4&#8243; _module_preset=\u00bbdefault\u00bb global_colors_info=\u00bb{}\u00bb][et_pb_video src=\u00bbhttps:\/\/www.youtube.com\/watch?v=fKolH1L2-dA\u00bb _builder_version=\u00bb4.27.4&#8243; _module_preset=\u00bbdefault\u00bb global_colors_info=\u00bb{}\u00bb][\/et_pb_video][\/et_pb_column][et_pb_column type=\u00bb1_4&#8243; _builder_version=\u00bb4.27.4&#8243; _module_preset=\u00bbdefault\u00bb global_colors_info=\u00bb{}\u00bb][\/et_pb_column][\/et_pb_row][\/et_pb_section][et_pb_section fb_built=\u00bb1&#8243; _builder_version=\u00bb4.27.4&#8243; _module_preset=\u00bbdefault\u00bb global_colors_info=\u00bb{}\u00bb][et_pb_row _builder_version=\u00bb4.27.4&#8243; _module_preset=\u00bbdefault\u00bb locked=\u00bboff\u00bb global_colors_info=\u00bb{}\u00bb][et_pb_column type=\u00bb4_4&#8243; _builder_version=\u00bb4.27.4&#8243; _module_preset=\u00bbdefault\u00bb global_colors_info=\u00bb{}\u00bb][et_pb_text _builder_version=\u00bb4.27.4&#8243; _module_preset=\u00bbdefault\u00bb text_font=\u00bb&#8211;et_global_body_font||||||||\u00bb text_font_size=\u00bb18px\u00bb text_line_height=\u00bb1.8em\u00bb header_text_color=\u00bbgcid-primary-color\u00bb header_5_font=\u00bb&#8211;et_global_heading_font||||||||\u00bb header_5_text_color=\u00bb#000000&#8243; header_6_font=\u00bb&#8211;et_global_heading_font|500|||||||\u00bb header_6_font_size=\u00bb22px\u00bb header_6_line_height=\u00bb1.8em\u00bb global_colors_info=\u00bb{%22gcid-primary-color%22:%91%22header_text_color%22%93}\u00bb]<\/p>\n<h1 style=\"text-align: justify;\">Barrios<\/h1>\n<p>Hay siete barrios. Los m\u00e1s antiguos son los situados alrededor de la iglesia de Andra Mari; <strong>Anduetzeta, I\u00f1arreta, Jauregieta y Antsolokueta<\/strong> m\u00e1s lejos. Los barrios de nueva creaci\u00f3n son <strong>los barrios de Beolaldea, Goikolanda y Bekolanda<\/strong> .  <\/p>\n<p>[\/et_pb_text][\/et_pb_column][\/et_pb_row][et_pb_row column_structure=\u00bb1_2,1_2&#8243; _builder_version=\u00bb4.27.4&#8243; _module_preset=\u00bbdefault\u00bb global_colors_info=\u00bb{}\u00bb][et_pb_column type=\u00bb1_2&#8243; _builder_version=\u00bb4.27.4&#8243; _module_preset=\u00bbdefault\u00bb global_colors_info=\u00bb{}\u00bb][et_pb_text _builder_version=\u00bb4.27.4&#8243; _module_preset=\u00bbdefault\u00bb global_colors_info=\u00bb{}\u00bb]<\/p>\n<h4>Barrios del centro<\/h4>\n<div class=\"tm_pb_text tm_pb_module tm_pb_bg_layout_light tm_pb_text_align_justified tm_pb_text_2\">\n<div class=\"tm_pb_text tm_pb_module tm_pb_bg_layout_light tm_pb_text_align_justified tm_pb_text_2\">\n<p>Son 7 en total. Las m\u00e1s antiguas son las que est\u00e1n en torno a la iglesia de N\u00aa Se\u00f1ora de la Asunci\u00f3n; <strong>Anduetzeta<\/strong>, <strong>I\u00f1arreta<\/strong>, <strong>Jauregieta<\/strong> y <strong>Antsolokueta<\/strong> que se encuentra separada, y de mas reciente creaci\u00f3n por otra parte los barrios de <strong>Beolaldea<\/strong>, <strong>Goikolanda<\/strong> y <strong>Behekolanda<\/strong>. Los l\u00edmites de los barrios del caso urbanos los definen los diferentes r\u00edos y regatas que la atraviesan; el r\u00edo Tximista, el r\u00edo Arta\u00f1aran y la regata de Buxun. Por otra parte los nombres de los barrios vienen definidos por lo general, excepto los m\u00e1s nuevos, por el nombre de una casa la cual seguramente dar\u00eda nombre a la primera casa del barrio. En todos estos barrios hay una casa con el nombre id\u00e9ntico o casi id\u00e9ntico del nombre el barrio. Los barrios de m\u00e1s reciente creaci\u00f3n hacen referencia al entorno que rodea al pueblo, es decir zonas de cultivos y prados.      <\/p>\n<\/div>\n<\/div>\n<p>[\/et_pb_text][\/et_pb_column][et_pb_column type=\u00bb1_2&#8243; _builder_version=\u00bb4.27.4&#8243; _module_preset=\u00bbdefault\u00bb global_colors_info=\u00bb{}\u00bb][et_pb_image src=\u00bbhttps:\/\/www.etxalar.eus\/wp-content\/uploads\/2025\/02\/Herriko-auzoak.png\u00bb title_text=\u00bbHerriko auzoak\u00bb _builder_version=\u00bb4.27.4&#8243; _module_preset=\u00bbdefault\u00bb global_colors_info=\u00bb{}\u00bb][\/et_pb_image][\/et_pb_column][\/et_pb_row][et_pb_row column_structure=\u00bb1_2,1_2&#8243; _builder_version=\u00bb4.27.4&#8243; _module_preset=\u00bbdefault\u00bb global_colors_info=\u00bb{}\u00bb][et_pb_column type=\u00bb1_2&#8243; _builder_version=\u00bb4.27.4&#8243; _module_preset=\u00bbdefault\u00bb global_colors_info=\u00bb{}\u00bb][et_pb_image src=\u00bbhttps:\/\/www.etxalar.eus\/wp-content\/uploads\/2025\/02\/Baserrien-auzoak-1.png\u00bb title_text=\u00bbBarrios rurales\u00bb _builder_version=\u00bb4.27.4&#8243; _module_preset=\u00bbdefault\u00bb global_colors_info=\u00bb{}\u00bb][\/et_pb_image][\/et_pb_column][et_pb_column type=\u00bb1_2&#8243; _builder_version=\u00bb4.27.4&#8243; _module_preset=\u00bbdefault\u00bb global_colors_info=\u00bb{}\u00bb][et_pb_text _builder_version=\u00bb4.27.4&#8243; _module_preset=\u00bbdefault\u00bb hover_enabled=\u00bb0&#8243; global_colors_info=\u00bb{}\u00bb sticky_enabled=\u00bb0&#8243;]<\/p>\n<div class=\"tm_pb_text tm_pb_module tm_pb_bg_layout_light tm_pb_text_align_justified tm_pb_text_2\">\n<h4 class=\"tm_pb_text tm_pb_module tm_pb_bg_layout_light tm_pb_text_align_justified tm_pb_text_3\">Barrios rurales<\/h4>\n<p>Estos son 6 que est\u00e1n situados rodeando el n\u00facleo urbano: Gorosurreta, Lurriztiederra, Urritzokieta, Larrapil-Sarriku, Lakain-Apeborro y Orizki. Aunque no todos, los nombres de la mayor\u00eda de los barrios toman el nombre de una de sus caracter\u00edsticas naturales. En muchos casos se hace referencia al tipo de \u00e1rbol y a las caracter\u00edsticas de la zona. Tambi\u00e9n hay que se\u00f1alar que en las zonas deshabitadas, que rodean los barrios de los caser\u00edos, tienen sus denominaciones.    Hubo un tiempo en que el uso de estas denominaciones era mucho mayor, sobre todo con la forma de vida de aquellos tiempos, m\u00e1s relacionados con la naturaleza. <\/p>\n<\/div>\n<p>[\/et_pb_text][\/et_pb_column][\/et_pb_row][\/et_pb_section][et_pb_section fb_built=\u00bb1&#8243; _builder_version=\u00bb4.27.4&#8243; _module_preset=\u00bbdefault\u00bb global_colors_info=\u00bb{}\u00bb][et_pb_row _builder_version=\u00bb4.27.4&#8243; _module_preset=\u00bbdefault\u00bb global_colors_info=\u00bb{}\u00bb][et_pb_column type=\u00bb4_4&#8243; _builder_version=\u00bb4.27.4&#8243; _module_preset=\u00bbdefault\u00bb global_colors_info=\u00bb{}\u00bb][et_pb_gallery gallery_ids=\u00bb262400,262402,262404,262406,262408,262410,262460,262462,262464,262466,262468,262470&#8243; _builder_version=\u00bb4.27.4&#8243; _module_preset=\u00bbdefault\u00bb title_font=\u00bb&#8211;et_global_heading_font||||||||\u00bb title_text_align=\u00bbcenter\u00bb title_font_size=\u00bb16px\u00bb global_colors_info=\u00bb{}\u00bb][\/et_pb_gallery][\/et_pb_column][\/et_pb_row][\/et_pb_section]<\/p>\n","protected":false},"excerpt":{"rendered":"<p>BarriosEl pueblo de Etxalar est\u00e1 situado al norte de Navarra, siendo el pueblo m\u00e1s oriental de las Cinco Villas. Limita al norte con los pueblos de Bera y Sara, al [&hellip;]<\/p>\n","protected":false},"author":9,"featured_media":0,"parent":0,"menu_order":0,"comment_status":"closed","ping_status":"closed","template":"","meta":{"_et_pb_use_builder":"on","_et_pb_old_content":"","_et_gb_content_width":"","footnotes":""},"class_list":["post-263831","page","type-page","status-publish","hentry"],"_links":{"self":[{"href":"https:\/\/www.etxalar.eus\/es\/wp-json\/wp\/v2\/pages\/263831","targetHints":{"allow":["GET"]}}],"collection":[{"href":"https:\/\/www.etxalar.eus\/es\/wp-json\/wp\/v2\/pages"}],"about":[{"href":"https:\/\/www.etxalar.eus\/es\/wp-json\/wp\/v2\/types\/page"}],"author":[{"embeddable":true,"href":"https:\/\/www.etxalar.eus\/es\/wp-json\/wp\/v2\/users\/9"}],"replies":[{"embeddable":true,"href":"https:\/\/www.etxalar.eus\/es\/wp-json\/wp\/v2\/comments?post=263831"}],"version-history":[{"count":23,"href":"https:\/\/www.etxalar.eus\/es\/wp-json\/wp\/v2\/pages\/263831\/revisions"}],"predecessor-version":[{"id":399553,"href":"https:\/\/www.etxalar.eus\/es\/wp-json\/wp\/v2\/pages\/263831\/revisions\/399553"}],"wp:attachment":[{"href":"https:\/\/www.etxalar.eus\/es\/wp-json\/wp\/v2\/media?parent=263831"}],"curies":[{"name":"wp","href":"https:\/\/api.w.org\/{rel}","templated":true}]}}